{"id":269,"date":"2022-11-16T14:40:42","date_gmt":"2022-11-16T11:40:42","guid":{"rendered":"https:\/\/sites.uef.fi\/farmasia50\/?page_id=269"},"modified":"2024-01-11T14:41:04","modified_gmt":"2024-01-11T11:41:04","slug":"juhlavuoden-kuvia","status":"publish","type":"page","link":"https:\/\/sites.uef.fi\/farmasia50\/juhlavuoden-kuvia\/","title":{"rendered":"Juhlavuoden tarinoita ja kuvia"},"content":{"rendered":"\n<h2 class=\"wp-block-heading\">Juhlaseminaari 28.10.2023<\/h2>\n\n\n\n<p>Suuri kiitos kaikille Kuopion farmasian 50-vuotisjuhlaan osallistuneille!<br><br>Jatketaan lupsakkaa yhteis\u00f6llisyytt\u00e4, toiminnan poikkitieteellisyytt\u00e4 ja vaikuttavuutta my\u00f6s tulevaisuudessa.<\/p>\n\n\n\n<figure class=\"wp-block-image size-large\"><img loading=\"lazy\" decoding=\"async\" width=\"1024\" height=\"683\" src=\"https:\/\/sites.uef.fi\/farmasia50\/wp-content\/uploads\/sites\/394\/2023\/11\/DSC6212-1024x683.jpg\" alt=\"\" class=\"wp-image-1600\" srcset=\"https:\/\/sites.uef.fi\/farmasia50\/wp-content\/uploads\/sites\/394\/2023\/11\/DSC6212-1024x683.jpg 1024w, https:\/\/sites.uef.fi\/farmasia50\/wp-content\/uploads\/sites\/394\/2023\/11\/DSC6212-300x200.jpg 300w, https:\/\/sites.uef.fi\/farmasia50\/wp-content\/uploads\/sites\/394\/2023\/11\/DSC6212-768x512.jpg 768w, https:\/\/sites.uef.fi\/farmasia50\/wp-content\/uploads\/sites\/394\/2023\/11\/DSC6212-1536x1024.jpg 1536w, https:\/\/sites.uef.fi\/farmasia50\/wp-content\/uploads\/sites\/394\/2023\/11\/DSC6212-2048x1365.jpg 2048w\" sizes=\"auto, (max-width: 1024px) 100vw, 1024px\" \/><figcaption class=\"wp-element-caption\">Laitosjohtaja Jarkko Ketolainen toivotti osallistujat tervetulleeksi juhlaseminaariin.<\/figcaption><\/figure>\n\n\n\n<figure class=\"wp-block-image size-large\"><img loading=\"lazy\" decoding=\"async\" width=\"1024\" height=\"683\" src=\"https:\/\/sites.uef.fi\/farmasia50\/wp-content\/uploads\/sites\/394\/2023\/11\/DSC6267-1024x683.jpg\" alt=\"\" class=\"wp-image-1612\" srcset=\"https:\/\/sites.uef.fi\/farmasia50\/wp-content\/uploads\/sites\/394\/2023\/11\/DSC6267-1024x683.jpg 1024w, https:\/\/sites.uef.fi\/farmasia50\/wp-content\/uploads\/sites\/394\/2023\/11\/DSC6267-300x200.jpg 300w, https:\/\/sites.uef.fi\/farmasia50\/wp-content\/uploads\/sites\/394\/2023\/11\/DSC6267-768x512.jpg 768w, https:\/\/sites.uef.fi\/farmasia50\/wp-content\/uploads\/sites\/394\/2023\/11\/DSC6267-1536x1024.jpg 1536w, https:\/\/sites.uef.fi\/farmasia50\/wp-content\/uploads\/sites\/394\/2023\/11\/DSC6267-2048x1366.jpg 2048w\" sizes=\"auto, (max-width: 1024px) 100vw, 1024px\" \/><figcaption class=\"wp-element-caption\">Juhlaseminaarin puhujat sek\u00e4 farmasian laitoksen johtajat vasemmalta: Toivo Naaranlahti, Arto Urtti, Jussi Pihlajam\u00e4ki, Inka Puumalainen, Jarkko Ketolainen (laitosjohtaja), Kristiina Huttunen ja Jarkko Rautio (tutkimuksesta vastaava laitosjohtaja).<\/figcaption><\/figure>\n\n\n\n<p><a href=\"https:\/\/www.uef.fi\/fi\/artikkeli\/50-vuotta-farmasiaa-kuopiossa-menestysta-rakennetaan-yha-laajemmalla-osaamisella\">T\u00e4\u00e4lt\u00e4<\/a> voi lukea enemm\u00e4n juhlaseminaarista.<\/p>\n\n\n\n<h2 class=\"wp-block-heading\">Tieteen P\u00e4iv\u00e4t 2023 &#8211; Nalleapteekki<\/h2>\n\n\n\n<p>Perinteik\u00e4st\u00e4 suuren yleis\u00f6n tiedetapahtumaa Tieteen p\u00e4ivi\u00e4 vietettiin Kuopiossa 26. elokuuta. Farmasian laitos osallistui tapahtumaan Nalleapteekilla.<\/p>\n\n\n\n<p>Nalleapteekissa annettiin neuvoja monenlaisten itsehoidon vaivojen hoitoon laiskiaisen nuhasta yksisarvisen mahanpuruihin sek\u00e4 kurkkup\u00f6tk\u00f6n kurkkukipuun. <\/p>\n\n\n\n<p>Nalleapteekki perustuu <a href=\"https:\/\/tervekoululainen.fi\/tervekoululainen\/laakekasvatusyhteistyo\/mita-on-laakekasvatus\/\" target=\"_blank\" rel=\"noreferrer noopener\">l\u00e4\u00e4kekasvatukseen<\/a>, jonka tarkoituksena on tukea lasten ja nuorten kasvua j\u00e4rkeviksi ja tietoisiksi l\u00e4\u00e4kkeiden k\u00e4ytt\u00e4jiksi.<\/p>\n\n\n\n<figure class=\"wp-block-image size-full\"><img loading=\"lazy\" decoding=\"async\" width=\"800\" height=\"601\" src=\"https:\/\/sites.uef.fi\/farmasia50\/wp-content\/uploads\/sites\/394\/2023\/08\/Nalleapteekki.jpg\" alt=\"\" class=\"wp-image-1161\" srcset=\"https:\/\/sites.uef.fi\/farmasia50\/wp-content\/uploads\/sites\/394\/2023\/08\/Nalleapteekki.jpg 800w, https:\/\/sites.uef.fi\/farmasia50\/wp-content\/uploads\/sites\/394\/2023\/08\/Nalleapteekki-300x225.jpg 300w, https:\/\/sites.uef.fi\/farmasia50\/wp-content\/uploads\/sites\/394\/2023\/08\/Nalleapteekki-768x577.jpg 768w\" sizes=\"auto, (max-width: 800px) 100vw, 800px\" \/><figcaption class=\"wp-element-caption\">Kuvassa nalleapteekkilaiset vasemmalta: Piia Siitonen, Emma Aarnio, P\u00e4ivi Tiihonen ja Hanna Kauppinen.<\/figcaption><\/figure>\n\n\n\n<p> <\/p>\n\n\n\n<h2 class=\"wp-block-heading\">T\u00e4ss\u00e4 olemme me &#8211; Farmasian laitoksen henkil\u00f6kunta<\/h2>\n\n\n\n<p>Laitoksella ty\u00f6skentelee yli 160 asiantuntijaa seitsem\u00e4ss\u00e4 opintosuunnassa. Henkil\u00f6kunnan m\u00e4\u00e4r\u00e4 on kasvanut vuosittain ja meill\u00e4 ty\u00f6skentelee paljon kansainv\u00e4lisi\u00e4 asiantuntijoita.<\/p>\n\n\n\n<p>Teemme korkeatasoista, l\u00e4\u00e4kkeisiin sek\u00e4 niiden kehitt\u00e4miseen ja vaikutuksiin liittyv\u00e4\u00e4 tieteellist\u00e4 tutkimusta. Voit tutustua toimintaamme <a href=\"https:\/\/www.uef.fi\/fi\/yksikko\/farmasian-laitos\" target=\"_blank\" rel=\"noreferrer noopener\">laitoksen sivuilla.<\/a><\/p>\n\n\n\n<p>Tule juhlimaan kanssamme 50 vuotta t\u00e4ytt\u00e4v\u00e4\u00e4 farmasian laitosta Kuopiossa 28.10.2023. Ilmoittaudu mukaan <a href=\"https:\/\/sites.uef.fi\/farmasia50\/farmasia-50-vuotta\/\" target=\"_blank\" rel=\"noreferrer noopener\">Juhlaseminaariin<\/a><\/p>\n\n\n\n<figure class=\"wp-block-image size-large\"><img loading=\"lazy\" decoding=\"async\" width=\"1024\" height=\"683\" src=\"https:\/\/sites.uef.fi\/farmasia50\/wp-content\/uploads\/sites\/394\/2023\/08\/Laitosjohto-ja-yhteinen-henkilokunta-1024x683.jpg\" alt=\"\" class=\"wp-image-1078\" srcset=\"https:\/\/sites.uef.fi\/farmasia50\/wp-content\/uploads\/sites\/394\/2023\/08\/Laitosjohto-ja-yhteinen-henkilokunta-1024x683.jpg 1024w, https:\/\/sites.uef.fi\/farmasia50\/wp-content\/uploads\/sites\/394\/2023\/08\/Laitosjohto-ja-yhteinen-henkilokunta-300x200.jpg 300w, https:\/\/sites.uef.fi\/farmasia50\/wp-content\/uploads\/sites\/394\/2023\/08\/Laitosjohto-ja-yhteinen-henkilokunta-768x512.jpg 768w, https:\/\/sites.uef.fi\/farmasia50\/wp-content\/uploads\/sites\/394\/2023\/08\/Laitosjohto-ja-yhteinen-henkilokunta-1536x1024.jpg 1536w, https:\/\/sites.uef.fi\/farmasia50\/wp-content\/uploads\/sites\/394\/2023\/08\/Laitosjohto-ja-yhteinen-henkilokunta-2048x1365.jpg 2048w\" sizes=\"auto, (max-width: 1024px) 100vw, 1024px\" \/><figcaption class=\"wp-element-caption\"><strong>Laitosjohto ja laitoksen yhteinen henkil\u00f6kunta<\/strong><br>Eturivi vas. Jarkko Ketolainen, Krista Laine, Maiju Laitinen, Anne Roivainen, Ulla Tiihonen, Marja Lappalainen, Jarkko Rautio<br>Keskirivi ja takarivi vas. Markku Taskinen, Irja Virolainen, Kirsi Lehikoinen, Hilkka Wessman, Tarja Puurunen, Sari Palviainen, Marko Antikainen, P\u00e4ivi Hartikainen<\/figcaption><\/figure>\n\n\n\n<p><a href=\"https:\/\/sites.uef.fi\/farmasia50\/?p=1087\" target=\"_blank\" rel=\"noreferrer noopener\">Lue lis\u00e4\u00e4<\/a><\/p>\n\n\n\n<h2 class=\"wp-block-heading\">Vuoden 2023 Uitettava proffa<\/h2>\n\n\n\n<p><em>It\u00e4-Suomen yliopiston ylioppilaskunta (ISYY) on valinnut vuoden 2023 Uitettavaksi proffaksi Jarkko Ketolaisen. Ketolainen toimii It\u00e4-Suomen yliopiston (UEF) farmasian laitoksen professorina ja johtajana. Proffan Uiton tavoin my\u00f6s farmasian laitos viett\u00e4\u00e4 t\u00e4n\u00e4 vuonna 50. juhlavuottaan.<\/em><\/p>\n\n\n\n<p><a href=\"https:\/\/www.isyy.fi\/ajankohtaista\/tiedote-vuoden-2023-uitettavan-proffan-ovi-on-aina-auki-opiskelijoille.html\" target=\"_blank\" rel=\"noreferrer noopener\">ISYY:n tiedote<\/a><\/p>\n\n\n\n<figure class=\"wp-block-image size-large is-resized\"><img loading=\"lazy\" decoding=\"async\" width=\"1024\" height=\"1024\" src=\"https:\/\/sites.uef.fi\/farmasia50\/wp-content\/uploads\/sites\/394\/2023\/05\/proffanuitto_7-oma-1024x1024.jpg\" alt=\"Valokuva, jossa haalaripukuiset opiskelijat kantavat professoria kantotuolissa.\" class=\"wp-image-923\" style=\"width:674px;height:674px\" srcset=\"https:\/\/sites.uef.fi\/farmasia50\/wp-content\/uploads\/sites\/394\/2023\/05\/proffanuitto_7-oma-1024x1024.jpg 1024w, https:\/\/sites.uef.fi\/farmasia50\/wp-content\/uploads\/sites\/394\/2023\/05\/proffanuitto_7-oma-300x300.jpg 300w, https:\/\/sites.uef.fi\/farmasia50\/wp-content\/uploads\/sites\/394\/2023\/05\/proffanuitto_7-oma-150x150.jpg 150w, https:\/\/sites.uef.fi\/farmasia50\/wp-content\/uploads\/sites\/394\/2023\/05\/proffanuitto_7-oma-768x768.jpg 768w, https:\/\/sites.uef.fi\/farmasia50\/wp-content\/uploads\/sites\/394\/2023\/05\/proffanuitto_7-oma-1536x1536.jpg 1536w, https:\/\/sites.uef.fi\/farmasia50\/wp-content\/uploads\/sites\/394\/2023\/05\/proffanuitto_7-oma-2048x2048.jpg 2048w, https:\/\/sites.uef.fi\/farmasia50\/wp-content\/uploads\/sites\/394\/2023\/05\/proffanuitto_7-oma-100x100.jpg 100w\" sizes=\"auto, (max-width: 1024px) 100vw, 1024px\" \/><figcaption class=\"wp-element-caption\">Professori Ketolainen saapui torille opiskelijoiden kantotuolissa.<\/figcaption><\/figure>\n\n\n\n<p><\/p>\n\n\n\n<figure class=\"wp-block-image size-large\"><img loading=\"lazy\" decoding=\"async\" width=\"1024\" height=\"976\" src=\"https:\/\/sites.uef.fi\/farmasia50\/wp-content\/uploads\/sites\/394\/2023\/05\/proffanuitto_6_-oma-1024x976.jpg\" alt=\"\" class=\"wp-image-929\" srcset=\"https:\/\/sites.uef.fi\/farmasia50\/wp-content\/uploads\/sites\/394\/2023\/05\/proffanuitto_6_-oma-1024x976.jpg 1024w, https:\/\/sites.uef.fi\/farmasia50\/wp-content\/uploads\/sites\/394\/2023\/05\/proffanuitto_6_-oma-300x286.jpg 300w, https:\/\/sites.uef.fi\/farmasia50\/wp-content\/uploads\/sites\/394\/2023\/05\/proffanuitto_6_-oma-768x732.jpg 768w, https:\/\/sites.uef.fi\/farmasia50\/wp-content\/uploads\/sites\/394\/2023\/05\/proffanuitto_6_-oma-1536x1465.jpg 1536w, https:\/\/sites.uef.fi\/farmasia50\/wp-content\/uploads\/sites\/394\/2023\/05\/proffanuitto_6_-oma-2048x1953.jpg 2048w\" sizes=\"auto, (max-width: 1024px) 100vw, 1024px\" \/><figcaption class=\"wp-element-caption\">Velj&#8217;miehen altaaseen hyp\u00e4nnyt professori Ketolainen totesi veden olevan m\u00e4rk\u00e4\u00e4.<\/figcaption><\/figure>\n\n\n\n<p><\/p>\n\n\n\n<h2 class=\"wp-block-heading\">Vaikuttavaa farmasiaa 50 vuotta Kuopiossa<\/h2>\n\n\n\n<p><em>It\u00e4-Suomen yliopiston farmasian laitos t\u00e4ytt\u00e4\u00e4 kuluvana vuonna 50 vuotta. Juhlavuoden ohjelman k\u00e4ynnist\u00e4neess\u00e4, Savon Apteekkariyhdistyksen kanssa j\u00e4rjestetyss\u00e4 tilaisuudessa tarkasteltiin sek\u00e4 farmasian tutkimuksen ja opetuksen historiaa ett\u00e4 alan osaamisen merkityst\u00e4 terveydenhuollossa.<\/em><\/p>\n\n\n\n<p><a href=\"https:\/\/www.uef.fi\/fi\/artikkeli\/50-vuotias-farmasian-laitos-tuottaa-osaamista-myos-hyvinvointialueille\" target=\"_blank\" rel=\"noreferrer noopener\">Lue lis\u00e4\u00e4<\/a><\/p>\n\n\n\n<figure class=\"wp-block-image size-large is-resized\"><img loading=\"lazy\" decoding=\"async\" width=\"1024\" height=\"683\" src=\"https:\/\/sites.uef.fi\/farmasia50\/wp-content\/uploads\/sites\/394\/2023\/05\/DSC0721-1024x683.jpg\" alt=\"\" class=\"wp-image-947\" style=\"width:768px;height:512px\" srcset=\"https:\/\/sites.uef.fi\/farmasia50\/wp-content\/uploads\/sites\/394\/2023\/05\/DSC0721-1024x683.jpg 1024w, https:\/\/sites.uef.fi\/farmasia50\/wp-content\/uploads\/sites\/394\/2023\/05\/DSC0721-300x200.jpg 300w, https:\/\/sites.uef.fi\/farmasia50\/wp-content\/uploads\/sites\/394\/2023\/05\/DSC0721-768x512.jpg 768w, https:\/\/sites.uef.fi\/farmasia50\/wp-content\/uploads\/sites\/394\/2023\/05\/DSC0721-1536x1024.jpg 1536w, https:\/\/sites.uef.fi\/farmasia50\/wp-content\/uploads\/sites\/394\/2023\/05\/DSC0721-2048x1365.jpg 2048w\" sizes=\"auto, (max-width: 1024px) 100vw, 1024px\" \/><figcaption class=\"wp-element-caption\">Apteekkari Anu Rasi-Leskinen ja laitosjohtaja Jarkko Ketolainen avaavat Vaikuttavaa farmasiaa 50 vuotta Kuopiossa -tilaisuuden<\/figcaption><\/figure>\n\n\n\n<figure class=\"wp-block-image size-large\"><img loading=\"lazy\" decoding=\"async\" width=\"1024\" height=\"682\" src=\"https:\/\/sites.uef.fi\/farmasia50\/wp-content\/uploads\/sites\/394\/2023\/05\/DSC0724-web-1024x682.jpg\" alt=\"\" class=\"wp-image-950\" srcset=\"https:\/\/sites.uef.fi\/farmasia50\/wp-content\/uploads\/sites\/394\/2023\/05\/DSC0724-web-1024x682.jpg 1024w, https:\/\/sites.uef.fi\/farmasia50\/wp-content\/uploads\/sites\/394\/2023\/05\/DSC0724-web-300x200.jpg 300w, https:\/\/sites.uef.fi\/farmasia50\/wp-content\/uploads\/sites\/394\/2023\/05\/DSC0724-web-768x512.jpg 768w, https:\/\/sites.uef.fi\/farmasia50\/wp-content\/uploads\/sites\/394\/2023\/05\/DSC0724-web-1536x1024.jpg 1536w, https:\/\/sites.uef.fi\/farmasia50\/wp-content\/uploads\/sites\/394\/2023\/05\/DSC0724-web.jpg 2000w\" sizes=\"auto, (max-width: 1024px) 100vw, 1024px\" \/><\/figure>\n\n\n\n<h2 class=\"wp-block-heading\">Juhlavuoden startti Farmasian P\u00e4ivill\u00e4 2022<\/h2>\n\n\n\n<figure class=\"wp-block-image size-large is-resized\"><img loading=\"lazy\" decoding=\"async\" width=\"1024\" height=\"702\" src=\"https:\/\/sites.uef.fi\/farmasia50\/wp-content\/uploads\/sites\/394\/2022\/11\/20221111_123032-1024x702.jpg\" alt=\"Kuvassa laitoksen henkil\u00f6kuntaa ohjelmalavalla. Kuvassa: Jarkko Ketolainen (laitosjohtaja), Krista Laine (opetuksen kehitt\u00e4misest\u00e4 vastaava yliopistonlehtori), Piia Siitonen (opetusapteekkiharjoittelusta vastaava yliopistonlehtori) Jarkko Rautio (tutkimuksesta vastaava laitosjohtaja), Inka Rantam\u00e4ki (Fortis ry:n puheenjohtaja)\" class=\"wp-image-272\" style=\"width:673px;height:460px\" srcset=\"https:\/\/sites.uef.fi\/farmasia50\/wp-content\/uploads\/sites\/394\/2022\/11\/20221111_123032-1024x702.jpg 1024w, https:\/\/sites.uef.fi\/farmasia50\/wp-content\/uploads\/sites\/394\/2022\/11\/20221111_123032-300x206.jpg 300w, https:\/\/sites.uef.fi\/farmasia50\/wp-content\/uploads\/sites\/394\/2022\/11\/20221111_123032-768x526.jpg 768w, https:\/\/sites.uef.fi\/farmasia50\/wp-content\/uploads\/sites\/394\/2022\/11\/20221111_123032-1536x1053.jpg 1536w, https:\/\/sites.uef.fi\/farmasia50\/wp-content\/uploads\/sites\/394\/2022\/11\/20221111_123032-2048x1404.jpg 2048w\" sizes=\"auto, (max-width: 1024px) 100vw, 1024px\" \/><figcaption class=\"wp-element-caption\">Juhlavuoden startti ohjelmalavalla. Kuvassa vasemmalta oikealle: Jarkko Ketolainen (laitosjohtaja), Krista Laine (opetuksen kehitt\u00e4misest\u00e4 vastaava yliopistonlehtori), Piia Siitonen (opetusapteekkiharjoittelusta vastaava yliopistonlehtori), Jarkko Rautio (tutkimuksesta vastaava laitosjohtaja) ja Inka Rantam\u00e4ki (Fortis ry:n puheenjohtaja).<\/figcaption><\/figure>\n\n\n\n<figure class=\"wp-block-image size-large is-resized\"><img loading=\"lazy\" decoding=\"async\" width=\"1024\" height=\"768\" src=\"https:\/\/sites.uef.fi\/farmasia50\/wp-content\/uploads\/sites\/394\/2022\/11\/IMG-20221112-WA0003-1024x768.jpg\" alt=\"Kuvassa on Farmasian laitoksen ja Jatkuvan oppimisen keskuksen yhteinen standi. \" class=\"wp-image-275\" style=\"width:673px;height:504px\" srcset=\"https:\/\/sites.uef.fi\/farmasia50\/wp-content\/uploads\/sites\/394\/2022\/11\/IMG-20221112-WA0003-1024x768.jpg 1024w, https:\/\/sites.uef.fi\/farmasia50\/wp-content\/uploads\/sites\/394\/2022\/11\/IMG-20221112-WA0003-300x225.jpg 300w, https:\/\/sites.uef.fi\/farmasia50\/wp-content\/uploads\/sites\/394\/2022\/11\/IMG-20221112-WA0003-768x576.jpg 768w, https:\/\/sites.uef.fi\/farmasia50\/wp-content\/uploads\/sites\/394\/2022\/11\/IMG-20221112-WA0003-1536x1152.jpg 1536w, https:\/\/sites.uef.fi\/farmasia50\/wp-content\/uploads\/sites\/394\/2022\/11\/IMG-20221112-WA0003.jpg 2000w\" sizes=\"auto, (max-width: 1024px) 100vw, 1024px\" \/><figcaption class=\"wp-element-caption\">Farmasian laitoksen ja Jatkuvan oppimisen keskuksen yhteinen standi kutsuu k\u00e4vij\u00f6it\u00e4.<\/figcaption><\/figure>\n\n\n\n<figure class=\"wp-block-image size-large is-resized\"><img loading=\"lazy\" decoding=\"async\" width=\"768\" height=\"1024\" src=\"https:\/\/sites.uef.fi\/farmasia50\/wp-content\/uploads\/sites\/394\/2022\/11\/IMG-20221112-WA0011-768x1024.jpg\" alt=\"Kuvassa henkil\u00f6, joka tutustuu farmasian laitoksen ja Jatkuvan oppimisen keskuksen tiloihin virtuaalikierroksen kautta VR-laseilla.\" class=\"wp-image-278\" style=\"width:649px;height:865px\" srcset=\"https:\/\/sites.uef.fi\/farmasia50\/wp-content\/uploads\/sites\/394\/2022\/11\/IMG-20221112-WA0011-768x1024.jpg 768w, https:\/\/sites.uef.fi\/farmasia50\/wp-content\/uploads\/sites\/394\/2022\/11\/IMG-20221112-WA0011-225x300.jpg 225w, https:\/\/sites.uef.fi\/farmasia50\/wp-content\/uploads\/sites\/394\/2022\/11\/IMG-20221112-WA0011-1152x1536.jpg 1152w, https:\/\/sites.uef.fi\/farmasia50\/wp-content\/uploads\/sites\/394\/2022\/11\/IMG-20221112-WA0011.jpg 1500w\" sizes=\"auto, (max-width: 768px) 100vw, 768px\" \/><figcaption class=\"wp-element-caption\">Osallistujat p\u00e4\u00e4siv\u00e4t tutustumaan Farmasian laitoksen ja Jatkuvan oppimisen keskuksen tiloihin virtuaalikierroksen kautta.<\/figcaption><\/figure>\n","protected":false},"excerpt":{"rendered":"<p>Juhlaseminaari 28.10.2023 Suuri kiitos kaikille Kuopion farmasian 50-vuotisjuhlaan osallistuneille! Jatketaan lupsakkaa yhteis\u00f6llisyytt\u00e4, toiminnan poikkitieteellisyytt\u00e4 ja vaikuttavuutta my\u00f6s tulevaisuudessa. T\u00e4\u00e4lt\u00e4 voi lukea enemm\u00e4n juhlaseminaarista. Tieteen P\u00e4iv\u00e4t 2023 &#8211; Nalleapteekki Perinteik\u00e4st\u00e4 suuren yleis\u00f6n tiedetapahtumaa Tieteen p\u00e4ivi\u00e4 vietettiin Kuopiossa 26. elokuuta. Farmasian laitos osallistui tapahtumaan Nalleapteekilla. Nalleapteekissa annettiin neuvoja monenlaisten itsehoidon vaivojen hoitoon laiskiaisen nuhasta yksisarvisen mahanpuruihin sek\u00e4 [&hellip;]<\/p>\n","protected":false},"author":447,"featured_media":0,"parent":0,"menu_order":0,"comment_status":"closed","ping_status":"closed","template":"","meta":{"_acf_changed":false,"footnotes":""},"class_list":["post-269","page","type-page","status-publish","hentry"],"acf":[],"yoast_head":"<!-- This site is optimized with the Yoast SEO plugin v27.3 - https:\/\/yoast.com\/product\/yoast-seo-wordpress\/ -->\n<title>Juhlavuoden tarinoita ja kuvia - Farmasiaa Kuopiossa 50 vuotta<\/title>\n<meta name=\"robots\" content=\"index, follow, max-snippet:-1, max-image-preview:large, max-video-preview:-1\" \/>\n<link rel=\"canonical\" href=\"https:\/\/sites.uef.fi\/farmasia50\/juhlavuoden-kuvia\/\" \/>\n<meta property=\"og:locale\" content=\"fi_FI\" \/>\n<meta property=\"og:type\" content=\"article\" \/>\n<meta property=\"og:title\" content=\"Juhlavuoden tarinoita ja kuvia - Farmasiaa Kuopiossa 50 vuotta\" \/>\n<meta property=\"og:description\" content=\"Juhlaseminaari 28.10.2023 Suuri kiitos kaikille Kuopion farmasian 50-vuotisjuhlaan osallistuneille! Jatketaan lupsakkaa yhteis\u00f6llisyytt\u00e4, toiminnan poikkitieteellisyytt\u00e4 ja vaikuttavuutta my\u00f6s tulevaisuudessa. T\u00e4\u00e4lt\u00e4 voi lukea enemm\u00e4n juhlaseminaarista. Tieteen P\u00e4iv\u00e4t 2023 &#8211; Nalleapteekki Perinteik\u00e4st\u00e4 suuren yleis\u00f6n tiedetapahtumaa Tieteen p\u00e4ivi\u00e4 vietettiin Kuopiossa 26. elokuuta. Farmasian laitos osallistui tapahtumaan Nalleapteekilla. Nalleapteekissa annettiin neuvoja monenlaisten itsehoidon vaivojen hoitoon laiskiaisen nuhasta yksisarvisen mahanpuruihin sek\u00e4 [&hellip;]\" \/>\n<meta property=\"og:url\" content=\"https:\/\/sites.uef.fi\/farmasia50\/juhlavuoden-kuvia\/\" \/>\n<meta property=\"og:site_name\" content=\"Farmasiaa Kuopiossa 50 vuotta\" \/>\n<meta property=\"article:modified_time\" content=\"2024-01-11T11:41:04+00:00\" \/>\n<meta property=\"og:image\" content=\"https:\/\/sites.uef.fi\/farmasia50\/wp-content\/uploads\/sites\/394\/2023\/11\/DSC6212-1024x683.jpg\" \/>\n<meta name=\"twitter:card\" content=\"summary_large_image\" \/>\n<meta name=\"twitter:label1\" content=\"Arvioitu lukuaika\" \/>\n\t<meta name=\"twitter:data1\" content=\"5 minuuttia\" \/>\n<script type=\"application\/ld+json\" class=\"yoast-schema-graph\">{\"@context\":\"https:\\\/\\\/schema.org\",\"@graph\":[{\"@type\":\"WebPage\",\"@id\":\"https:\\\/\\\/sites.uef.fi\\\/farmasia50\\\/juhlavuoden-kuvia\\\/\",\"url\":\"https:\\\/\\\/sites.uef.fi\\\/farmasia50\\\/juhlavuoden-kuvia\\\/\",\"name\":\"Juhlavuoden tarinoita ja kuvia - Farmasiaa Kuopiossa 50 vuotta\",\"isPartOf\":{\"@id\":\"https:\\\/\\\/sites.uef.fi\\\/farmasia50\\\/#website\"},\"primaryImageOfPage\":{\"@id\":\"https:\\\/\\\/sites.uef.fi\\\/farmasia50\\\/juhlavuoden-kuvia\\\/#primaryimage\"},\"image\":{\"@id\":\"https:\\\/\\\/sites.uef.fi\\\/farmasia50\\\/juhlavuoden-kuvia\\\/#primaryimage\"},\"thumbnailUrl\":\"https:\\\/\\\/sites.uef.fi\\\/farmasia50\\\/wp-content\\\/uploads\\\/sites\\\/394\\\/2023\\\/11\\\/DSC6212-1024x683.jpg\",\"datePublished\":\"2022-11-16T11:40:42+00:00\",\"dateModified\":\"2024-01-11T11:41:04+00:00\",\"breadcrumb\":{\"@id\":\"https:\\\/\\\/sites.uef.fi\\\/farmasia50\\\/juhlavuoden-kuvia\\\/#breadcrumb\"},\"inLanguage\":\"fi\",\"potentialAction\":[{\"@type\":\"ReadAction\",\"target\":[\"https:\\\/\\\/sites.uef.fi\\\/farmasia50\\\/juhlavuoden-kuvia\\\/\"]}]},{\"@type\":\"ImageObject\",\"inLanguage\":\"fi\",\"@id\":\"https:\\\/\\\/sites.uef.fi\\\/farmasia50\\\/juhlavuoden-kuvia\\\/#primaryimage\",\"url\":\"https:\\\/\\\/sites.uef.fi\\\/farmasia50\\\/wp-content\\\/uploads\\\/sites\\\/394\\\/2023\\\/11\\\/DSC6212-scaled.jpg\",\"contentUrl\":\"https:\\\/\\\/sites.uef.fi\\\/farmasia50\\\/wp-content\\\/uploads\\\/sites\\\/394\\\/2023\\\/11\\\/DSC6212-scaled.jpg\",\"width\":2560,\"height\":1707},{\"@type\":\"BreadcrumbList\",\"@id\":\"https:\\\/\\\/sites.uef.fi\\\/farmasia50\\\/juhlavuoden-kuvia\\\/#breadcrumb\",\"itemListElement\":[{\"@type\":\"ListItem\",\"position\":1,\"name\":\"Home\",\"item\":\"https:\\\/\\\/sites.uef.fi\\\/farmasia50\\\/\"},{\"@type\":\"ListItem\",\"position\":2,\"name\":\"Juhlavuoden tarinoita ja kuvia\"}]},{\"@type\":\"WebSite\",\"@id\":\"https:\\\/\\\/sites.uef.fi\\\/farmasia50\\\/#website\",\"url\":\"https:\\\/\\\/sites.uef.fi\\\/farmasia50\\\/\",\"name\":\"Farmasiaa Kuopiossa 50 vuotta\",\"description\":\"\",\"publisher\":{\"@id\":\"https:\\\/\\\/sites.uef.fi\\\/farmasia50\\\/#organization\"},\"potentialAction\":[{\"@type\":\"SearchAction\",\"target\":{\"@type\":\"EntryPoint\",\"urlTemplate\":\"https:\\\/\\\/sites.uef.fi\\\/farmasia50\\\/?s={search_term_string}\"},\"query-input\":{\"@type\":\"PropertyValueSpecification\",\"valueRequired\":true,\"valueName\":\"search_term_string\"}}],\"inLanguage\":\"fi\"},{\"@type\":\"Organization\",\"@id\":\"https:\\\/\\\/sites.uef.fi\\\/farmasia50\\\/#organization\",\"name\":\"Farmasiaa Kuopiossa 50 vuotta\",\"url\":\"https:\\\/\\\/sites.uef.fi\\\/farmasia50\\\/\",\"logo\":{\"@type\":\"ImageObject\",\"inLanguage\":\"fi\",\"@id\":\"https:\\\/\\\/sites.uef.fi\\\/farmasia50\\\/#\\\/schema\\\/logo\\\/image\\\/\",\"url\":\"https:\\\/\\\/sites.uef.fi\\\/farmasia50\\\/wp-content\\\/uploads\\\/sites\\\/394\\\/2022\\\/10\\\/cropped-UEF_wordpress_white.png\",\"contentUrl\":\"https:\\\/\\\/sites.uef.fi\\\/farmasia50\\\/wp-content\\\/uploads\\\/sites\\\/394\\\/2022\\\/10\\\/cropped-UEF_wordpress_white.png\",\"width\":250,\"height\":250,\"caption\":\"Farmasiaa Kuopiossa 50 vuotta\"},\"image\":{\"@id\":\"https:\\\/\\\/sites.uef.fi\\\/farmasia50\\\/#\\\/schema\\\/logo\\\/image\\\/\"}}]}<\/script>\n<!-- \/ Yoast SEO plugin. -->","yoast_head_json":{"title":"Juhlavuoden tarinoita ja kuvia - Farmasiaa Kuopiossa 50 vuotta","robots":{"index":"index","follow":"follow","max-snippet":"max-snippet:-1","max-image-preview":"max-image-preview:large","max-video-preview":"max-video-preview:-1"},"canonical":"https:\/\/sites.uef.fi\/farmasia50\/juhlavuoden-kuvia\/","og_locale":"fi_FI","og_type":"article","og_title":"Juhlavuoden tarinoita ja kuvia - Farmasiaa Kuopiossa 50 vuotta","og_description":"Juhlaseminaari 28.10.2023 Suuri kiitos kaikille Kuopion farmasian 50-vuotisjuhlaan osallistuneille! Jatketaan lupsakkaa yhteis\u00f6llisyytt\u00e4, toiminnan poikkitieteellisyytt\u00e4 ja vaikuttavuutta my\u00f6s tulevaisuudessa. T\u00e4\u00e4lt\u00e4 voi lukea enemm\u00e4n juhlaseminaarista. Tieteen P\u00e4iv\u00e4t 2023 &#8211; Nalleapteekki Perinteik\u00e4st\u00e4 suuren yleis\u00f6n tiedetapahtumaa Tieteen p\u00e4ivi\u00e4 vietettiin Kuopiossa 26. elokuuta. Farmasian laitos osallistui tapahtumaan Nalleapteekilla. Nalleapteekissa annettiin neuvoja monenlaisten itsehoidon vaivojen hoitoon laiskiaisen nuhasta yksisarvisen mahanpuruihin sek\u00e4 [&hellip;]","og_url":"https:\/\/sites.uef.fi\/farmasia50\/juhlavuoden-kuvia\/","og_site_name":"Farmasiaa Kuopiossa 50 vuotta","article_modified_time":"2024-01-11T11:41:04+00:00","og_image":[{"url":"https:\/\/sites.uef.fi\/farmasia50\/wp-content\/uploads\/sites\/394\/2023\/11\/DSC6212-1024x683.jpg","type":"","width":"","height":""}],"twitter_card":"summary_large_image","twitter_misc":{"Arvioitu lukuaika":"5 minuuttia"},"schema":{"@context":"https:\/\/schema.org","@graph":[{"@type":"WebPage","@id":"https:\/\/sites.uef.fi\/farmasia50\/juhlavuoden-kuvia\/","url":"https:\/\/sites.uef.fi\/farmasia50\/juhlavuoden-kuvia\/","name":"Juhlavuoden tarinoita ja kuvia - Farmasiaa Kuopiossa 50 vuotta","isPartOf":{"@id":"https:\/\/sites.uef.fi\/farmasia50\/#website"},"primaryImageOfPage":{"@id":"https:\/\/sites.uef.fi\/farmasia50\/juhlavuoden-kuvia\/#primaryimage"},"image":{"@id":"https:\/\/sites.uef.fi\/farmasia50\/juhlavuoden-kuvia\/#primaryimage"},"thumbnailUrl":"https:\/\/sites.uef.fi\/farmasia50\/wp-content\/uploads\/sites\/394\/2023\/11\/DSC6212-1024x683.jpg","datePublished":"2022-11-16T11:40:42+00:00","dateModified":"2024-01-11T11:41:04+00:00","breadcrumb":{"@id":"https:\/\/sites.uef.fi\/farmasia50\/juhlavuoden-kuvia\/#breadcrumb"},"inLanguage":"fi","potentialAction":[{"@type":"ReadAction","target":["https:\/\/sites.uef.fi\/farmasia50\/juhlavuoden-kuvia\/"]}]},{"@type":"ImageObject","inLanguage":"fi","@id":"https:\/\/sites.uef.fi\/farmasia50\/juhlavuoden-kuvia\/#primaryimage","url":"https:\/\/sites.uef.fi\/farmasia50\/wp-content\/uploads\/sites\/394\/2023\/11\/DSC6212-scaled.jpg","contentUrl":"https:\/\/sites.uef.fi\/farmasia50\/wp-content\/uploads\/sites\/394\/2023\/11\/DSC6212-scaled.jpg","width":2560,"height":1707},{"@type":"BreadcrumbList","@id":"https:\/\/sites.uef.fi\/farmasia50\/juhlavuoden-kuvia\/#breadcrumb","itemListElement":[{"@type":"ListItem","position":1,"name":"Home","item":"https:\/\/sites.uef.fi\/farmasia50\/"},{"@type":"ListItem","position":2,"name":"Juhlavuoden tarinoita ja kuvia"}]},{"@type":"WebSite","@id":"https:\/\/sites.uef.fi\/farmasia50\/#website","url":"https:\/\/sites.uef.fi\/farmasia50\/","name":"Farmasiaa Kuopiossa 50 vuotta","description":"","publisher":{"@id":"https:\/\/sites.uef.fi\/farmasia50\/#organization"},"potentialAction":[{"@type":"SearchAction","target":{"@type":"EntryPoint","urlTemplate":"https:\/\/sites.uef.fi\/farmasia50\/?s={search_term_string}"},"query-input":{"@type":"PropertyValueSpecification","valueRequired":true,"valueName":"search_term_string"}}],"inLanguage":"fi"},{"@type":"Organization","@id":"https:\/\/sites.uef.fi\/farmasia50\/#organization","name":"Farmasiaa Kuopiossa 50 vuotta","url":"https:\/\/sites.uef.fi\/farmasia50\/","logo":{"@type":"ImageObject","inLanguage":"fi","@id":"https:\/\/sites.uef.fi\/farmasia50\/#\/schema\/logo\/image\/","url":"https:\/\/sites.uef.fi\/farmasia50\/wp-content\/uploads\/sites\/394\/2022\/10\/cropped-UEF_wordpress_white.png","contentUrl":"https:\/\/sites.uef.fi\/farmasia50\/wp-content\/uploads\/sites\/394\/2022\/10\/cropped-UEF_wordpress_white.png","width":250,"height":250,"caption":"Farmasiaa Kuopiossa 50 vuotta"},"image":{"@id":"https:\/\/sites.uef.fi\/farmasia50\/#\/schema\/logo\/image\/"}}]}},"_links":{"self":[{"href":"https:\/\/sites.uef.fi\/farmasia50\/wp-json\/wp\/v2\/pages\/269","targetHints":{"allow":["GET"]}}],"collection":[{"href":"https:\/\/sites.uef.fi\/farmasia50\/wp-json\/wp\/v2\/pages"}],"about":[{"href":"https:\/\/sites.uef.fi\/farmasia50\/wp-json\/wp\/v2\/types\/page"}],"author":[{"embeddable":true,"href":"https:\/\/sites.uef.fi\/farmasia50\/wp-json\/wp\/v2\/users\/447"}],"replies":[{"embeddable":true,"href":"https:\/\/sites.uef.fi\/farmasia50\/wp-json\/wp\/v2\/comments?post=269"}],"version-history":[{"count":2,"href":"https:\/\/sites.uef.fi\/farmasia50\/wp-json\/wp\/v2\/pages\/269\/revisions"}],"predecessor-version":[{"id":1892,"href":"https:\/\/sites.uef.fi\/farmasia50\/wp-json\/wp\/v2\/pages\/269\/revisions\/1892"}],"wp:attachment":[{"href":"https:\/\/sites.uef.fi\/farmasia50\/wp-json\/wp\/v2\/media?parent=269"}],"curies":[{"name":"wp","href":"https:\/\/api.w.org\/{rel}","templated":true}]}}