{"id":1447,"date":"2025-11-11T14:47:56","date_gmt":"2025-11-11T12:47:56","guid":{"rendered":"https:\/\/sites.uef.fi\/kasvuasammalesta\/?page_id=1447"},"modified":"2025-11-20T08:03:46","modified_gmt":"2025-11-20T06:03:46","slug":"turvealueiden-kosteikkoratkaisujen-ilmasto-ja-vesistovaikutukset-kasvua-sammalesta-pohjois-karjala-sampo-hankkeen-tyopaja-10-12-2025","status":"publish","type":"page","link":"https:\/\/sites.uef.fi\/kasvuasammalesta\/turvealueiden-kosteikkoratkaisujen-ilmasto-ja-vesistovaikutukset-kasvua-sammalesta-pohjois-karjala-sampo-hankkeen-tyopaja-10-12-2025\/","title":{"rendered":"Turvealueiden kosteikkoratkaisujen ilmasto- ja vesist\u00f6vaikutukset \u2013 Kasvua sammalesta Pohjois-Karjala (SAMPO) -hankkeen ty\u00f6paja 10.12.2025"},"content":{"rendered":"\n<p>Turvealueiden kosteikkoratkaisuilta toivotaan suotuisia vaikutuksia monimuotoisuudelle, ilmaston ja vesiensuojeluun sek\u00e4 uusia elinkeinomahdollisuuksia. Aktiivinen rahkasammalten kasvatus on lupaava turvealueiden ennallistamisen ja kosteikkoviljelyn ratkaisu. Mit\u00e4 hy\u00f6tyj\u00e4 kosteikkoratkaisuilla voidaan saada aikaan ja parantaako kasvava rahkasammalkerros vaikutuksia? Tervetuloa kuulemaan Kasvua sammalesta -hankkeen tuloksista ja keskustelemaan turvealueiden kosteikkoratkaisujen mahdollisuuksista.<br><br><strong>Aika:<\/strong> 10.12.2025 klo 9:00-12:00<br><strong>Paikka:<\/strong> It\u00e4-Suomen yliopisto, Joensuun kampus, Yliopistokatu 7, Metria-rakennus, sali M110 ja <a href=\"https:\/\/teams.microsoft.com\/l\/meetup-join\/19%3ameeting_ZTk0MzFkMzUtYmJiMi00OGJkLTgwOWEtNTEwOTY4OTg2ZDJk%40thread.v2\/0?context=%7b%22Tid%22%3a%2287879f2e-7304-4bf2-baf2-63e7f83f3c34%22%2c%22Oid%22%3a%2232c1b8d1-e525-48d8-a267-61e7e237903e%22%7d\">Teams<\/a><br><strong>Ilmoittaudu:<\/strong> <a href=\"https:\/\/link.webropolsurveys.com\/EP\/F4E0C5527F30A75A\">https:\/\/link.webropolsurveys.com\/EP\/F4E0C5527F30A75A<\/a><br><\/p>\n\n\n\n<p><strong>Ohjelma:<\/strong><br><br>9:00-9:15 Kahvitus<br>9:15-10:00 Katsaus Kasvua sammalesta -hankkeen tuloksiin (tallennetaan)<br>\u2022 Timo Kumpula: Rahkasammalikon kasvun sensoripohjainen havainnointi<br>\u2022 Ella Bocharnikova: Kasvihuonekaasujen p\u00e4\u00e4st\u00f6t pilottialueella<br>\u2022 Helmi Lehikoinen: Rikkihappaman turvealueen vedenlaadun seuranta<br>10:00-10:15 Anna Laine-Pet\u00e4j\u00e4kangas: Soiden ennallistamisen ilmastovaikutuksista<br>10:15-10:30 Jaakko Karvonen: Turvealueiden merkityksist\u00e4 Pohjois-Karjalassa<br><br>Tauko<br><br>10.45-11.30 Ty\u00f6paja: Osallistujat jaetaan pienryhmiin, joissa keskustellaan kosteikkoratkaisujen vaikutuksista luonnonj\u00e4rjestelmiin ja yhteiskuntaan. Mit\u00e4 merkityst\u00e4 on toiminnan ilmasto- ja vesist\u00f6vaikutuksilla? (ei tallenneta)<br>\u2022 Vaikutusten todentaminen ja ennakointi<br>\u2022 Tuotantomahdollisuudet ja ekosysteemipalvelut<br>\u2022 Hyv\u00e4ksytt\u00e4vyys ja kansalaisten vaikuttamismahdollisuudet<br>\u2022 Yritt\u00e4jyyden ja elinkeinoyhteyksien n\u00e4k\u00f6kulmat<br><br>11:30-12:00 Ty\u00f6pajan purku ja yleiskeskustelu (tallennetaan)<br><br><\/p>\n\n\n\n<p>Tilaisuuden j\u00e4lkeen mahdollisuus vierailuun rahkasammalten kasvatuksen koelaboratoriossa.<br><br><\/p>\n\n\n\n<p><strong>Lis\u00e4tiedot:<\/strong>\u00a0<br>Hankkeen johtaja Teemu Tahvanainen, p. 050 442 3987, <a href=\"mailto:teemu.tahvanainen@uef.fi\">teemu.tahvanainen@uef.fi<\/a><\/p>\n\n\n\n<p>Hankep\u00e4\u00e4llikk\u00f6, Helmi Lehikoinen, p. 050 520 4668, <a href=\"mailto:helmi.lehikoinen@uef.fi\">helmi.lehikoinen@uef.fi<\/a><br><br>Tapahtuman Teams-linkki:<br><br><a href=\"https:\/\/teams.microsoft.com\/l\/meetup-join\/19%3ameeting_ZTk0MzFkMzUtYmJiMi00OGJkLTgwOWEtNTEwOTY4OTg2ZDJk%40thread.v2\/0?context=%7b%22Tid%22%3a%2287879f2e-7304-4bf2-baf2-63e7f83f3c34%22%2c%22Oid%22%3a%2232c1b8d1-e525-48d8-a267-61e7e237903e%22%7d\" target=\"_blank\" rel=\"noreferrer noopener\">https:\/\/teams.microsoft.com\/l\/meetup-join\/19%3ameeting_ZTk0MzFkMzUtYmJiMi00OGJkLTgwOWEtNTEwOTY4OTg2ZDJk%40thread.v2\/0?context=%7b%22Tid%22%3a%2287879f2e-7304-4bf2-baf2-63e7f83f3c34%22%2c%22Oid%22%3a%2232c1b8d1-e525-48d8-a267-61e7e237903e%22%7d<\/a><\/p>\n","protected":false},"excerpt":{"rendered":"<p>Turvealueiden kosteikkoratkaisuilta toivotaan suotuisia vaikutuksia monimuotoisuudelle, ilmaston ja vesiensuojeluun sek\u00e4 uusia elinkeinomahdollisuuksia. Aktiivinen rahkasammalten kasvatus on lupaava turvealueiden ennallistamisen ja kosteikkoviljelyn ratkaisu. Mit\u00e4 hy\u00f6tyj\u00e4 kosteikkoratkaisuilla voidaan saada aikaan ja parantaako kasvava rahkasammalkerros vaikutuksia? Tervetuloa kuulemaan Kasvua sammalesta -hankkeen tuloksista ja keskustelemaan turvealueiden kosteikkoratkaisujen mahdollisuuksista. Aika: 10.12.2025 klo 9:00-12:00Paikka: It\u00e4-Suomen yliopisto, Joensuun kampus, Yliopistokatu 7, Metria-rakennus, [&hellip;]<\/p>\n","protected":false},"author":1075,"featured_media":0,"parent":0,"menu_order":0,"comment_status":"closed","ping_status":"closed","template":"","meta":{"_acf_changed":false,"footnotes":""},"class_list":["post-1447","page","type-page","status-publish","hentry"],"acf":[],"yoast_head":"<!-- This site is optimized with the Yoast SEO plugin v27.3 - https:\/\/yoast.com\/product\/yoast-seo-wordpress\/ -->\n<title>Turvealueiden kosteikkoratkaisujen ilmasto- ja vesist\u00f6vaikutukset \u2013 Kasvua sammalesta Pohjois-Karjala (SAMPO) -hankkeen ty\u00f6paja 10.12.2025 - Kasvua sammalesta Pohjois-Karjala<\/title>\n<meta name=\"robots\" content=\"index, follow, max-snippet:-1, max-image-preview:large, max-video-preview:-1\" \/>\n<link rel=\"canonical\" href=\"https:\/\/sites.uef.fi\/kasvuasammalesta\/turvealueiden-kosteikkoratkaisujen-ilmasto-ja-vesistovaikutukset-kasvua-sammalesta-pohjois-karjala-sampo-hankkeen-tyopaja-10-12-2025\/\" \/>\n<meta property=\"og:locale\" content=\"fi_FI\" \/>\n<meta property=\"og:type\" content=\"article\" \/>\n<meta property=\"og:title\" content=\"Turvealueiden kosteikkoratkaisujen ilmasto- ja vesist\u00f6vaikutukset \u2013 Kasvua sammalesta Pohjois-Karjala (SAMPO) -hankkeen ty\u00f6paja 10.12.2025 - Kasvua sammalesta Pohjois-Karjala\" \/>\n<meta property=\"og:description\" content=\"Turvealueiden kosteikkoratkaisuilta toivotaan suotuisia vaikutuksia monimuotoisuudelle, ilmaston ja vesiensuojeluun sek\u00e4 uusia elinkeinomahdollisuuksia. Aktiivinen rahkasammalten kasvatus on lupaava turvealueiden ennallistamisen ja kosteikkoviljelyn ratkaisu. Mit\u00e4 hy\u00f6tyj\u00e4 kosteikkoratkaisuilla voidaan saada aikaan ja parantaako kasvava rahkasammalkerros vaikutuksia? Tervetuloa kuulemaan Kasvua sammalesta -hankkeen tuloksista ja keskustelemaan turvealueiden kosteikkoratkaisujen mahdollisuuksista. Aika: 10.12.2025 klo 9:00-12:00Paikka: It\u00e4-Suomen yliopisto, Joensuun kampus, Yliopistokatu 7, Metria-rakennus, [&hellip;]\" \/>\n<meta property=\"og:url\" content=\"https:\/\/sites.uef.fi\/kasvuasammalesta\/turvealueiden-kosteikkoratkaisujen-ilmasto-ja-vesistovaikutukset-kasvua-sammalesta-pohjois-karjala-sampo-hankkeen-tyopaja-10-12-2025\/\" \/>\n<meta property=\"og:site_name\" content=\"Kasvua sammalesta Pohjois-Karjala\" \/>\n<meta property=\"article:modified_time\" content=\"2025-11-20T06:03:46+00:00\" \/>\n<meta name=\"twitter:card\" content=\"summary_large_image\" \/>\n<meta name=\"twitter:label1\" content=\"Arvioitu lukuaika\" \/>\n\t<meta name=\"twitter:data1\" content=\"2 minuuttia\" \/>\n<script type=\"application\/ld+json\" class=\"yoast-schema-graph\">{\"@context\":\"https:\\\/\\\/schema.org\",\"@graph\":[{\"@type\":\"WebPage\",\"@id\":\"https:\\\/\\\/sites.uef.fi\\\/kasvuasammalesta\\\/turvealueiden-kosteikkoratkaisujen-ilmasto-ja-vesistovaikutukset-kasvua-sammalesta-pohjois-karjala-sampo-hankkeen-tyopaja-10-12-2025\\\/\",\"url\":\"https:\\\/\\\/sites.uef.fi\\\/kasvuasammalesta\\\/turvealueiden-kosteikkoratkaisujen-ilmasto-ja-vesistovaikutukset-kasvua-sammalesta-pohjois-karjala-sampo-hankkeen-tyopaja-10-12-2025\\\/\",\"name\":\"Turvealueiden kosteikkoratkaisujen ilmasto- ja vesist\u00f6vaikutukset \u2013 Kasvua sammalesta Pohjois-Karjala (SAMPO) -hankkeen ty\u00f6paja 10.12.2025 - Kasvua sammalesta Pohjois-Karjala\",\"isPartOf\":{\"@id\":\"https:\\\/\\\/sites.uef.fi\\\/kasvuasammalesta\\\/#website\"},\"datePublished\":\"2025-11-11T12:47:56+00:00\",\"dateModified\":\"2025-11-20T06:03:46+00:00\",\"breadcrumb\":{\"@id\":\"https:\\\/\\\/sites.uef.fi\\\/kasvuasammalesta\\\/turvealueiden-kosteikkoratkaisujen-ilmasto-ja-vesistovaikutukset-kasvua-sammalesta-pohjois-karjala-sampo-hankkeen-tyopaja-10-12-2025\\\/#breadcrumb\"},\"inLanguage\":\"fi\",\"potentialAction\":[{\"@type\":\"ReadAction\",\"target\":[\"https:\\\/\\\/sites.uef.fi\\\/kasvuasammalesta\\\/turvealueiden-kosteikkoratkaisujen-ilmasto-ja-vesistovaikutukset-kasvua-sammalesta-pohjois-karjala-sampo-hankkeen-tyopaja-10-12-2025\\\/\"]}]},{\"@type\":\"BreadcrumbList\",\"@id\":\"https:\\\/\\\/sites.uef.fi\\\/kasvuasammalesta\\\/turvealueiden-kosteikkoratkaisujen-ilmasto-ja-vesistovaikutukset-kasvua-sammalesta-pohjois-karjala-sampo-hankkeen-tyopaja-10-12-2025\\\/#breadcrumb\",\"itemListElement\":[{\"@type\":\"ListItem\",\"position\":1,\"name\":\"Home\",\"item\":\"https:\\\/\\\/sites.uef.fi\\\/kasvuasammalesta\\\/\"},{\"@type\":\"ListItem\",\"position\":2,\"name\":\"Turvealueiden kosteikkoratkaisujen ilmasto- ja vesist\u00f6vaikutukset \u2013 Kasvua sammalesta Pohjois-Karjala (SAMPO) -hankkeen ty\u00f6paja 10.12.2025\"}]},{\"@type\":\"WebSite\",\"@id\":\"https:\\\/\\\/sites.uef.fi\\\/kasvuasammalesta\\\/#website\",\"url\":\"https:\\\/\\\/sites.uef.fi\\\/kasvuasammalesta\\\/\",\"name\":\"Kasvua sammalesta Pohjois-Karjala\",\"description\":\"\",\"potentialAction\":[{\"@type\":\"SearchAction\",\"target\":{\"@type\":\"EntryPoint\",\"urlTemplate\":\"https:\\\/\\\/sites.uef.fi\\\/kasvuasammalesta\\\/?s={search_term_string}\"},\"query-input\":{\"@type\":\"PropertyValueSpecification\",\"valueRequired\":true,\"valueName\":\"search_term_string\"}}],\"inLanguage\":\"fi\"}]}<\/script>\n<!-- \/ Yoast SEO plugin. -->","yoast_head_json":{"title":"Turvealueiden kosteikkoratkaisujen ilmasto- ja vesist\u00f6vaikutukset \u2013 Kasvua sammalesta Pohjois-Karjala (SAMPO) -hankkeen ty\u00f6paja 10.12.2025 - Kasvua sammalesta Pohjois-Karjala","robots":{"index":"index","follow":"follow","max-snippet":"max-snippet:-1","max-image-preview":"max-image-preview:large","max-video-preview":"max-video-preview:-1"},"canonical":"https:\/\/sites.uef.fi\/kasvuasammalesta\/turvealueiden-kosteikkoratkaisujen-ilmasto-ja-vesistovaikutukset-kasvua-sammalesta-pohjois-karjala-sampo-hankkeen-tyopaja-10-12-2025\/","og_locale":"fi_FI","og_type":"article","og_title":"Turvealueiden kosteikkoratkaisujen ilmasto- ja vesist\u00f6vaikutukset \u2013 Kasvua sammalesta Pohjois-Karjala (SAMPO) -hankkeen ty\u00f6paja 10.12.2025 - Kasvua sammalesta Pohjois-Karjala","og_description":"Turvealueiden kosteikkoratkaisuilta toivotaan suotuisia vaikutuksia monimuotoisuudelle, ilmaston ja vesiensuojeluun sek\u00e4 uusia elinkeinomahdollisuuksia. Aktiivinen rahkasammalten kasvatus on lupaava turvealueiden ennallistamisen ja kosteikkoviljelyn ratkaisu. Mit\u00e4 hy\u00f6tyj\u00e4 kosteikkoratkaisuilla voidaan saada aikaan ja parantaako kasvava rahkasammalkerros vaikutuksia? Tervetuloa kuulemaan Kasvua sammalesta -hankkeen tuloksista ja keskustelemaan turvealueiden kosteikkoratkaisujen mahdollisuuksista. Aika: 10.12.2025 klo 9:00-12:00Paikka: It\u00e4-Suomen yliopisto, Joensuun kampus, Yliopistokatu 7, Metria-rakennus, [&hellip;]","og_url":"https:\/\/sites.uef.fi\/kasvuasammalesta\/turvealueiden-kosteikkoratkaisujen-ilmasto-ja-vesistovaikutukset-kasvua-sammalesta-pohjois-karjala-sampo-hankkeen-tyopaja-10-12-2025\/","og_site_name":"Kasvua sammalesta Pohjois-Karjala","article_modified_time":"2025-11-20T06:03:46+00:00","twitter_card":"summary_large_image","twitter_misc":{"Arvioitu lukuaika":"2 minuuttia"},"schema":{"@context":"https:\/\/schema.org","@graph":[{"@type":"WebPage","@id":"https:\/\/sites.uef.fi\/kasvuasammalesta\/turvealueiden-kosteikkoratkaisujen-ilmasto-ja-vesistovaikutukset-kasvua-sammalesta-pohjois-karjala-sampo-hankkeen-tyopaja-10-12-2025\/","url":"https:\/\/sites.uef.fi\/kasvuasammalesta\/turvealueiden-kosteikkoratkaisujen-ilmasto-ja-vesistovaikutukset-kasvua-sammalesta-pohjois-karjala-sampo-hankkeen-tyopaja-10-12-2025\/","name":"Turvealueiden kosteikkoratkaisujen ilmasto- ja vesist\u00f6vaikutukset \u2013 Kasvua sammalesta Pohjois-Karjala (SAMPO) -hankkeen ty\u00f6paja 10.12.2025 - Kasvua sammalesta Pohjois-Karjala","isPartOf":{"@id":"https:\/\/sites.uef.fi\/kasvuasammalesta\/#website"},"datePublished":"2025-11-11T12:47:56+00:00","dateModified":"2025-11-20T06:03:46+00:00","breadcrumb":{"@id":"https:\/\/sites.uef.fi\/kasvuasammalesta\/turvealueiden-kosteikkoratkaisujen-ilmasto-ja-vesistovaikutukset-kasvua-sammalesta-pohjois-karjala-sampo-hankkeen-tyopaja-10-12-2025\/#breadcrumb"},"inLanguage":"fi","potentialAction":[{"@type":"ReadAction","target":["https:\/\/sites.uef.fi\/kasvuasammalesta\/turvealueiden-kosteikkoratkaisujen-ilmasto-ja-vesistovaikutukset-kasvua-sammalesta-pohjois-karjala-sampo-hankkeen-tyopaja-10-12-2025\/"]}]},{"@type":"BreadcrumbList","@id":"https:\/\/sites.uef.fi\/kasvuasammalesta\/turvealueiden-kosteikkoratkaisujen-ilmasto-ja-vesistovaikutukset-kasvua-sammalesta-pohjois-karjala-sampo-hankkeen-tyopaja-10-12-2025\/#breadcrumb","itemListElement":[{"@type":"ListItem","position":1,"name":"Home","item":"https:\/\/sites.uef.fi\/kasvuasammalesta\/"},{"@type":"ListItem","position":2,"name":"Turvealueiden kosteikkoratkaisujen ilmasto- ja vesist\u00f6vaikutukset \u2013 Kasvua sammalesta Pohjois-Karjala (SAMPO) -hankkeen ty\u00f6paja 10.12.2025"}]},{"@type":"WebSite","@id":"https:\/\/sites.uef.fi\/kasvuasammalesta\/#website","url":"https:\/\/sites.uef.fi\/kasvuasammalesta\/","name":"Kasvua sammalesta Pohjois-Karjala","description":"","potentialAction":[{"@type":"SearchAction","target":{"@type":"EntryPoint","urlTemplate":"https:\/\/sites.uef.fi\/kasvuasammalesta\/?s={search_term_string}"},"query-input":{"@type":"PropertyValueSpecification","valueRequired":true,"valueName":"search_term_string"}}],"inLanguage":"fi"}]}},"_links":{"self":[{"href":"https:\/\/sites.uef.fi\/kasvuasammalesta\/wp-json\/wp\/v2\/pages\/1447","targetHints":{"allow":["GET"]}}],"collection":[{"href":"https:\/\/sites.uef.fi\/kasvuasammalesta\/wp-json\/wp\/v2\/pages"}],"about":[{"href":"https:\/\/sites.uef.fi\/kasvuasammalesta\/wp-json\/wp\/v2\/types\/page"}],"author":[{"embeddable":true,"href":"https:\/\/sites.uef.fi\/kasvuasammalesta\/wp-json\/wp\/v2\/users\/1075"}],"replies":[{"embeddable":true,"href":"https:\/\/sites.uef.fi\/kasvuasammalesta\/wp-json\/wp\/v2\/comments?post=1447"}],"version-history":[{"count":1,"href":"https:\/\/sites.uef.fi\/kasvuasammalesta\/wp-json\/wp\/v2\/pages\/1447\/revisions"}],"predecessor-version":[{"id":1454,"href":"https:\/\/sites.uef.fi\/kasvuasammalesta\/wp-json\/wp\/v2\/pages\/1447\/revisions\/1454"}],"wp:attachment":[{"href":"https:\/\/sites.uef.fi\/kasvuasammalesta\/wp-json\/wp\/v2\/media?parent=1447"}],"curies":[{"name":"wp","href":"https:\/\/api.w.org\/{rel}","templated":true}]}}