{"id":1559,"date":"2026-01-23T14:39:27","date_gmt":"2026-01-23T12:39:27","guid":{"rendered":"https:\/\/sites.uef.fi\/kuopiobrainandmind\/?page_id=1559"},"modified":"2026-01-26T08:36:37","modified_gmt":"2026-01-26T06:36:37","slug":"esittelyssa-molekulaarisen-neurodegeneraation-professori-ja-tutkimusryhman-johtaja-annakaisa-haapasalo","status":"publish","type":"page","link":"https:\/\/sites.uef.fi\/kuopiobrainandmind\/esittelyssa-molekulaarisen-neurodegeneraation-professori-ja-tutkimusryhman-johtaja-annakaisa-haapasalo\/","title":{"rendered":"Esittelyss\u00e4 molekulaarisen neurodegeneraation professori ja tutkimusryhm\u00e4n johtaja Annakaisa Haapasalo"},"content":{"rendered":"\n<p><bdo lang=\"fi\" dir=\"ltr\"><em>T\u00e4m\u00e4 uutinen on julkaistu alun perin 3.6.2025.<\/em> <em>Kirjoittaja: Tarja Laitinen, Kuopio Brain &amp; Mind aluep\u00e4\u00e4llikk\u00f6<\/em>.<\/bdo><\/p>\n\n\n\n<p><bdo lang=\"fi\" dir=\"ltr\">Vuonna 2021 perustetun Kansallisen Neurokeskuksen Kuopio Brain &amp; Mind-alueverkoston toiminta edist\u00e4\u00e4 aivoterveytt\u00e4 monialaisella ja potilasl\u00e4ht\u00f6isell\u00e4 yhteisty\u00f6ll\u00e4. Kuopio Brain &amp; Mind -alueverkoston tavoitteena on lis\u00e4t\u00e4 ja helpottaa yhteisty\u00f6t\u00e4 It\u00e4-Suomen yliopiston ja Pohjois-Savon hyvinvointialueen sek\u00e4 aivoterveyden parissa ty\u00f6skentelevien yritysten v\u00e4lill\u00e4 ja edist\u00e4\u00e4 it\u00e4suomalaisen huipputason monialaisen neurotieteen menestyst\u00e4.<\/bdo><\/p>\n\n\n\n<p><strong><bdo lang=\"fi\" dir=\"ltr\">Mit\u00e4 Kuopio Brain &amp; Mind-verkostossa tapahtuu ja keit\u00e4 verkostossa ty\u00f6skentelee?<\/bdo><\/strong><\/p>\n\n\n\n<p><bdo lang=\"fi\" dir=\"ltr\">Esittelyvuorossa It\u00e4-Suomen yliopiston A.I. Virtanen-instituutissa ty\u00f6skentelev\u00e4 molekulaarisen neurodegeneraation professori ja tutkimusryhm\u00e4n johtaja Annakaisa Haapasalo.<\/bdo><\/p>\n\n\n\n<p><bdo lang=\"fi\" dir=\"ltr\">Annakaisa kertoo omanneensa aina hyv\u00e4n kielip\u00e4\u00e4n sek\u00e4 olleensa jo nuorena kiinnostunut ihmisen biologiasta sek\u00e4 biologisista ilmi\u00f6ist\u00e4. Mieless\u00e4 kutitteli ajatus l\u00e4\u00e4k\u00e4rin tai kieltenopettajan ammatteihin hakeutumisesta. Ty\u00f6skennelless\u00e4\u00e4n lukion j\u00e4lkeisen v\u00e4livuoden ajan l\u00e4\u00e4k\u00e4rikeskuksen vastaanottoavustajana, n\u00e4ki h\u00e4n aitiopaikalta eri spesialiteettialojen l\u00e4\u00e4k\u00e4reiden kliinisen ty\u00f6n arkea. Ty\u00f6kokemus vahvisti h\u00e4nen kiinnostustaan nimenomaan sairauksien taustalla olevien biologisten ilmi\u00f6iden tutkimiseen ja johti opintoihin silloisen Kuopion yliopiston biokemian ja bioteknologian maisteriohjelmassa.<\/bdo><\/p>\n\n\n\n<p><bdo lang=\"fi\" dir=\"ltr\">Maisteriopintojen loppusuora ajoittui 90-luvun lama-aikaan ja Annakaisa tiesi valmistumisen j\u00e4lkeisten ty\u00f6paikkojen olevan tiukassa. Kiinnostus tutkimuksen tekemiseen oli maisteriopintojen aikana edelleen kasvanut, ja Annakaisa kertoo olleensa onnekas, kun p\u00e4\u00e4si v\u00e4it\u00f6skirjatutkijaksi professori Eero Castr\u00e9nin ryhm\u00e4\u00e4n A. I. Virtanen -instituuttiin kev\u00e4\u00e4ll\u00e4 -96. V\u00e4it\u00f6skirja TrkB-hermokasvutekij\u00e4reseptorin eri muotojen toimintaan liittyen valmistui kev\u00e4\u00e4ll\u00e4 2003. V\u00e4it\u00f6skirjatutkijan vuosiin kuului perherintamalla my\u00f6s mm. iloinen perheenlis\u00e4ys kaksospoikien synnytty\u00e4.<\/bdo><\/p>\n\n\n\n<p><bdo lang=\"fi\" dir=\"ltr\">Annakaisan tohtoriopintojen j\u00e4lkeiset postdoc-opinnot veiv\u00e4t perheen Yhdysvaltoihin Bostoniin syksyll\u00e4 2003. Postdoc-kausi Massachusetts General Hospitalissa ja Harvardin yliopistossa apulaisprofessori Dora M. Kovacsin tutkimusryhm\u00e4ss\u00e4 k\u00e4ynnistyi huhtikuussa 2004. Ty\u00f6n fokus siirtyi Alzheimerin tautiin ja sen patogeneesiin keskeisesti osallistuvan gamma-sekretaasientsyymin toiminnan tutkimiseen.<\/bdo><\/p>\n\n\n\n<p><bdo lang=\"fi\" dir=\"ltr\">Suomeen ja Kuopioon palattuaan Annakaisa aloitti professori Hilkka Soinisen tutkimusryhm\u00e4ss\u00e4 erikois- ja edelleen akatemiatutkijana Alzheimerin taudin riskigeenien biologisten toimintojen tutkimuksen parissa. Vuonna 2015 Annakaisa valittiin A.I. Virtanen -instituuttiin molekulaarisen neurodegeneraation apulaisprofessuuriin. Yhteisty\u00f6 neurologian professorina Kuopiossa toimineen Anne Portaankorvan (ent. Remes) kanssa alkoi, ja Annakaisa perusti It\u00e4-Suomen yliopistoon aivan uuden tutkimuslinjan, jonka kohteeksi fokusoitui otsalohko-dementian molekyylitason tautimekanismien ja biomarkkereiden tutkimus. T\u00e4rke\u00e4n\u00e4 tutkimus-yhteisty\u00f6kumppanina toimi alusta alkaen my\u00f6s KYS:n neurologian ylil\u00e4\u00e4k\u00e4ri P\u00e4ivi Hartikainen.<\/bdo><\/p>\n\n\n\n<p><bdo lang=\"fi\" dir=\"ltr\">Annakaisan tutkimus alkoi voimakkaasti hy\u00f6dynt\u00e4\u00e4 tautimalleina geneettiselt\u00e4 perim\u00e4lt\u00e4\u00e4n erilaisista otsalohkodementiapotilaista per\u00e4isin olevia indusoituja monikykyisi\u00e4 kantasoluja ja niist\u00e4 johdettuja hermo- ja mikrogliasoluja.<\/bdo><\/p>\n\n\n\n<p><bdo lang=\"fi\" dir=\"ltr\">Uuden tutkimuslinjan k\u00e4yntiin saaminen vei aikaa ja oli ty\u00f6l\u00e4st\u00e4, mutta kovan ty\u00f6n seurauksena tutkimukset l\u00e4htiv\u00e4t pikkuhiljaa etenem\u00e4\u00e4n erinomaisesti, tutkimusryhm\u00e4 kasvoi, v\u00e4it\u00f6skirjoja syntyi, ryhm\u00e4 alkoi saada tutkimusrahoitusta eri l\u00e4hteist\u00e4 ja julkaisuja alkoi synty\u00e4. Annakaisa teki my\u00f6s hartiavoimin t\u00f6it\u00e4 kansainv\u00e4listen tutkimusverkostojen rakentamiseksi. H\u00e4n on jatkanut molekulaarisen neurodegeneraation ja otsalohkodementian tutkimusta ensin tutkimusjohtajana ja vuodesta 2023 alkaen professorina.<\/bdo><\/p>\n\n\n\n<p><bdo lang=\"fi\" dir=\"ltr\">Yhdess\u00e4 Anne Portaankorvan kanssa Annakaisa perusti my\u00f6s vuonna 2016 perus- ja kliinisi\u00e4 tutkijoita yhdist\u00e4v\u00e4n suomalaisen otsalohkodementian FinFTD-tutkimusverkoston, jonka tarkoituksena on edesauttaa tutkimustulosten hy\u00f6dynt\u00e4mist\u00e4 potilaiden hyv\u00e4ksi.<\/bdo><\/p>\n\n\n\n<p><bdo lang=\"fi\" dir=\"ltr\">My\u00f6hemmin FinFTD-verkostoon liittyiv\u00e4t mukaan Annen tutkimusryhm\u00e4ss\u00e4 aiemmin toimineet kliiniset tutkijat ja neurologit Eino Solje It\u00e4-Suomen yliopistosta ja Johanna Kr\u00fcger Oulun yliopistosta. Ainutlaatuinen suomalainen otsalohkodementian ja muiden varhain alkavien hermostonrappeumasairauksien translationaalinen tutkimusosaaminen on nyky\u00e4\u00e4n kansainv\u00e4lisestikin tunnistettua ja tunnustettua.<\/bdo><\/p>\n\n\n\n<p><bdo lang=\"fi\" dir=\"ltr\">Annakaisan ty\u00f6p\u00e4ivi\u00e4 professorina rytmitt\u00e4\u00e4 molekulaarisen neurodegeneraation tutkimusryhm\u00e4n johtajuus. P\u00e4ivitt\u00e4iseen ty\u00f6h\u00f6n kuuluvat mm. tutkimuksen ja eri uravaiheessa olevien tutkijoiden ohjaus ja koordinointi, tutkimuksen laadun ja -linjan varmistaminen, tutkimusrahoitushakemusten valmistelu, tutkimusten raportointi ja julkaisujen kirjoittaminen, sek\u00e4 tutkimuskonsortioiden ja muiden yhteisty\u00f6-kumppanuuksien kokoukset. Ty\u00f6p\u00e4iviin sis\u00e4ltyv\u00e4t my\u00f6s mm. erilaiset akateemiset asiantuntijateht\u00e4v\u00e4t, ajoittaiset opetusty\u00f6t eri kursseilla, sek\u00e4 Kuopio Brain &amp; Mind ohjausryhm\u00e4n puheenjohtajuus ja ohjausryhm\u00e4n ja aluep\u00e4\u00e4llik\u00f6n kanssa Kuopio Brain &amp; Mind:in toiminnan kehitt\u00e4minen.<\/bdo><\/p>\n\n\n\n<h2 class=\"wp-block-heading\"><bdo lang=\"fi\" dir=\"ltr\">Tutkimukset, hankkeet ja monitieteellinen yhteisty\u00f6<\/bdo><\/h2>\n\n\n\n<p><bdo lang=\"fi\" dir=\"ltr\">Annakaisan johtama molekulaarisen neurodegeneraation tutkimusryhm\u00e4 tutkii alle 60-vuotiaiden yleisint\u00e4 etenev\u00e4\u00e4 muistisairautta otsalohkodementiaa (FTD). Tutkimusryhm\u00e4 on kiinnostunut molekyylitason mekanismeista, jotka johtavat hermosolujen rappeutumiseen periytyv\u00e4ss\u00e4 ja ei-periytyv\u00e4ss\u00e4 otsalohko-dementiassa. Tavoitteena on my\u00f6s tunnistaa uusia biomarkkereita helpottamaan otsalohkodementian eri muotojen diagnosointia.<\/bdo><\/p>\n\n\n\n<p><bdo lang=\"fi\" dir=\"ltr\">Suomessa Annakaisan tutkimusryhm\u00e4 toimii aktiivisesti em. FinFTD-tutkimusverkostossa. Annakaisa koordinoi my\u00f6s EU JPND:n ja Suomen Akatemian rahoittamaa SynaDeg-projektia (Pre-diagnostic early synaptic disturbances in neurodegenerative diseases), jossa tarkoituksena on tutkia hermosolujen v\u00e4lisiss\u00e4 viestiyhteyksiss\u00e4 eli synapseissa tapahtuvia patologisia muutoksia ja ymm\u00e4rt\u00e4\u00e4 niiden molekyylitason mekanismeja sek\u00e4 yhteytt\u00e4 hermostonrappeumasairauksia sairastavien potilaiden kliinisiin oireisiin ja muihin fysiologisiin muutoksiin sek\u00e4 biomarkkereihin.<\/bdo><\/p>\n\n\n\n<p><bdo lang=\"fi\" dir=\"ltr\">Lis\u00e4ksi Annakaisa on mukana EU:n Horisontti Eurooppa-ohjelman rahoittamissa Synapsing- ja PREDICTFTD-hankkeissa. Synapsing-hanke pyrkii parantamaan mielenterveyden h\u00e4iri\u00f6iden ja hermostoa rappeuttavien muistisairauksien diagnostiikkaa ja tunnistamaan tautimekanismeja sek\u00e4 sairauksien riskitekij\u00f6it\u00e4. PREDICTFTD-hanke pyrkii kehitt\u00e4m\u00e4\u00e4n teko\u00e4lypohjaisen ty\u00f6kalun otsalohko-dementian t\u00e4sm\u00e4diagnostiikkaan. Molemmissa hankkeissa on mukana It\u00e4-Suomen yliopiston tutkijoiden lis\u00e4ksi useita eri yliopistoja ja tutkimuslaitoksia Euroopan eri maista.<\/bdo><\/p>\n\n\n\n<p><bdo lang=\"fi\" dir=\"ltr\">Annakaisa on mukana ohjaajana my\u00f6s EU Horizon MSCA-ohjelman rahoittamissa jo p\u00e4\u00e4ttyneess\u00e4 GenomMed- ja meneill\u00e4\u00e4n olevassa Neuro-Innovation v\u00e4it\u00f6skirja-tutkijoiden koulutusohjelmissa sek\u00e4 t\u00e4n\u00e4 vuonna rahoituksen saaneessa tohtoritutkijoiden NOVEL-koulutusohjelmassa.<\/bdo><\/p>\n\n\n\n<h2 class=\"wp-block-heading\"><bdo lang=\"fi\" dir=\"ltr\">Tulevaisuus<\/bdo><\/h2>\n\n\n\n<p><bdo lang=\"fi\" dir=\"ltr\">Saatu tutkimusrahoitus sek\u00e4 kansainv\u00e4liset verkostot ovat vieneet Annakaisan tutkimusryhm\u00e4n ty\u00f6t\u00e4 voimakkaasti eteenp\u00e4in otsalohkodementian ja muiden muistisairauksien saralla. Viel\u00e4 jossain vaiheessa tulevaa ty\u00f6uraansa Annakaisa haaveilee ulkomaisesta tutkijavierailusta, joka mahdollistaisi uudenlaisia ideoita ja virikkeit\u00e4 tutkimuksen edist\u00e4miseksi. H\u00e4n toivoo, ett\u00e4 h\u00e4nen monikansainv\u00e4lisen ryhm\u00e4ns\u00e4 tutkimus jatkuu edelleen eteenp\u00e4in suuntautuvana ja ett\u00e4 heid\u00e4n on mahdollisuus jatkaa pitk\u00e4j\u00e4nteist\u00e4 ty\u00f6t\u00e4\u00e4n samalla tekemisen innolla ja sitoutuneisuudella, joka t\u00e4n\u00e4 p\u00e4iv\u00e4n\u00e4 ryhm\u00e4ss\u00e4 vallitsee.<\/bdo><\/p>\n\n\n\n<p><bdo lang=\"fi\" dir=\"ltr\">Annakaisan mukaan \u201dNeurotieteet ja aivotutkimus tarvitsevat laajaa n\u00e4kyvyytt\u00e4 Suomessa sek\u00e4 kansainv\u00e4lisesti. Aivojen hyvinvointi auttaa el\u00e4m\u00e4\u00e4n t\u00e4ysipainoista el\u00e4m\u00e4\u00e4 koko el\u00e4m\u00e4nkaaremme ajan. Siksi my\u00f6s aivosairauksien tutkimus sek\u00e4 niiden l\u00e4\u00e4ke- ja biomarkkerikehitys on erityisen t\u00e4rke\u00e4\u00e4, jotta n\u00e4it\u00e4 sairauksia voitaisiin parhaiten hoitaa ja niiden etenemist\u00e4 tai l\u00e4\u00e4kehoitojen vaikutuksia arvioida. T\u00e4m\u00e4 vaatii panostuksia tutkimusrahoitukseen ja asian t\u00e4rkeyden ymm\u00e4rt\u00e4minen p\u00e4\u00e4tt\u00e4j\u00e4- ja rahoittajatasolla olisi eritt\u00e4in t\u00e4rke\u00e4\u00e4\u201d.<\/bdo><\/p>\n\n\n\n<p><bdo lang=\"fi\" dir=\"ltr\">Annakaisa sanoo, ett\u00e4 \u201dmy\u00f6s asenteiden muuttamisen tasolla yhteiskunnassa tarvitaan toimenpiteit\u00e4, jotta muistisairauksien monimuotoisuus ymm\u00e4rrett\u00e4isiin paremmin ja ett\u00e4 niihin liittyv\u00e4\u00e4 stigmaa voitaisiin v\u00e4hent\u00e4\u00e4. N\u00e4it\u00e4 asioita emme pysty yksin edist\u00e4m\u00e4\u00e4n, mutta yhteisty\u00f6 kansallisissa ja kansainv\u00e4lisiss\u00e4 tutkimusverkostoissa sek\u00e4 Suomessa esim. Kansallisen Neurokeskuksen kautta on t\u00e4ss\u00e4 avainasemassa\u201d.<\/bdo><\/p>\n\n\n\n<p><bdo lang=\"fi\" dir=\"ltr\">Ty\u00f6ss\u00e4\u00e4n Annakaisa nauttii suuresti perus- ja kliinisten tutkijoiden yhteisty\u00f6st\u00e4, sill\u00e4 t\u00e4m\u00e4 hy\u00f6dytt\u00e4\u00e4 my\u00f6s potilaita. H\u00e4n on iloinen siit\u00e4, ett\u00e4 Kuopiossa neurotieteen tutkijat ovat valmiita tekem\u00e4\u00e4n yhteisty\u00f6t\u00e4 yh\u00e4 enenev\u00e4ss\u00e4 m\u00e4\u00e4rin translationaalisesti ja monitieteellisesti. T\u00e4m\u00e4 tekee tutkimuksesta entist\u00e4 parempaa, korkealaatuisempaa ja vahvempaa.<\/bdo><\/p>\n\n\n\n<h2 class=\"wp-block-heading\"><bdo lang=\"fi\" dir=\"ltr\">Lis\u00e4tietoa<\/bdo><\/h2>\n\n\n\n<p><bdo lang=\"fi\" dir=\"ltr\">annakaisa.haapasalo@uef.fi<\/bdo><\/p>\n\n\n\n<p><bdo lang=\"fi\" dir=\"ltr\">Kuopio Brain &amp; Mind on osa Kansallisen Neurokeskuksen tutkijaverkostoa.\u00a0 Lis\u00e4tietoa verkostostamme l\u00f6yd\u00e4t osoitteesta\u00a0<a href=\"https:\/\/neurocenterfinland.fi\/\">https:\/\/neurocenterfinland.fi\/\u00a0<\/a><\/bdo><\/p>\n\n\n\n<p><bdo lang=\"fi\" dir=\"ltr\">LinkedIn:\u00a0<a href=\"https:\/\/www.linkedin.com\/company\/kuopio-brain-mind\">https:\/\/www.linkedin.com\/company\/kuopio-brain-mind<\/a><\/bdo><\/p>\n\n\n\n<p><bdo lang=\"fi\" dir=\"ltr\">Verkkosivut:\u00a0<a href=\"https:\/\/sites.uef.fi\/kuopiobrainandmind\/\">https:\/\/sites.uef.fi\/kuopiobrainandmind\/<\/a><\/bdo><\/p>\n","protected":false},"excerpt":{"rendered":"<p>T\u00e4m\u00e4 uutinen on julkaistu alun perin 3.6.2025. Kirjoittaja: Tarja Laitinen, Kuopio Brain &amp; Mind aluep\u00e4\u00e4llikk\u00f6. Vuonna 2021 perustetun Kansallisen Neurokeskuksen Kuopio Brain &amp; Mind-alueverkoston toiminta edist\u00e4\u00e4 aivoterveytt\u00e4 monialaisella ja potilasl\u00e4ht\u00f6isell\u00e4 yhteisty\u00f6ll\u00e4. Kuopio Brain &amp; Mind -alueverkoston tavoitteena on lis\u00e4t\u00e4 ja helpottaa yhteisty\u00f6t\u00e4 It\u00e4-Suomen yliopiston ja Pohjois-Savon hyvinvointialueen sek\u00e4 aivoterveyden parissa ty\u00f6skentelevien yritysten v\u00e4lill\u00e4 ja edist\u00e4\u00e4 [&hellip;]<\/p>\n","protected":false},"author":850,"featured_media":0,"parent":0,"menu_order":0,"comment_status":"closed","ping_status":"closed","template":"","meta":{"_acf_changed":false,"footnotes":""},"class_list":["post-1559","page","type-page","status-publish","hentry"],"acf":[],"yoast_head":"<!-- This site is optimized with the Yoast SEO plugin v27.3 - https:\/\/yoast.com\/product\/yoast-seo-wordpress\/ -->\n<title>Esittelyss\u00e4 molekulaarisen neurodegeneraation professori ja tutkimusryhm\u00e4n johtaja Annakaisa Haapasalo - Kuopio Brain &amp; Mind<\/title>\n<meta name=\"robots\" content=\"index, follow, max-snippet:-1, max-image-preview:large, max-video-preview:-1\" \/>\n<link rel=\"canonical\" href=\"https:\/\/sites.uef.fi\/kuopiobrainandmind\/esittelyssa-molekulaarisen-neurodegeneraation-professori-ja-tutkimusryhman-johtaja-annakaisa-haapasalo\/\" \/>\n<meta property=\"og:locale\" content=\"en_US\" \/>\n<meta property=\"og:type\" content=\"article\" \/>\n<meta property=\"og:title\" content=\"Esittelyss\u00e4 molekulaarisen neurodegeneraation professori ja tutkimusryhm\u00e4n johtaja Annakaisa Haapasalo - Kuopio Brain &amp; Mind\" \/>\n<meta property=\"og:description\" content=\"T\u00e4m\u00e4 uutinen on julkaistu alun perin 3.6.2025. Kirjoittaja: Tarja Laitinen, Kuopio Brain &amp; Mind aluep\u00e4\u00e4llikk\u00f6. Vuonna 2021 perustetun Kansallisen Neurokeskuksen Kuopio Brain &amp; Mind-alueverkoston toiminta edist\u00e4\u00e4 aivoterveytt\u00e4 monialaisella ja potilasl\u00e4ht\u00f6isell\u00e4 yhteisty\u00f6ll\u00e4. Kuopio Brain &amp; Mind -alueverkoston tavoitteena on lis\u00e4t\u00e4 ja helpottaa yhteisty\u00f6t\u00e4 It\u00e4-Suomen yliopiston ja Pohjois-Savon hyvinvointialueen sek\u00e4 aivoterveyden parissa ty\u00f6skentelevien yritysten v\u00e4lill\u00e4 ja edist\u00e4\u00e4 [&hellip;]\" \/>\n<meta property=\"og:url\" content=\"https:\/\/sites.uef.fi\/kuopiobrainandmind\/esittelyssa-molekulaarisen-neurodegeneraation-professori-ja-tutkimusryhman-johtaja-annakaisa-haapasalo\/\" \/>\n<meta property=\"og:site_name\" content=\"Kuopio Brain &amp; Mind\" \/>\n<meta property=\"article:modified_time\" content=\"2026-01-26T06:36:37+00:00\" \/>\n<meta name=\"twitter:card\" content=\"summary_large_image\" \/>\n<meta name=\"twitter:label1\" content=\"Est. reading time\" \/>\n\t<meta name=\"twitter:data1\" content=\"4 minutes\" \/>\n<script type=\"application\/ld+json\" class=\"yoast-schema-graph\">{\"@context\":\"https:\\\/\\\/schema.org\",\"@graph\":[{\"@type\":\"WebPage\",\"@id\":\"https:\\\/\\\/sites.uef.fi\\\/kuopiobrainandmind\\\/esittelyssa-molekulaarisen-neurodegeneraation-professori-ja-tutkimusryhman-johtaja-annakaisa-haapasalo\\\/\",\"url\":\"https:\\\/\\\/sites.uef.fi\\\/kuopiobrainandmind\\\/esittelyssa-molekulaarisen-neurodegeneraation-professori-ja-tutkimusryhman-johtaja-annakaisa-haapasalo\\\/\",\"name\":\"Esittelyss\u00e4 molekulaarisen neurodegeneraation professori ja tutkimusryhm\u00e4n johtaja Annakaisa Haapasalo - Kuopio Brain &amp; Mind\",\"isPartOf\":{\"@id\":\"https:\\\/\\\/sites.uef.fi\\\/kuopiobrainandmind\\\/#website\"},\"datePublished\":\"2026-01-23T12:39:27+00:00\",\"dateModified\":\"2026-01-26T06:36:37+00:00\",\"breadcrumb\":{\"@id\":\"https:\\\/\\\/sites.uef.fi\\\/kuopiobrainandmind\\\/esittelyssa-molekulaarisen-neurodegeneraation-professori-ja-tutkimusryhman-johtaja-annakaisa-haapasalo\\\/#breadcrumb\"},\"inLanguage\":\"en-US\",\"potentialAction\":[{\"@type\":\"ReadAction\",\"target\":[\"https:\\\/\\\/sites.uef.fi\\\/kuopiobrainandmind\\\/esittelyssa-molekulaarisen-neurodegeneraation-professori-ja-tutkimusryhman-johtaja-annakaisa-haapasalo\\\/\"]}]},{\"@type\":\"BreadcrumbList\",\"@id\":\"https:\\\/\\\/sites.uef.fi\\\/kuopiobrainandmind\\\/esittelyssa-molekulaarisen-neurodegeneraation-professori-ja-tutkimusryhman-johtaja-annakaisa-haapasalo\\\/#breadcrumb\",\"itemListElement\":[{\"@type\":\"ListItem\",\"position\":1,\"name\":\"Home\",\"item\":\"https:\\\/\\\/sites.uef.fi\\\/kuopiobrainandmind\\\/\"},{\"@type\":\"ListItem\",\"position\":2,\"name\":\"Esittelyss\u00e4 molekulaarisen neurodegeneraation professori ja tutkimusryhm\u00e4n johtaja Annakaisa Haapasalo\"}]},{\"@type\":\"WebSite\",\"@id\":\"https:\\\/\\\/sites.uef.fi\\\/kuopiobrainandmind\\\/#website\",\"url\":\"https:\\\/\\\/sites.uef.fi\\\/kuopiobrainandmind\\\/\",\"name\":\"Kuopio Brain &amp; Mind\",\"description\":\"\",\"potentialAction\":[{\"@type\":\"SearchAction\",\"target\":{\"@type\":\"EntryPoint\",\"urlTemplate\":\"https:\\\/\\\/sites.uef.fi\\\/kuopiobrainandmind\\\/?s={search_term_string}\"},\"query-input\":{\"@type\":\"PropertyValueSpecification\",\"valueRequired\":true,\"valueName\":\"search_term_string\"}}],\"inLanguage\":\"en-US\"}]}<\/script>\n<!-- \/ Yoast SEO plugin. -->","yoast_head_json":{"title":"Esittelyss\u00e4 molekulaarisen neurodegeneraation professori ja tutkimusryhm\u00e4n johtaja Annakaisa Haapasalo - Kuopio Brain &amp; Mind","robots":{"index":"index","follow":"follow","max-snippet":"max-snippet:-1","max-image-preview":"max-image-preview:large","max-video-preview":"max-video-preview:-1"},"canonical":"https:\/\/sites.uef.fi\/kuopiobrainandmind\/esittelyssa-molekulaarisen-neurodegeneraation-professori-ja-tutkimusryhman-johtaja-annakaisa-haapasalo\/","og_locale":"en_US","og_type":"article","og_title":"Esittelyss\u00e4 molekulaarisen neurodegeneraation professori ja tutkimusryhm\u00e4n johtaja Annakaisa Haapasalo - Kuopio Brain &amp; Mind","og_description":"T\u00e4m\u00e4 uutinen on julkaistu alun perin 3.6.2025. Kirjoittaja: Tarja Laitinen, Kuopio Brain &amp; Mind aluep\u00e4\u00e4llikk\u00f6. Vuonna 2021 perustetun Kansallisen Neurokeskuksen Kuopio Brain &amp; Mind-alueverkoston toiminta edist\u00e4\u00e4 aivoterveytt\u00e4 monialaisella ja potilasl\u00e4ht\u00f6isell\u00e4 yhteisty\u00f6ll\u00e4. Kuopio Brain &amp; Mind -alueverkoston tavoitteena on lis\u00e4t\u00e4 ja helpottaa yhteisty\u00f6t\u00e4 It\u00e4-Suomen yliopiston ja Pohjois-Savon hyvinvointialueen sek\u00e4 aivoterveyden parissa ty\u00f6skentelevien yritysten v\u00e4lill\u00e4 ja edist\u00e4\u00e4 [&hellip;]","og_url":"https:\/\/sites.uef.fi\/kuopiobrainandmind\/esittelyssa-molekulaarisen-neurodegeneraation-professori-ja-tutkimusryhman-johtaja-annakaisa-haapasalo\/","og_site_name":"Kuopio Brain &amp; Mind","article_modified_time":"2026-01-26T06:36:37+00:00","twitter_card":"summary_large_image","twitter_misc":{"Est. reading time":"4 minutes"},"schema":{"@context":"https:\/\/schema.org","@graph":[{"@type":"WebPage","@id":"https:\/\/sites.uef.fi\/kuopiobrainandmind\/esittelyssa-molekulaarisen-neurodegeneraation-professori-ja-tutkimusryhman-johtaja-annakaisa-haapasalo\/","url":"https:\/\/sites.uef.fi\/kuopiobrainandmind\/esittelyssa-molekulaarisen-neurodegeneraation-professori-ja-tutkimusryhman-johtaja-annakaisa-haapasalo\/","name":"Esittelyss\u00e4 molekulaarisen neurodegeneraation professori ja tutkimusryhm\u00e4n johtaja Annakaisa Haapasalo - Kuopio Brain &amp; Mind","isPartOf":{"@id":"https:\/\/sites.uef.fi\/kuopiobrainandmind\/#website"},"datePublished":"2026-01-23T12:39:27+00:00","dateModified":"2026-01-26T06:36:37+00:00","breadcrumb":{"@id":"https:\/\/sites.uef.fi\/kuopiobrainandmind\/esittelyssa-molekulaarisen-neurodegeneraation-professori-ja-tutkimusryhman-johtaja-annakaisa-haapasalo\/#breadcrumb"},"inLanguage":"en-US","potentialAction":[{"@type":"ReadAction","target":["https:\/\/sites.uef.fi\/kuopiobrainandmind\/esittelyssa-molekulaarisen-neurodegeneraation-professori-ja-tutkimusryhman-johtaja-annakaisa-haapasalo\/"]}]},{"@type":"BreadcrumbList","@id":"https:\/\/sites.uef.fi\/kuopiobrainandmind\/esittelyssa-molekulaarisen-neurodegeneraation-professori-ja-tutkimusryhman-johtaja-annakaisa-haapasalo\/#breadcrumb","itemListElement":[{"@type":"ListItem","position":1,"name":"Home","item":"https:\/\/sites.uef.fi\/kuopiobrainandmind\/"},{"@type":"ListItem","position":2,"name":"Esittelyss\u00e4 molekulaarisen neurodegeneraation professori ja tutkimusryhm\u00e4n johtaja Annakaisa Haapasalo"}]},{"@type":"WebSite","@id":"https:\/\/sites.uef.fi\/kuopiobrainandmind\/#website","url":"https:\/\/sites.uef.fi\/kuopiobrainandmind\/","name":"Kuopio Brain &amp; Mind","description":"","potentialAction":[{"@type":"SearchAction","target":{"@type":"EntryPoint","urlTemplate":"https:\/\/sites.uef.fi\/kuopiobrainandmind\/?s={search_term_string}"},"query-input":{"@type":"PropertyValueSpecification","valueRequired":true,"valueName":"search_term_string"}}],"inLanguage":"en-US"}]}},"_links":{"self":[{"href":"https:\/\/sites.uef.fi\/kuopiobrainandmind\/wp-json\/wp\/v2\/pages\/1559","targetHints":{"allow":["GET"]}}],"collection":[{"href":"https:\/\/sites.uef.fi\/kuopiobrainandmind\/wp-json\/wp\/v2\/pages"}],"about":[{"href":"https:\/\/sites.uef.fi\/kuopiobrainandmind\/wp-json\/wp\/v2\/types\/page"}],"author":[{"embeddable":true,"href":"https:\/\/sites.uef.fi\/kuopiobrainandmind\/wp-json\/wp\/v2\/users\/850"}],"replies":[{"embeddable":true,"href":"https:\/\/sites.uef.fi\/kuopiobrainandmind\/wp-json\/wp\/v2\/comments?post=1559"}],"version-history":[{"count":1,"href":"https:\/\/sites.uef.fi\/kuopiobrainandmind\/wp-json\/wp\/v2\/pages\/1559\/revisions"}],"predecessor-version":[{"id":1592,"href":"https:\/\/sites.uef.fi\/kuopiobrainandmind\/wp-json\/wp\/v2\/pages\/1559\/revisions\/1592"}],"wp:attachment":[{"href":"https:\/\/sites.uef.fi\/kuopiobrainandmind\/wp-json\/wp\/v2\/media?parent=1559"}],"curies":[{"name":"wp","href":"https:\/\/api.w.org\/{rel}","templated":true}]}}