{"id":1569,"date":"2026-01-23T14:47:08","date_gmt":"2026-01-23T12:47:08","guid":{"rendered":"https:\/\/sites.uef.fi\/kuopiobrainandmind\/?page_id=1569"},"modified":"2026-01-26T08:43:36","modified_gmt":"2026-01-26T06:43:36","slug":"esittelyssa-biolaaketieteellisen-kuvantamisen-professori-tutkija-olli-grohn","status":"publish","type":"page","link":"https:\/\/sites.uef.fi\/kuopiobrainandmind\/esittelyssa-biolaaketieteellisen-kuvantamisen-professori-tutkija-olli-grohn\/","title":{"rendered":"Esittelyss\u00e4 biol\u00e4\u00e4ketieteellisen kuvantamisen professori, tutkija Olli Gr\u00f6hn"},"content":{"rendered":"\n<p><em><bdo lang=\"fi\" dir=\"ltr\">T\u00e4m\u00e4 uutinen on julkaistu alun perin 26.2.2025. Kirjoittaja: Tarja Laitinen, Kuopio Brain &amp; Mind aluep\u00e4\u00e4llikk\u00f6.<\/bdo><\/em><\/p>\n\n\n\n<p><bdo lang=\"fi\" dir=\"ltr\">Vuonna 2021 perustetun Kansallisen Neurokeskuksen Kuopio Brain &amp; Mind-alueverkoston toiminta edist\u00e4\u00e4 aivoterveytt\u00e4 monialaisella ja potilasl\u00e4ht\u00f6isell\u00e4 yhteisty\u00f6ll\u00e4. Kuopio Brain &amp; Mind -alueverkoston tavoitteena on lis\u00e4t\u00e4 ja helpottaa yhteisty\u00f6t\u00e4 It\u00e4-Suomen yliopiston ja Pohjois-Savon hyvinvointialueen sek\u00e4 aivoterveyden parissa ty\u00f6skentelevien yritysten v\u00e4lill\u00e4 ja edist\u00e4\u00e4 it\u00e4suomalaisen huipputason monialaisen neurotieteen menestyst\u00e4.<\/bdo><\/p>\n\n\n\n<p><strong><bdo lang=\"fi\" dir=\"ltr\">Mit\u00e4 Kuopio Brain &amp; Mind-verkostossa tapahtuu ja keit\u00e4 verkostossa ty\u00f6skentelee?<\/bdo><\/strong><\/p>\n\n\n\n<p><bdo lang=\"fi\" dir=\"ltr\">Esittelyss\u00e4 It\u00e4-Suomen yliopiston A.I. Virtanen-instituutissa ty\u00f6skentelev\u00e4 biol\u00e4\u00e4ketieteellisen kuvantamisen professori Olli Gr\u00f6hn.<\/bdo><\/p>\n\n\n\n<p><bdo lang=\"fi\" dir=\"ltr\">Jo nuorena Olli oli kiinnostunut luonnontieteist\u00e4 ja erityisesti sen matemaattis-luonnontieteellisest\u00e4 puolesta. Molekyylibiologia ja geeniteknologia olivat tuolloin uusia nousevia aloja, ja h\u00e4n p\u00e4\u00e4tyi opiskelemaan biokemian ja geeniteknologian p\u00e4\u00e4ainetta Kuopion yliopistoon. Opintojen edetess\u00e4 Olli huomasi, ett\u00e4 h\u00e4n nautti kuitenkin jopa enemm\u00e4n perinteisimmist\u00e4 luonnontieteist\u00e4 kuten kemiasta ja erityisesti fysikaalisesta kemiasta ja sen soveltamisesta.<\/bdo><\/p>\n\n\n\n<p><bdo lang=\"fi\" dir=\"ltr\">Opintojensa ohella Olli ty\u00f6skenteli kes\u00e4isin tutkimusapulaisena kemian laitoksella ja p\u00e4\u00e4si tutustumaan NMR-tekniikkaan (magneettikuvauksen taustalla oleva molekyylien rakennetutkimuksen perusv\u00e4line), joka perustuu kiehtovaan kvanttimekaniikan teoreettiseen taustaan. K\u00e4\u00e4nnekodan Ollille voidaan sanoa tulleen, kun professori Risto Kauppinen teki ensimm\u00e4isen\u00e4 Suomessa biologista NMR-tutkimusta samalla Kuopion Yliopiston Kemian laitoksella, jossa Olli toimi tutkimusapulaisena. Risto mittasi el\u00e4vist\u00e4 aivoleikkeist\u00e4 metabolista signaalia ja Olli kiinnostui mahdollisuuksista yhdist\u00e4\u00e4 kiehtova NMR tekniikka ja biologiset kysymykset.<\/bdo><\/p>\n\n\n\n<p><bdo lang=\"fi\" dir=\"ltr\">Kun Olli valmistui maisteriksi vuonna 1996, silloisesta Kuopion yliopiston biokemian koulutusohjelmasta, professori Risto Kauppinen etsi v\u00e4it\u00f6skirjatutkijaa projektiin, jossa ensimm\u00e4isen\u00e4 Suomessa alettiin tehd\u00e4 kokeellista pre-kliinist\u00e4 magneetti-kuvaustutkimusta. Olli p\u00e4\u00e4tti ottaa haasteen vastaan ja hyp\u00e4t\u00e4 varsinaisen tutkinnonalansa ulkopuolelle. H\u00e4n hankki lis\u00e4osaamista v\u00e4it\u00f6skirjatutkimuksensa aikana ja ponnisti biokemian taustalta alalle, jossa nykyisin useimmiten fyysikot ty\u00f6skentelev\u00e4t. Olli kertookin yritt\u00e4neens\u00e4 pakottaa itsens\u00e4 nousevalle alalle geeniteknologiaan, mutta veri veti kovemman luonnontieteen pariin. Vuonna 2000 Olli teki v\u00e4it\u00f6skirjan magneettikuvauksesta (Magnetic Resonance Imaging of Acute Ischemia) ja valmistui Biol\u00e4\u00e4ketieteellisen NMR:n Tohtoriksi.<\/bdo><\/p>\n\n\n\n<h2 class=\"wp-block-heading\"><bdo lang=\"fi\" dir=\"ltr\">Monitieteellinen yhteisty\u00f6\u00a0<\/bdo><\/h2>\n\n\n\n<p><bdo lang=\"fi\" dir=\"ltr\">Professori Risto Kauppisen kansainv\u00e4listen kontaktien kautta Olli p\u00e4\u00e4tyi v\u00e4it\u00f6skirjatutkimuksensa j\u00e4lkeen PostDoc-tutkijaksi Minnesotan yliopistoon Center for Magnetic Resonance-tutkimuskeskukseen (CMRR on yksi maailman johtavista magneettikuvauksen kehitt\u00e4miseen erikoistuneista tutkimuslaitoksista). N\u00e4in sai alkunsa t\u00e4h\u00e4n p\u00e4iv\u00e4\u00e4n saakka kest\u00e4nyt yhteisty\u00f6 mm tutkijatohtorivaiheen ohjaajan Professori Michael Garwoodin, \u00a0sek\u00e4 samoihin aikoihin tutijatohtorivaiheessa olleiden Professori Shalom Michelin ja \u00a0Silvia Mangian kanssa. CMRR:ss\u00e4 Olli p\u00e4\u00e4si kehitt\u00e4m\u00e4\u00e4n MRI osaamistaan maailman huippuosaajien kanssa.<\/bdo><\/p>\n\n\n\n<p><bdo lang=\"fi\" dir=\"ltr\">Minnesotan Post Doc-tutkimuskautensa j\u00e4lkeen Olli palasi Kuopioon ja p\u00e4\u00e4tyi t\u00e4ytt\u00e4m\u00e4\u00e4n tyhji\u00f6n, jonka professori Risto Kauppisen l\u00e4ht\u00f6 Englantiin oli j\u00e4tt\u00e4nyt. Pian Olli huomasi olevansa varsin nuorena Post Doc-tutkijana kuvantamisen senioritutkijan asemassa, miljoonaluokan laitteistoista vastaavana tutkimusryhm\u00e4n vet\u00e4j\u00e4n\u00e4 A.I. Virtanen-instituutissa. Olli kertookin tilanteen aikanaan olleen \u201dui tai uppoa\u201d-tyylinen, mutta j\u00e4lkiteen mietittyn\u00e4 upea ja onnistunut mahdollisuus.<\/bdo><\/p>\n\n\n\n<p><bdo lang=\"fi\" dir=\"ltr\">T\u00e4n\u00e4 p\u00e4iv\u00e4n\u00e4 Ollin omassa tutkimusryhm\u00e4ss\u00e4 ty\u00f6skentelee 12 tutkijaa, mutta toiminnasta versoneessa laajemmassa kuvantamiseen keskittyneess\u00e4 monitieteellisess\u00e4 kuvantamisyhteis\u00f6ss\u00e4 noin 50 tutkijaa.\u00a0 Fokus on menetelm\u00e4kehityksess\u00e4, mutta sovellusalueet Ollin tutkimuksessa l\u00f6ytyv\u00e4t neurotieteiden puolelta. Vuonna 2009 Ollin urapolku t\u00e4ydentyi biol\u00e4\u00e4ketieteellisen kuvantamisen professuurilla.<\/bdo><\/p>\n\n\n\n<p><bdo lang=\"fi\" dir=\"ltr\">Olli toimii my\u00f6s Kuopion biol\u00e4\u00e4ketieteellisen kuvantamisen yksik\u00f6n (Kuopio-BIU) johtajana, jossa tarjotaan tutkimuksen ja kuvantamisen avoimen p\u00e4\u00e4syn periaatteella toimivia kansainv\u00e4lisen tason palveluita: \u201dToimintamme k\u00e4ynnistyi kansallisella tasolla 2000-luvun alussa ja nyky\u00e4\u00e4n siihen osallistuu kaikkiaan 6 tutkimusryhm\u00e4\u00e4 It\u00e4-Suomen yliopistosta. Tarjoamme kansainv\u00e4lisesti mittavan laitekannan, tilat ja osaamisen akateemisen tutkimuksen ja elinkeinoel\u00e4m\u00e4n toimijoiden k\u00e4ytt\u00f6\u00f6n. Neurotieteellisen kuvantamisen ohella teemme tiivist\u00e4 yhteisty\u00f6t\u00e4 muun muassa syd\u00e4n- ja verisuonitautien, sy\u00f6p\u00e4- ja nivelrikko tutkijoiden kanssa.\u201d<\/bdo><\/p>\n\n\n\n<p><bdo lang=\"fi\" dir=\"ltr\">Yksik\u00f6n infrastruktuurin rakentaminen ja yll\u00e4pito rahoitushakuineen onkin Ollin ty\u00f6arkea. Juuri my\u00f6nnetty noin 3 M\u20ac FIRI-rahoitus uuden magneettikuvauslaitteen hankintaan onkin iso asia tulevaisuuden kannalta. Laitteet ovat kalliita, mutta pitk\u00e4ik\u00e4isi\u00e4. Edellisten laitteiden elinkaari on p\u00e4ivityksill\u00e4 ollut keskim\u00e4\u00e4rin yli 20 vuotta. N\u00e4in taataankin, ett\u00e4 kuvantamistutkimus jatkuu pitk\u00e4lle tulevaisuuteen ja kuvantamisen palvelut ovat k\u00e4ytett\u00e4viss\u00e4 niin It\u00e4-Suomen yliopistolle kuin kansallisessa- sek\u00e4 eurooppalaisessa tutkimus-toiminnassa.<\/bdo><\/p>\n\n\n\n<p><bdo lang=\"fi\" dir=\"ltr\">Olli toimii tutkimusryhm\u00e4ns\u00e4 johtajana, ohjaajana ja kouluttaa seuraavan sukupolven tutkimusty\u00f6n ohjaajia. Ty\u00f6ns\u00e4 intohimon ja syd\u00e4men h\u00e4n kertoo olevan tekniikan kehityksess\u00e4, innovoinnissa. Samalla muistaen, ett\u00e4 uuden tekniikan kehitt\u00e4misen onnistuessakin, todellinen vaikutus tutkimukselle ja uudelle tekniikalle tulee vasta, kun ne yhdistyv\u00e4t k\u00e4yt\u00e4nn\u00f6n sovelluksiin. Sovelluksia varten tarvitaan vahvoja yhteisty\u00f6-kumppaneita, kuten esim. neurotieteiden tutkimusyhteis\u00f6\u00e4 (NEURO-RC), josta l\u00f6ytyy huippuluokan tekij\u00e4t yhteisty\u00f6h\u00f6n tekniikan viemiseksi seuraavalle tasolle. Ollin sanoin parhaiten homma toimii, kun osaat oman juttusi mahdollisimman hyvin ja teet yhteisty\u00f6t\u00e4 parhaiden oman alansa osaajien kanssa. \u201dEp\u00e4mukavuus- alueelle menoa vaaditaan, kun aloittaa ty\u00f6skentelyn t\u00e4ysin eri alan ihmisten kanssa \u2013 usein vaaditaan aikaa yhteisen kielen l\u00f6ytymiseen, mutta aina se on t\u00e4h\u00e4n asti onnistunut\u201d Olli kertoo.<\/bdo><\/p>\n\n\n\n<p><bdo lang=\"fi\" dir=\"ltr\">Tutkimustoiminnan rahoituksen hakemiseen, josta h\u00e4n kertoo nyky\u00e4\u00e4n jopa nauttivansa, kuuluu oleellisena osana jonkin t\u00e4ysin uuden, realistisen idean keksiminen. Rahoituksen saamisen j\u00e4lkeinen aika eli varsinainen uuden idean k\u00e4yt\u00e4nt\u00f6\u00f6n saattaminen vaatii vuosien ty\u00f6n ongelmanratkaisuineen. Joskus saman innostustason s\u00e4ilytt\u00e4minen voikin olla haastavaa. Toki ensimm\u00e4isen\u00e4 maailmassa alan uuden idean keksiminen ja k\u00e4yt\u00e4nt\u00f6\u00f6n saanti palkitsee lopulta.<\/bdo><\/p>\n\n\n\n<p><bdo lang=\"fi\" dir=\"ltr\">Olli kertoo tutkimusryhm\u00e4ns\u00e4 tehneen asioita tyypillisesti v\u00e4h\u00e4n eri tavalla kuin muut, jopa oudosti. He ovat pyrkineet erottumaan valtavirrasta, jossa on aina my\u00f6s suurin kilpailu ja tekeminen tapahtuu suurella volyymill\u00e4. \u201dNyt ihan viime aikoina on k\u00e4ynyt niin, ett\u00e4 meid\u00e4n tekemisemme vanavedess\u00e4 kulkeekin tunnettuja alansa ammattilaisia ja huomaamme, ett\u00e4 v\u00e4lill\u00e4 me olemme se, ket\u00e4 seurataan eik\u00e4 toisinp\u00e4in. Jotain olemme siis tehneet oikein\u201d.<\/bdo><\/p>\n\n\n\n<h2 class=\"wp-block-heading\"><bdo lang=\"fi\" dir=\"ltr\">Tutkimukset, hankkeet<\/bdo><\/h2>\n\n\n\n<p><bdo lang=\"fi\" dir=\"ltr\">Ollin tutkimusryhm\u00e4n p\u00e4\u00e4fokus on t\u00e4ll\u00e4 hetkell\u00e4 uuden h\u00e4iri\u00f6tt\u00f6m\u00e4n ja hiljaisen aivojen toiminallisen magneettikuvantamismenetelm\u00e4n (fMRI) kehitysty\u00f6ss\u00e4. T\u00e4h\u00e4n ryhm\u00e4 on saanut kaksi Yhdysvaltojen terveysviraston NIH:n rahoitusta yhdess\u00e4 Minnesotan yliopiston kanssa. Menetelm\u00e4 voi avata uusia mahdollisuuksia esimerkiksi k\u00e4ytt\u00e4ytymis- ja unitutkimukseen sek\u00e4 selk\u00e4ydinvaurioiden, hermoston rappeumasairauksien ja kiputilojen tutkimukseen. \u00a0Menetelm\u00e4kehitys onkin avannut jo uusia soveltavampia neurotieteen projekteja.<\/bdo><\/p>\n\n\n\n<p><bdo lang=\"fi\" dir=\"ltr\">Suomen akatemian rahoittamana tutkitaan yhdess\u00e4 Apulaisprofessori Miriam Nokian kanssa muistij\u00e4ljen unenaikaista vahvistumista ja professori Heikki Tanilan kanssa muistih\u00e4iri\u00f6iden mekanismeja.<\/bdo><\/p>\n\n\n\n<p><bdo lang=\"fi\" dir=\"ltr\">Suomen akatemia on rahoittanut my\u00f6s menetelm\u00e4kehityksest\u00e4 versoneen Petteri Stenroosin Akatemian hankkeen, jossa mitataan kehitetyll\u00e4 menetelm\u00e4ll\u00e4 masennukseen liittyvi\u00e4 vuorovaikutush\u00e4iri\u00f6t\u00e4. Sigrid Juselius rahoittaa hanketta, jossa uutta fMRI menetelm\u00e4\u00e4 sovelletaan aivojen stimulaation kanssa Alzheimerin taudin tautimallissa. \u00a0\u201dAivojen ja selk\u00e4ytimen fMRI:t\u00e4 sis\u00e4lt\u00e4v\u00e4 kiputukimus ollaan aloiteltu yhteisty\u00f6ss\u00e4 yritysten kanssa ja sit\u00e4 ollaan jatkamassa isomman yhteishankeen kautta. Mik\u00e4\u00e4n n\u00e4ist\u00e4 projekteista ei olisi ollut mahdollista perinteisell\u00e4 fMRI menetelmill\u00e4\u201d.<\/bdo><\/p>\n\n\n\n<p><bdo lang=\"fi\" dir=\"ltr\">Esimerkki monitieteisest\u00e4 yhteisty\u00f6st\u00e4 on Ollin johtama kolmevuotinen Jane ja Aatos Erkon s\u00e4\u00e4ti\u00f6n rahoittama (1,5 milj. \u20ac) tutkimusprojekti, jossa Kuopion yliopistollisen sairaalan (KYS) ja A.I.Virtanen-instituutin (AIVI) yhteisty\u00f6ss\u00e4 pyrit\u00e4\u00e4n parantamaan epilepsiapotilaiden ennustetta ja leikkaushoidon tarkkuutta. Uusilla Kuopio-BIUssa kehitetyill\u00e4 tai validoiduilla magneettikuvausmenetelmill\u00e4 mitataan epilepsiapotilaita KYS:ss\u00e4 ennen epilepsialeikkausta ja leikkauksessa poistettua kudosta tutkitaan monipuolisesti usean AIVI:n tutkimusryhm\u00e4n voimin, my\u00f6s kuvantamisen avulla. N\u00e4in pystyt\u00e4\u00e4n ymm\u00e4rt\u00e4m\u00e4\u00e4n paremmin, miten magneettikuvauksessa n\u00e4kyv\u00e4t muutokset liittyv\u00e4t kudoksen rakenteellisiin, toiminnallisiin ja molekulaarisiin muutoksiin. Saatua tietoa voidaan puolestaan k\u00e4ytt\u00e4\u00e4 magneettikuvausmenetelmien kehitysty\u00f6ss\u00e4.<\/bdo><\/p>\n\n\n\n<h2 class=\"wp-block-heading\"><bdo lang=\"fi\" dir=\"ltr\">Tulevaisuus<\/bdo><\/h2>\n\n\n\n<p><bdo lang=\"fi\" dir=\"ltr\">Olli kertoo, ett\u00e4 aikaisemmin esim. biomarkkerikehityst\u00e4 tehtiin paljon koe-el\u00e4inmalleissa, ja BIU:n laitteita ja peruskuvantamismenetelmi\u00e4 k\u00e4ytettiin paljon. Jatkossa, isossa kuvassa koe-el\u00e4inmallien merkitys on pienenem\u00e4ss\u00e4, ja tutkimuksissa siirryt\u00e4\u00e4n enemm\u00e4n kohti ihmisper\u00e4isi\u00e4 kudos- ja soluviljelymalleja. Vastaavasti painopiste BIU:n toiminnassa on siirtynyt yh\u00e4 enemm\u00e4n kuvantamismenetelmien kehitysty\u00f6h\u00f6n. Yhteisty\u00f6t\u00e4 tehd\u00e4\u00e4n toisella reunalla esim. Fysiikan ja matematiikan laitoksen kanssa, jossa asiantuntijat keskittyv\u00e4t puhtaasti matematiikkaan ja esim. kuvanmuodostuksen algoritmeihin. Toisella reunalla on yhteisty\u00f6 Kuopion yliopistollisen sairaalan kanssa, menetelmien siirtyess\u00e4 potilastutkimuksiin. T\u00e4m\u00e4 vaatii kuitenkin viel\u00e4 kehityst\u00e4, sill\u00e4 sairaalamaailman laitteistot ovat varattuina p\u00e4\u00e4asiassa kliinisess\u00e4 potilasty\u00f6ss\u00e4. \u201dTulevaisuudessa toivoisin, ett\u00e4 voisimme l\u00f6yt\u00e4\u00e4 ratkaisuja, joiden avulla pystyisimme viel\u00e4kin paremmin siirt\u00e4m\u00e4\u00e4n teknist\u00e4 kehityst\u00e4 ihmisk\u00e4yt\u00f6ss\u00e4 oleviin magneettilaitteistoihin ja sit\u00e4 kautta kohtuullisella nopeudella kliiniseen k\u00e4ytt\u00f6\u00f6n potilaiden hyv\u00e4ksi. Yhteisty\u00f6 ja keskustelut tiimoilta ovat k\u00e4ynniss\u00e4 ja tavoitteena olisi saada uuttaa ulkoisesti rahoitettua laitekantaa, josta voidaan l\u00e4ht\u00f6kohtaisesti allokoida aikaa my\u00f6s tutkimusty\u00f6lle kliinisen potilasty\u00f6n lis\u00e4ksi.<\/bdo><\/p>\n\n\n\n<p><bdo lang=\"fi\" dir=\"ltr\">Kuopion ehdoton vahvuus on se, ett\u00e4 yhteisty\u00f6 toimii t\u00e4ll\u00e4 hetkell\u00e4 yli rajojen \u2013 yliopistossa yli tiedekuntien kuin my\u00f6s yliopistosta sairaalapuolelle, tietyin haastein. Jos jotain voisi viel\u00e4 toivoa, olisi se, ett\u00e4 edelleen ajoittain esille tuleva turha rajojen rakentaminen unohdettaisiin. Aika ajoin joudumme kilpailemaan toki samoista resursseista. Mutta isossa kuvassa olisi hyv\u00e4 muistaa, ett\u00e4 varsinaiset kilpailijat ovat maailmalla, ei meid\u00e4n yhteis\u00f6iss\u00e4mme. Kaikista hedelm\u00e4llisimm\u00e4t asiat tutkimuksessa tapahtuvat rajapinnoissa, ei omissa karsinoissa\u201d Olli kertoo.<\/bdo><\/p>\n\n\n\n<p><bdo lang=\"fi\" dir=\"ltr\">Olli n\u00e4kee itsens\u00e4 nykyisess\u00e4 ty\u00f6ss\u00e4\u00e4n my\u00f6s jatkossa, h\u00e4n nauttii ty\u00f6st\u00e4\u00e4n \u2013 suurimmalta osin. Olli onkin sanonut \u201dJos tulee 3 viikkoa etten innostu mist\u00e4\u00e4n, silloin vaihdan alaa. Mutta tilannetta ei viel\u00e4 t\u00e4h\u00e4n p\u00e4iv\u00e4\u00e4n menness\u00e4 ole eteen tullut. Meid\u00e4n toimintamme perusajatuksena on vapaus ideoida. Upea porukka vet\u00e4\u00e4 my\u00f6s johtajansa mukaansa, vaikea kuvitella, ett\u00e4 viihtyisin miss\u00e4\u00e4n muussa ty\u00f6ss\u00e4 n\u00e4in hyvin. Ja huom, t\u00e4m\u00e4 ei tarkoita sit\u00e4, etteik\u00f6 joskus aina ottaisi todella kovaa p\u00e4\u00e4h\u00e4n.\u201d Olli naurahtaa humoristiseen tyyliins\u00e4. Ollin innostuneisuus oman asiantuntija-alansa innovointiin, uuden luomiseen ja moniammatilliseen yhteisty\u00f6h\u00f6n on k\u00e4sinkosketeltavaa. Ei siis ole ihme, ett\u00e4 h\u00e4nen johtamansa tutkimusryhm\u00e4 on ollut koossa jo reilusti yli 20 vuotta ja toiminta jatkuu vahvana.<\/bdo><\/p>\n\n\n\n<h2 class=\"wp-block-heading\"><bdo lang=\"fi\" dir=\"ltr\">Lis\u00e4tietoa<\/bdo><\/h2>\n\n\n\n<p><bdo lang=\"fi\" dir=\"ltr\">olli.grohn@uef.fi<\/bdo><\/p>\n\n\n\n<p><bdo lang=\"fi\" dir=\"ltr\">Kuopio Brain &amp; Mind on osa Kansallisen Neurokeskuksen tutkijaverkostoa.\u00a0 Lis\u00e4tietoa verkostostamme l\u00f6yd\u00e4t osoitteesta\u00a0<a href=\"https:\/\/neurocenterfinland.fi\/\">https:\/\/neurocenterfinland.fi\/\u00a0<\/a><\/bdo><\/p>\n\n\n\n<p><bdo lang=\"fi\" dir=\"ltr\">Twitter:\u00a0<a href=\"https:\/\/x.com\/kuo_brain_mind\">@kuo_brain_mind\u00a0<\/a><\/bdo><\/p>\n\n\n\n<p><bdo lang=\"fi\" dir=\"ltr\">LinkedIn:\u00a0<a href=\"https:\/\/www.linkedin.com\/company\/kuopio-brain-mind\">https:\/\/www.linkedin.com\/company\/kuopio-brain-mind<\/a><\/bdo><\/p>\n\n\n\n<p><bdo lang=\"fi\" dir=\"ltr\">Verkkosivut:\u00a0<a href=\"https:\/\/sites.uef.fi\/kuopiobrainandmind\/\">https:\/\/sites.uef.fi\/kuopiobrainandmind\/<\/a><\/bdo><\/p>\n","protected":false},"excerpt":{"rendered":"<p>T\u00e4m\u00e4 uutinen on julkaistu alun perin 26.2.2025. Kirjoittaja: Tarja Laitinen, Kuopio Brain &amp; Mind aluep\u00e4\u00e4llikk\u00f6. Vuonna 2021 perustetun Kansallisen Neurokeskuksen Kuopio Brain &amp; Mind-alueverkoston toiminta edist\u00e4\u00e4 aivoterveytt\u00e4 monialaisella ja potilasl\u00e4ht\u00f6isell\u00e4 yhteisty\u00f6ll\u00e4. Kuopio Brain &amp; Mind -alueverkoston tavoitteena on lis\u00e4t\u00e4 ja helpottaa yhteisty\u00f6t\u00e4 It\u00e4-Suomen yliopiston ja Pohjois-Savon hyvinvointialueen sek\u00e4 aivoterveyden parissa ty\u00f6skentelevien yritysten v\u00e4lill\u00e4 ja edist\u00e4\u00e4 [&hellip;]<\/p>\n","protected":false},"author":850,"featured_media":0,"parent":0,"menu_order":0,"comment_status":"closed","ping_status":"closed","template":"","meta":{"_acf_changed":false,"footnotes":""},"class_list":["post-1569","page","type-page","status-publish","hentry"],"acf":[],"yoast_head":"<!-- This site is optimized with the Yoast SEO plugin v27.3 - https:\/\/yoast.com\/product\/yoast-seo-wordpress\/ -->\n<title>Esittelyss\u00e4 biol\u00e4\u00e4ketieteellisen kuvantamisen professori, tutkija Olli Gr\u00f6hn - Kuopio Brain &amp; Mind<\/title>\n<meta name=\"robots\" content=\"index, follow, max-snippet:-1, max-image-preview:large, max-video-preview:-1\" \/>\n<link rel=\"canonical\" href=\"https:\/\/sites.uef.fi\/kuopiobrainandmind\/esittelyssa-biolaaketieteellisen-kuvantamisen-professori-tutkija-olli-grohn\/\" \/>\n<meta property=\"og:locale\" content=\"en_US\" \/>\n<meta property=\"og:type\" content=\"article\" \/>\n<meta property=\"og:title\" content=\"Esittelyss\u00e4 biol\u00e4\u00e4ketieteellisen kuvantamisen professori, tutkija Olli Gr\u00f6hn - Kuopio Brain &amp; Mind\" \/>\n<meta property=\"og:description\" content=\"T\u00e4m\u00e4 uutinen on julkaistu alun perin 26.2.2025. Kirjoittaja: Tarja Laitinen, Kuopio Brain &amp; Mind aluep\u00e4\u00e4llikk\u00f6. Vuonna 2021 perustetun Kansallisen Neurokeskuksen Kuopio Brain &amp; Mind-alueverkoston toiminta edist\u00e4\u00e4 aivoterveytt\u00e4 monialaisella ja potilasl\u00e4ht\u00f6isell\u00e4 yhteisty\u00f6ll\u00e4. Kuopio Brain &amp; Mind -alueverkoston tavoitteena on lis\u00e4t\u00e4 ja helpottaa yhteisty\u00f6t\u00e4 It\u00e4-Suomen yliopiston ja Pohjois-Savon hyvinvointialueen sek\u00e4 aivoterveyden parissa ty\u00f6skentelevien yritysten v\u00e4lill\u00e4 ja edist\u00e4\u00e4 [&hellip;]\" \/>\n<meta property=\"og:url\" content=\"https:\/\/sites.uef.fi\/kuopiobrainandmind\/esittelyssa-biolaaketieteellisen-kuvantamisen-professori-tutkija-olli-grohn\/\" \/>\n<meta property=\"og:site_name\" content=\"Kuopio Brain &amp; Mind\" \/>\n<meta property=\"article:modified_time\" content=\"2026-01-26T06:43:36+00:00\" \/>\n<meta name=\"twitter:card\" content=\"summary_large_image\" \/>\n<meta name=\"twitter:label1\" content=\"Est. reading time\" \/>\n\t<meta name=\"twitter:data1\" content=\"6 minutes\" \/>\n<script type=\"application\/ld+json\" class=\"yoast-schema-graph\">{\"@context\":\"https:\\\/\\\/schema.org\",\"@graph\":[{\"@type\":\"WebPage\",\"@id\":\"https:\\\/\\\/sites.uef.fi\\\/kuopiobrainandmind\\\/esittelyssa-biolaaketieteellisen-kuvantamisen-professori-tutkija-olli-grohn\\\/\",\"url\":\"https:\\\/\\\/sites.uef.fi\\\/kuopiobrainandmind\\\/esittelyssa-biolaaketieteellisen-kuvantamisen-professori-tutkija-olli-grohn\\\/\",\"name\":\"Esittelyss\u00e4 biol\u00e4\u00e4ketieteellisen kuvantamisen professori, tutkija Olli Gr\u00f6hn - Kuopio Brain &amp; Mind\",\"isPartOf\":{\"@id\":\"https:\\\/\\\/sites.uef.fi\\\/kuopiobrainandmind\\\/#website\"},\"datePublished\":\"2026-01-23T12:47:08+00:00\",\"dateModified\":\"2026-01-26T06:43:36+00:00\",\"breadcrumb\":{\"@id\":\"https:\\\/\\\/sites.uef.fi\\\/kuopiobrainandmind\\\/esittelyssa-biolaaketieteellisen-kuvantamisen-professori-tutkija-olli-grohn\\\/#breadcrumb\"},\"inLanguage\":\"en-US\",\"potentialAction\":[{\"@type\":\"ReadAction\",\"target\":[\"https:\\\/\\\/sites.uef.fi\\\/kuopiobrainandmind\\\/esittelyssa-biolaaketieteellisen-kuvantamisen-professori-tutkija-olli-grohn\\\/\"]}]},{\"@type\":\"BreadcrumbList\",\"@id\":\"https:\\\/\\\/sites.uef.fi\\\/kuopiobrainandmind\\\/esittelyssa-biolaaketieteellisen-kuvantamisen-professori-tutkija-olli-grohn\\\/#breadcrumb\",\"itemListElement\":[{\"@type\":\"ListItem\",\"position\":1,\"name\":\"Home\",\"item\":\"https:\\\/\\\/sites.uef.fi\\\/kuopiobrainandmind\\\/\"},{\"@type\":\"ListItem\",\"position\":2,\"name\":\"Esittelyss\u00e4 biol\u00e4\u00e4ketieteellisen kuvantamisen professori, tutkija Olli Gr\u00f6hn\"}]},{\"@type\":\"WebSite\",\"@id\":\"https:\\\/\\\/sites.uef.fi\\\/kuopiobrainandmind\\\/#website\",\"url\":\"https:\\\/\\\/sites.uef.fi\\\/kuopiobrainandmind\\\/\",\"name\":\"Kuopio Brain &amp; Mind\",\"description\":\"\",\"potentialAction\":[{\"@type\":\"SearchAction\",\"target\":{\"@type\":\"EntryPoint\",\"urlTemplate\":\"https:\\\/\\\/sites.uef.fi\\\/kuopiobrainandmind\\\/?s={search_term_string}\"},\"query-input\":{\"@type\":\"PropertyValueSpecification\",\"valueRequired\":true,\"valueName\":\"search_term_string\"}}],\"inLanguage\":\"en-US\"}]}<\/script>\n<!-- \/ Yoast SEO plugin. -->","yoast_head_json":{"title":"Esittelyss\u00e4 biol\u00e4\u00e4ketieteellisen kuvantamisen professori, tutkija Olli Gr\u00f6hn - Kuopio Brain &amp; Mind","robots":{"index":"index","follow":"follow","max-snippet":"max-snippet:-1","max-image-preview":"max-image-preview:large","max-video-preview":"max-video-preview:-1"},"canonical":"https:\/\/sites.uef.fi\/kuopiobrainandmind\/esittelyssa-biolaaketieteellisen-kuvantamisen-professori-tutkija-olli-grohn\/","og_locale":"en_US","og_type":"article","og_title":"Esittelyss\u00e4 biol\u00e4\u00e4ketieteellisen kuvantamisen professori, tutkija Olli Gr\u00f6hn - Kuopio Brain &amp; Mind","og_description":"T\u00e4m\u00e4 uutinen on julkaistu alun perin 26.2.2025. Kirjoittaja: Tarja Laitinen, Kuopio Brain &amp; Mind aluep\u00e4\u00e4llikk\u00f6. Vuonna 2021 perustetun Kansallisen Neurokeskuksen Kuopio Brain &amp; Mind-alueverkoston toiminta edist\u00e4\u00e4 aivoterveytt\u00e4 monialaisella ja potilasl\u00e4ht\u00f6isell\u00e4 yhteisty\u00f6ll\u00e4. Kuopio Brain &amp; Mind -alueverkoston tavoitteena on lis\u00e4t\u00e4 ja helpottaa yhteisty\u00f6t\u00e4 It\u00e4-Suomen yliopiston ja Pohjois-Savon hyvinvointialueen sek\u00e4 aivoterveyden parissa ty\u00f6skentelevien yritysten v\u00e4lill\u00e4 ja edist\u00e4\u00e4 [&hellip;]","og_url":"https:\/\/sites.uef.fi\/kuopiobrainandmind\/esittelyssa-biolaaketieteellisen-kuvantamisen-professori-tutkija-olli-grohn\/","og_site_name":"Kuopio Brain &amp; Mind","article_modified_time":"2026-01-26T06:43:36+00:00","twitter_card":"summary_large_image","twitter_misc":{"Est. reading time":"6 minutes"},"schema":{"@context":"https:\/\/schema.org","@graph":[{"@type":"WebPage","@id":"https:\/\/sites.uef.fi\/kuopiobrainandmind\/esittelyssa-biolaaketieteellisen-kuvantamisen-professori-tutkija-olli-grohn\/","url":"https:\/\/sites.uef.fi\/kuopiobrainandmind\/esittelyssa-biolaaketieteellisen-kuvantamisen-professori-tutkija-olli-grohn\/","name":"Esittelyss\u00e4 biol\u00e4\u00e4ketieteellisen kuvantamisen professori, tutkija Olli Gr\u00f6hn - Kuopio Brain &amp; Mind","isPartOf":{"@id":"https:\/\/sites.uef.fi\/kuopiobrainandmind\/#website"},"datePublished":"2026-01-23T12:47:08+00:00","dateModified":"2026-01-26T06:43:36+00:00","breadcrumb":{"@id":"https:\/\/sites.uef.fi\/kuopiobrainandmind\/esittelyssa-biolaaketieteellisen-kuvantamisen-professori-tutkija-olli-grohn\/#breadcrumb"},"inLanguage":"en-US","potentialAction":[{"@type":"ReadAction","target":["https:\/\/sites.uef.fi\/kuopiobrainandmind\/esittelyssa-biolaaketieteellisen-kuvantamisen-professori-tutkija-olli-grohn\/"]}]},{"@type":"BreadcrumbList","@id":"https:\/\/sites.uef.fi\/kuopiobrainandmind\/esittelyssa-biolaaketieteellisen-kuvantamisen-professori-tutkija-olli-grohn\/#breadcrumb","itemListElement":[{"@type":"ListItem","position":1,"name":"Home","item":"https:\/\/sites.uef.fi\/kuopiobrainandmind\/"},{"@type":"ListItem","position":2,"name":"Esittelyss\u00e4 biol\u00e4\u00e4ketieteellisen kuvantamisen professori, tutkija Olli Gr\u00f6hn"}]},{"@type":"WebSite","@id":"https:\/\/sites.uef.fi\/kuopiobrainandmind\/#website","url":"https:\/\/sites.uef.fi\/kuopiobrainandmind\/","name":"Kuopio Brain &amp; Mind","description":"","potentialAction":[{"@type":"SearchAction","target":{"@type":"EntryPoint","urlTemplate":"https:\/\/sites.uef.fi\/kuopiobrainandmind\/?s={search_term_string}"},"query-input":{"@type":"PropertyValueSpecification","valueRequired":true,"valueName":"search_term_string"}}],"inLanguage":"en-US"}]}},"_links":{"self":[{"href":"https:\/\/sites.uef.fi\/kuopiobrainandmind\/wp-json\/wp\/v2\/pages\/1569","targetHints":{"allow":["GET"]}}],"collection":[{"href":"https:\/\/sites.uef.fi\/kuopiobrainandmind\/wp-json\/wp\/v2\/pages"}],"about":[{"href":"https:\/\/sites.uef.fi\/kuopiobrainandmind\/wp-json\/wp\/v2\/types\/page"}],"author":[{"embeddable":true,"href":"https:\/\/sites.uef.fi\/kuopiobrainandmind\/wp-json\/wp\/v2\/users\/850"}],"replies":[{"embeddable":true,"href":"https:\/\/sites.uef.fi\/kuopiobrainandmind\/wp-json\/wp\/v2\/comments?post=1569"}],"version-history":[{"count":1,"href":"https:\/\/sites.uef.fi\/kuopiobrainandmind\/wp-json\/wp\/v2\/pages\/1569\/revisions"}],"predecessor-version":[{"id":1596,"href":"https:\/\/sites.uef.fi\/kuopiobrainandmind\/wp-json\/wp\/v2\/pages\/1569\/revisions\/1596"}],"wp:attachment":[{"href":"https:\/\/sites.uef.fi\/kuopiobrainandmind\/wp-json\/wp\/v2\/media?parent=1569"}],"curies":[{"name":"wp","href":"https:\/\/api.w.org\/{rel}","templated":true}]}}