{"id":1573,"date":"2026-01-23T14:50:50","date_gmt":"2026-01-23T12:50:50","guid":{"rendered":"https:\/\/sites.uef.fi\/kuopiobrainandmind\/?page_id=1573"},"modified":"2026-01-26T08:47:01","modified_gmt":"2026-01-26T06:47:01","slug":"esittelyssa-vanhuusoikeuden-professori-ja-tutkija-anna-maki-petaja-leinonen","status":"publish","type":"page","link":"https:\/\/sites.uef.fi\/kuopiobrainandmind\/esittelyssa-vanhuusoikeuden-professori-ja-tutkija-anna-maki-petaja-leinonen\/","title":{"rendered":"Esittelyss\u00e4 vanhuusoikeuden professori ja tutkija Anna M\u00e4ki-Pet\u00e4j\u00e4-Leinonen"},"content":{"rendered":"\n<p><em><bdo lang=\"fi\" dir=\"ltr\">T\u00e4m\u00e4 uutinen on julkaistu alun perin 12.11.2024. Kirjoittaja: Tarja Laitinen, Kuopio Brain &amp; Mind aluep\u00e4\u00e4llikk\u00f6.<\/bdo><\/em><\/p>\n\n\n\n<p><bdo lang=\"fi\" dir=\"ltr\">Vuonna 2021 perustetun Kansallisen Neurokeskuksen Kuopio Brain &amp; Mind-alueverkoston toiminta edist\u00e4\u00e4 aivoterveytt\u00e4 monialaisella ja potilasl\u00e4ht\u00f6isell\u00e4 yhteisty\u00f6ll\u00e4. Kuopio Brain &amp; Mind -alueverkoston tavoitteena on lis\u00e4t\u00e4 ja helpottaa yhteisty\u00f6t\u00e4 It\u00e4-Suomen yliopiston ja Pohjois-Savon hyvinvointialueen sek\u00e4 aivoterveyden parissa ty\u00f6skentelevien yritysten v\u00e4lill\u00e4 ja edist\u00e4\u00e4 it\u00e4suomalaisen huipputason monialaisen neurotieteen menestyst\u00e4.<\/bdo><\/p>\n\n\n\n<p><strong><bdo lang=\"fi\" dir=\"ltr\">Mit\u00e4 Kuopio Brain &amp; Mind-verkostossa tapahtuu ja keit\u00e4 verkostossa ty\u00f6skentelee?<\/bdo><\/strong><\/p>\n\n\n\n<p><bdo lang=\"fi\" dir=\"ltr\"><strong>It\u00e4-Suomen yliopiston Oikeustieteiden laitoksella ty\u00f6skentelev\u00e4 vanhuusoikeuden professori Anna M\u00e4ki-Pet\u00e4j\u00e4-Leinonen\u00a0<\/strong>opettaa vanhuus- ja edunvalvontaoikeutta. Lis\u00e4ksi h\u00e4n toimii perheoikeuden dosenttina Helsingin yliopistossa ja vanhuusoikeuden dosenttina Lapin yliopistossa.<\/bdo><\/p>\n\n\n\n<p><bdo lang=\"fi\" dir=\"ltr\">Jo nuorena Anna piti oikeustieteit\u00e4 mielenkiintoisena alana. Lukion lakitiedon kurssi vahvisti ajatuksia tulevaisuudesta ja h\u00e4n valmistui 1996 Helsingin yliopistosta oikeustieteiden kandidaatiksi mielenkiinnon kohteena haavoittuvien ihmisten oikeudellinen asema. Opintojen j\u00e4lkeen Annalla her\u00e4si orastava kiinnostus v\u00e4it\u00f6skirjaprosessiin ja silloisen ohjaajan professori Urpo Kankaan sanat \u201dDementiapotilaita ei ole kukaan tutkinut\u201d toimivat innoittajana h\u00e4nen v. 2003 valmistuneeseen v\u00e4it\u00f6skirjatutkimukseensa dementoituvan henkil\u00f6n oikeudellisesta asemasta. V\u00e4it\u00f6skirjan valmistuttua Anna ty\u00f6skenteli edunvalvonta-asiamiehen\u00e4 Muistiliitossa, jossa p\u00e4\u00e4si paneutumaan k\u00e4yt\u00e4nn\u00f6ss\u00e4 edunvalvonnan oikeudellisiin ongelmiin.<\/bdo><\/p>\n\n\n\n<p><bdo lang=\"fi\" dir=\"ltr\">Tutkijana toimiminen ei ollut Annalle koskaan \u00a0itsest\u00e4\u00e4nselvyys. H\u00e4n huomasi ajatustensa palaavan kuitenkin tutkimuksen maailmaan ja v. 2010 h\u00e4n aloitti Helsingin yliopistossa Post Doc-tutkijana ja kirjoitti v. 2013 toisen monografiansa ik\u00e4\u00e4ntymisen ennakoinnista k\u00e4sitellen mm. edunvalvontavaltuutusta ja hoitotahtoa.<\/bdo><\/p>\n\n\n\n<p><bdo lang=\"fi\" dir=\"ltr\">It\u00e4-Suomen yliopiston Oikeustieteiden laitoksella Annan ura alkoi v. 2016. Yliopistolehtorin ty\u00f6 vanhuus- ja edunvalvontaoikeudessa yhdistyi mm. ty\u00f6ik\u00e4isen\u00e4 muistisairauteen sairastuneiden erityiskysymyksi\u00e4 tutkineeseen kansainv\u00e4liseen konsortiohankkeeseen. 2017 julkaistiin Annan ja Anja Karvonen-K\u00e4lk\u00e4j\u00e4n oppikirja \u201dVanhuusoikeuden perusteet\u201d.<\/bdo><\/p>\n\n\n\n<p><bdo lang=\"fi\" dir=\"ltr\">Anna on johtanut It\u00e4-Suomen yliopiston Hyvinvointioikeuden keskusta sen perustamisesta v. 2018 l\u00e4htien. Hyvinvointioikeuden keskus tutkii yksil\u00f6n taloudellisen toimeentulon, sosiaalisen hyvinvoinnin sek\u00e4 fyysisen ja psyykkisen terveyden oikeudellista s\u00e4\u00e4ntely\u00e4. Keskuksen tutkimustoiminnassa onkin erikoistuttu em. osa-alueissa erityisesti haavoittuvassa asemassa olevien ryhmien oikeuksien toteutumiseen el\u00e4m\u00e4nkaaren eri vaiheissa. It\u00e4-Suomen yliopiston vanhuusoikeuden professuuriin Anna valittiin v. 2021.<\/bdo><\/p>\n\n\n\n<h2 class=\"wp-block-heading\"><bdo lang=\"fi\" dir=\"ltr\">Tutkimukset, hankkeet ja monitieteellinen yhteisty\u00f6\u00a0<\/bdo><\/h2>\n\n\n\n<p><bdo lang=\"fi\" dir=\"ltr\">Annan mukaan ei riit\u00e4, ett\u00e4 ty\u00f6skennell\u00e4\u00e4n \u201domalla oikeustieteiden hiekkalaatikolla\u201d, vaan yh\u00e4 enemm\u00e4n tarvitaan monitieteist\u00e4 tieteiden rajat ylitt\u00e4v\u00e4\u00e4 yhteisty\u00f6t\u00e4, niin haavoittuvassa asemassa olevien ihmisten parhaaksi kuin oikeustieteellisen tutkimuksen kehittymiseksi.<\/bdo><\/p>\n\n\n\n<p><bdo lang=\"fi\" dir=\"ltr\">NEURO-RC (Neurotieteiden tutkimusyhteis\u00f6) tuli mukaan Annan ty\u00f6h\u00f6n v. 2019 ja t\u00e4t\u00e4 kautta Anna johtaa Neuroetiikka ja -oikeudet tutkimusryhm\u00e4\u00e4. Tutkimusryhm\u00e4n ty\u00f6ss\u00e4 keskityt\u00e4\u00e4n aivosairauksia omaavien ihmisten oikeudelliseen asemaan ja oikeusturvan tutkimiseen. Tavoitteena on, ett\u00e4 sairastuneilla ja heid\u00e4n l\u00e4heisill\u00e4\u00e4n olisi sairaudesta huolimatta mahdollisuus ihmisarvoiseen \u00a0el\u00e4m\u00e4\u00e4n ja yhteiskunnan t\u00e4ysvaltaiseen j\u00e4senyyteen .<\/bdo><\/p>\n\n\n\n<p><bdo lang=\"fi\" dir=\"ltr\">T\u00e4ll\u00e4 hetkell\u00e4 k\u00e4ynniss\u00e4 \u00a0tai k\u00e4ynnistym\u00e4ss\u00e4 olevia tutkimuksia Annan ty\u00f6ss\u00e4 ovat mm.<\/bdo><\/p>\n\n\n\n<ul class=\"wp-block-list\">\n<li><bdo lang=\"fi\" dir=\"ltr\">Professori Kaijus Ervastin johtama Varjoja paratiisissa-hanke, jossa tarkastellaan muistisairaan ihmisen oikeuksien toteutumista hyvinvointivaltiossa. Tutkimuksen keskeisen\u00e4 tavoitteena on saada esille muistisairaiden ihmisten oikeusongelmia, niiden korjauskeinoja sek\u00e4 k\u00e4yd\u00e4 yhteiskunnallista keskustelua muistisairaiden ihmisten asemasta.<\/bdo><\/li>\n\n\n\n<li><bdo lang=\"fi\" dir=\"ltr\">Strategisen tutkimuksen neuvoston (STN) Welgo-hankkeessa Annan johtama tutkimusryhm\u00e4 tutkii, onko erityisesti ik\u00e4\u00e4ntyvien, muistisairaiden ja epilepsiaa sairastavien ihmisten oikeudensaantimahdollisuudet (luottamus, legitimiteetti ja oikeudenmukaisuus) toteutuneet pandemian aikana. Welgo-hankkeen tarkoituksena on kehitt\u00e4\u00e4 kest\u00e4vi\u00e4 ratkaisuja hyvinvoinnin turvaamiseksi tulevaisuuden terveyskriiseiss\u00e4 koronapandemian hallinnasta saatujen kokemusten pohjalta.<\/bdo><\/li>\n\n\n\n<li><bdo lang=\"fi\" dir=\"ltr\">2023 pilotoidussa It\u00e4-Suomen yliopiston Aivotutkimusyksik\u00f6n Oikeusklinikassa tutkittiin yhdess\u00e4 apulaisprof. Eino Soljen kanssa muistisairaiden ja heid\u00e4n l\u00e4heistens\u00e4 oikeuksien toteutumista, oikeuksiin p\u00e4\u00e4sy\u00e4 ja sit\u00e4, miten sairaus vaikuttaa heid\u00e4n oikeudelliseen toimintakykyyns\u00e4. Arviointik\u00e4yt\u00e4nn\u00f6t siin\u00e4, miten eri potilaan kliiniset oireet n\u00e4hd\u00e4\u00e4n, ovat osoittautuneet selke\u00e4sti toisistaan eroaviksi l\u00e4\u00e4k\u00e4reiden ja tuomareiden keskuudessa sek\u00e4 heid\u00e4n v\u00e4lill\u00e4\u00e4n. Ja t\u00e4h\u00e4n tarvitaan lis\u00e4\u00e4 tutkimusta.<\/bdo><\/li>\n<\/ul>\n\n\n\n<p><bdo lang=\"fi\" dir=\"ltr\">Monitieteinen yhteisty\u00f6 n\u00e4kyy Annan arjessa tervetulleina k\u00e4yt\u00e4nn\u00f6n ty\u00f6n ja ty\u00f6tapojen muutoksina. Esim. tutkimusartikkeleiden julkaiseminen on muuttunut oikeustieteiden yksin julkaistavista artikkeleista \u00a0monitieteisen tutkimusryhm\u00e4n yhteisjulkaisuiksi.<\/bdo><\/p>\n\n\n\n<h2 class=\"wp-block-heading\"><bdo lang=\"fi\" dir=\"ltr\">Tulevaisuus<\/bdo><\/h2>\n\n\n\n<p><bdo lang=\"fi\" dir=\"ltr\">Tutkimuksellisesti Anna toivoo, ett\u00e4 5 vuoden kuluttua tutkimusty\u00f6n tuloksena k\u00e4yt\u00f6ss\u00e4 on mittareita, joilla voidaan arvioida oikeudellista toimintakyky\u00e4 yhdenvertaisemmin ja yhdenmukaisemmin. \u00a0Anna toivoo my\u00f6s tutkimusryhm\u00e4ns\u00e4 kasvavan v\u00e4it\u00f6skirja- ja PostDoc-tutkijoilla sek\u00e4 yhteisty\u00f6n NEURO-RC:n eri klinikoiden kanssa jatkuvan.<\/bdo><\/p>\n\n\n\n<p><bdo lang=\"fi\" dir=\"ltr\">T\u00e4m\u00e4n p\u00e4iv\u00e4n haasteina muistisairaiden ihmisten oikeuksien toteutumisessa Anna n\u00e4kee muistisairaan ihmisen kotona asumisen turvaamisen riitt\u00e4vin palveluin, omaishoitajan ja l\u00e4heisen jaksamisen tukemisen, , ymp\u00e4rivuorokautisen hoivapaikan saamisen sek\u00e4 siell\u00e4 saadun hoivan ja hoidon laadun. Annan mukaan asenteiden tulisi muuttua ja resursseja tulisi kohdistaa paremmin ik\u00e4\u00e4ntyvien ja muistisairaiden hoitoon.<\/bdo><\/p>\n\n\n\n<p><bdo lang=\"fi\" dir=\"ltr\">\u201dMeit\u00e4 kiinnostaa ihmisen \u00e4\u00e4nen kuuleminen ja heid\u00e4n kokemuksensa oikeuksiensa toteutumisesta. Siksi me t\u00e4t\u00e4 tehd\u00e4\u00e4n, ett\u00e4 \u00a0tutkimuksen kautta autettaisiin ihmisi\u00e4 p\u00e4\u00e4sem\u00e4\u00e4n paremmin oikeuksiinsa tulevaisuudessa\u201d Anna toteaa.<\/bdo><\/p>\n\n\n\n<h2 class=\"wp-block-heading\"><bdo lang=\"fi\" dir=\"ltr\"><strong>\u00a0<\/strong>Lis\u00e4tietoa<\/bdo><\/h2>\n\n\n\n<p><bdo lang=\"fi\" dir=\"ltr\">anna.maki-petaja-leinonen@uef.fi<\/bdo><\/p>\n\n\n\n<p><bdo lang=\"fi\" dir=\"ltr\">Kuopio Brain &amp; Mind on osa Kansallisen Neurokeskuksen tutkijaverkostoa.\u00a0 Lis\u00e4tietoa verkostostamme l\u00f6yd\u00e4t osoitteesta\u00a0<a href=\"https:\/\/neurocenterfinland.fi\/\">https:\/\/neurocenterfinland.fi\/\u00a0<\/a><\/bdo><\/p>\n\n\n\n<p><bdo lang=\"fi\" dir=\"ltr\">Twitter:\u00a0<a href=\"https:\/\/x.com\/kuo_brain_mind\">@kuo_brain_mind\u00a0<\/a><\/bdo><\/p>\n\n\n\n<p><bdo lang=\"fi\" dir=\"ltr\">LinkedIn:\u00a0<a href=\"https:\/\/www.linkedin.com\/company\/kuopio-brain-mind\">https:\/\/www.linkedin.com\/company\/kuopio-brain-mind<\/a><\/bdo><\/p>\n","protected":false},"excerpt":{"rendered":"<p>T\u00e4m\u00e4 uutinen on julkaistu alun perin 12.11.2024. Kirjoittaja: Tarja Laitinen, Kuopio Brain &amp; Mind aluep\u00e4\u00e4llikk\u00f6. Vuonna 2021 perustetun Kansallisen Neurokeskuksen Kuopio Brain &amp; Mind-alueverkoston toiminta edist\u00e4\u00e4 aivoterveytt\u00e4 monialaisella ja potilasl\u00e4ht\u00f6isell\u00e4 yhteisty\u00f6ll\u00e4. Kuopio Brain &amp; Mind -alueverkoston tavoitteena on lis\u00e4t\u00e4 ja helpottaa yhteisty\u00f6t\u00e4 It\u00e4-Suomen yliopiston ja Pohjois-Savon hyvinvointialueen sek\u00e4 aivoterveyden parissa ty\u00f6skentelevien yritysten v\u00e4lill\u00e4 ja edist\u00e4\u00e4 [&hellip;]<\/p>\n","protected":false},"author":850,"featured_media":0,"parent":0,"menu_order":0,"comment_status":"closed","ping_status":"closed","template":"","meta":{"_acf_changed":false,"footnotes":""},"class_list":["post-1573","page","type-page","status-publish","hentry"],"acf":[],"yoast_head":"<!-- This site is optimized with the Yoast SEO plugin v27.3 - https:\/\/yoast.com\/product\/yoast-seo-wordpress\/ -->\n<title>Esittelyss\u00e4 vanhuusoikeuden professori ja tutkija Anna M\u00e4ki-Pet\u00e4j\u00e4-Leinonen - Kuopio Brain &amp; Mind<\/title>\n<meta name=\"robots\" content=\"index, follow, max-snippet:-1, max-image-preview:large, max-video-preview:-1\" \/>\n<link rel=\"canonical\" href=\"https:\/\/sites.uef.fi\/kuopiobrainandmind\/esittelyssa-vanhuusoikeuden-professori-ja-tutkija-anna-maki-petaja-leinonen\/\" \/>\n<meta property=\"og:locale\" content=\"en_US\" \/>\n<meta property=\"og:type\" content=\"article\" \/>\n<meta property=\"og:title\" content=\"Esittelyss\u00e4 vanhuusoikeuden professori ja tutkija Anna M\u00e4ki-Pet\u00e4j\u00e4-Leinonen - Kuopio Brain &amp; Mind\" \/>\n<meta property=\"og:description\" content=\"T\u00e4m\u00e4 uutinen on julkaistu alun perin 12.11.2024. Kirjoittaja: Tarja Laitinen, Kuopio Brain &amp; Mind aluep\u00e4\u00e4llikk\u00f6. Vuonna 2021 perustetun Kansallisen Neurokeskuksen Kuopio Brain &amp; Mind-alueverkoston toiminta edist\u00e4\u00e4 aivoterveytt\u00e4 monialaisella ja potilasl\u00e4ht\u00f6isell\u00e4 yhteisty\u00f6ll\u00e4. Kuopio Brain &amp; Mind -alueverkoston tavoitteena on lis\u00e4t\u00e4 ja helpottaa yhteisty\u00f6t\u00e4 It\u00e4-Suomen yliopiston ja Pohjois-Savon hyvinvointialueen sek\u00e4 aivoterveyden parissa ty\u00f6skentelevien yritysten v\u00e4lill\u00e4 ja edist\u00e4\u00e4 [&hellip;]\" \/>\n<meta property=\"og:url\" content=\"https:\/\/sites.uef.fi\/kuopiobrainandmind\/esittelyssa-vanhuusoikeuden-professori-ja-tutkija-anna-maki-petaja-leinonen\/\" \/>\n<meta property=\"og:site_name\" content=\"Kuopio Brain &amp; Mind\" \/>\n<meta property=\"article:modified_time\" content=\"2026-01-26T06:47:01+00:00\" \/>\n<meta name=\"twitter:card\" content=\"summary_large_image\" \/>\n<meta name=\"twitter:label1\" content=\"Est. reading time\" \/>\n\t<meta name=\"twitter:data1\" content=\"3 minutes\" \/>\n<script type=\"application\/ld+json\" class=\"yoast-schema-graph\">{\"@context\":\"https:\\\/\\\/schema.org\",\"@graph\":[{\"@type\":\"WebPage\",\"@id\":\"https:\\\/\\\/sites.uef.fi\\\/kuopiobrainandmind\\\/esittelyssa-vanhuusoikeuden-professori-ja-tutkija-anna-maki-petaja-leinonen\\\/\",\"url\":\"https:\\\/\\\/sites.uef.fi\\\/kuopiobrainandmind\\\/esittelyssa-vanhuusoikeuden-professori-ja-tutkija-anna-maki-petaja-leinonen\\\/\",\"name\":\"Esittelyss\u00e4 vanhuusoikeuden professori ja tutkija Anna M\u00e4ki-Pet\u00e4j\u00e4-Leinonen - Kuopio Brain &amp; Mind\",\"isPartOf\":{\"@id\":\"https:\\\/\\\/sites.uef.fi\\\/kuopiobrainandmind\\\/#website\"},\"datePublished\":\"2026-01-23T12:50:50+00:00\",\"dateModified\":\"2026-01-26T06:47:01+00:00\",\"breadcrumb\":{\"@id\":\"https:\\\/\\\/sites.uef.fi\\\/kuopiobrainandmind\\\/esittelyssa-vanhuusoikeuden-professori-ja-tutkija-anna-maki-petaja-leinonen\\\/#breadcrumb\"},\"inLanguage\":\"en-US\",\"potentialAction\":[{\"@type\":\"ReadAction\",\"target\":[\"https:\\\/\\\/sites.uef.fi\\\/kuopiobrainandmind\\\/esittelyssa-vanhuusoikeuden-professori-ja-tutkija-anna-maki-petaja-leinonen\\\/\"]}]},{\"@type\":\"BreadcrumbList\",\"@id\":\"https:\\\/\\\/sites.uef.fi\\\/kuopiobrainandmind\\\/esittelyssa-vanhuusoikeuden-professori-ja-tutkija-anna-maki-petaja-leinonen\\\/#breadcrumb\",\"itemListElement\":[{\"@type\":\"ListItem\",\"position\":1,\"name\":\"Home\",\"item\":\"https:\\\/\\\/sites.uef.fi\\\/kuopiobrainandmind\\\/\"},{\"@type\":\"ListItem\",\"position\":2,\"name\":\"Esittelyss\u00e4 vanhuusoikeuden professori ja tutkija Anna M\u00e4ki-Pet\u00e4j\u00e4-Leinonen\"}]},{\"@type\":\"WebSite\",\"@id\":\"https:\\\/\\\/sites.uef.fi\\\/kuopiobrainandmind\\\/#website\",\"url\":\"https:\\\/\\\/sites.uef.fi\\\/kuopiobrainandmind\\\/\",\"name\":\"Kuopio Brain &amp; Mind\",\"description\":\"\",\"potentialAction\":[{\"@type\":\"SearchAction\",\"target\":{\"@type\":\"EntryPoint\",\"urlTemplate\":\"https:\\\/\\\/sites.uef.fi\\\/kuopiobrainandmind\\\/?s={search_term_string}\"},\"query-input\":{\"@type\":\"PropertyValueSpecification\",\"valueRequired\":true,\"valueName\":\"search_term_string\"}}],\"inLanguage\":\"en-US\"}]}<\/script>\n<!-- \/ Yoast SEO plugin. -->","yoast_head_json":{"title":"Esittelyss\u00e4 vanhuusoikeuden professori ja tutkija Anna M\u00e4ki-Pet\u00e4j\u00e4-Leinonen - Kuopio Brain &amp; Mind","robots":{"index":"index","follow":"follow","max-snippet":"max-snippet:-1","max-image-preview":"max-image-preview:large","max-video-preview":"max-video-preview:-1"},"canonical":"https:\/\/sites.uef.fi\/kuopiobrainandmind\/esittelyssa-vanhuusoikeuden-professori-ja-tutkija-anna-maki-petaja-leinonen\/","og_locale":"en_US","og_type":"article","og_title":"Esittelyss\u00e4 vanhuusoikeuden professori ja tutkija Anna M\u00e4ki-Pet\u00e4j\u00e4-Leinonen - Kuopio Brain &amp; Mind","og_description":"T\u00e4m\u00e4 uutinen on julkaistu alun perin 12.11.2024. Kirjoittaja: Tarja Laitinen, Kuopio Brain &amp; Mind aluep\u00e4\u00e4llikk\u00f6. Vuonna 2021 perustetun Kansallisen Neurokeskuksen Kuopio Brain &amp; Mind-alueverkoston toiminta edist\u00e4\u00e4 aivoterveytt\u00e4 monialaisella ja potilasl\u00e4ht\u00f6isell\u00e4 yhteisty\u00f6ll\u00e4. Kuopio Brain &amp; Mind -alueverkoston tavoitteena on lis\u00e4t\u00e4 ja helpottaa yhteisty\u00f6t\u00e4 It\u00e4-Suomen yliopiston ja Pohjois-Savon hyvinvointialueen sek\u00e4 aivoterveyden parissa ty\u00f6skentelevien yritysten v\u00e4lill\u00e4 ja edist\u00e4\u00e4 [&hellip;]","og_url":"https:\/\/sites.uef.fi\/kuopiobrainandmind\/esittelyssa-vanhuusoikeuden-professori-ja-tutkija-anna-maki-petaja-leinonen\/","og_site_name":"Kuopio Brain &amp; Mind","article_modified_time":"2026-01-26T06:47:01+00:00","twitter_card":"summary_large_image","twitter_misc":{"Est. reading time":"3 minutes"},"schema":{"@context":"https:\/\/schema.org","@graph":[{"@type":"WebPage","@id":"https:\/\/sites.uef.fi\/kuopiobrainandmind\/esittelyssa-vanhuusoikeuden-professori-ja-tutkija-anna-maki-petaja-leinonen\/","url":"https:\/\/sites.uef.fi\/kuopiobrainandmind\/esittelyssa-vanhuusoikeuden-professori-ja-tutkija-anna-maki-petaja-leinonen\/","name":"Esittelyss\u00e4 vanhuusoikeuden professori ja tutkija Anna M\u00e4ki-Pet\u00e4j\u00e4-Leinonen - Kuopio Brain &amp; Mind","isPartOf":{"@id":"https:\/\/sites.uef.fi\/kuopiobrainandmind\/#website"},"datePublished":"2026-01-23T12:50:50+00:00","dateModified":"2026-01-26T06:47:01+00:00","breadcrumb":{"@id":"https:\/\/sites.uef.fi\/kuopiobrainandmind\/esittelyssa-vanhuusoikeuden-professori-ja-tutkija-anna-maki-petaja-leinonen\/#breadcrumb"},"inLanguage":"en-US","potentialAction":[{"@type":"ReadAction","target":["https:\/\/sites.uef.fi\/kuopiobrainandmind\/esittelyssa-vanhuusoikeuden-professori-ja-tutkija-anna-maki-petaja-leinonen\/"]}]},{"@type":"BreadcrumbList","@id":"https:\/\/sites.uef.fi\/kuopiobrainandmind\/esittelyssa-vanhuusoikeuden-professori-ja-tutkija-anna-maki-petaja-leinonen\/#breadcrumb","itemListElement":[{"@type":"ListItem","position":1,"name":"Home","item":"https:\/\/sites.uef.fi\/kuopiobrainandmind\/"},{"@type":"ListItem","position":2,"name":"Esittelyss\u00e4 vanhuusoikeuden professori ja tutkija Anna M\u00e4ki-Pet\u00e4j\u00e4-Leinonen"}]},{"@type":"WebSite","@id":"https:\/\/sites.uef.fi\/kuopiobrainandmind\/#website","url":"https:\/\/sites.uef.fi\/kuopiobrainandmind\/","name":"Kuopio Brain &amp; Mind","description":"","potentialAction":[{"@type":"SearchAction","target":{"@type":"EntryPoint","urlTemplate":"https:\/\/sites.uef.fi\/kuopiobrainandmind\/?s={search_term_string}"},"query-input":{"@type":"PropertyValueSpecification","valueRequired":true,"valueName":"search_term_string"}}],"inLanguage":"en-US"}]}},"_links":{"self":[{"href":"https:\/\/sites.uef.fi\/kuopiobrainandmind\/wp-json\/wp\/v2\/pages\/1573","targetHints":{"allow":["GET"]}}],"collection":[{"href":"https:\/\/sites.uef.fi\/kuopiobrainandmind\/wp-json\/wp\/v2\/pages"}],"about":[{"href":"https:\/\/sites.uef.fi\/kuopiobrainandmind\/wp-json\/wp\/v2\/types\/page"}],"author":[{"embeddable":true,"href":"https:\/\/sites.uef.fi\/kuopiobrainandmind\/wp-json\/wp\/v2\/users\/850"}],"replies":[{"embeddable":true,"href":"https:\/\/sites.uef.fi\/kuopiobrainandmind\/wp-json\/wp\/v2\/comments?post=1573"}],"version-history":[{"count":1,"href":"https:\/\/sites.uef.fi\/kuopiobrainandmind\/wp-json\/wp\/v2\/pages\/1573\/revisions"}],"predecessor-version":[{"id":1598,"href":"https:\/\/sites.uef.fi\/kuopiobrainandmind\/wp-json\/wp\/v2\/pages\/1573\/revisions\/1598"}],"wp:attachment":[{"href":"https:\/\/sites.uef.fi\/kuopiobrainandmind\/wp-json\/wp\/v2\/media?parent=1573"}],"curies":[{"name":"wp","href":"https:\/\/api.w.org\/{rel}","templated":true}]}}