{"id":1581,"date":"2026-01-23T14:57:28","date_gmt":"2026-01-23T12:57:28","guid":{"rendered":"https:\/\/sites.uef.fi\/kuopiobrainandmind\/?page_id=1581"},"modified":"2026-01-26T08:51:58","modified_gmt":"2026-01-26T06:51:58","slug":"esittelyssa-johtamisen-professori-tutkija-paivi-eriksson","status":"publish","type":"page","link":"https:\/\/sites.uef.fi\/kuopiobrainandmind\/esittelyssa-johtamisen-professori-tutkija-paivi-eriksson\/","title":{"rendered":"Esittelyss\u00e4 johtamisen professori, tutkija P\u00e4ivi Eriksson"},"content":{"rendered":"\n<p><em><bdo lang=\"fi\" dir=\"ltr\">T\u00e4m\u00e4 uutinen on julkaistu alun perin 11.9.2024. Kirjoittaja: Tarja Laitinen, Kuopio Brain &amp; Mind aluep\u00e4\u00e4llikk\u00f6.<\/bdo><\/em><\/p>\n\n\n\n<p><bdo lang=\"fi\" dir=\"ltr\">Vuonna 2021 perustetun Kansallisen Neurokeskuksen Kuopio Brain &amp; Mind-alueverkoston toiminta edist\u00e4\u00e4 aivoterveytt\u00e4 monialaisella ja potilasl\u00e4ht\u00f6isell\u00e4 yhteisty\u00f6ll\u00e4. Kuopio Brain &amp; Mind -alueverkoston tavoitteena on lis\u00e4t\u00e4 ja helpottaa yhteisty\u00f6t\u00e4 It\u00e4-Suomen yliopiston ja Pohjois-Savon hyvinvointialueen sek\u00e4 aivoterveyden parissa ty\u00f6skentelevien yritysten v\u00e4lill\u00e4 ja edist\u00e4\u00e4 it\u00e4suomalaisen huipputason monialaisen neurotieteen menestyst\u00e4.<\/bdo><\/p>\n\n\n\n<p><strong><bdo lang=\"fi\" dir=\"ltr\">Mit\u00e4 Kuopio Brain &amp; Mind-verkostossa tapahtuu ja keit\u00e4 verkostossa ty\u00f6skentelee?<\/bdo><\/strong><\/p>\n\n\n\n<p><bdo lang=\"fi\" dir=\"ltr\">It\u00e4-Suomen yliopiston kauppatieteiden laitoksella ty\u00f6skentelev\u00e4 johtamisen professori P\u00e4ivi Eriksson on kiinnostunut yhteisty\u00f6st\u00e4, jossa osaamista yhdistet\u00e4\u00e4n ennakkoluulottomasti ja sovelletaan k\u00e4yt\u00e4nt\u00f6\u00f6n. P\u00e4ivin tutkimus ja opetus keskittyv\u00e4t organisoinnin, johtamisen ja innovaatioiden sek\u00e4 raja-aitoja ylitt\u00e4v\u00e4n yhteisty\u00f6n teemoihin. Laadullinen ja osallistuva tutkimus on kiinnostanut pitk\u00e4\u00e4n ja siit\u00e4 l\u00f6ytyy aina uutta opittavaa.<\/bdo><\/p>\n\n\n\n<p><bdo lang=\"fi\" dir=\"ltr\">Tie kauppatieteiden pariin ei ollut itsest\u00e4\u00e4n selv\u00e4, koska P\u00e4ivi\u00e4 kiehtoi nuorena muun muassa kuvataide. Kasvaminen yritt\u00e4j\u00e4perheess\u00e4 loi kuitenkin pohjan kiinnostukselle yritystoimintaa kohtaan. Opiskelutaustaltaan P\u00e4ivi on monipuolinen, sill\u00e4 kaksi p\u00e4\u00e4ainetta sis\u00e4lt\u00e4v\u00e4\u00e4n kauppatieteiden maisterin tutkintoon kuului my\u00f6s laajasti yhteiskuntatieteiden opintoja. V\u00e4it\u00f6stutkimuksensa h\u00e4n teki Helsingin Kauppakorkeakoulussa (nykyinen Aalto yliopisto) yrityksen sis\u00e4isist\u00e4 toimintalogiikoista, mukaan lukien omistajaperheen ja ammattijohtajien v\u00e4linen dynamiikka. T\u00e4st\u00e4 tutkimuksesta juontuu jatkuva kiinnostus rajat ylitt\u00e4v\u00e4\u00e4n yhteisty\u00f6h\u00f6n ja sen haasteisiin.<\/bdo><\/p>\n\n\n\n<p><bdo lang=\"fi\" dir=\"ltr\">V\u00e4it\u00f6skirjan j\u00e4lkeen tutkimus vei P\u00e4ivin perheineen ulkomaille, USA:han ja Englantiin. Suomeen palattuaan P\u00e4ivi toimi m\u00e4\u00e4r\u00e4aikaisissa professuureissa, kunnes h\u00e4net nimitettiin vakituiseksi professoriksi Kuopion yliopistoon. Suurin projekti oman alan k\u00e4yt\u00e4nn\u00f6n t\u00f6iss\u00e4 oli osallistua laitosjohtajana Kuopion ja Joensuun yliopistojen ja niiden kauppatieteiden laitosten yhdist\u00e4miseen vuosina 2009-2012. Samalla luotiin It\u00e4-Suomen yliopiston kauppatieteisiin t\u00e4ysin uudenlaiset poikkitieteelliset alat, ja n\u00e4iden joukossa innovaatiojohtamisen p\u00e4\u00e4aine.<\/bdo><\/p>\n\n\n\n<h2 class=\"wp-block-heading\"><bdo lang=\"fi\" dir=\"ltr\">Monitieteellinen ja -ammatillinen yhteisty\u00f6 \u00a0<\/bdo><\/h2>\n\n\n\n<p><bdo lang=\"fi\" dir=\"ltr\">Nyky\u00e4\u00e4n tieteiden v\u00e4liset rajat ylitt\u00e4v\u00e4n tutkimuksen rooli n\u00e4kyy P\u00e4ivin ty\u00f6ss\u00e4 erityisesti It\u00e4-Suomen yliopiston neurotieteiden tutkimusyhteis\u00f6n kanssa teht\u00e4v\u00e4ss\u00e4 yhteisty\u00f6ss\u00e4. T\u00e4ss\u00e4 h\u00e4n keskittyy siihen, miten aivoterveyden tutkimusyhteisty\u00f6t\u00e4 erilaisten sidosryhmien kanssa organisoidaan, johdetaan ja uudistetaan. Esimerkiksi potilaiden, omaisten ja kansalaisten kanssa teht\u00e4v\u00e4n tutkimusyhteisty\u00f6n tarkastelu Suomessa ja muissa maissa tarjoaa uusia n\u00e4kymi\u00e4 sek\u00e4 tieteellisiin ett\u00e4 k\u00e4yt\u00e4nn\u00f6n haasteisiin. Tutkimusty\u00f6ns\u00e4 ohella P\u00e4ivi kuuluu my\u00f6s Kuopio Brain &amp; Mind ohjausryhm\u00e4\u00e4n.<\/bdo><\/p>\n\n\n\n<p><bdo lang=\"fi\" dir=\"ltr\">P\u00e4ivi koordinoi yhdess\u00e4 professori Tarja Malmin kanssa EU-rahoitteista, monitieteist\u00e4 Neuro-Innovation tohtoriohjelmahanketta. Ty\u00f6parina Malmin kanssa on my\u00f6s alkanut t\u00e4n\u00e4 vuonna uuden EU-rahoitteisen ja edelleen monitieteisen postdoc tutkimusohjelman koordinointi. Molemmissa hankkeissa yhteisty\u00f6 neurotieteen, innovaatiojohtamisen, datatieteen sek\u00e4 yhteiskunta- ja oikeustieteiden v\u00e4lill\u00e4 pyrkii l\u00f6yt\u00e4m\u00e4\u00e4n uusia ratkaisuja aivoterveyden haasteisiin. Molemmissa hankkeissa tehd\u00e4\u00e4n yhteisty\u00f6t\u00e4 my\u00f6s Kuopion alueen terveysinnovaatioihin keskittyv\u00e4n ekosysteemin kanssa sek\u00e4 yritysten, potilasj\u00e4rjest\u00f6jen ja ulkomaisten yliopistojen kanssa.<\/bdo><\/p>\n\n\n\n<p><bdo lang=\"fi\" dir=\"ltr\">It\u00e4-Suomen yliopistossa P\u00e4ivi osallistuu innovaatiojohtamisen tutkimusryhm\u00e4n ja neuro-innovaatioihin keskittyv\u00e4n tutkimustiimin johtamiseen yhdess\u00e4 kollegoidensa kanssa. Tuore kansainv\u00e4lisesti vaikuttava projekti on innovaatiojohtamisen tutkimusta k\u00e4sittelev\u00e4n kirjan tekeminen, yhteisty\u00f6ss\u00e4 oman ryhm\u00e4n kanssa ja yli sadan muun kirjoittajan kanssa.<\/bdo><\/p>\n\n\n\n<p><bdo lang=\"fi\" dir=\"ltr\">P\u00e4ivi toivoo, ett\u00e4 nykyajan tehokkuusvaatimusten keskell\u00e4 muistettaisiin innovaatioihin ja uudistumiseen liittyv\u00e4n luovuuden vaativan tilaa ja aikaa. Hyv\u00e4t tulokset eiv\u00e4t v\u00e4ltt\u00e4m\u00e4tt\u00e4 synny joko-tai vaan sek\u00e4-ett\u00e4 ajattelulla, esimerkiksi kun yhdistet\u00e4\u00e4n tehokkuus ja luovuus.<\/bdo><\/p>\n\n\n\n<h2 class=\"wp-block-heading\"><bdo lang=\"fi\" dir=\"ltr\">Lis\u00e4tietoa<\/bdo><\/h2>\n\n\n\n<p><bdo lang=\"fi\" dir=\"ltr\">paivi.eriksson@uef.fi | 040 021 9482<\/bdo><\/p>\n\n\n\n<p><bdo lang=\"fi\" dir=\"ltr\">Kuopio Brain &amp; Mind on osa Kansallisen Neurokeskuksen tutkijaverkostoa.\u00a0 Lis\u00e4tietoa verkostostamme l\u00f6yd\u00e4t osoitteesta\u00a0<a href=\"https:\/\/neurocenterfinland.fi\/\">https:\/\/neurocenterfinland.fi\/\u00a0<\/a><\/bdo><\/p>\n\n\n\n<p><bdo lang=\"fi\" dir=\"ltr\">Twitter:\u00a0<a href=\"https:\/\/x.com\/kuo_brain_mind\">@kuo_brain_mind\u00a0<\/a><\/bdo><\/p>\n\n\n\n<p><bdo lang=\"fi\" dir=\"ltr\">LinkedIn:\u00a0<a href=\"https:\/\/www.linkedin.com\/company\/kuopio-brain-mind\">https:\/\/www.linkedin.com\/company\/kuopio-brain-mind<\/a><\/bdo><\/p>\n","protected":false},"excerpt":{"rendered":"<p>T\u00e4m\u00e4 uutinen on julkaistu alun perin 11.9.2024. Kirjoittaja: Tarja Laitinen, Kuopio Brain &amp; Mind aluep\u00e4\u00e4llikk\u00f6. Vuonna 2021 perustetun Kansallisen Neurokeskuksen Kuopio Brain &amp; Mind-alueverkoston toiminta edist\u00e4\u00e4 aivoterveytt\u00e4 monialaisella ja potilasl\u00e4ht\u00f6isell\u00e4 yhteisty\u00f6ll\u00e4. Kuopio Brain &amp; Mind -alueverkoston tavoitteena on lis\u00e4t\u00e4 ja helpottaa yhteisty\u00f6t\u00e4 It\u00e4-Suomen yliopiston ja Pohjois-Savon hyvinvointialueen sek\u00e4 aivoterveyden parissa ty\u00f6skentelevien yritysten v\u00e4lill\u00e4 ja edist\u00e4\u00e4 [&hellip;]<\/p>\n","protected":false},"author":850,"featured_media":0,"parent":0,"menu_order":0,"comment_status":"closed","ping_status":"closed","template":"","meta":{"_acf_changed":false,"footnotes":""},"class_list":["post-1581","page","type-page","status-publish","hentry"],"acf":[],"yoast_head":"<!-- This site is optimized with the Yoast SEO plugin v27.3 - https:\/\/yoast.com\/product\/yoast-seo-wordpress\/ -->\n<title>Esittelyss\u00e4 johtamisen professori, tutkija P\u00e4ivi Eriksson - Kuopio Brain &amp; Mind<\/title>\n<meta name=\"robots\" content=\"index, follow, max-snippet:-1, max-image-preview:large, max-video-preview:-1\" \/>\n<link rel=\"canonical\" href=\"https:\/\/sites.uef.fi\/kuopiobrainandmind\/esittelyssa-johtamisen-professori-tutkija-paivi-eriksson\/\" \/>\n<meta property=\"og:locale\" content=\"en_US\" \/>\n<meta property=\"og:type\" content=\"article\" \/>\n<meta property=\"og:title\" content=\"Esittelyss\u00e4 johtamisen professori, tutkija P\u00e4ivi Eriksson - Kuopio Brain &amp; Mind\" \/>\n<meta property=\"og:description\" content=\"T\u00e4m\u00e4 uutinen on julkaistu alun perin 11.9.2024. Kirjoittaja: Tarja Laitinen, Kuopio Brain &amp; Mind aluep\u00e4\u00e4llikk\u00f6. Vuonna 2021 perustetun Kansallisen Neurokeskuksen Kuopio Brain &amp; Mind-alueverkoston toiminta edist\u00e4\u00e4 aivoterveytt\u00e4 monialaisella ja potilasl\u00e4ht\u00f6isell\u00e4 yhteisty\u00f6ll\u00e4. Kuopio Brain &amp; Mind -alueverkoston tavoitteena on lis\u00e4t\u00e4 ja helpottaa yhteisty\u00f6t\u00e4 It\u00e4-Suomen yliopiston ja Pohjois-Savon hyvinvointialueen sek\u00e4 aivoterveyden parissa ty\u00f6skentelevien yritysten v\u00e4lill\u00e4 ja edist\u00e4\u00e4 [&hellip;]\" \/>\n<meta property=\"og:url\" content=\"https:\/\/sites.uef.fi\/kuopiobrainandmind\/esittelyssa-johtamisen-professori-tutkija-paivi-eriksson\/\" \/>\n<meta property=\"og:site_name\" content=\"Kuopio Brain &amp; Mind\" \/>\n<meta property=\"article:modified_time\" content=\"2026-01-26T06:51:58+00:00\" \/>\n<meta name=\"twitter:card\" content=\"summary_large_image\" \/>\n<meta name=\"twitter:label1\" content=\"Est. reading time\" \/>\n\t<meta name=\"twitter:data1\" content=\"2 minutes\" \/>\n<script type=\"application\/ld+json\" class=\"yoast-schema-graph\">{\"@context\":\"https:\\\/\\\/schema.org\",\"@graph\":[{\"@type\":\"WebPage\",\"@id\":\"https:\\\/\\\/sites.uef.fi\\\/kuopiobrainandmind\\\/esittelyssa-johtamisen-professori-tutkija-paivi-eriksson\\\/\",\"url\":\"https:\\\/\\\/sites.uef.fi\\\/kuopiobrainandmind\\\/esittelyssa-johtamisen-professori-tutkija-paivi-eriksson\\\/\",\"name\":\"Esittelyss\u00e4 johtamisen professori, tutkija P\u00e4ivi Eriksson - Kuopio Brain &amp; Mind\",\"isPartOf\":{\"@id\":\"https:\\\/\\\/sites.uef.fi\\\/kuopiobrainandmind\\\/#website\"},\"datePublished\":\"2026-01-23T12:57:28+00:00\",\"dateModified\":\"2026-01-26T06:51:58+00:00\",\"breadcrumb\":{\"@id\":\"https:\\\/\\\/sites.uef.fi\\\/kuopiobrainandmind\\\/esittelyssa-johtamisen-professori-tutkija-paivi-eriksson\\\/#breadcrumb\"},\"inLanguage\":\"en-US\",\"potentialAction\":[{\"@type\":\"ReadAction\",\"target\":[\"https:\\\/\\\/sites.uef.fi\\\/kuopiobrainandmind\\\/esittelyssa-johtamisen-professori-tutkija-paivi-eriksson\\\/\"]}]},{\"@type\":\"BreadcrumbList\",\"@id\":\"https:\\\/\\\/sites.uef.fi\\\/kuopiobrainandmind\\\/esittelyssa-johtamisen-professori-tutkija-paivi-eriksson\\\/#breadcrumb\",\"itemListElement\":[{\"@type\":\"ListItem\",\"position\":1,\"name\":\"Home\",\"item\":\"https:\\\/\\\/sites.uef.fi\\\/kuopiobrainandmind\\\/\"},{\"@type\":\"ListItem\",\"position\":2,\"name\":\"Esittelyss\u00e4 johtamisen professori, tutkija P\u00e4ivi Eriksson\"}]},{\"@type\":\"WebSite\",\"@id\":\"https:\\\/\\\/sites.uef.fi\\\/kuopiobrainandmind\\\/#website\",\"url\":\"https:\\\/\\\/sites.uef.fi\\\/kuopiobrainandmind\\\/\",\"name\":\"Kuopio Brain &amp; Mind\",\"description\":\"\",\"potentialAction\":[{\"@type\":\"SearchAction\",\"target\":{\"@type\":\"EntryPoint\",\"urlTemplate\":\"https:\\\/\\\/sites.uef.fi\\\/kuopiobrainandmind\\\/?s={search_term_string}\"},\"query-input\":{\"@type\":\"PropertyValueSpecification\",\"valueRequired\":true,\"valueName\":\"search_term_string\"}}],\"inLanguage\":\"en-US\"}]}<\/script>\n<!-- \/ Yoast SEO plugin. -->","yoast_head_json":{"title":"Esittelyss\u00e4 johtamisen professori, tutkija P\u00e4ivi Eriksson - Kuopio Brain &amp; Mind","robots":{"index":"index","follow":"follow","max-snippet":"max-snippet:-1","max-image-preview":"max-image-preview:large","max-video-preview":"max-video-preview:-1"},"canonical":"https:\/\/sites.uef.fi\/kuopiobrainandmind\/esittelyssa-johtamisen-professori-tutkija-paivi-eriksson\/","og_locale":"en_US","og_type":"article","og_title":"Esittelyss\u00e4 johtamisen professori, tutkija P\u00e4ivi Eriksson - Kuopio Brain &amp; Mind","og_description":"T\u00e4m\u00e4 uutinen on julkaistu alun perin 11.9.2024. Kirjoittaja: Tarja Laitinen, Kuopio Brain &amp; Mind aluep\u00e4\u00e4llikk\u00f6. Vuonna 2021 perustetun Kansallisen Neurokeskuksen Kuopio Brain &amp; Mind-alueverkoston toiminta edist\u00e4\u00e4 aivoterveytt\u00e4 monialaisella ja potilasl\u00e4ht\u00f6isell\u00e4 yhteisty\u00f6ll\u00e4. Kuopio Brain &amp; Mind -alueverkoston tavoitteena on lis\u00e4t\u00e4 ja helpottaa yhteisty\u00f6t\u00e4 It\u00e4-Suomen yliopiston ja Pohjois-Savon hyvinvointialueen sek\u00e4 aivoterveyden parissa ty\u00f6skentelevien yritysten v\u00e4lill\u00e4 ja edist\u00e4\u00e4 [&hellip;]","og_url":"https:\/\/sites.uef.fi\/kuopiobrainandmind\/esittelyssa-johtamisen-professori-tutkija-paivi-eriksson\/","og_site_name":"Kuopio Brain &amp; Mind","article_modified_time":"2026-01-26T06:51:58+00:00","twitter_card":"summary_large_image","twitter_misc":{"Est. reading time":"2 minutes"},"schema":{"@context":"https:\/\/schema.org","@graph":[{"@type":"WebPage","@id":"https:\/\/sites.uef.fi\/kuopiobrainandmind\/esittelyssa-johtamisen-professori-tutkija-paivi-eriksson\/","url":"https:\/\/sites.uef.fi\/kuopiobrainandmind\/esittelyssa-johtamisen-professori-tutkija-paivi-eriksson\/","name":"Esittelyss\u00e4 johtamisen professori, tutkija P\u00e4ivi Eriksson - Kuopio Brain &amp; Mind","isPartOf":{"@id":"https:\/\/sites.uef.fi\/kuopiobrainandmind\/#website"},"datePublished":"2026-01-23T12:57:28+00:00","dateModified":"2026-01-26T06:51:58+00:00","breadcrumb":{"@id":"https:\/\/sites.uef.fi\/kuopiobrainandmind\/esittelyssa-johtamisen-professori-tutkija-paivi-eriksson\/#breadcrumb"},"inLanguage":"en-US","potentialAction":[{"@type":"ReadAction","target":["https:\/\/sites.uef.fi\/kuopiobrainandmind\/esittelyssa-johtamisen-professori-tutkija-paivi-eriksson\/"]}]},{"@type":"BreadcrumbList","@id":"https:\/\/sites.uef.fi\/kuopiobrainandmind\/esittelyssa-johtamisen-professori-tutkija-paivi-eriksson\/#breadcrumb","itemListElement":[{"@type":"ListItem","position":1,"name":"Home","item":"https:\/\/sites.uef.fi\/kuopiobrainandmind\/"},{"@type":"ListItem","position":2,"name":"Esittelyss\u00e4 johtamisen professori, tutkija P\u00e4ivi Eriksson"}]},{"@type":"WebSite","@id":"https:\/\/sites.uef.fi\/kuopiobrainandmind\/#website","url":"https:\/\/sites.uef.fi\/kuopiobrainandmind\/","name":"Kuopio Brain &amp; Mind","description":"","potentialAction":[{"@type":"SearchAction","target":{"@type":"EntryPoint","urlTemplate":"https:\/\/sites.uef.fi\/kuopiobrainandmind\/?s={search_term_string}"},"query-input":{"@type":"PropertyValueSpecification","valueRequired":true,"valueName":"search_term_string"}}],"inLanguage":"en-US"}]}},"_links":{"self":[{"href":"https:\/\/sites.uef.fi\/kuopiobrainandmind\/wp-json\/wp\/v2\/pages\/1581","targetHints":{"allow":["GET"]}}],"collection":[{"href":"https:\/\/sites.uef.fi\/kuopiobrainandmind\/wp-json\/wp\/v2\/pages"}],"about":[{"href":"https:\/\/sites.uef.fi\/kuopiobrainandmind\/wp-json\/wp\/v2\/types\/page"}],"author":[{"embeddable":true,"href":"https:\/\/sites.uef.fi\/kuopiobrainandmind\/wp-json\/wp\/v2\/users\/850"}],"replies":[{"embeddable":true,"href":"https:\/\/sites.uef.fi\/kuopiobrainandmind\/wp-json\/wp\/v2\/comments?post=1581"}],"version-history":[{"count":1,"href":"https:\/\/sites.uef.fi\/kuopiobrainandmind\/wp-json\/wp\/v2\/pages\/1581\/revisions"}],"predecessor-version":[{"id":1602,"href":"https:\/\/sites.uef.fi\/kuopiobrainandmind\/wp-json\/wp\/v2\/pages\/1581\/revisions\/1602"}],"wp:attachment":[{"href":"https:\/\/sites.uef.fi\/kuopiobrainandmind\/wp-json\/wp\/v2\/media?parent=1581"}],"curies":[{"name":"wp","href":"https:\/\/api.w.org\/{rel}","templated":true}]}}