{"id":434,"date":"2025-01-16T15:54:25","date_gmt":"2025-01-16T13:54:25","guid":{"rendered":"https:\/\/sites.uef.fi\/kuopiobrainandmind\/?page_id=434"},"modified":"2025-12-01T12:32:36","modified_gmt":"2025-12-01T10:32:36","slug":"operation-of-kuopio-brain-mind","status":"publish","type":"page","link":"https:\/\/sites.uef.fi\/kuopiobrainandmind\/operation-of-kuopio-brain-mind\/","title":{"rendered":"Operation in Kuopio Brain &amp; Mind"},"content":{"rendered":"\n<p><strong>Kuopio Brain &amp; Mind operates in Eastern Finland as a part of a unique neuroscience collaboration network under the umbrella of Neurocenter Finland. <\/strong><\/p>\n\n\n\n<p><strong>Kuopio Brain &amp; Mind\u00b4s actions are coordinated by the Regional Manager<\/strong> and <strong>guided by Kuopio Brain &amp; Mind steering board<\/strong>. The members of the board act as authorized members of the organization they present.<\/p>\n\n\n\n<h5 class=\"wp-block-heading\">The steering board of Kuopio Brain &amp; Mind<\/h5>\n\n\n\n<div class=\"person-card\">\n    \n                    <a href=\"https:\/\/uefconnect.uef.fi\/en\/annakaisa.haapasalo\/\" class=\"person-card-link hover-scale-down\">\n                            <div class=\"person-card-item\">\n                    <div class=\"person-card-column-left\">\n                                                    <img decoding=\"async\" class=\"person-card-image\" src=\"https:\/\/sites.uef.fi\/kuopiobrainandmind\/wp-content\/uploads\/sites\/532\/2024\/11\/Annakaisa.jpg\" alt=\"Annakaisa Haapasalo\" \/>\n                                            <\/div>\n\n                    <div class=\"person-card-column-right\">\n                                                <p class=\"person-card-name\">Annakaisa Haapasalo<\/p>\n                        \n                                                <p class=\"person-card-position\">Chair of Kuopio Brain &amp; Mind steering board<\/p>\n                        \n                        \n                                                <p class=\"person-card-text\">Professor of Neurodegeneration, UEF Faculty of Health Sciences &#8211; \r\nLeader of the Molecular Neurodegeneration Research Group, A.I. Virtanen Institute<\/p>\n                        \n                                                    <div>\n\t\t\t\t\t\t\t<svg xmlns=\"http:\/\/www.w3.org\/2000\/svg\" height=\"25px\" viewBox=\"0 -960 960 960\" width=\"24px\" ><path fill=\"currentColor\" d=\"M200-120q-33 0-56.5-23.5T120-200v-560q0-33 23.5-56.5T200-840h280v80H200v560h560v-280h80v280q0 33-23.5 56.5T760-120H200Zm188-212-56-56 372-372H560v-80h280v280h-80v-144L388-332Z\"\/><\/svg>\t\t\t\t\t\t\t<\/div>\n                                            <\/div>\n                <\/div>\n                            <\/a>\n                                        <a href=\"https:\/\/uefconnect.uef.fi\/anna.maki-petaja-leinonen\/\" class=\"person-card-link hover-scale-down\">\n                            <div class=\"person-card-item\">\n                    <div class=\"person-card-column-left\">\n                                                    <img decoding=\"async\" class=\"person-card-image\" src=\"https:\/\/sites.uef.fi\/kuopiobrainandmind\/wp-content\/uploads\/sites\/532\/2024\/11\/Anna.jpg\" alt=\"Anna M\u00e4ki-Pet\u00e4j\u00e4-Leinonen\" \/>\n                                            <\/div>\n\n                    <div class=\"person-card-column-right\">\n                                                <p class=\"person-card-name\">Anna M\u00e4ki-Pet\u00e4j\u00e4-Leinonen<\/p>\n                        \n                        \n                        \n                                                <p class=\"person-card-text\">Professor of Law and Ageing Law School, UEF Faculty of Social Sciences and Business Studies &#8211; Leader of the Neuro-Ethics and Law Research Team, UEF Neuroscience Research Community &#8211; Docent in Family law, University of Helsinki &#8211; Docent in Elder law, University of Lapland\r\n<\/p>\n                        \n                                                    <div>\n\t\t\t\t\t\t\t<svg xmlns=\"http:\/\/www.w3.org\/2000\/svg\" height=\"25px\" viewBox=\"0 -960 960 960\" width=\"24px\" ><path fill=\"currentColor\" d=\"M200-120q-33 0-56.5-23.5T120-200v-560q0-33 23.5-56.5T200-840h280v80H200v560h560v-280h80v280q0 33-23.5 56.5T760-120H200Zm188-212-56-56 372-372H560v-80h280v280h-80v-144L388-332Z\"\/><\/svg>\t\t\t\t\t\t\t<\/div>\n                                            <\/div>\n                <\/div>\n                            <\/a>\n                                        <a href=\"https:\/\/uefconnect.uef.fi\/olli.grohn\/\" class=\"person-card-link hover-scale-down\">\n                            <div class=\"person-card-item\">\n                    <div class=\"person-card-column-left\">\n                                                    <img decoding=\"async\" class=\"person-card-image\" src=\"https:\/\/sites.uef.fi\/kuopiobrainandmind\/wp-content\/uploads\/sites\/532\/2024\/11\/Olli.jpg\" alt=\"Olli Gr\u00f6hn\" \/>\n                                            <\/div>\n\n                    <div class=\"person-card-column-right\">\n                                                <p class=\"person-card-name\">Olli Gr\u00f6hn<\/p>\n                        \n                        \n                        \n                                                <p class=\"person-card-text\">Professor of Biomedical Imaging at A.I. Virtanen Institute for Molecular Sciences, \r\nUEF Faculty of Health Sciences\r\n<\/p>\n                        \n                                                    <div>\n\t\t\t\t\t\t\t<svg xmlns=\"http:\/\/www.w3.org\/2000\/svg\" height=\"25px\" viewBox=\"0 -960 960 960\" width=\"24px\" ><path fill=\"currentColor\" d=\"M200-120q-33 0-56.5-23.5T120-200v-560q0-33 23.5-56.5T200-840h280v80H200v560h560v-280h80v280q0 33-23.5 56.5T760-120H200Zm188-212-56-56 372-372H560v-80h280v280h-80v-144L388-332Z\"\/><\/svg>\t\t\t\t\t\t\t<\/div>\n                                            <\/div>\n                <\/div>\n                            <\/a>\n                                        <a href=\"https:\/\/uefconnect.uef.fi\/pekka.jakala\/\" class=\"person-card-link hover-scale-down\">\n                            <div class=\"person-card-item\">\n                    <div class=\"person-card-column-left\">\n                                                    <img decoding=\"async\" class=\"person-card-image\" src=\"https:\/\/sites.uef.fi\/kuopiobrainandmind\/wp-content\/uploads\/sites\/532\/2024\/11\/Pekka.jpg\" alt=\"Pekka J\u00e4k\u00e4l\u00e4\" \/>\n                                            <\/div>\n\n                    <div class=\"person-card-column-right\">\n                                                <p class=\"person-card-name\">Pekka J\u00e4k\u00e4l\u00e4<\/p>\n                        \n                        \n                        \n                                                <p class=\"person-card-text\">Professor of Neurology, UEF Faculty of Health Sciences, Institute of Clinical Medicine &#8211; Director and Chief Physician, NeuroCenter, Kuopio University Hospital \r\n<\/p>\n                        \n                                                    <div>\n\t\t\t\t\t\t\t<svg xmlns=\"http:\/\/www.w3.org\/2000\/svg\" height=\"25px\" viewBox=\"0 -960 960 960\" width=\"24px\" ><path fill=\"currentColor\" d=\"M200-120q-33 0-56.5-23.5T120-200v-560q0-33 23.5-56.5T200-840h280v80H200v560h560v-280h80v280q0 33-23.5 56.5T760-120H200Zm188-212-56-56 372-372H560v-80h280v280h-80v-144L388-332Z\"\/><\/svg>\t\t\t\t\t\t\t<\/div>\n                                            <\/div>\n                <\/div>\n                            <\/a>\n                                        <a href=\"https:\/\/uefconnect.uef.fi\/paivi.eriksson\/\" class=\"person-card-link hover-scale-down\">\n                            <div class=\"person-card-item\">\n                    <div class=\"person-card-column-left\">\n                                                    <img decoding=\"async\" class=\"person-card-image\" src=\"https:\/\/sites.uef.fi\/kuopiobrainandmind\/wp-content\/uploads\/sites\/532\/2024\/11\/Paivi.jpg\" alt=\"P\u00e4ivi Eriksson\" \/>\n                                            <\/div>\n\n                    <div class=\"person-card-column-right\">\n                                                <p class=\"person-card-name\">P\u00e4ivi Eriksson<\/p>\n                        \n                        \n                        \n                                                <p class=\"person-card-text\">Professor of Management, Business School, UEF Faculty of Social Sciences and Business Studies, Co-leader of Innovation Management research group and Neuro-innovation and impact research team, UEF Neuroscience Research Community.\r\n\r\n<\/p>\n                        \n                                                    <div>\n\t\t\t\t\t\t\t<svg xmlns=\"http:\/\/www.w3.org\/2000\/svg\" height=\"25px\" viewBox=\"0 -960 960 960\" width=\"24px\" ><path fill=\"currentColor\" d=\"M200-120q-33 0-56.5-23.5T120-200v-560q0-33 23.5-56.5T200-840h280v80H200v560h560v-280h80v280q0 33-23.5 56.5T760-120H200Zm188-212-56-56 372-372H560v-80h280v280h-80v-144L388-332Z\"\/><\/svg>\t\t\t\t\t\t\t<\/div>\n                                            <\/div>\n                <\/div>\n                            <\/a>\n                                        <a href=\"https:\/\/uefconnect.uef.fi\/reetta.kalviainen\/\" class=\"person-card-link hover-scale-down\">\n                            <div class=\"person-card-item\">\n                    <div class=\"person-card-column-left\">\n                                                    <img decoding=\"async\" class=\"person-card-image\" src=\"https:\/\/sites.uef.fi\/kuopiobrainandmind\/wp-content\/uploads\/sites\/532\/2024\/11\/Reetta.jpg\" alt=\"Reetta K\u00e4lvi\u00e4inen \" \/>\n                                            <\/div>\n\n                    <div class=\"person-card-column-right\">\n                                                <p class=\"person-card-name\">Reetta K\u00e4lvi\u00e4inen <\/p>\n                        \n                        \n                        \n                                                <p class=\"person-card-text\">Chair of Neurology at UEF Faculty of Medicine, Institute of Clinical Medicine &#8211;\r\nDirector of Kuopio Epilepsy Center at Kuopio University Hospital &#8211; Member of the board of Neurocenter Finland\r\n<\/p>\n                        \n                                                    <div>\n\t\t\t\t\t\t\t<svg xmlns=\"http:\/\/www.w3.org\/2000\/svg\" height=\"25px\" viewBox=\"0 -960 960 960\" width=\"24px\" ><path fill=\"currentColor\" d=\"M200-120q-33 0-56.5-23.5T120-200v-560q0-33 23.5-56.5T200-840h280v80H200v560h560v-280h80v280q0 33-23.5 56.5T760-120H200Zm188-212-56-56 372-372H560v-80h280v280h-80v-144L388-332Z\"\/><\/svg>\t\t\t\t\t\t\t<\/div>\n                                            <\/div>\n                <\/div>\n                            <\/a>\n                                        <a href=\"https:\/\/uefconnect.uef.fi\/tommi.tolmunen\/\" class=\"person-card-link hover-scale-down\">\n                            <div class=\"person-card-item\">\n                    <div class=\"person-card-column-left\">\n                                                    <img decoding=\"async\" class=\"person-card-image\" src=\"https:\/\/sites.uef.fi\/kuopiobrainandmind\/wp-content\/uploads\/sites\/532\/2024\/11\/Tommi.jpg\" alt=\"Tommi Tolmunen\" \/>\n                                            <\/div>\n\n                    <div class=\"person-card-column-right\">\n                                                <p class=\"person-card-name\">Tommi Tolmunen<\/p>\n                        \n                        \n                        \n                                                <p class=\"person-card-text\">Professor of Adolescent Psychiatry\r\nDepartment of Psychiatry\r\nInstitute of Clinical Medicine, UEF Faculty of Health Sciences\r\n<\/p>\n                        \n                                                    <div>\n\t\t\t\t\t\t\t<svg xmlns=\"http:\/\/www.w3.org\/2000\/svg\" height=\"25px\" viewBox=\"0 -960 960 960\" width=\"24px\" ><path fill=\"currentColor\" d=\"M200-120q-33 0-56.5-23.5T120-200v-560q0-33 23.5-56.5T200-840h280v80H200v560h560v-280h80v280q0 33-23.5 56.5T760-120H200Zm188-212-56-56 372-372H560v-80h280v280h-80v-144L388-332Z\"\/><\/svg>\t\t\t\t\t\t\t<\/div>\n                                            <\/div>\n                <\/div>\n                            <\/a>\n                                        <a href=\"https:\/\/uefconnect.uef.fi\/ville.leinonen\/\" class=\"person-card-link hover-scale-down\">\n                            <div class=\"person-card-item\">\n                    <div class=\"person-card-column-left\">\n                                                    <img decoding=\"async\" class=\"person-card-image\" src=\"https:\/\/sites.uef.fi\/kuopiobrainandmind\/wp-content\/uploads\/sites\/532\/2024\/11\/Ville.jpg\" alt=\"Ville Leinonen\" \/>\n                                            <\/div>\n\n                    <div class=\"person-card-column-right\">\n                                                <p class=\"person-card-name\">Ville Leinonen<\/p>\n                        \n                        \n                        \n                                                <p class=\"person-card-text\">Professor of Neurosurgery, Head of Department School of Medicine, \r\nUEF Faculty of Health Sciences &#8211; Senior Physician of Neurosurgery, Kuopio University Hospital\r\n<\/p>\n                        \n                                                    <div>\n\t\t\t\t\t\t\t<svg xmlns=\"http:\/\/www.w3.org\/2000\/svg\" height=\"25px\" viewBox=\"0 -960 960 960\" width=\"24px\" ><path fill=\"currentColor\" d=\"M200-120q-33 0-56.5-23.5T120-200v-560q0-33 23.5-56.5T200-840h280v80H200v560h560v-280h80v280q0 33-23.5 56.5T760-120H200Zm188-212-56-56 372-372H560v-80h280v280h-80v-144L388-332Z\"\/><\/svg>\t\t\t\t\t\t\t<\/div>\n                                            <\/div>\n                <\/div>\n                            <\/a>\n                            <\/div>\n\n\n\n<p><\/p>\n\n\n\n<h5 class=\"wp-block-heading\">Kuopio Brain &amp; Mind Regional Manager<\/h5>\n\n\n\n<div class=\"person-card\">\n    \n                    <a href=\"https:\/\/uefconnect.uef.fi\/en\/venla.olsson\/\" class=\"person-card-link hover-scale-down\">\n                            <div class=\"person-card-item\">\n                    <div class=\"person-card-column-left\">\n                                                    <img decoding=\"async\" class=\"person-card-image\" src=\"https:\/\/sites.uef.fi\/kuopiobrainandmind\/wp-content\/uploads\/sites\/532\/2025\/12\/Olsson-Venla_uefconnect-e1764925905662.jpg\" alt=\"Venla Olsson\" \/>\n                                            <\/div>\n\n                    <div class=\"person-card-column-right\">\n                                                <p class=\"person-card-name\">Venla Olsson<\/p>\n                        \n                                                <p class=\"person-card-position\">Regional Manager<\/p>\n                        \n                        \n                        \n                                                    <div>\n\t\t\t\t\t\t\t<svg xmlns=\"http:\/\/www.w3.org\/2000\/svg\" height=\"25px\" viewBox=\"0 -960 960 960\" width=\"24px\" ><path fill=\"currentColor\" d=\"M200-120q-33 0-56.5-23.5T120-200v-560q0-33 23.5-56.5T200-840h280v80H200v560h560v-280h80v280q0 33-23.5 56.5T760-120H200Zm188-212-56-56 372-372H560v-80h280v280h-80v-144L388-332Z\"\/><\/svg>\t\t\t\t\t\t\t<\/div>\n                                            <\/div>\n                <\/div>\n                            <\/a>\n                            <\/div>\n","protected":false},"excerpt":{"rendered":"<p>Kuopio Brain &amp; Mind operates in Eastern Finland as a part of a unique neuroscience collaboration network under the umbrella of Neurocenter Finland. Kuopio Brain &amp; Mind\u00b4s actions are coordinated by the Regional Manager and guided by Kuopio Brain &amp; Mind steering board. The members of the board act as authorized members of the organization [&hellip;]<\/p>\n","protected":false},"author":1246,"featured_media":0,"parent":0,"menu_order":0,"comment_status":"closed","ping_status":"closed","template":"","meta":{"_acf_changed":false,"footnotes":""},"class_list":["post-434","page","type-page","status-publish","hentry"],"acf":[],"yoast_head":"<!-- This site is optimized with the Yoast SEO plugin v27.3 - https:\/\/yoast.com\/product\/yoast-seo-wordpress\/ -->\n<title>Operation in Kuopio Brain &amp; Mind - Kuopio Brain &amp; Mind<\/title>\n<meta name=\"robots\" content=\"index, follow, max-snippet:-1, max-image-preview:large, max-video-preview:-1\" \/>\n<link rel=\"canonical\" href=\"https:\/\/sites.uef.fi\/kuopiobrainandmind\/operation-of-kuopio-brain-mind\/\" \/>\n<meta property=\"og:locale\" content=\"en_US\" \/>\n<meta property=\"og:type\" content=\"article\" \/>\n<meta property=\"og:title\" content=\"Operation in Kuopio Brain &amp; Mind - Kuopio Brain &amp; Mind\" \/>\n<meta property=\"og:description\" content=\"Kuopio Brain &amp; Mind operates in Eastern Finland as a part of a unique neuroscience collaboration network under the umbrella of Neurocenter Finland. Kuopio Brain &amp; Mind\u00b4s actions are coordinated by the Regional Manager and guided by Kuopio Brain &amp; Mind steering board. The members of the board act as authorized members of the organization [&hellip;]\" \/>\n<meta property=\"og:url\" content=\"https:\/\/sites.uef.fi\/kuopiobrainandmind\/operation-of-kuopio-brain-mind\/\" \/>\n<meta property=\"og:site_name\" content=\"Kuopio Brain &amp; Mind\" \/>\n<meta property=\"article:modified_time\" content=\"2025-12-01T10:32:36+00:00\" \/>\n<meta name=\"twitter:card\" content=\"summary_large_image\" \/>\n<meta name=\"twitter:label1\" content=\"Est. reading time\" \/>\n\t<meta name=\"twitter:data1\" content=\"1 minute\" \/>\n<script type=\"application\/ld+json\" class=\"yoast-schema-graph\">{\"@context\":\"https:\\\/\\\/schema.org\",\"@graph\":[{\"@type\":\"WebPage\",\"@id\":\"https:\\\/\\\/sites.uef.fi\\\/kuopiobrainandmind\\\/operation-of-kuopio-brain-mind\\\/\",\"url\":\"https:\\\/\\\/sites.uef.fi\\\/kuopiobrainandmind\\\/operation-of-kuopio-brain-mind\\\/\",\"name\":\"Operation in Kuopio Brain &amp; Mind - Kuopio Brain &amp; Mind\",\"isPartOf\":{\"@id\":\"https:\\\/\\\/sites.uef.fi\\\/kuopiobrainandmind\\\/#website\"},\"datePublished\":\"2025-01-16T13:54:25+00:00\",\"dateModified\":\"2025-12-01T10:32:36+00:00\",\"breadcrumb\":{\"@id\":\"https:\\\/\\\/sites.uef.fi\\\/kuopiobrainandmind\\\/operation-of-kuopio-brain-mind\\\/#breadcrumb\"},\"inLanguage\":\"en-US\",\"potentialAction\":[{\"@type\":\"ReadAction\",\"target\":[\"https:\\\/\\\/sites.uef.fi\\\/kuopiobrainandmind\\\/operation-of-kuopio-brain-mind\\\/\"]}]},{\"@type\":\"BreadcrumbList\",\"@id\":\"https:\\\/\\\/sites.uef.fi\\\/kuopiobrainandmind\\\/operation-of-kuopio-brain-mind\\\/#breadcrumb\",\"itemListElement\":[{\"@type\":\"ListItem\",\"position\":1,\"name\":\"Home\",\"item\":\"https:\\\/\\\/sites.uef.fi\\\/kuopiobrainandmind\\\/\"},{\"@type\":\"ListItem\",\"position\":2,\"name\":\"Operation in Kuopio Brain &amp; Mind\"}]},{\"@type\":\"WebSite\",\"@id\":\"https:\\\/\\\/sites.uef.fi\\\/kuopiobrainandmind\\\/#website\",\"url\":\"https:\\\/\\\/sites.uef.fi\\\/kuopiobrainandmind\\\/\",\"name\":\"Kuopio Brain &amp; Mind\",\"description\":\"\",\"potentialAction\":[{\"@type\":\"SearchAction\",\"target\":{\"@type\":\"EntryPoint\",\"urlTemplate\":\"https:\\\/\\\/sites.uef.fi\\\/kuopiobrainandmind\\\/?s={search_term_string}\"},\"query-input\":{\"@type\":\"PropertyValueSpecification\",\"valueRequired\":true,\"valueName\":\"search_term_string\"}}],\"inLanguage\":\"en-US\"}]}<\/script>\n<!-- \/ Yoast SEO plugin. -->","yoast_head_json":{"title":"Operation in Kuopio Brain &amp; Mind - Kuopio Brain &amp; Mind","robots":{"index":"index","follow":"follow","max-snippet":"max-snippet:-1","max-image-preview":"max-image-preview:large","max-video-preview":"max-video-preview:-1"},"canonical":"https:\/\/sites.uef.fi\/kuopiobrainandmind\/operation-of-kuopio-brain-mind\/","og_locale":"en_US","og_type":"article","og_title":"Operation in Kuopio Brain &amp; Mind - Kuopio Brain &amp; Mind","og_description":"Kuopio Brain &amp; Mind operates in Eastern Finland as a part of a unique neuroscience collaboration network under the umbrella of Neurocenter Finland. Kuopio Brain &amp; Mind\u00b4s actions are coordinated by the Regional Manager and guided by Kuopio Brain &amp; Mind steering board. The members of the board act as authorized members of the organization [&hellip;]","og_url":"https:\/\/sites.uef.fi\/kuopiobrainandmind\/operation-of-kuopio-brain-mind\/","og_site_name":"Kuopio Brain &amp; Mind","article_modified_time":"2025-12-01T10:32:36+00:00","twitter_card":"summary_large_image","twitter_misc":{"Est. reading time":"1 minute"},"schema":{"@context":"https:\/\/schema.org","@graph":[{"@type":"WebPage","@id":"https:\/\/sites.uef.fi\/kuopiobrainandmind\/operation-of-kuopio-brain-mind\/","url":"https:\/\/sites.uef.fi\/kuopiobrainandmind\/operation-of-kuopio-brain-mind\/","name":"Operation in Kuopio Brain &amp; Mind - Kuopio Brain &amp; Mind","isPartOf":{"@id":"https:\/\/sites.uef.fi\/kuopiobrainandmind\/#website"},"datePublished":"2025-01-16T13:54:25+00:00","dateModified":"2025-12-01T10:32:36+00:00","breadcrumb":{"@id":"https:\/\/sites.uef.fi\/kuopiobrainandmind\/operation-of-kuopio-brain-mind\/#breadcrumb"},"inLanguage":"en-US","potentialAction":[{"@type":"ReadAction","target":["https:\/\/sites.uef.fi\/kuopiobrainandmind\/operation-of-kuopio-brain-mind\/"]}]},{"@type":"BreadcrumbList","@id":"https:\/\/sites.uef.fi\/kuopiobrainandmind\/operation-of-kuopio-brain-mind\/#breadcrumb","itemListElement":[{"@type":"ListItem","position":1,"name":"Home","item":"https:\/\/sites.uef.fi\/kuopiobrainandmind\/"},{"@type":"ListItem","position":2,"name":"Operation in Kuopio Brain &amp; Mind"}]},{"@type":"WebSite","@id":"https:\/\/sites.uef.fi\/kuopiobrainandmind\/#website","url":"https:\/\/sites.uef.fi\/kuopiobrainandmind\/","name":"Kuopio Brain &amp; Mind","description":"","potentialAction":[{"@type":"SearchAction","target":{"@type":"EntryPoint","urlTemplate":"https:\/\/sites.uef.fi\/kuopiobrainandmind\/?s={search_term_string}"},"query-input":{"@type":"PropertyValueSpecification","valueRequired":true,"valueName":"search_term_string"}}],"inLanguage":"en-US"}]}},"_links":{"self":[{"href":"https:\/\/sites.uef.fi\/kuopiobrainandmind\/wp-json\/wp\/v2\/pages\/434","targetHints":{"allow":["GET"]}}],"collection":[{"href":"https:\/\/sites.uef.fi\/kuopiobrainandmind\/wp-json\/wp\/v2\/pages"}],"about":[{"href":"https:\/\/sites.uef.fi\/kuopiobrainandmind\/wp-json\/wp\/v2\/types\/page"}],"author":[{"embeddable":true,"href":"https:\/\/sites.uef.fi\/kuopiobrainandmind\/wp-json\/wp\/v2\/users\/1246"}],"replies":[{"embeddable":true,"href":"https:\/\/sites.uef.fi\/kuopiobrainandmind\/wp-json\/wp\/v2\/comments?post=434"}],"version-history":[{"count":1,"href":"https:\/\/sites.uef.fi\/kuopiobrainandmind\/wp-json\/wp\/v2\/pages\/434\/revisions"}],"predecessor-version":[{"id":1509,"href":"https:\/\/sites.uef.fi\/kuopiobrainandmind\/wp-json\/wp\/v2\/pages\/434\/revisions\/1509"}],"wp:attachment":[{"href":"https:\/\/sites.uef.fi\/kuopiobrainandmind\/wp-json\/wp\/v2\/media?parent=434"}],"curies":[{"name":"wp","href":"https:\/\/api.w.org\/{rel}","templated":true}]}}