{"id":506,"date":"2025-01-16T15:54:00","date_gmt":"2025-01-16T13:54:00","guid":{"rendered":"https:\/\/sites.uef.fi\/kuopiobrainandmind\/?page_id=506"},"modified":"2026-01-26T14:46:56","modified_gmt":"2026-01-26T12:46:56","slug":"news-and-events","status":"publish","type":"page","link":"https:\/\/sites.uef.fi\/kuopiobrainandmind\/news-and-events\/","title":{"rendered":"News"},"content":{"rendered":"    <div class=\"funders grid\">\n                        <a href=\"https:\/\/sites.uef.fi\/novel\/how-to-apply\/\" class=\"funders__link grid__item hover-scale-down\" title=\"Fully funded 3-year Postdoctoral Researcher positions in interdisciplinary brain health research at the University of Eastern Finland\">\n                            <div class=\"funders__image\">\n                    <img decoding=\"async\" src=\"https:\/\/sites.uef.fi\/kuopiobrainandmind\/wp-content\/uploads\/sites\/532\/2025\/12\/NOVEL-Call-2.png\" alt=\"Novel MSCA Postdoctoral Programme\" \/>\n                <\/div>\n                                    <p class=\"funders__description\">Fully funded 3-year Postdoctoral Researcher positions in interdisciplinary brain health research at the University of Eastern Finland<\/p>\n                                                    <div class=\"funders__arrow\">\n                    <svg\n        width=\"43\" height=\"25\"\n        viewBox=\"0 0 43 25\"\n        xmlns=\"http:\/\/www.w3.org\/2000\/svg\">\n    <path\n        d=\"M30.027 0 43 12.5 30.027 25 27 22.083 34.351 15H0v-5h34.351L27 2.917z\"\n        fill=\"currentColor\"\n        fill-rule=\"evenodd\"\/>\n<\/svg>                    <\/div>\n                <\/a>\n                            \n                        <a href=\"https:\/\/www.uef.fi\/fi\/artikkeli\/uusi-aluepaallikko-kansallisen-neurokeskuksen-kuopio-brain-mind-alueverkostoon\" class=\"funders__link grid__item hover-scale-down\" title=\"Esittelyss\u00e4 uusi aluep\u00e4\u00e4llikk\u00f6 Venla Olsson\">\n                            <div class=\"funders__image\">\n                    <img decoding=\"async\" src=\"https:\/\/sites.uef.fi\/kuopiobrainandmind\/wp-content\/uploads\/sites\/532\/2025\/12\/Olsson_Venla_500x500px.jpg\" alt=\"Esittelyss\u00e4 uusi aluep\u00e4\u00e4llikk\u00f6 Venla Olsson\" \/>\n                <\/div>\n                                    <p class=\"funders__description\">Esittelyss\u00e4 uusi aluep\u00e4\u00e4llikk\u00f6 Venla Olsson<\/p>\n                                                    <div class=\"funders__arrow\">\n                    <svg xmlns=\"http:\/\/www.w3.org\/2000\/svg\" height=\"25px\" viewBox=\"0 -960 960 960\" width=\"24px\" ><path fill=\"currentColor\" d=\"M200-120q-33 0-56.5-23.5T120-200v-560q0-33 23.5-56.5T200-840h280v80H200v560h560v-280h80v280q0 33-23.5 56.5T760-120H200Zm188-212-56-56 372-372H560v-80h280v280h-80v-144L388-332Z\"\/><\/svg>                    <\/div>\n                <\/a>\n                            \n                        <a href=\"https:\/\/sites.uef.fi\/kuopiobrainandmind\/esittelyssa-soluneurobiologian-professori-katja-kanninen\/\" class=\"funders__link grid__item hover-scale-down\" title=\"Esittelyss\u00e4 soluneurobiologian professori Katja Kanninen\">\n                            <div class=\"funders__image\">\n                    <img decoding=\"async\" src=\"https:\/\/sites.uef.fi\/kuopiobrainandmind\/wp-content\/uploads\/sites\/532\/2025\/09\/Katjan-kuva.png\" alt=\"Esittelyss\u00e4 soluneurobiologian professori Katja Kanninen\" \/>\n                <\/div>\n                                    <p class=\"funders__description\">Esittelyss\u00e4 soluneurobiologian professori Katja Kanninen<\/p>\n                                                    <div class=\"funders__arrow\">\n                    <svg\n        width=\"43\" height=\"25\"\n        viewBox=\"0 0 43 25\"\n        xmlns=\"http:\/\/www.w3.org\/2000\/svg\">\n    <path\n        d=\"M30.027 0 43 12.5 30.027 25 27 22.083 34.351 15H0v-5h34.351L27 2.917z\"\n        fill=\"currentColor\"\n        fill-rule=\"evenodd\"\/>\n<\/svg>                    <\/div>\n                <\/a>\n                            \n                        <a href=\"https:\/\/sites.uef.fi\/kuopiobrainandmind\/esittelyssa-molekulaarisen-neurodegeneraation-professori-ja-tutkimusryhman-johtaja-annakaisa-haapasalo\/\" class=\"funders__link grid__item hover-scale-down\" title=\"Esittelyss\u00e4 molekulaarisen neurodegeneraation professori ja tutkimusryhm\u00e4n johtaja Annakaisa Haapasalo\">\n                            <div class=\"funders__image\">\n                    <img decoding=\"async\" src=\"https:\/\/sites.uef.fi\/kuopiobrainandmind\/wp-content\/uploads\/sites\/532\/2024\/11\/Annakaisa.jpg\" alt=\"Esittelyss\u00e4 molekulaarisen neurodegeneraation professori ja tutkimusryhm\u00e4n johtaja Annakaisa Haapasalo\" \/>\n                <\/div>\n                                    <p class=\"funders__description\">Esittelyss\u00e4 molekulaarisen neurodegeneraation professori ja tutkimusryhm\u00e4n johtaja Annakaisa Haapasalo<\/p>\n                                                    <div class=\"funders__arrow\">\n                    <svg\n        width=\"43\" height=\"25\"\n        viewBox=\"0 0 43 25\"\n        xmlns=\"http:\/\/www.w3.org\/2000\/svg\">\n    <path\n        d=\"M30.027 0 43 12.5 30.027 25 27 22.083 34.351 15H0v-5h34.351L27 2.917z\"\n        fill=\"currentColor\"\n        fill-rule=\"evenodd\"\/>\n<\/svg>                    <\/div>\n                <\/a>\n                            \n                        <a href=\"https:\/\/sites.uef.fi\/kuopiobrainandmind\/esittelyssa-tutkija-tutkimusjohtaja-alejandra-sierra-lopez\/\" class=\"funders__link grid__item hover-scale-down\" title=\"Esittelyss\u00e4 tutkija, tutkimusryhm\u00e4njohtaja Alejandra Sierra Lopez\">\n                            <div class=\"funders__image\">\n                    <img decoding=\"async\" src=\"https:\/\/sites.uef.fi\/kuopiobrainandmind\/wp-content\/uploads\/sites\/532\/2025\/04\/Alejandran-kuva.jpg\" alt=\"Esittelyss\u00e4 tutkija, tutkimusryhm\u00e4njohtaja Alejandra Sierra Lopez\" \/>\n                <\/div>\n                                    <p class=\"funders__description\">Esittelyss\u00e4 tutkija, tutkimusryhm\u00e4njohtaja Alejandra Sierra Lopez<\/p>\n                                                    <div class=\"funders__arrow\">\n                    <svg\n        width=\"43\" height=\"25\"\n        viewBox=\"0 0 43 25\"\n        xmlns=\"http:\/\/www.w3.org\/2000\/svg\">\n    <path\n        d=\"M30.027 0 43 12.5 30.027 25 27 22.083 34.351 15H0v-5h34.351L27 2.917z\"\n        fill=\"currentColor\"\n        fill-rule=\"evenodd\"\/>\n<\/svg>                    <\/div>\n                <\/a>\n                            \n                        <a href=\"https:\/\/neurocenterfinland.fi\/en\/networking-event-kuopio-brain-mind\/\" class=\"funders__link grid__item hover-scale-down\" title=\"Kuopio Brain &amp; Mind\u00b4s Translational Research Networking Event was held 28th of March\">\n                            <div class=\"funders__image\">\n                    <img decoding=\"async\" src=\"https:\/\/sites.uef.fi\/kuopiobrainandmind\/wp-content\/uploads\/sites\/532\/2025\/04\/Neliokuva-verkkosivuille.png\" alt=\"Kuopio Brain &amp; Mind\u00b4s Translational Research Networking Event was held 28th of March\" \/>\n                <\/div>\n                                    <p class=\"funders__description\">Kuopio Brain &amp; Mind\u00b4s Translational Research Networking Event was held 28th of March<\/p>\n                                                    <div class=\"funders__arrow\">\n                    <svg xmlns=\"http:\/\/www.w3.org\/2000\/svg\" height=\"25px\" viewBox=\"0 -960 960 960\" width=\"24px\" ><path fill=\"currentColor\" d=\"M200-120q-33 0-56.5-23.5T120-200v-560q0-33 23.5-56.5T200-840h280v80H200v560h560v-280h80v280q0 33-23.5 56.5T760-120H200Zm188-212-56-56 372-372H560v-80h280v280h-80v-144L388-332Z\"\/><\/svg>                    <\/div>\n                <\/a>\n                            \n                        <a href=\"https:\/\/sites.uef.fi\/kuopiobrainandmind\/esittelyssa-biolaaketieteellisen-kuvantamisen-professori-tutkija-olli-grohn\/\" class=\"funders__link grid__item hover-scale-down\" title=\"Esittelyss\u00e4 biol\u00e4\u00e4ketieteellisen kuvantamisen professori, tutkija Olli Gr\u00f6hn \">\n                            <div class=\"funders__image\">\n                    <img decoding=\"async\" src=\"https:\/\/sites.uef.fi\/kuopiobrainandmind\/wp-content\/uploads\/sites\/532\/2024\/11\/Olli.jpg\" alt=\"Esittelyss\u00e4 biol\u00e4\u00e4ketieteellisen kuvantamisen professori, tutkija Olli Gr\u00f6hn \" \/>\n                <\/div>\n                                    <p class=\"funders__description\">Esittelyss\u00e4 biol\u00e4\u00e4ketieteellisen kuvantamisen professori, tutkija Olli Gr\u00f6hn <\/p>\n                                                    <div class=\"funders__arrow\">\n                    <svg\n        width=\"43\" height=\"25\"\n        viewBox=\"0 0 43 25\"\n        xmlns=\"http:\/\/www.w3.org\/2000\/svg\">\n    <path\n        d=\"M30.027 0 43 12.5 30.027 25 27 22.083 34.351 15H0v-5h34.351L27 2.917z\"\n        fill=\"currentColor\"\n        fill-rule=\"evenodd\"\/>\n<\/svg>                    <\/div>\n                <\/a>\n                            \n                        <a href=\"https:\/\/www.uef.fi\/fi\/artikkeli\/ensimmainen-alzheimerin-taudin-verikoe-kayttoon-ita-suomen-yliopiston-biomarkkerilaboratoriossa\" class=\"funders__link grid__item hover-scale-down\" title=\"Ensimm\u00e4inen Alzheimerin taudin verikoe k\u00e4ytt\u00f6\u00f6n It\u00e4-Suomen yliopiston Biomarkkerilaboratoriossa\">\n                            <div class=\"funders__image\">\n                    <img decoding=\"async\" src=\"https:\/\/sites.uef.fi\/kuopiobrainandmind\/wp-content\/uploads\/sites\/532\/2025\/02\/Ensim-Alzheimerin-taudin-verikoe-kayttoon-kuva-e1741848964277.png\" alt=\"Ensimm\u00e4inen Alzheimerin taudin verikoe k\u00e4ytt\u00f6\u00f6n It\u00e4-Suomen yliopiston Biomarkkerilaboratoriossa\" \/>\n                <\/div>\n                                    <p class=\"funders__description\">Ensimm\u00e4inen Alzheimerin taudin verikoe k\u00e4ytt\u00f6\u00f6n It\u00e4-Suomen yliopiston Biomarkkerilaboratoriossa<\/p>\n                                                    <div class=\"funders__arrow\">\n                    <svg xmlns=\"http:\/\/www.w3.org\/2000\/svg\" height=\"25px\" viewBox=\"0 -960 960 960\" width=\"24px\" ><path fill=\"currentColor\" d=\"M200-120q-33 0-56.5-23.5T120-200v-560q0-33 23.5-56.5T200-840h280v80H200v560h560v-280h80v280q0 33-23.5 56.5T760-120H200Zm188-212-56-56 372-372H560v-80h280v280h-80v-144L388-332Z\"\/><\/svg>                    <\/div>\n                <\/a>\n                            \n                        <a href=\"https:\/\/sites.uef.fi\/kuopiobrainandmind\/esittelyssa-kudos-ja-solubiologian-professori-tutkija-mikko-hiltunen\/\" class=\"funders__link grid__item hover-scale-down\" title=\"Esittelyss\u00e4 kudos- ja solubiologian professori, tutkija Mikko Hiltunen\">\n                            <div class=\"funders__image\">\n                    <img decoding=\"async\" src=\"https:\/\/sites.uef.fi\/kuopiobrainandmind\/wp-content\/uploads\/sites\/532\/2024\/11\/kuopio-BM-logo-kuva-.png\" alt=\"Esittelyss\u00e4 kudos- ja solubiologian professori, tutkija Mikko Hiltunen\" \/>\n                <\/div>\n                                    <p class=\"funders__description\">Esittelyss\u00e4 kudos- ja solubiologian professori, tutkija Mikko Hiltunen<\/p>\n                                                    <div class=\"funders__arrow\">\n                    <svg\n        width=\"43\" height=\"25\"\n        viewBox=\"0 0 43 25\"\n        xmlns=\"http:\/\/www.w3.org\/2000\/svg\">\n    <path\n        d=\"M30.027 0 43 12.5 30.027 25 27 22.083 34.351 15H0v-5h34.351L27 2.917z\"\n        fill=\"currentColor\"\n        fill-rule=\"evenodd\"\/>\n<\/svg>                    <\/div>\n                <\/a>\n                            \n                        <a href=\"https:\/\/kuopiohealth.fi\/tki-toimijat-valokeilassa-kuopio-brain-mind\/\" class=\"funders__link grid__item hover-scale-down\" title=\"Kuopio Brain &amp; Mind-Monitieteinen verkosto aivoterveyden parantamiseksi\">\n                            <div class=\"funders__image\">\n                    <img decoding=\"async\" src=\"https:\/\/sites.uef.fi\/kuopiobrainandmind\/wp-content\/uploads\/sites\/532\/2025\/03\/Oma-artikkeli-kuva-e1741854290373.png\" alt=\"Kuopio Health; TKI-toimijat valokeilassa \u2013 Kuopio Brain &amp; Mind\" \/>\n                <\/div>\n                                    <p class=\"funders__description\">Kuopio Brain &amp; Mind-Monitieteinen verkosto aivoterveyden parantamiseksi<\/p>\n                                                    <div class=\"funders__arrow\">\n                    <svg xmlns=\"http:\/\/www.w3.org\/2000\/svg\" height=\"25px\" viewBox=\"0 -960 960 960\" width=\"24px\" ><path fill=\"currentColor\" d=\"M200-120q-33 0-56.5-23.5T120-200v-560q0-33 23.5-56.5T200-840h280v80H200v560h560v-280h80v280q0 33-23.5 56.5T760-120H200Zm188-212-56-56 372-372H560v-80h280v280h-80v-144L388-332Z\"\/><\/svg>                    <\/div>\n                <\/a>\n                            \n                        <a href=\"https:\/\/pshyvinvointialue.fi\/fi\/w\/palkittu-neurologi-reetta-kalviainen-peraankuuluttaa-yhteistyota\" class=\"funders__link grid__item hover-scale-down\" title=\"Kuopion yliopistollisen sairaalan epilepsiakeskuksen ylil\u00e4\u00e4k\u00e4ri Reetta K\u00e4lvi\u00e4inen sai Erkki Kivalo-palkinnon\">\n                            <div class=\"funders__image\">\n                    <img decoding=\"async\" src=\"https:\/\/sites.uef.fi\/kuopiobrainandmind\/wp-content\/uploads\/sites\/532\/2024\/11\/Reetan-kuva-palkintoartikkelissa.jpg\" alt=\"Kuopion yliopistollisen sairaalan epilepsiakeskuksen ylil\u00e4\u00e4k\u00e4ri Reetta K\u00e4lvi\u00e4inen sai Erkki Kivalo-palkinnon\" \/>\n                <\/div>\n                                    <p class=\"funders__description\">Kuopion yliopistollisen sairaalan epilepsiakeskuksen ylil\u00e4\u00e4k\u00e4ri Reetta K\u00e4lvi\u00e4inen sai Erkki Kivalo-palkinnon<\/p>\n                                                    <div class=\"funders__arrow\">\n                    <svg xmlns=\"http:\/\/www.w3.org\/2000\/svg\" height=\"25px\" viewBox=\"0 -960 960 960\" width=\"24px\" ><path fill=\"currentColor\" d=\"M200-120q-33 0-56.5-23.5T120-200v-560q0-33 23.5-56.5T200-840h280v80H200v560h560v-280h80v280q0 33-23.5 56.5T760-120H200Zm188-212-56-56 372-372H560v-80h280v280h-80v-144L388-332Z\"\/><\/svg>                    <\/div>\n                <\/a>\n                            \n                        <a href=\"https:\/\/sites.uef.fi\/kuopiobrainandmind\/esittelyssa-vanhuusoikeuden-professori-ja-tutkija-anna-maki-petaja-leinonen\/\" class=\"funders__link grid__item hover-scale-down\" title=\"Esittelyss\u00e4 vanhuusoikeuden professori ja tutkija Anna M\u00e4ki-Pet\u00e4j\u00e4-Leinonen\">\n                            <div class=\"funders__image\">\n                    <img decoding=\"async\" src=\"https:\/\/sites.uef.fi\/kuopiobrainandmind\/wp-content\/uploads\/sites\/532\/2024\/11\/Anna.jpg\" alt=\"Esittelyss\u00e4 vanhuusoikeuden professori ja tutkija Anna M\u00e4ki-Pet\u00e4j\u00e4-Leinonen\" \/>\n                <\/div>\n                                    <p class=\"funders__description\">Esittelyss\u00e4 vanhuusoikeuden professori ja tutkija Anna M\u00e4ki-Pet\u00e4j\u00e4-Leinonen<\/p>\n                                                    <div class=\"funders__arrow\">\n                    <svg\n        width=\"43\" height=\"25\"\n        viewBox=\"0 0 43 25\"\n        xmlns=\"http:\/\/www.w3.org\/2000\/svg\">\n    <path\n        d=\"M30.027 0 43 12.5 30.027 25 27 22.083 34.351 15H0v-5h34.351L27 2.917z\"\n        fill=\"currentColor\"\n        fill-rule=\"evenodd\"\/>\n<\/svg>                    <\/div>\n                <\/a>\n                            \n                        <a href=\"https:\/\/sites.uef.fi\/kuopiobrainandmind\/esittelyssa-neuropatologi-lt-kliininen-opettaja-ja-tutkija-tuomas-rauramaa\/\" class=\"funders__link grid__item hover-scale-down\" title=\"Esittelyss\u00e4 neuropatologi, LT, kliininen opettaja ja tutkija Tuomas Rauramaa\">\n                            <div class=\"funders__image\">\n                    <img decoding=\"async\" src=\"https:\/\/sites.uef.fi\/kuopiobrainandmind\/wp-content\/uploads\/sites\/532\/2024\/11\/Tuomaksen-UEF-connect-kuva.jpg\" alt=\"Esittelyss\u00e4 neuropatologi, LT, kliininen opettaja ja tutkija Tuomas Rauramaa\" \/>\n                <\/div>\n                                    <p class=\"funders__description\">Esittelyss\u00e4 neuropatologi, LT, kliininen opettaja ja tutkija Tuomas Rauramaa<\/p>\n                                                    <div class=\"funders__arrow\">\n                    <svg\n        width=\"43\" height=\"25\"\n        viewBox=\"0 0 43 25\"\n        xmlns=\"http:\/\/www.w3.org\/2000\/svg\">\n    <path\n        d=\"M30.027 0 43 12.5 30.027 25 27 22.083 34.351 15H0v-5h34.351L27 2.917z\"\n        fill=\"currentColor\"\n        fill-rule=\"evenodd\"\/>\n<\/svg>                    <\/div>\n                <\/a>\n                            \n                        <a href=\"https:\/\/sites.uef.fi\/kuopiobrainandmind\/esittelyssa-johtamisen-professori-tutkija-paivi-eriksson\/\" class=\"funders__link grid__item hover-scale-down\" title=\"Esittelyss\u00e4 johtamisen professori, tutkija P\u00e4ivi Eriksson\">\n                            <div class=\"funders__image\">\n                    <img decoding=\"async\" src=\"https:\/\/sites.uef.fi\/kuopiobrainandmind\/wp-content\/uploads\/sites\/532\/2024\/11\/Paivi.jpg\" alt=\"Esittelyss\u00e4 johtamisen professori, tutkija P\u00e4ivi Eriksson\" \/>\n                <\/div>\n                                    <p class=\"funders__description\">Esittelyss\u00e4 johtamisen professori, tutkija P\u00e4ivi Eriksson<\/p>\n                                                    <div class=\"funders__arrow\">\n                    <svg\n        width=\"43\" height=\"25\"\n        viewBox=\"0 0 43 25\"\n        xmlns=\"http:\/\/www.w3.org\/2000\/svg\">\n    <path\n        d=\"M30.027 0 43 12.5 30.027 25 27 22.083 34.351 15H0v-5h34.351L27 2.917z\"\n        fill=\"currentColor\"\n        fill-rule=\"evenodd\"\/>\n<\/svg>                    <\/div>\n                <\/a>\n                            \n                        <a href=\"https:\/\/sites.uef.fi\/kuopiobrainandmind\/esittelyssa-neurologian-erikoislaakari-lt-dosentti-paivi-hartikainen\/\" class=\"funders__link grid__item hover-scale-down\" title=\"Esittelyss\u00e4 neurologian erikoisl\u00e4\u00e4k\u00e4ri, LT, dosentti P\u00e4ivi Hartikainen\">\n                            <div class=\"funders__image\">\n                    <img decoding=\"async\" src=\"https:\/\/sites.uef.fi\/kuopiobrainandmind\/wp-content\/uploads\/sites\/532\/2024\/11\/Paivi-Hartikainen-e1741848677289.jpg\" alt=\"Esittelyss\u00e4 neurologian erikoisl\u00e4\u00e4k\u00e4ri, LT, dosentti P\u00e4ivi Hartikainen\" \/>\n                <\/div>\n                                    <p class=\"funders__description\">Esittelyss\u00e4 neurologian erikoisl\u00e4\u00e4k\u00e4ri, LT, dosentti P\u00e4ivi Hartikainen<\/p>\n                                                    <div class=\"funders__arrow\">\n                    <svg\n        width=\"43\" height=\"25\"\n        viewBox=\"0 0 43 25\"\n        xmlns=\"http:\/\/www.w3.org\/2000\/svg\">\n    <path\n        d=\"M30.027 0 43 12.5 30.027 25 27 22.083 34.351 15H0v-5h34.351L27 2.917z\"\n        fill=\"currentColor\"\n        fill-rule=\"evenodd\"\/>\n<\/svg>                    <\/div>\n                <\/a>\n                            \n                        <a href=\"https:\/\/sites.uef.fi\/kuopiobrainandmind\/esittelyssa-nuorisopsykiatrian-professori-erikoislaakari-ja-tutkija-tommi-tolmunen\/\" class=\"funders__link grid__item hover-scale-down\" title=\"Esittelyss\u00e4 nuorisopsykiatrian professori, erikoisl\u00e4\u00e4k\u00e4ri ja tutkija Tommi Tolmunen\">\n                            <div class=\"funders__image\">\n                    <img decoding=\"async\" src=\"https:\/\/sites.uef.fi\/kuopiobrainandmind\/wp-content\/uploads\/sites\/532\/2024\/11\/Tommi.jpg\" alt=\"Esittelyss\u00e4 nuorisopsykiatrian professori, erikoisl\u00e4\u00e4k\u00e4ri ja tutkija Tommi Tolmunen\" \/>\n                <\/div>\n                                    <p class=\"funders__description\">Esittelyss\u00e4 nuorisopsykiatrian professori, erikoisl\u00e4\u00e4k\u00e4ri ja tutkija Tommi Tolmunen<\/p>\n                                                    <div class=\"funders__arrow\">\n                    <svg\n        width=\"43\" height=\"25\"\n        viewBox=\"0 0 43 25\"\n        xmlns=\"http:\/\/www.w3.org\/2000\/svg\">\n    <path\n        d=\"M30.027 0 43 12.5 30.027 25 27 22.083 34.351 15H0v-5h34.351L27 2.917z\"\n        fill=\"currentColor\"\n        fill-rule=\"evenodd\"\/>\n<\/svg>                    <\/div>\n                <\/a>\n                            \n                        <a href=\"https:\/\/kuopio.neurocenterfinland.fi\/uusia-kasvoja-kuopio-brain-mindiin\/\" class=\"funders__link grid__item hover-scale-down\" title=\"Uusia kasvoja Kuopio Brain &amp; Mindiin\">\n                            <div class=\"funders__image\">\n                    <img decoding=\"async\" src=\"https:\/\/sites.uef.fi\/kuopiobrainandmind\/wp-content\/uploads\/sites\/532\/2024\/11\/Tarja.jpg\" alt=\"Uusia kasvoja Kuopio Brain &amp; Mindiin\" \/>\n                <\/div>\n                                    <p class=\"funders__description\">Uusia kasvoja Kuopio Brain &amp; Mindiin<\/p>\n                                                    <div class=\"funders__arrow\">\n                    <svg xmlns=\"http:\/\/www.w3.org\/2000\/svg\" height=\"25px\" viewBox=\"0 -960 960 960\" width=\"24px\" ><path fill=\"currentColor\" d=\"M200-120q-33 0-56.5-23.5T120-200v-560q0-33 23.5-56.5T200-840h280v80H200v560h560v-280h80v280q0 33-23.5 56.5T760-120H200Zm188-212-56-56 372-372H560v-80h280v280h-80v-144L388-332Z\"\/><\/svg>                    <\/div>\n                <\/a>\n                            \n            <\/div>\n","protected":false},"excerpt":{"rendered":"","protected":false},"author":1246,"featured_media":0,"parent":0,"menu_order":0,"comment_status":"closed","ping_status":"closed","template":"","meta":{"_acf_changed":false,"footnotes":""},"class_list":["post-506","page","type-page","status-publish","hentry"],"acf":[],"yoast_head":"<!-- This site is optimized with the Yoast SEO plugin v27.3 - https:\/\/yoast.com\/product\/yoast-seo-wordpress\/ -->\n<title>News - Kuopio Brain &amp; Mind<\/title>\n<meta name=\"robots\" content=\"index, follow, max-snippet:-1, max-image-preview:large, max-video-preview:-1\" \/>\n<link rel=\"canonical\" href=\"https:\/\/sites.uef.fi\/kuopiobrainandmind\/news-and-events\/\" \/>\n<meta property=\"og:locale\" content=\"en_US\" \/>\n<meta property=\"og:type\" content=\"article\" \/>\n<meta property=\"og:title\" content=\"News - Kuopio Brain &amp; Mind\" \/>\n<meta property=\"og:url\" content=\"https:\/\/sites.uef.fi\/kuopiobrainandmind\/news-and-events\/\" \/>\n<meta property=\"og:site_name\" content=\"Kuopio Brain &amp; Mind\" \/>\n<meta property=\"article:modified_time\" content=\"2026-01-26T12:46:56+00:00\" \/>\n<meta name=\"twitter:card\" content=\"summary_large_image\" \/>\n<script type=\"application\/ld+json\" class=\"yoast-schema-graph\">{\"@context\":\"https:\\\/\\\/schema.org\",\"@graph\":[{\"@type\":\"WebPage\",\"@id\":\"https:\\\/\\\/sites.uef.fi\\\/kuopiobrainandmind\\\/news-and-events\\\/\",\"url\":\"https:\\\/\\\/sites.uef.fi\\\/kuopiobrainandmind\\\/news-and-events\\\/\",\"name\":\"News - Kuopio Brain &amp; Mind\",\"isPartOf\":{\"@id\":\"https:\\\/\\\/sites.uef.fi\\\/kuopiobrainandmind\\\/#website\"},\"datePublished\":\"2025-01-16T13:54:00+00:00\",\"dateModified\":\"2026-01-26T12:46:56+00:00\",\"breadcrumb\":{\"@id\":\"https:\\\/\\\/sites.uef.fi\\\/kuopiobrainandmind\\\/news-and-events\\\/#breadcrumb\"},\"inLanguage\":\"en-US\",\"potentialAction\":[{\"@type\":\"ReadAction\",\"target\":[\"https:\\\/\\\/sites.uef.fi\\\/kuopiobrainandmind\\\/news-and-events\\\/\"]}]},{\"@type\":\"BreadcrumbList\",\"@id\":\"https:\\\/\\\/sites.uef.fi\\\/kuopiobrainandmind\\\/news-and-events\\\/#breadcrumb\",\"itemListElement\":[{\"@type\":\"ListItem\",\"position\":1,\"name\":\"Home\",\"item\":\"https:\\\/\\\/sites.uef.fi\\\/kuopiobrainandmind\\\/\"},{\"@type\":\"ListItem\",\"position\":2,\"name\":\"News\"}]},{\"@type\":\"WebSite\",\"@id\":\"https:\\\/\\\/sites.uef.fi\\\/kuopiobrainandmind\\\/#website\",\"url\":\"https:\\\/\\\/sites.uef.fi\\\/kuopiobrainandmind\\\/\",\"name\":\"Kuopio Brain &amp; Mind\",\"description\":\"\",\"potentialAction\":[{\"@type\":\"SearchAction\",\"target\":{\"@type\":\"EntryPoint\",\"urlTemplate\":\"https:\\\/\\\/sites.uef.fi\\\/kuopiobrainandmind\\\/?s={search_term_string}\"},\"query-input\":{\"@type\":\"PropertyValueSpecification\",\"valueRequired\":true,\"valueName\":\"search_term_string\"}}],\"inLanguage\":\"en-US\"}]}<\/script>\n<!-- \/ Yoast SEO plugin. -->","yoast_head_json":{"title":"News - Kuopio Brain &amp; Mind","robots":{"index":"index","follow":"follow","max-snippet":"max-snippet:-1","max-image-preview":"max-image-preview:large","max-video-preview":"max-video-preview:-1"},"canonical":"https:\/\/sites.uef.fi\/kuopiobrainandmind\/news-and-events\/","og_locale":"en_US","og_type":"article","og_title":"News - Kuopio Brain &amp; Mind","og_url":"https:\/\/sites.uef.fi\/kuopiobrainandmind\/news-and-events\/","og_site_name":"Kuopio Brain &amp; Mind","article_modified_time":"2026-01-26T12:46:56+00:00","twitter_card":"summary_large_image","schema":{"@context":"https:\/\/schema.org","@graph":[{"@type":"WebPage","@id":"https:\/\/sites.uef.fi\/kuopiobrainandmind\/news-and-events\/","url":"https:\/\/sites.uef.fi\/kuopiobrainandmind\/news-and-events\/","name":"News - Kuopio Brain &amp; Mind","isPartOf":{"@id":"https:\/\/sites.uef.fi\/kuopiobrainandmind\/#website"},"datePublished":"2025-01-16T13:54:00+00:00","dateModified":"2026-01-26T12:46:56+00:00","breadcrumb":{"@id":"https:\/\/sites.uef.fi\/kuopiobrainandmind\/news-and-events\/#breadcrumb"},"inLanguage":"en-US","potentialAction":[{"@type":"ReadAction","target":["https:\/\/sites.uef.fi\/kuopiobrainandmind\/news-and-events\/"]}]},{"@type":"BreadcrumbList","@id":"https:\/\/sites.uef.fi\/kuopiobrainandmind\/news-and-events\/#breadcrumb","itemListElement":[{"@type":"ListItem","position":1,"name":"Home","item":"https:\/\/sites.uef.fi\/kuopiobrainandmind\/"},{"@type":"ListItem","position":2,"name":"News"}]},{"@type":"WebSite","@id":"https:\/\/sites.uef.fi\/kuopiobrainandmind\/#website","url":"https:\/\/sites.uef.fi\/kuopiobrainandmind\/","name":"Kuopio Brain &amp; Mind","description":"","potentialAction":[{"@type":"SearchAction","target":{"@type":"EntryPoint","urlTemplate":"https:\/\/sites.uef.fi\/kuopiobrainandmind\/?s={search_term_string}"},"query-input":{"@type":"PropertyValueSpecification","valueRequired":true,"valueName":"search_term_string"}}],"inLanguage":"en-US"}]}},"_links":{"self":[{"href":"https:\/\/sites.uef.fi\/kuopiobrainandmind\/wp-json\/wp\/v2\/pages\/506","targetHints":{"allow":["GET"]}}],"collection":[{"href":"https:\/\/sites.uef.fi\/kuopiobrainandmind\/wp-json\/wp\/v2\/pages"}],"about":[{"href":"https:\/\/sites.uef.fi\/kuopiobrainandmind\/wp-json\/wp\/v2\/types\/page"}],"author":[{"embeddable":true,"href":"https:\/\/sites.uef.fi\/kuopiobrainandmind\/wp-json\/wp\/v2\/users\/1246"}],"replies":[{"embeddable":true,"href":"https:\/\/sites.uef.fi\/kuopiobrainandmind\/wp-json\/wp\/v2\/comments?post=506"}],"version-history":[{"count":2,"href":"https:\/\/sites.uef.fi\/kuopiobrainandmind\/wp-json\/wp\/v2\/pages\/506\/revisions"}],"predecessor-version":[{"id":1617,"href":"https:\/\/sites.uef.fi\/kuopiobrainandmind\/wp-json\/wp\/v2\/pages\/506\/revisions\/1617"}],"wp:attachment":[{"href":"https:\/\/sites.uef.fi\/kuopiobrainandmind\/wp-json\/wp\/v2\/media?parent=506"}],"curies":[{"name":"wp","href":"https:\/\/api.w.org\/{rel}","templated":true}]}}