{"id":255,"date":"2023-09-15T11:06:26","date_gmt":"2023-09-15T08:06:26","guid":{"rendered":"https:\/\/sites.uef.fi\/kuopioepilepsysymposium\/?page_id=255"},"modified":"2024-03-12T00:57:37","modified_gmt":"2024-03-11T22:57:37","slug":"program","status":"publish","type":"page","link":"https:\/\/sites.uef.fi\/kuopioepilepsysymposium\/program\/","title":{"rendered":"Program"},"content":{"rendered":"\n<p><strong>March 13-15, 2024 Kuopio City Theater, Minna-hall, Kuopio, Finland<\/strong><\/p>\n\n\n\n<h2 class=\"wp-block-heading\">Wednesday, March 13, 2024<\/h2>\n\n\n\n<ul class=\"wp-block-list\">\n<li><strong>13.00 &#8211; 14.00:<\/strong> Registration and coffee<\/li>\n<\/ul>\n\n\n\n<h2 class=\"wp-block-heading\">Opening Ceremony<\/h2>\n\n\n\n<ul class=\"wp-block-list\">\n<li><strong>14.00 \u2013 14.15:<\/strong> Welcome<br>Dean of the University of Eastern Finland Jussi Pihlajam\u00e4ki <br>Program Co-Chair Reetta K\u00e4lvi\u00e4inen<\/li>\n<\/ul>\n\n\n\n<h2 class=\"wp-block-heading\">Modern Epilepsy Diagnostics and Care<\/h2>\n\n\n<div class=\"chairmanship-right\">\n    <p><strong>Chair:<\/strong> Reetta K\u00e4lvi\u00e4inen<\/p>\n<\/div>\n\n\n<ul class=\"wp-block-list\">\n<li><strong>14.15 &#8211; 14.45:<\/strong> The causes of epilepsy \u2013 history and concepts \u2013 Simon Shorvon<\/li>\n\n\n\n<li><strong>14.45 &#8211; 15.30:<\/strong> Epilepsy Care Pathway: The Finnish Model \u2013 Zak Allal<\/li>\n\n\n\n<li><strong>15.30 \u2013 16.00:<\/strong> Meaningful epilepsy outcomes \u2013 James Mitchell<\/li>\n\n\n\n<li><strong>16.00 \u2013 16.30:<\/strong> Coffee<\/li>\n\n\n\n<li><strong>16.30 &#8211; 17.15:<\/strong> Use of Telemedicine in Epilepsy &#8211; Johan Zelano<\/li>\n\n\n\n<li><strong>17.15 &#8211; 18.00:<\/strong> Modern Epilepsy Diagnostics and Care according to WHO IGAP \u2013 Alexis&nbsp;Arzimanoglou<\/li>\n\n\n\n<li>Comment of implementation in Finland \u2013 Liisa Mets\u00e4honkala<\/li>\n<\/ul>\n\n\n\n<ul class=\"wp-block-list\">\n<li><strong>19.00:<\/strong> Faculty Dinner, Young Epilepsy Section ILAE program, Other participants free evening<\/li>\n<\/ul>\n\n\n\n<h2 class=\"wp-block-heading\">Thursday, March 14, 2024<\/h2>\n\n\n\n<h2>Update of epilepsy research in Finland: selected abstracts<\/h2>\n\n\n\n\n<div class=\"chairmanship-right\">\n    <p><strong>Chair:<\/strong> Johanna Uusimaa<\/p>\n<\/div>\n\n\n\n<ul class=\"wp-block-list\">\n<ul>\n<li><strong>8.00-8.15<\/strong> Epilepsies with onset during the first year of life: a prospective study on syndromes, etiologies, and outcomes \u2013 Henna Jonsson<\/li>\n\n\n\n<li><strong>8.15-8.30<\/strong> Novel CLN8 knock in mouse model of Northern epilepsy recapitulates major clinical hallmarks of the disease \u2013 Reetta Hinttala<\/li>\n\n\n\n<li><strong>8.30-8.45<\/strong> Seizure freedom and antiseizure medication cessation are associated with postoperative improvements in neuropsychological functioning in children with drug-resistant focal epilepsy \u2013 Maria Eriksson<\/li>\n\n\n\n<li><strong>8.45-9.00<\/strong> Hippo-MEA: Microelectrode array scaled for human hippocampal slices obtained during epilepsy surgeries \u2013 Anssi Pelkonen<\/li>\n<\/ul>\n<\/li>\n<\/ul>\n<!-- \/wp:post-content -->\n\n<!-- wp:heading -->\n<h2 class=\"wp-block-heading\">Emergency treatment and status epilepticus<\/h2>\n<!-- \/wp:heading -->\n\n<div class=\"chairmanship-right\">\n    <p><strong>Chairs:<\/strong> Jarkko Kirjavainen and Outi Saarenp\u00e4\u00e4-Heikkil\u00e4<\/p>\n<\/div>\n\n<!-- wp:list -->\n<ul><!-- wp:list-item -->\n<li><strong>09.00 &#8211; 09.30:<\/strong> Status Epilepticus Care Pathway \u2013 Anne-Mari Kantanen<\/li>\n<!-- \/wp:list-item -->\n\n<!-- wp:list-item -->\n<li><strong>09.30 &#8211; 10.00:<\/strong> Rapid and Early Seizure Termination (REST) in outpatient setting \u2013 Reetta K\u00e4lvi\u00e4inen<\/li>\n<!-- \/wp:list-item -->\n\n<!-- wp:list-item -->\n<li><strong>10.00 &#8211; 10.20:<\/strong> Clinical presentation of newly onset refractory status epilepticus (NORSE) in Finland \u2013 Leena K\u00e4mppi<\/li>\n<!-- \/wp:list-item -->\n\n<!-- wp:list-item -->\n<li><strong>10.20 \u2013 11.00:<\/strong> NORSE international recommendations \u2013 Ronny Wickstr\u00f6m<\/li>\n<!-- \/wp:list-item -->\n\n<!-- wp:list-item -->\n<li><strong>11.00 &#8211; 11.30:<\/strong> Coffee<\/li>\n<!-- \/wp:list-item --><\/ul>\n<!-- \/wp:list -->\n\n<!-- wp:paragraph -->\n<div class=\"chairmanship-right\">\n    <p><strong>Chair:<\/strong> Esa Mervaala<\/p>\n<\/div>\n<!-- \/wp:paragraph -->\n\n<!-- wp:list -->\n<ul><!-- wp:list-item -->\n<li><strong>11.30 &#8211; 12.15:<\/strong> Ictal-interictal continuum and approach to treatment \u2013 Giorgi Kuchukhidze<\/li>\n<!-- \/wp:list-item -->\n\n<!-- wp:list-item -->\n<li><strong>12.15 &#8211; 12.45:<\/strong> EEG interpretation and approach to treatment in anoxic brain damage \u2013 Erik Westhall<\/li>\n<!-- \/wp:list-item -->\n\n<!-- wp:list-item -->\n<li><strong>12.45 &#8211; 13.45:<\/strong> Lunch<\/li>\n<!-- \/wp:list-item --><\/ul>\n<!-- \/wp:list -->\n\n<!-- wp:paragraph -->\n<div class=\"chairmanship-right\">\n    <p><strong>Chair:<\/strong> Esa Mervaala<\/p>\n<\/div>\n<!-- \/wp:paragraph -->\n\n<!-- wp:list -->\n<ul><!-- wp:list-item -->\n<li><strong>13.45 &#8211; 14.15:<\/strong> Treatment and Outcomes in Encephalopathy related to Status Epilepticus during Slow Sleep \u2013 Floor Jansen<\/li>\n<!-- \/wp:list-item -->\n\n<!-- wp:list-item -->\n<li><strong>14.15 \u2013 15.00:<\/strong> Interpretation of clinical EEG using artificial intelligence \u2013 Michel van Putten<\/li>\n<!-- \/wp:list-item -->\n\n<!-- wp:list-item -->\n<li><strong>15.00 &#8211; 15.30:<\/strong> Coffee<\/li>\n<!-- \/wp:list-item --><\/ul>\n<!-- \/wp:list -->\n\n<!-- wp:paragraph -->\n<div class=\"chairmanship-right\">\n    <p><strong>Chair: <\/strong>Jukka Peltola<\/p>\n<\/div>\n<!-- \/wp:paragraph -->\n\n<!-- wp:list -->\n<ul><!-- wp:list-item -->\n<li><strong>15.30 &#8211; 16.00:<\/strong> Interpretation of clinical MRI in epilepsy using artificial intelligence \u2013 Sophie Adler<\/li>\n<!-- \/wp:list-item -->\n\n<!-- wp:list-item -->\n<li><strong>16.00 &#8211; 16.30:<\/strong> Home monitoring possibilities of epileptic seizures \u2013 Jukka Peltola<\/li>\n<!-- \/wp:list-item -->\n\n<!-- wp:list-item -->\n<li><strong>16.30 &#8211; 18.00:<\/strong> Annual Meeting of the Pediatric Neurology Association<\/li>\n<!-- \/wp:list-item --><\/ul>\n<!-- \/wp:list -->\n\n<!-- wp:paragraph -->\n<p><strong>19.00 &#8211; 22.00 :<\/strong> Banquet Hotel Puijonsarvi<\/p>\n<!-- \/wp:paragraph -->\n\n<!-- wp:heading -->\n<h2 class=\"wp-block-heading\">Friday, March 15, 2024<\/h2>\n<!-- \/wp:heading -->\n\n<!-- wp:list -->\n<ul><!-- wp:list-item -->\n<li><strong>08.00 &#8211; 09.00:<\/strong> Annual meeting of the Finnish Epilepsy Society<\/li>\n<!-- \/wp:list-item --><\/ul>\n<!-- \/wp:list -->\n\n<!-- wp:paragraph -->\n<div class=\"chairmanship-right\">\n    <p>Chairs: Reetta&nbsp;Hinttala&nbsp;and Katri Silvennoinen<\/p>\n<\/div>\n<!-- \/wp:paragraph -->\n\n<!-- wp:list -->\n<ul><!-- wp:list-item -->\n<li><strong>09.00 &#8211; 10.00:<\/strong> Epilepsy genetics in practice today and Why is precision medicine beneficial in epilepsies? \u2013 Rikke Moller<\/li>\n<!-- \/wp:list-item -->\n\n<!-- wp:list-item -->\n<li><strong>10.00 &#8211; 10.30:<\/strong> New tools to evaluate variants \u2013 Dennis Lal<\/li>\n<!-- \/wp:list-item -->\n\n<!-- wp:list-item -->\n<li><strong>10.30 &#8211; 11.00:<\/strong> Coffee<\/li>\n<!-- \/wp:list-item -->\n\n<!-- wp:list-item -->\n<li><strong>11.00 &#8211; 11.45:<\/strong> Natural course and comorbidities of progressive myoclonus epilepsy 1 (EPM1) \u2013 Jelena Hypp\u00f6nen, Katri Silvennoinen<\/li>\n<!-- \/wp:list-item -->\n\n<!-- wp:list-item -->\n<li><strong>11.45 &#8211; 12.00:<\/strong> Lafora disease (EPM2) in Finland \u2013 Kirsi Mikkonen<\/li>\n<!-- \/wp:list-item -->\n\n<!-- wp:list-item -->\n<li><strong>12.00 &#8211; 12.45:<\/strong> Future treatment possibilities for EPM1 and EPM2 \u2013 Berge Minassian<\/li>\n<!-- \/wp:list-item -->\n\n<!-- wp:list-item -->\n<li><strong>12.45 &#8211; 13.45:<\/strong> Lunch<\/li>\n<!-- \/wp:list-item --><\/ul>\n<!-- \/wp:list -->\n\n<!-- wp:heading -->\n<h2 class=\"wp-block-heading\">Natural course and new treatments<\/h2>\n<!-- \/wp:heading -->\n\n<div class=\"chairmanship-right\">\n    <p><strong>Chairs:<\/strong> Arto Immonen, Tarja Malm<\/p>\n<\/div>\n\n<!-- wp:list -->\n<ul><!-- wp:list-item -->\n<li><strong>13.45 &#8211; 14.15:<\/strong> Presurgical evaluation, when to operate and when not to, Leena Jutila<\/li>\n<!-- \/wp:list-item -->\n\n<!-- wp:list-item -->\n<li><strong>14.15 &#8211; 14.45:<\/strong> Genetic testing and somatic mutations in epilepsy surgery, Dennis Lal<\/li>\n<!-- \/wp:list-item -->\n\n<!-- wp:list-item -->\n<li><strong>14.45 &#8211; 15.15:<\/strong> Human-derived brain tissue as an epilepsy model, Mark Cunningham<\/li>\n<!-- \/wp:list-item -->\n\n<!-- wp:list-item -->\n<li><strong>15.15 &#8211; 15.45:<\/strong> Multiscale assessment of epileptogenicity in human brain tissue, Alejandra Sierra Lopez, Tarja Malm<\/li>\n<!-- \/wp:list-item -->\n\n<!-- wp:heading -->\n<h2>Awards ceremony<\/h2>\n<!-- \/wp:heading -->\n\n<!-- wp:list -->\n<ul><!-- wp:list-item -->\n<li><strong>15.45 &#8211; 15.55:<\/strong> Vaajasalo Foundation Young Investigator Awards, presented by Kosti Kejonen and Olli-Pekka Intke; Epilepsy Foundation Awards; presented by Sari Kuitunen<\/li>\n<!-- \/wp:list-item -->\n\n<!-- wp:list-item -->\n<li><strong>15.55 &#8211; 16.00:<\/strong> Closing of the Kuopio Epilepsy 2024 Symposium &#8211; \u200b Reetta K\u00e4lvi\u00e4inen\u200b<\/li>\n<!-- \/wp:list-item --><\/ul>\n<!-- \/wp:list --><\/ul>\n<!-- \/wp:list -->","protected":false},"excerpt":{"rendered":"<p>March 13-15, 2024 Kuopio City Theater, Minna-hall, Kuopio, Finland Wednesday, March 13, 2024 Opening Ceremony Modern Epilepsy Diagnostics and Care Chair: Reetta K\u00e4lvi\u00e4inen Thursday, March 14, 2024 Update of epilepsy research in Finland: selected abstracts Chair: Johanna Uusimaa Emergency treatment and status epilepticus Chairs: Jarkko Kirjavainen and Outi Saarenp\u00e4\u00e4-Heikkil\u00e4 09.00 &#8211; 09.30: Status Epilepticus Care [&hellip;]<\/p>\n","protected":false},"author":987,"featured_media":0,"parent":0,"menu_order":0,"comment_status":"closed","ping_status":"closed","template":"","meta":{"_acf_changed":false,"footnotes":""},"class_list":["post-255","page","type-page","status-publish","hentry"],"acf":[],"yoast_head":"<!-- This site is optimized with the Yoast SEO plugin v27.3 - https:\/\/yoast.com\/product\/yoast-seo-wordpress\/ -->\n<title>Program - Kuopio Epilepsy Symposium<\/title>\n<meta name=\"robots\" content=\"index, follow, max-snippet:-1, max-image-preview:large, max-video-preview:-1\" \/>\n<link rel=\"canonical\" href=\"https:\/\/sites.uef.fi\/kuopioepilepsysymposium\/program\/\" \/>\n<meta property=\"og:locale\" content=\"en_US\" \/>\n<meta property=\"og:type\" content=\"article\" \/>\n<meta property=\"og:title\" content=\"Program - Kuopio Epilepsy Symposium\" \/>\n<meta property=\"og:description\" content=\"March 13-15, 2024 Kuopio City Theater, Minna-hall, Kuopio, Finland Wednesday, March 13, 2024 Opening Ceremony Modern Epilepsy Diagnostics and Care Chair: Reetta K\u00e4lvi\u00e4inen Thursday, March 14, 2024 Update of epilepsy research in Finland: selected abstracts Chair: Johanna Uusimaa Emergency treatment and status epilepticus Chairs: Jarkko Kirjavainen and Outi Saarenp\u00e4\u00e4-Heikkil\u00e4 09.00 &#8211; 09.30: Status Epilepticus Care [&hellip;]\" \/>\n<meta property=\"og:url\" content=\"https:\/\/sites.uef.fi\/kuopioepilepsysymposium\/program\/\" \/>\n<meta property=\"og:site_name\" content=\"Kuopio Epilepsy Symposium\" \/>\n<meta property=\"article:modified_time\" content=\"2024-03-11T22:57:37+00:00\" \/>\n<meta name=\"twitter:card\" content=\"summary_large_image\" \/>\n<meta name=\"twitter:label1\" content=\"Est. reading time\" \/>\n\t<meta name=\"twitter:data1\" content=\"3 minutes\" \/>\n<script type=\"application\/ld+json\" class=\"yoast-schema-graph\">{\"@context\":\"https:\\\/\\\/schema.org\",\"@graph\":[{\"@type\":\"WebPage\",\"@id\":\"https:\\\/\\\/sites.uef.fi\\\/kuopioepilepsysymposium\\\/program\\\/\",\"url\":\"https:\\\/\\\/sites.uef.fi\\\/kuopioepilepsysymposium\\\/program\\\/\",\"name\":\"Program - Kuopio Epilepsy Symposium\",\"isPartOf\":{\"@id\":\"https:\\\/\\\/sites.uef.fi\\\/kuopioepilepsysymposium\\\/#website\"},\"datePublished\":\"2023-09-15T08:06:26+00:00\",\"dateModified\":\"2024-03-11T22:57:37+00:00\",\"breadcrumb\":{\"@id\":\"https:\\\/\\\/sites.uef.fi\\\/kuopioepilepsysymposium\\\/program\\\/#breadcrumb\"},\"inLanguage\":\"en-US\",\"potentialAction\":[{\"@type\":\"ReadAction\",\"target\":[\"https:\\\/\\\/sites.uef.fi\\\/kuopioepilepsysymposium\\\/program\\\/\"]}]},{\"@type\":\"BreadcrumbList\",\"@id\":\"https:\\\/\\\/sites.uef.fi\\\/kuopioepilepsysymposium\\\/program\\\/#breadcrumb\",\"itemListElement\":[{\"@type\":\"ListItem\",\"position\":1,\"name\":\"Home\",\"item\":\"https:\\\/\\\/sites.uef.fi\\\/kuopioepilepsysymposium\\\/\"},{\"@type\":\"ListItem\",\"position\":2,\"name\":\"Program\"}]},{\"@type\":\"WebSite\",\"@id\":\"https:\\\/\\\/sites.uef.fi\\\/kuopioepilepsysymposium\\\/#website\",\"url\":\"https:\\\/\\\/sites.uef.fi\\\/kuopioepilepsysymposium\\\/\",\"name\":\"Kuopio Epilepsy Symposium\",\"description\":\"\",\"potentialAction\":[{\"@type\":\"SearchAction\",\"target\":{\"@type\":\"EntryPoint\",\"urlTemplate\":\"https:\\\/\\\/sites.uef.fi\\\/kuopioepilepsysymposium\\\/?s={search_term_string}\"},\"query-input\":{\"@type\":\"PropertyValueSpecification\",\"valueRequired\":true,\"valueName\":\"search_term_string\"}}],\"inLanguage\":\"en-US\"}]}<\/script>\n<!-- \/ Yoast SEO plugin. -->","yoast_head_json":{"title":"Program - Kuopio Epilepsy Symposium","robots":{"index":"index","follow":"follow","max-snippet":"max-snippet:-1","max-image-preview":"max-image-preview:large","max-video-preview":"max-video-preview:-1"},"canonical":"https:\/\/sites.uef.fi\/kuopioepilepsysymposium\/program\/","og_locale":"en_US","og_type":"article","og_title":"Program - Kuopio Epilepsy Symposium","og_description":"March 13-15, 2024 Kuopio City Theater, Minna-hall, Kuopio, Finland Wednesday, March 13, 2024 Opening Ceremony Modern Epilepsy Diagnostics and Care Chair: Reetta K\u00e4lvi\u00e4inen Thursday, March 14, 2024 Update of epilepsy research in Finland: selected abstracts Chair: Johanna Uusimaa Emergency treatment and status epilepticus Chairs: Jarkko Kirjavainen and Outi Saarenp\u00e4\u00e4-Heikkil\u00e4 09.00 &#8211; 09.30: Status Epilepticus Care [&hellip;]","og_url":"https:\/\/sites.uef.fi\/kuopioepilepsysymposium\/program\/","og_site_name":"Kuopio Epilepsy Symposium","article_modified_time":"2024-03-11T22:57:37+00:00","twitter_card":"summary_large_image","twitter_misc":{"Est. reading time":"3 minutes"},"schema":{"@context":"https:\/\/schema.org","@graph":[{"@type":"WebPage","@id":"https:\/\/sites.uef.fi\/kuopioepilepsysymposium\/program\/","url":"https:\/\/sites.uef.fi\/kuopioepilepsysymposium\/program\/","name":"Program - Kuopio Epilepsy Symposium","isPartOf":{"@id":"https:\/\/sites.uef.fi\/kuopioepilepsysymposium\/#website"},"datePublished":"2023-09-15T08:06:26+00:00","dateModified":"2024-03-11T22:57:37+00:00","breadcrumb":{"@id":"https:\/\/sites.uef.fi\/kuopioepilepsysymposium\/program\/#breadcrumb"},"inLanguage":"en-US","potentialAction":[{"@type":"ReadAction","target":["https:\/\/sites.uef.fi\/kuopioepilepsysymposium\/program\/"]}]},{"@type":"BreadcrumbList","@id":"https:\/\/sites.uef.fi\/kuopioepilepsysymposium\/program\/#breadcrumb","itemListElement":[{"@type":"ListItem","position":1,"name":"Home","item":"https:\/\/sites.uef.fi\/kuopioepilepsysymposium\/"},{"@type":"ListItem","position":2,"name":"Program"}]},{"@type":"WebSite","@id":"https:\/\/sites.uef.fi\/kuopioepilepsysymposium\/#website","url":"https:\/\/sites.uef.fi\/kuopioepilepsysymposium\/","name":"Kuopio Epilepsy Symposium","description":"","potentialAction":[{"@type":"SearchAction","target":{"@type":"EntryPoint","urlTemplate":"https:\/\/sites.uef.fi\/kuopioepilepsysymposium\/?s={search_term_string}"},"query-input":{"@type":"PropertyValueSpecification","valueRequired":true,"valueName":"search_term_string"}}],"inLanguage":"en-US"}]}},"_links":{"self":[{"href":"https:\/\/sites.uef.fi\/kuopioepilepsysymposium\/wp-json\/wp\/v2\/pages\/255","targetHints":{"allow":["GET"]}}],"collection":[{"href":"https:\/\/sites.uef.fi\/kuopioepilepsysymposium\/wp-json\/wp\/v2\/pages"}],"about":[{"href":"https:\/\/sites.uef.fi\/kuopioepilepsysymposium\/wp-json\/wp\/v2\/types\/page"}],"author":[{"embeddable":true,"href":"https:\/\/sites.uef.fi\/kuopioepilepsysymposium\/wp-json\/wp\/v2\/users\/987"}],"replies":[{"embeddable":true,"href":"https:\/\/sites.uef.fi\/kuopioepilepsysymposium\/wp-json\/wp\/v2\/comments?post=255"}],"version-history":[{"count":2,"href":"https:\/\/sites.uef.fi\/kuopioepilepsysymposium\/wp-json\/wp\/v2\/pages\/255\/revisions"}],"predecessor-version":[{"id":1404,"href":"https:\/\/sites.uef.fi\/kuopioepilepsysymposium\/wp-json\/wp\/v2\/pages\/255\/revisions\/1404"}],"wp:attachment":[{"href":"https:\/\/sites.uef.fi\/kuopioepilepsysymposium\/wp-json\/wp\/v2\/media?parent=255"}],"curies":[{"name":"wp","href":"https:\/\/api.w.org\/{rel}","templated":true}]}}