{"id":1671,"date":"2022-05-12T13:38:38","date_gmt":"2022-05-12T11:38:38","guid":{"rendered":"https:\/\/sites.uef.fi\/kyynelkanavat\/?page_id=1671"},"modified":"2023-10-31T16:08:13","modified_gmt":"2023-10-31T14:08:13","slug":"vienankarjalaksi","status":"publish","type":"page","link":"https:\/\/sites.uef.fi\/kyynelkanavat\/vienankarjalaksi\/","title":{"rendered":"Vienankarjalak\u0161i"},"content":{"rendered":"\n<p style=\"font-size:24px\">Kyynelkanavat \u2013 i\u00e4nell\u00e4itkuperinneh nyky-\u0160uome\u0161\u0161a<\/p>\n\n\n\n<p class=\"has-small-font-size\"><em>Ki\u00e4nn\u00f6\u0161 vienankarjalak\u0161i: Olga Karlova<\/em>.<\/p>\n\n\n\n<p><\/p>\n\n\n\n<p>Kyynelkanavat-projekti tarka\u0161telou tiijon ta taijon keinoloin i\u00e4nell\u00e4itkuperintehen jatkumuo ta roolie \u0161uomelaise\u0161\u0161a yhtehiskunna\u0161\u0161a. Perintehen juuret tullah baltienmeren\u0161uomelaisista, liijatenki karjalaisista ta inkeril\u00e4isist\u00e4 perintehist\u00e4. Projektissa e\u010dimm\u00e4 va\u0161tahu\u0161ta ky\u0161ymyk\u0161eh, mimmosih tarpehih itkuvirret ta i\u00e4nell\u00e4 itent\u00e4 va\u0161\u0161atah nykyse\u0161\u0161\u00e4 muailma\u0161\u0161a? Projektissa ruatau kolme taitoilija\u2013tutkija-ruatoparie, kumpaset ka\u010dellah aihetta kokemuk\u0161eh ta tuntehih pohjautujan tai yhtehis\u00f6ll\u00e4 ta u\u0161konnolla kuulujan tiijon n\u00e4k\u00f6kulmista, karjalaisu\u0161 on niisi ke\u0161kehini teema. Projektissa folkloristiikan, etnomusikologijan ta kulttuurintutkimuk\u0161en tarka\u0161telutavat yhissyt\u00e4h taijon tapoih ka\u010della ta \u0161opivuttua i\u00e4nell\u00e4itkuperinneht\u00e4. Projekti ruatau P\u00e4iv\u00e4nnou\u0161u-\u0160uomen yliopiston Karjalan tutkimu\u0161laitok\u0161ella. Projektie vet\u00e4y FT Elina Hyt\u00f6nen-Ng.<\/p>\n\n\n\n<p>Meij\u00e4n aikah i\u00e4nell\u00e4itkuperinneh on ka\u0161van monih eri \u0161uululoih levitt\u00e4yty\u00f6n taijo\u0161ta terapeuttiseh i\u010denesit\u00e4nt\u00e4h. Meij\u00e4n tutkimuk\u0161en pi\u00e4ky\u0161ymyk\u0161et ollah \u0161emmoset, mit\u00e4 nykyj\u00e4h itkuvirret ollah ta mimmosie merkityk\u0161ie i\u00e4nell\u00e4itkuloilla ta i\u00e4nell\u00e4 itenn\u00e4ll\u00e4 annetah. Projektin tavottehena on tutkie nykyitkuvir\u0161iperintehen \u0161uurta alua \u0160uome\u0161\u0161a ta tuuvva n\u00e4k\u00f6vih, kuin monenmoisista ilmij\u00f6l\u00f6ist\u00e4 \u0161e muuvvo\u0161tuu. \u0160amalla tahomma lis\u00e4t\u00e4 ylehist\u00e4 tietuo i\u00e4nell\u00e4itkuperintehen juuriloista, karjalaisuo\u0161ta ta karjalaise\u0161ta kulttuurista \u0161ek\u00e4 tukie karjalan kielen elvyty\u0161ruatuo.<\/p>\n\n\n\n<p><\/p>\n\n\n\n<p>Kyynelkanavat-projektissa j\u00e4rje\u0161\u0161\u00e4mm\u00e4 vuosittuan itkuvir\u0161il\u00f6ih ta i\u00e4nell\u00e4 itent\u00e4h liittyjie pitoja. Pitojen tavottehena on tarita va\u0161tuantakohta kaikkija itkuvir\u0161il\u00f6ist\u00e4 kiinno\u0161tunuisie varoin. Pitoloissa tuuvvah tutkija\u2013taitoilija-ruatoparien teemoja ka\u010deltavak\u0161i ta paissah kuin tutkimu\u0161ta niin i\u00e4nell\u00e4itkij\u00e4nki alua. <figure class=\"wp-block-image size-large\"><\/figure> <\/p>\n\n\n\n<figure class=\"wp-block-image size-large\"><img loading=\"lazy\" decoding=\"async\" width=\"1024\" height=\"610\" src=\"https:\/\/sites.uef.fi\/kyynelkanavat\/wp-content\/uploads\/sites\/266\/2022\/05\/0_kyynelkanavat-taitieilijat-1024x610.png\" alt=\"Kollaasikuva Kyynelkanavat-hankkeen taiteilijoista itkem\u00e4ss\u00e4.\" class=\"wp-image-1705\" srcset=\"https:\/\/sites.uef.fi\/kyynelkanavat\/wp-content\/uploads\/sites\/266\/2022\/05\/0_kyynelkanavat-taitieilijat-1024x610.png 1024w, https:\/\/sites.uef.fi\/kyynelkanavat\/wp-content\/uploads\/sites\/266\/2022\/05\/0_kyynelkanavat-taitieilijat-300x179.png 300w, https:\/\/sites.uef.fi\/kyynelkanavat\/wp-content\/uploads\/sites\/266\/2022\/05\/0_kyynelkanavat-taitieilijat-768x457.png 768w, https:\/\/sites.uef.fi\/kyynelkanavat\/wp-content\/uploads\/sites\/266\/2022\/05\/0_kyynelkanavat-taitieilijat.png 1085w\" sizes=\"auto, (max-width: 1024px) 100vw, 1024px\" \/><\/figure>\n\n\n\n<p class=\"has-medium-font-size\"><strong>Ruatojoukko ta teemat<\/strong><\/p>\n\n\n\n<p>Projektin taitoilija\u2013tutkija-ruatopariloilla on jokahisella oma teema ta n\u00e4k\u00f6kulma. Etnomusikologi, kulttuurintutkija, FT, dosentti <strong>Elina Hyt\u00f6nen-Ng<\/strong> ta rahvahanlaulaja, musiikkipedagogi (amk), I\u00e4nell\u00e4 itkij\u00e4t ry:n pakinanvet\u00e4j\u00e4 <strong>Emilia Kallonen<\/strong> ke\u0161kityt\u00e4h i\u00e4nell\u00e4 itenn\u00e4n luovah, omakohtaseh ta runkallis-tuntehelliseh prosessih itett\u00e4j\u00e4n, itkutilantehen ta yhtehis\u00f6llisy\u00f6n n\u00e4k\u00f6kulma\u0161ta.<\/p>\n\n\n\n<p>Kulttuuritutkijan, TM <strong>Riikka Patrikaisen<\/strong> ta rahvahanmusiikin esitt\u00e4j\u00e4n, MuM <strong>Liisa Matveisen <\/strong>yhtehisruavon tavottehena on tutkie kirik\u00f6llisen perintehen ta rahvahanperintehen vierekk\u00e4h kulentua itkuvir\u0161il\u00f6iss\u00e4, kumpasie ammultau karjalaise\u0161ta perintehe\u0161t\u00e4 pravoslavnoi meij\u00e4n aijan i\u00e4nell\u00e4itkij\u00e4. Kiinno\u0161\u0161uk\u0161en kohtiena on ni itett\u00e4j\u00e4n muailmanka\u010d\u010domuk\u0161en vaikutu\u0161 h\u00e4nen itkuloilla annettuloih merkityk\u0161ih.<\/p>\n\n\n\n<p>Folkloristi, FT<strong> Viliina Silvosen<\/strong> ta rahvahanmusiikin esitt\u00e4j\u00e4, MuM <strong>Emmi Kuittisen <\/strong>tutkimu\u0161interessat \u0161itouvutah itkuvir\u0161ien moninaisuoh perintehisist\u00e4 ritualitavoista nykysen aijan esitett\u00e4v\u00e4k\u0161i taijok\u0161i. Ruatopari tarka\u0161telou i\u00e4nell\u00e4itkuesityk\u0161ie, kontekstija ta tapoja liijaten tuntehen ta yhtehis\u00f6llisy\u00f6n n\u00e4k\u00f6kulmista.<\/p>\n\n\n\n<p>Ruatojoukkuo yhist\u00e4y karjalaisu\u0161 \u0161ek\u00e4 tahto eisty\u00e4 iell\u00e4hp\u00e4in ylehist\u00e4 tietuo karjalaisuo\u0161ta ta karjalaise\u0161ta kulttuurista.<\/p>\n\n\n\n<figure class=\"wp-block-image size-full\"><img loading=\"lazy\" decoding=\"async\" width=\"488\" height=\"452\" src=\"https:\/\/sites.uef.fi\/kyynelkanavat\/wp-content\/uploads\/sites\/266\/2023\/10\/yksilokuvat_yhtena_kuvana.png\" alt=\"Kyynelkanavat-hankkeen ty\u00f6ryhm\u00e4n kasvokuvat.\" class=\"wp-image-2879\" srcset=\"https:\/\/sites.uef.fi\/kyynelkanavat\/wp-content\/uploads\/sites\/266\/2023\/10\/yksilokuvat_yhtena_kuvana.png 488w, https:\/\/sites.uef.fi\/kyynelkanavat\/wp-content\/uploads\/sites\/266\/2023\/10\/yksilokuvat_yhtena_kuvana-300x278.png 300w\" sizes=\"auto, (max-width: 488px) 100vw, 488px\" \/><\/figure>\n","protected":false},"excerpt":{"rendered":"<p>Kyynelkanavat \u2013 i\u00e4nell\u00e4itkuperinneh nyky-\u0160uome\u0161\u0161a Ki\u00e4nn\u00f6\u0161 vienankarjalak\u0161i: Olga Karlova. Kyynelkanavat-projekti tarka\u0161telou tiijon ta taijon keinoloin i\u00e4nell\u00e4itkuperintehen jatkumuo ta roolie \u0161uomelaise\u0161\u0161a yhtehiskunna\u0161\u0161a. Perintehen juuret tullah baltienmeren\u0161uomelaisista, liijatenki karjalaisista ta inkeril\u00e4isist\u00e4 perintehist\u00e4. Projektissa e\u010dimm\u00e4 va\u0161tahu\u0161ta ky\u0161ymyk\u0161eh, mimmosih tarpehih itkuvirret ta i\u00e4nell\u00e4 itent\u00e4 va\u0161\u0161atah nykyse\u0161\u0161\u00e4 muailma\u0161\u0161a? Projektissa ruatau kolme taitoilija\u2013tutkija-ruatoparie, kumpaset ka\u010dellah aihetta kokemuk\u0161eh ta tuntehih pohjautujan tai yhtehis\u00f6ll\u00e4 [&hellip;]<\/p>\n","protected":false},"author":535,"featured_media":1684,"parent":0,"menu_order":0,"comment_status":"closed","ping_status":"closed","template":"","meta":{"_acf_changed":false,"footnotes":""},"class_list":["post-1671","page","type-page","status-publish","has-post-thumbnail","hentry"],"acf":[],"yoast_head":"<!-- This site is optimized with the Yoast SEO plugin v27.3 - https:\/\/yoast.com\/product\/yoast-seo-wordpress\/ -->\n<title>Vienankarjalak\u0161i - Kyynelkanavat<\/title>\n<meta name=\"robots\" content=\"index, follow, max-snippet:-1, max-image-preview:large, max-video-preview:-1\" \/>\n<link rel=\"canonical\" href=\"https:\/\/sites.uef.fi\/kyynelkanavat\/vienankarjalaksi\/\" \/>\n<meta property=\"og:locale\" content=\"fi_FI\" \/>\n<meta property=\"og:type\" content=\"article\" \/>\n<meta property=\"og:title\" content=\"Vienankarjalak\u0161i - Kyynelkanavat\" \/>\n<meta property=\"og:description\" content=\"Kyynelkanavat \u2013 i\u00e4nell\u00e4itkuperinneh nyky-\u0160uome\u0161\u0161a Ki\u00e4nn\u00f6\u0161 vienankarjalak\u0161i: Olga Karlova. Kyynelkanavat-projekti tarka\u0161telou tiijon ta taijon keinoloin i\u00e4nell\u00e4itkuperintehen jatkumuo ta roolie \u0161uomelaise\u0161\u0161a yhtehiskunna\u0161\u0161a. Perintehen juuret tullah baltienmeren\u0161uomelaisista, liijatenki karjalaisista ta inkeril\u00e4isist\u00e4 perintehist\u00e4. Projektissa e\u010dimm\u00e4 va\u0161tahu\u0161ta ky\u0161ymyk\u0161eh, mimmosih tarpehih itkuvirret ta i\u00e4nell\u00e4 itent\u00e4 va\u0161\u0161atah nykyse\u0161\u0161\u00e4 muailma\u0161\u0161a? Projektissa ruatau kolme taitoilija\u2013tutkija-ruatoparie, kumpaset ka\u010dellah aihetta kokemuk\u0161eh ta tuntehih pohjautujan tai yhtehis\u00f6ll\u00e4 [&hellip;]\" \/>\n<meta property=\"og:url\" content=\"https:\/\/sites.uef.fi\/kyynelkanavat\/vienankarjalaksi\/\" \/>\n<meta property=\"og:site_name\" content=\"Kyynelkanavat\" \/>\n<meta property=\"article:modified_time\" content=\"2023-10-31T14:08:13+00:00\" \/>\n<meta property=\"og:image\" content=\"https:\/\/sites.uef.fi\/kyynelkanavat\/wp-content\/uploads\/sites\/266\/2022\/05\/0_tyoryhma1_VarpuHeiskanen.jpg\" \/>\n\t<meta property=\"og:image:width\" content=\"1999\" \/>\n\t<meta property=\"og:image:height\" content=\"1238\" \/>\n\t<meta property=\"og:image:type\" content=\"image\/jpeg\" \/>\n<meta name=\"twitter:card\" content=\"summary_large_image\" \/>\n<meta name=\"twitter:label1\" content=\"Arvioitu lukuaika\" \/>\n\t<meta name=\"twitter:data1\" content=\"3 minuuttia\" \/>\n<script type=\"application\/ld+json\" class=\"yoast-schema-graph\">{\"@context\":\"https:\\\/\\\/schema.org\",\"@graph\":[{\"@type\":\"WebPage\",\"@id\":\"https:\\\/\\\/sites.uef.fi\\\/kyynelkanavat\\\/vienankarjalaksi\\\/\",\"url\":\"https:\\\/\\\/sites.uef.fi\\\/kyynelkanavat\\\/vienankarjalaksi\\\/\",\"name\":\"Vienankarjalak\u0161i - Kyynelkanavat\",\"isPartOf\":{\"@id\":\"https:\\\/\\\/sites.uef.fi\\\/kyynelkanavat\\\/#website\"},\"primaryImageOfPage\":{\"@id\":\"https:\\\/\\\/sites.uef.fi\\\/kyynelkanavat\\\/vienankarjalaksi\\\/#primaryimage\"},\"image\":{\"@id\":\"https:\\\/\\\/sites.uef.fi\\\/kyynelkanavat\\\/vienankarjalaksi\\\/#primaryimage\"},\"thumbnailUrl\":\"https:\\\/\\\/sites.uef.fi\\\/kyynelkanavat\\\/wp-content\\\/uploads\\\/sites\\\/266\\\/2022\\\/05\\\/0_tyoryhma1_VarpuHeiskanen.jpg\",\"datePublished\":\"2022-05-12T11:38:38+00:00\",\"dateModified\":\"2023-10-31T14:08:13+00:00\",\"breadcrumb\":{\"@id\":\"https:\\\/\\\/sites.uef.fi\\\/kyynelkanavat\\\/vienankarjalaksi\\\/#breadcrumb\"},\"inLanguage\":\"fi\",\"potentialAction\":[{\"@type\":\"ReadAction\",\"target\":[\"https:\\\/\\\/sites.uef.fi\\\/kyynelkanavat\\\/vienankarjalaksi\\\/\"]}]},{\"@type\":\"ImageObject\",\"inLanguage\":\"fi\",\"@id\":\"https:\\\/\\\/sites.uef.fi\\\/kyynelkanavat\\\/vienankarjalaksi\\\/#primaryimage\",\"url\":\"https:\\\/\\\/sites.uef.fi\\\/kyynelkanavat\\\/wp-content\\\/uploads\\\/sites\\\/266\\\/2022\\\/05\\\/0_tyoryhma1_VarpuHeiskanen.jpg\",\"contentUrl\":\"https:\\\/\\\/sites.uef.fi\\\/kyynelkanavat\\\/wp-content\\\/uploads\\\/sites\\\/266\\\/2022\\\/05\\\/0_tyoryhma1_VarpuHeiskanen.jpg\",\"width\":1999,\"height\":1238,\"caption\":\"kuusi henkil\u00f6\u00e4 istuu kivill\u00e4, takana n\u00e4kyy mets\u00e4\u00e4\"},{\"@type\":\"BreadcrumbList\",\"@id\":\"https:\\\/\\\/sites.uef.fi\\\/kyynelkanavat\\\/vienankarjalaksi\\\/#breadcrumb\",\"itemListElement\":[{\"@type\":\"ListItem\",\"position\":1,\"name\":\"Home\",\"item\":\"https:\\\/\\\/sites.uef.fi\\\/kyynelkanavat\\\/\"},{\"@type\":\"ListItem\",\"position\":2,\"name\":\"Vienankarjalak\u0161i\"}]},{\"@type\":\"WebSite\",\"@id\":\"https:\\\/\\\/sites.uef.fi\\\/kyynelkanavat\\\/#website\",\"url\":\"https:\\\/\\\/sites.uef.fi\\\/kyynelkanavat\\\/\",\"name\":\"Kyynelkanavat\",\"description\":\"\",\"potentialAction\":[{\"@type\":\"SearchAction\",\"target\":{\"@type\":\"EntryPoint\",\"urlTemplate\":\"https:\\\/\\\/sites.uef.fi\\\/kyynelkanavat\\\/?s={search_term_string}\"},\"query-input\":{\"@type\":\"PropertyValueSpecification\",\"valueRequired\":true,\"valueName\":\"search_term_string\"}}],\"inLanguage\":\"fi\"}]}<\/script>\n<!-- \/ Yoast SEO plugin. -->","yoast_head_json":{"title":"Vienankarjalak\u0161i - Kyynelkanavat","robots":{"index":"index","follow":"follow","max-snippet":"max-snippet:-1","max-image-preview":"max-image-preview:large","max-video-preview":"max-video-preview:-1"},"canonical":"https:\/\/sites.uef.fi\/kyynelkanavat\/vienankarjalaksi\/","og_locale":"fi_FI","og_type":"article","og_title":"Vienankarjalak\u0161i - Kyynelkanavat","og_description":"Kyynelkanavat \u2013 i\u00e4nell\u00e4itkuperinneh nyky-\u0160uome\u0161\u0161a Ki\u00e4nn\u00f6\u0161 vienankarjalak\u0161i: Olga Karlova. Kyynelkanavat-projekti tarka\u0161telou tiijon ta taijon keinoloin i\u00e4nell\u00e4itkuperintehen jatkumuo ta roolie \u0161uomelaise\u0161\u0161a yhtehiskunna\u0161\u0161a. Perintehen juuret tullah baltienmeren\u0161uomelaisista, liijatenki karjalaisista ta inkeril\u00e4isist\u00e4 perintehist\u00e4. Projektissa e\u010dimm\u00e4 va\u0161tahu\u0161ta ky\u0161ymyk\u0161eh, mimmosih tarpehih itkuvirret ta i\u00e4nell\u00e4 itent\u00e4 va\u0161\u0161atah nykyse\u0161\u0161\u00e4 muailma\u0161\u0161a? Projektissa ruatau kolme taitoilija\u2013tutkija-ruatoparie, kumpaset ka\u010dellah aihetta kokemuk\u0161eh ta tuntehih pohjautujan tai yhtehis\u00f6ll\u00e4 [&hellip;]","og_url":"https:\/\/sites.uef.fi\/kyynelkanavat\/vienankarjalaksi\/","og_site_name":"Kyynelkanavat","article_modified_time":"2023-10-31T14:08:13+00:00","og_image":[{"width":1999,"height":1238,"url":"https:\/\/sites.uef.fi\/kyynelkanavat\/wp-content\/uploads\/sites\/266\/2022\/05\/0_tyoryhma1_VarpuHeiskanen.jpg","type":"image\/jpeg"}],"twitter_card":"summary_large_image","twitter_misc":{"Arvioitu lukuaika":"3 minuuttia"},"schema":{"@context":"https:\/\/schema.org","@graph":[{"@type":"WebPage","@id":"https:\/\/sites.uef.fi\/kyynelkanavat\/vienankarjalaksi\/","url":"https:\/\/sites.uef.fi\/kyynelkanavat\/vienankarjalaksi\/","name":"Vienankarjalak\u0161i - Kyynelkanavat","isPartOf":{"@id":"https:\/\/sites.uef.fi\/kyynelkanavat\/#website"},"primaryImageOfPage":{"@id":"https:\/\/sites.uef.fi\/kyynelkanavat\/vienankarjalaksi\/#primaryimage"},"image":{"@id":"https:\/\/sites.uef.fi\/kyynelkanavat\/vienankarjalaksi\/#primaryimage"},"thumbnailUrl":"https:\/\/sites.uef.fi\/kyynelkanavat\/wp-content\/uploads\/sites\/266\/2022\/05\/0_tyoryhma1_VarpuHeiskanen.jpg","datePublished":"2022-05-12T11:38:38+00:00","dateModified":"2023-10-31T14:08:13+00:00","breadcrumb":{"@id":"https:\/\/sites.uef.fi\/kyynelkanavat\/vienankarjalaksi\/#breadcrumb"},"inLanguage":"fi","potentialAction":[{"@type":"ReadAction","target":["https:\/\/sites.uef.fi\/kyynelkanavat\/vienankarjalaksi\/"]}]},{"@type":"ImageObject","inLanguage":"fi","@id":"https:\/\/sites.uef.fi\/kyynelkanavat\/vienankarjalaksi\/#primaryimage","url":"https:\/\/sites.uef.fi\/kyynelkanavat\/wp-content\/uploads\/sites\/266\/2022\/05\/0_tyoryhma1_VarpuHeiskanen.jpg","contentUrl":"https:\/\/sites.uef.fi\/kyynelkanavat\/wp-content\/uploads\/sites\/266\/2022\/05\/0_tyoryhma1_VarpuHeiskanen.jpg","width":1999,"height":1238,"caption":"kuusi henkil\u00f6\u00e4 istuu kivill\u00e4, takana n\u00e4kyy mets\u00e4\u00e4"},{"@type":"BreadcrumbList","@id":"https:\/\/sites.uef.fi\/kyynelkanavat\/vienankarjalaksi\/#breadcrumb","itemListElement":[{"@type":"ListItem","position":1,"name":"Home","item":"https:\/\/sites.uef.fi\/kyynelkanavat\/"},{"@type":"ListItem","position":2,"name":"Vienankarjalak\u0161i"}]},{"@type":"WebSite","@id":"https:\/\/sites.uef.fi\/kyynelkanavat\/#website","url":"https:\/\/sites.uef.fi\/kyynelkanavat\/","name":"Kyynelkanavat","description":"","potentialAction":[{"@type":"SearchAction","target":{"@type":"EntryPoint","urlTemplate":"https:\/\/sites.uef.fi\/kyynelkanavat\/?s={search_term_string}"},"query-input":{"@type":"PropertyValueSpecification","valueRequired":true,"valueName":"search_term_string"}}],"inLanguage":"fi"}]}},"_links":{"self":[{"href":"https:\/\/sites.uef.fi\/kyynelkanavat\/wp-json\/wp\/v2\/pages\/1671","targetHints":{"allow":["GET"]}}],"collection":[{"href":"https:\/\/sites.uef.fi\/kyynelkanavat\/wp-json\/wp\/v2\/pages"}],"about":[{"href":"https:\/\/sites.uef.fi\/kyynelkanavat\/wp-json\/wp\/v2\/types\/page"}],"author":[{"embeddable":true,"href":"https:\/\/sites.uef.fi\/kyynelkanavat\/wp-json\/wp\/v2\/users\/535"}],"replies":[{"embeddable":true,"href":"https:\/\/sites.uef.fi\/kyynelkanavat\/wp-json\/wp\/v2\/comments?post=1671"}],"version-history":[{"count":1,"href":"https:\/\/sites.uef.fi\/kyynelkanavat\/wp-json\/wp\/v2\/pages\/1671\/revisions"}],"predecessor-version":[{"id":2891,"href":"https:\/\/sites.uef.fi\/kyynelkanavat\/wp-json\/wp\/v2\/pages\/1671\/revisions\/2891"}],"wp:featuredmedia":[{"embeddable":true,"href":"https:\/\/sites.uef.fi\/kyynelkanavat\/wp-json\/wp\/v2\/media\/1684"}],"wp:attachment":[{"href":"https:\/\/sites.uef.fi\/kyynelkanavat\/wp-json\/wp\/v2\/media?parent=1671"}],"curies":[{"name":"wp","href":"https:\/\/api.w.org\/{rel}","templated":true}]}}