{"id":2047,"date":"2022-09-29T16:21:56","date_gmt":"2022-09-29T14:21:56","guid":{"rendered":"https:\/\/sites.uef.fi\/kyynelkanavat\/?page_id=2047"},"modified":"2023-09-14T16:44:59","modified_gmt":"2023-09-14T14:44:59","slug":"konferenssi-2023","status":"publish","type":"page","link":"https:\/\/sites.uef.fi\/kyynelkanavat\/konferenssi-2023\/","title":{"rendered":"Yleis\u00f6luento, konsertti ja konferenssi 2023"},"content":{"rendered":"\n<p class=\"has-large-font-size\">Kansainv\u00e4linen itkuvirsikonferenssi<\/p>\n\n\n\n<p>Itkuvirret eli itkut on ymp\u00e4ri maailmaa tunnettu rituaalisen suremisen perinne, jonka k\u00e4yt\u00e4nn\u00f6t ja merkitykset vaihtelevat kulttuurista ja kontekstista toiseen.<\/p>\n\n\n\n<p>T\u00e4ss\u00e4 konferenssissa tarkastelemme itkuvirsiperinteit\u00e4 ja itkuvirsien moninaisuutta, itkujen merkityksi\u00e4 ja k\u00e4yt\u00e4nt\u00f6j\u00e4 muuttuvassa maailmassa. Tavoitteenamme on pohtia ajankohtaisia kysymyksi\u00e4 ja n\u00e4k\u00f6kulmia, jotka ovat olennaisia itkuvirsiperinteille, sek\u00e4 etsi\u00e4 yhteisi\u00e4 linjoja eri kulttuurien perinteiden ja keskusteluiden v\u00e4lill\u00e4. Konferenssissa l\u00e4hestymme itkuja muun muassa perinteisen\u00e4, uudistettuna, historiallisena, s\u00e4ilytettyn\u00e4, pelastettuna, elvytettyn\u00e4, muokattuna, v\u00e4litettyn\u00e4, omittuna, koettuna, aistittuna, tallennettuna, arkistoista kaivettuna, uudelleentulkittuna sek\u00e4 punoutuneena johonkin uuteen \u2013 mutta ei tyystin kadonneena.<\/p>\n\n\n\n<p>Tapahtuma jakautuu kahteen osioon. Tapahtuman ensimm\u00e4isen\u00e4 p\u00e4iv\u00e4n\u00e4 ohjelmassa on suomenkielinen yleis\u00f6luento nyky-Suomen moninaisesta itkuvirsiperinteest\u00e4 ja konsertti, jossa on itkuvirsi\u00e4 ja itkuperinteist\u00e4 inspiroitunutta musiikkia. Tapahtuman toinen ja kolmas p\u00e4iv\u00e4 on omistettu kansainv\u00e4lisille tutkimusesitelmille ja kutsuluennoille. Tapahtuman toinen ja kolmas p\u00e4iv\u00e4 ovat englanninkieliset.<\/p>\n\n\n\n<p>Yleis\u00f6luento ja konsertti Helsingiss\u00e4 SKS:ll\u00e4 15.5.2023. Yleis\u00f6luennon seuraaminen onnistuu my\u00f6s et\u00e4n\u00e4, lis\u00e4tietoja tapahtumasivuilta:  <a rel=\"noreferrer noopener\" href=\"https:\/\/www.finlit.fi\/fi\/ajankohtaista\/tapahtumakalenteri\/itkuvirret-kaikonnutta-vai-kukoistavaa-yleisoluento-ja-konsertti#.ZD-gVHZBzb0\" target=\"_blank\"><strong>Itkuvirret \u2013 kaikonnutta vai kukoistavaa.<\/strong><\/a><\/p>\n\n\n\n<p>Tarkemmat tiedot ja ohjelma <a href=\"https:\/\/sites.uef.fi\/kyynelkanavat\/conference\/?lang=en\"><strong>englanninkielisell\u00e4 konferenssi-sivulla<\/strong>.<\/a> <\/p>\n\n\n\n<p><\/p>\n\n\n\n<p class=\"has-medium-font-size\"><strong>Ilmoittautuminen ja osallistumismaksut<\/strong><\/p>\n\n\n\n<p>Konferenssin osallistumismaksu 60 \u20ac, ja se sis\u00e4lt\u00e4\u00e4 konsertin (ma) ja konferenssilounaat (ti &amp; ke). Yleis\u00f6luento maanantaina on ilmainen, samoin konferenssin keynote-lennoille ovat tervetulleita kaikki.<\/p>\n\n\n\n<p>Tapahtumaan ilmoittautuminen on avoinna 15.4.2023 saakka.<\/p>\n\n\n\n<p>Tarkemmat tiedot konferenssin <a href=\"https:\/\/sites.uef.fi\/kyynelkanavat\/conference\/practical-information\/?lang=en\"><strong>englanninkielisell\u00e4 sivulla<\/strong><\/a>.<\/p>\n\n\n\n<p class=\"has-medium-font-size\"><strong>J\u00e4rjest\u00e4j\u00e4t<\/strong><\/p>\n\n\n\n<p>Kyynelkanavat \u2013 Itkuvirsiperinne nyky-Suomessa -hanke, It\u00e4-Suomen yliopisto, Koneen S\u00e4\u00e4ti\u00f6<br>Karjalan Sivistysseura<br>Suomalaisen Kirjallisuuden Seura<\/p>\n\n\n\n<p><\/p>\n","protected":false},"excerpt":{"rendered":"<p>Kansainv\u00e4linen itkuvirsikonferenssi Itkuvirret eli itkut on ymp\u00e4ri maailmaa tunnettu rituaalisen suremisen perinne, jonka k\u00e4yt\u00e4nn\u00f6t ja merkitykset vaihtelevat kulttuurista ja kontekstista toiseen. T\u00e4ss\u00e4 konferenssissa tarkastelemme itkuvirsiperinteit\u00e4 ja itkuvirsien moninaisuutta, itkujen merkityksi\u00e4 ja k\u00e4yt\u00e4nt\u00f6j\u00e4 muuttuvassa maailmassa. Tavoitteenamme on pohtia ajankohtaisia kysymyksi\u00e4 ja n\u00e4k\u00f6kulmia, jotka ovat olennaisia itkuvirsiperinteille, sek\u00e4 etsi\u00e4 yhteisi\u00e4 linjoja eri kulttuurien perinteiden ja keskusteluiden v\u00e4lill\u00e4. [&hellip;]<\/p>\n","protected":false},"author":535,"featured_media":0,"parent":0,"menu_order":2,"comment_status":"closed","ping_status":"closed","template":"","meta":{"_acf_changed":false,"footnotes":""},"class_list":["post-2047","page","type-page","status-publish","hentry"],"acf":[],"yoast_head":"<!-- This site is optimized with the Yoast SEO plugin v27.3 - https:\/\/yoast.com\/product\/yoast-seo-wordpress\/ -->\n<title>Yleis\u00f6luento, konsertti ja konferenssi 2023 - Kyynelkanavat<\/title>\n<meta name=\"robots\" content=\"index, follow, max-snippet:-1, max-image-preview:large, max-video-preview:-1\" \/>\n<link rel=\"canonical\" href=\"https:\/\/sites.uef.fi\/kyynelkanavat\/konferenssi-2023\/\" \/>\n<meta property=\"og:locale\" content=\"fi_FI\" \/>\n<meta property=\"og:type\" content=\"article\" \/>\n<meta property=\"og:title\" content=\"Yleis\u00f6luento, konsertti ja konferenssi 2023 - Kyynelkanavat\" \/>\n<meta property=\"og:description\" content=\"Kansainv\u00e4linen itkuvirsikonferenssi Itkuvirret eli itkut on ymp\u00e4ri maailmaa tunnettu rituaalisen suremisen perinne, jonka k\u00e4yt\u00e4nn\u00f6t ja merkitykset vaihtelevat kulttuurista ja kontekstista toiseen. T\u00e4ss\u00e4 konferenssissa tarkastelemme itkuvirsiperinteit\u00e4 ja itkuvirsien moninaisuutta, itkujen merkityksi\u00e4 ja k\u00e4yt\u00e4nt\u00f6j\u00e4 muuttuvassa maailmassa. Tavoitteenamme on pohtia ajankohtaisia kysymyksi\u00e4 ja n\u00e4k\u00f6kulmia, jotka ovat olennaisia itkuvirsiperinteille, sek\u00e4 etsi\u00e4 yhteisi\u00e4 linjoja eri kulttuurien perinteiden ja keskusteluiden v\u00e4lill\u00e4. [&hellip;]\" \/>\n<meta property=\"og:url\" content=\"https:\/\/sites.uef.fi\/kyynelkanavat\/konferenssi-2023\/\" \/>\n<meta property=\"og:site_name\" content=\"Kyynelkanavat\" \/>\n<meta property=\"article:modified_time\" content=\"2023-09-14T14:44:59+00:00\" \/>\n<meta name=\"twitter:card\" content=\"summary_large_image\" \/>\n<meta name=\"twitter:label1\" content=\"Arvioitu lukuaika\" \/>\n\t<meta name=\"twitter:data1\" content=\"2 minuuttia\" \/>\n<script type=\"application\/ld+json\" class=\"yoast-schema-graph\">{\"@context\":\"https:\\\/\\\/schema.org\",\"@graph\":[{\"@type\":\"WebPage\",\"@id\":\"https:\\\/\\\/sites.uef.fi\\\/kyynelkanavat\\\/konferenssi-2023\\\/\",\"url\":\"https:\\\/\\\/sites.uef.fi\\\/kyynelkanavat\\\/konferenssi-2023\\\/\",\"name\":\"Yleis\u00f6luento, konsertti ja konferenssi 2023 - Kyynelkanavat\",\"isPartOf\":{\"@id\":\"https:\\\/\\\/sites.uef.fi\\\/kyynelkanavat\\\/#website\"},\"datePublished\":\"2022-09-29T14:21:56+00:00\",\"dateModified\":\"2023-09-14T14:44:59+00:00\",\"breadcrumb\":{\"@id\":\"https:\\\/\\\/sites.uef.fi\\\/kyynelkanavat\\\/konferenssi-2023\\\/#breadcrumb\"},\"inLanguage\":\"fi\",\"potentialAction\":[{\"@type\":\"ReadAction\",\"target\":[\"https:\\\/\\\/sites.uef.fi\\\/kyynelkanavat\\\/konferenssi-2023\\\/\"]}]},{\"@type\":\"BreadcrumbList\",\"@id\":\"https:\\\/\\\/sites.uef.fi\\\/kyynelkanavat\\\/konferenssi-2023\\\/#breadcrumb\",\"itemListElement\":[{\"@type\":\"ListItem\",\"position\":1,\"name\":\"Home\",\"item\":\"https:\\\/\\\/sites.uef.fi\\\/kyynelkanavat\\\/\"},{\"@type\":\"ListItem\",\"position\":2,\"name\":\"Yleis\u00f6luento, konsertti ja konferenssi 2023\"}]},{\"@type\":\"WebSite\",\"@id\":\"https:\\\/\\\/sites.uef.fi\\\/kyynelkanavat\\\/#website\",\"url\":\"https:\\\/\\\/sites.uef.fi\\\/kyynelkanavat\\\/\",\"name\":\"Kyynelkanavat\",\"description\":\"\",\"potentialAction\":[{\"@type\":\"SearchAction\",\"target\":{\"@type\":\"EntryPoint\",\"urlTemplate\":\"https:\\\/\\\/sites.uef.fi\\\/kyynelkanavat\\\/?s={search_term_string}\"},\"query-input\":{\"@type\":\"PropertyValueSpecification\",\"valueRequired\":true,\"valueName\":\"search_term_string\"}}],\"inLanguage\":\"fi\"}]}<\/script>\n<!-- \/ Yoast SEO plugin. -->","yoast_head_json":{"title":"Yleis\u00f6luento, konsertti ja konferenssi 2023 - Kyynelkanavat","robots":{"index":"index","follow":"follow","max-snippet":"max-snippet:-1","max-image-preview":"max-image-preview:large","max-video-preview":"max-video-preview:-1"},"canonical":"https:\/\/sites.uef.fi\/kyynelkanavat\/konferenssi-2023\/","og_locale":"fi_FI","og_type":"article","og_title":"Yleis\u00f6luento, konsertti ja konferenssi 2023 - Kyynelkanavat","og_description":"Kansainv\u00e4linen itkuvirsikonferenssi Itkuvirret eli itkut on ymp\u00e4ri maailmaa tunnettu rituaalisen suremisen perinne, jonka k\u00e4yt\u00e4nn\u00f6t ja merkitykset vaihtelevat kulttuurista ja kontekstista toiseen. T\u00e4ss\u00e4 konferenssissa tarkastelemme itkuvirsiperinteit\u00e4 ja itkuvirsien moninaisuutta, itkujen merkityksi\u00e4 ja k\u00e4yt\u00e4nt\u00f6j\u00e4 muuttuvassa maailmassa. Tavoitteenamme on pohtia ajankohtaisia kysymyksi\u00e4 ja n\u00e4k\u00f6kulmia, jotka ovat olennaisia itkuvirsiperinteille, sek\u00e4 etsi\u00e4 yhteisi\u00e4 linjoja eri kulttuurien perinteiden ja keskusteluiden v\u00e4lill\u00e4. [&hellip;]","og_url":"https:\/\/sites.uef.fi\/kyynelkanavat\/konferenssi-2023\/","og_site_name":"Kyynelkanavat","article_modified_time":"2023-09-14T14:44:59+00:00","twitter_card":"summary_large_image","twitter_misc":{"Arvioitu lukuaika":"2 minuuttia"},"schema":{"@context":"https:\/\/schema.org","@graph":[{"@type":"WebPage","@id":"https:\/\/sites.uef.fi\/kyynelkanavat\/konferenssi-2023\/","url":"https:\/\/sites.uef.fi\/kyynelkanavat\/konferenssi-2023\/","name":"Yleis\u00f6luento, konsertti ja konferenssi 2023 - Kyynelkanavat","isPartOf":{"@id":"https:\/\/sites.uef.fi\/kyynelkanavat\/#website"},"datePublished":"2022-09-29T14:21:56+00:00","dateModified":"2023-09-14T14:44:59+00:00","breadcrumb":{"@id":"https:\/\/sites.uef.fi\/kyynelkanavat\/konferenssi-2023\/#breadcrumb"},"inLanguage":"fi","potentialAction":[{"@type":"ReadAction","target":["https:\/\/sites.uef.fi\/kyynelkanavat\/konferenssi-2023\/"]}]},{"@type":"BreadcrumbList","@id":"https:\/\/sites.uef.fi\/kyynelkanavat\/konferenssi-2023\/#breadcrumb","itemListElement":[{"@type":"ListItem","position":1,"name":"Home","item":"https:\/\/sites.uef.fi\/kyynelkanavat\/"},{"@type":"ListItem","position":2,"name":"Yleis\u00f6luento, konsertti ja konferenssi 2023"}]},{"@type":"WebSite","@id":"https:\/\/sites.uef.fi\/kyynelkanavat\/#website","url":"https:\/\/sites.uef.fi\/kyynelkanavat\/","name":"Kyynelkanavat","description":"","potentialAction":[{"@type":"SearchAction","target":{"@type":"EntryPoint","urlTemplate":"https:\/\/sites.uef.fi\/kyynelkanavat\/?s={search_term_string}"},"query-input":{"@type":"PropertyValueSpecification","valueRequired":true,"valueName":"search_term_string"}}],"inLanguage":"fi"}]}},"_links":{"self":[{"href":"https:\/\/sites.uef.fi\/kyynelkanavat\/wp-json\/wp\/v2\/pages\/2047","targetHints":{"allow":["GET"]}}],"collection":[{"href":"https:\/\/sites.uef.fi\/kyynelkanavat\/wp-json\/wp\/v2\/pages"}],"about":[{"href":"https:\/\/sites.uef.fi\/kyynelkanavat\/wp-json\/wp\/v2\/types\/page"}],"author":[{"embeddable":true,"href":"https:\/\/sites.uef.fi\/kyynelkanavat\/wp-json\/wp\/v2\/users\/535"}],"replies":[{"embeddable":true,"href":"https:\/\/sites.uef.fi\/kyynelkanavat\/wp-json\/wp\/v2\/comments?post=2047"}],"version-history":[{"count":2,"href":"https:\/\/sites.uef.fi\/kyynelkanavat\/wp-json\/wp\/v2\/pages\/2047\/revisions"}],"predecessor-version":[{"id":2583,"href":"https:\/\/sites.uef.fi\/kyynelkanavat\/wp-json\/wp\/v2\/pages\/2047\/revisions\/2583"}],"wp:attachment":[{"href":"https:\/\/sites.uef.fi\/kyynelkanavat\/wp-json\/wp\/v2\/media?parent=2047"}],"curies":[{"name":"wp","href":"https:\/\/api.w.org\/{rel}","templated":true}]}}