{"id":465,"date":"2021-05-25T18:07:54","date_gmt":"2021-05-25T16:07:54","guid":{"rendered":"https:\/\/sites.uef.fi\/kyynelkanavat\/?page_id=465"},"modified":"2021-05-26T18:47:42","modified_gmt":"2021-05-26T16:47:42","slug":"emilia-kallonen","status":"publish","type":"page","link":"https:\/\/sites.uef.fi\/kyynelkanavat\/tyoryhma\/emilia-kallonen\/","title":{"rendered":"Emilia Kallonen"},"content":{"rendered":"\n<p>Emilia Kallonen on kansanlaulaja, esitystaiteilija ja musiikkipedagogi. H\u00e4n on kouluttautunut Pohjois-Karjalassa ja toiminut siell\u00e4 taiteilijana parikymment\u00e4 vuotta. T\u00e4ll\u00e4 hetkell\u00e4 h\u00e4n el\u00e4\u00e4 Tampereella ja ty\u00f6skentelee muun muassa Kyynelkanavat-hankkeen taiteilijana ja&nbsp; tutkija Elina Hyt\u00f6nen-Ng\u2019n ty\u00f6parina.<\/p>\n\n\n\n<p>Laulajana Kallonen on erikoistunut vanhaan karjalaiseen lauluperinteeseen, ja itkuvirret on h\u00e4nelle rakas ja erityinen alue. Modernina itkij\u00e4n\u00e4 h\u00e4n on uutta luova, perinteseen nojaava esiintyj\u00e4 ja itkuvirsikouluttaja. \u00c4\u00e4nell\u00e4 Itkij\u00e4t ry.n puheenjohtajana h\u00e4n on toiminut vuodesta 2019.<\/p>\n\n\n\n<p>Karjalaiset perinteet ovat Kalloselle kiehtova innoituksen l\u00e4hde. H\u00e4nen toteuttamissaan laajoissa esityskokonaisuuksissa yhdistyy monipuolisesti perinteit\u00e4 kunnioittava ja niit\u00e4 luovasti tulkitseva n\u00e4ytt\u00e4m\u00f6llinen ilmaisu. Vuonna 2016 valmistui etnografinen musiikkin\u00e4ytelm\u00e4 <em>Kruuga \u2013 Karjalaiset lauluh\u00e4\u00e4t<\/em>, jonka my\u00f6t\u00e4 Kalloselle my\u00f6nnettiin 2016 Pohjois-Karjalan Taidetoimikunnan Taidepalkinto<em>. <\/em>N\u00e4ytelm\u00e4n musiikki el\u00e4\u00e4 edelleen konserttimuotoisesti Kallosen johtaman lauluyhtye Loihun ohjelmistossa. Vuonna 2020 sai kantaesityksens\u00e4 Kallosen uusin, kuoleman kohtaamista k\u00e4sittelev\u00e4 teos <em>KROPU \u2013<\/em> <em>Suuret surenta-aikaset kallehilla kuusikkosijasilla<\/em>. Se esitet\u00e4\u00e4n my\u00f6s Kyynelkanavat 2021 -tapahtumassa Ilomantsissa.<\/p>\n\n\n\n<p>Kallosen merkitt\u00e4v\u00e4 yhteisty\u00f6kumppani vuosien varrella on ollut perinteentutkija Leena J\u00e4\u00e4skel\u00e4inen. Syksyll\u00e4 2020 he toteuttivat yhdess\u00e4 Joensuuhun <em>T\u00e4m\u00e4n ilman alla &#8211;<\/em>tapahtuman. Kokonaisuus toi esille karjalaisperinteiden estetiikkaa ja kansanviisautta, jossa my\u00f6s ortodoksisuus on vahvasti l\u00e4sn\u00e4. J\u00e4\u00e4skel\u00e4isen tekstiilin\u00e4yttelyn sis\u00e4\u00e4n rakentunut el\u00e4v\u00e4 tapahtuma koostui esityksist\u00e4, ty\u00f6pajoista, luennoista, keskusteluista ja kohtaamisista. Ohjelmassa oli muun muassa Kallosen luoma Itkij\u00e4 tavattavissa -konsepti, jossa yleis\u00f6 p\u00e4\u00e4see keskustelemaan tai kokeilemaan \u00e4\u00e4nell\u00e4 itkua kahdenkesken itkij\u00e4n kanssa tai pyyt\u00e4m\u00e4\u00e4n h\u00e4nelt\u00e4 itkuvirtt\u00e4.<\/p>\n\n\n\n<figure class=\"wp-block-image size-large\"><img loading=\"lazy\" decoding=\"async\" width=\"501\" height=\"501\" src=\"https:\/\/sites.uef.fi\/kyynelkanavat\/wp-content\/uploads\/sites\/266\/2021\/05\/Emilia.jpg\" alt=\"\" class=\"wp-image-612\" srcset=\"https:\/\/sites.uef.fi\/kyynelkanavat\/wp-content\/uploads\/sites\/266\/2021\/05\/Emilia.jpg 501w, https:\/\/sites.uef.fi\/kyynelkanavat\/wp-content\/uploads\/sites\/266\/2021\/05\/Emilia-300x300.jpg 300w, https:\/\/sites.uef.fi\/kyynelkanavat\/wp-content\/uploads\/sites\/266\/2021\/05\/Emilia-150x150.jpg 150w, https:\/\/sites.uef.fi\/kyynelkanavat\/wp-content\/uploads\/sites\/266\/2021\/05\/Emilia-100x100.jpg 100w\" sizes=\"auto, (max-width: 501px) 100vw, 501px\" \/><\/figure>\n","protected":false},"excerpt":{"rendered":"<p>Emilia Kallonen on kansanlaulaja, esitystaiteilija ja musiikkipedagogi. H\u00e4n on kouluttautunut Pohjois-Karjalassa ja toiminut siell\u00e4 taiteilijana parikymment\u00e4 vuotta. T\u00e4ll\u00e4 hetkell\u00e4 h\u00e4n el\u00e4\u00e4 Tampereella ja ty\u00f6skentelee muun muassa Kyynelkanavat-hankkeen taiteilijana ja&nbsp; tutkija Elina Hyt\u00f6nen-Ng\u2019n ty\u00f6parina. Laulajana Kallonen on erikoistunut vanhaan karjalaiseen lauluperinteeseen, ja itkuvirret on h\u00e4nelle rakas ja erityinen alue. Modernina itkij\u00e4n\u00e4 h\u00e4n on uutta luova, perinteseen [&hellip;]<\/p>\n","protected":false},"author":535,"featured_media":0,"parent":99,"menu_order":0,"comment_status":"closed","ping_status":"closed","template":"","meta":{"_acf_changed":false,"footnotes":""},"class_list":["post-465","page","type-page","status-publish","hentry"],"acf":[],"yoast_head":"<!-- This site is optimized with the Yoast SEO plugin v27.3 - https:\/\/yoast.com\/product\/yoast-seo-wordpress\/ -->\n<title>Emilia Kallonen - Kyynelkanavat<\/title>\n<meta name=\"robots\" content=\"index, follow, max-snippet:-1, max-image-preview:large, max-video-preview:-1\" \/>\n<link rel=\"canonical\" href=\"https:\/\/sites.uef.fi\/kyynelkanavat\/tyoryhma\/emilia-kallonen\/\" \/>\n<meta property=\"og:locale\" content=\"fi_FI\" \/>\n<meta property=\"og:type\" content=\"article\" \/>\n<meta property=\"og:title\" content=\"Emilia Kallonen - Kyynelkanavat\" \/>\n<meta property=\"og:description\" content=\"Emilia Kallonen on kansanlaulaja, esitystaiteilija ja musiikkipedagogi. H\u00e4n on kouluttautunut Pohjois-Karjalassa ja toiminut siell\u00e4 taiteilijana parikymment\u00e4 vuotta. T\u00e4ll\u00e4 hetkell\u00e4 h\u00e4n el\u00e4\u00e4 Tampereella ja ty\u00f6skentelee muun muassa Kyynelkanavat-hankkeen taiteilijana ja&nbsp; tutkija Elina Hyt\u00f6nen-Ng\u2019n ty\u00f6parina. Laulajana Kallonen on erikoistunut vanhaan karjalaiseen lauluperinteeseen, ja itkuvirret on h\u00e4nelle rakas ja erityinen alue. Modernina itkij\u00e4n\u00e4 h\u00e4n on uutta luova, perinteseen [&hellip;]\" \/>\n<meta property=\"og:url\" content=\"https:\/\/sites.uef.fi\/kyynelkanavat\/tyoryhma\/emilia-kallonen\/\" \/>\n<meta property=\"og:site_name\" content=\"Kyynelkanavat\" \/>\n<meta property=\"article:modified_time\" content=\"2021-05-26T16:47:42+00:00\" \/>\n<meta property=\"og:image\" content=\"https:\/\/sites.uef.fi\/kyynelkanavat\/wp-content\/uploads\/sites\/266\/2021\/05\/Emilia.jpg\" \/>\n<meta name=\"twitter:card\" content=\"summary_large_image\" \/>\n<meta name=\"twitter:label1\" content=\"Arvioitu lukuaika\" \/>\n\t<meta name=\"twitter:data1\" content=\"1 minuutti\" \/>\n<script type=\"application\/ld+json\" class=\"yoast-schema-graph\">{\"@context\":\"https:\\\/\\\/schema.org\",\"@graph\":[{\"@type\":\"WebPage\",\"@id\":\"https:\\\/\\\/sites.uef.fi\\\/kyynelkanavat\\\/tyoryhma\\\/emilia-kallonen\\\/\",\"url\":\"https:\\\/\\\/sites.uef.fi\\\/kyynelkanavat\\\/tyoryhma\\\/emilia-kallonen\\\/\",\"name\":\"Emilia Kallonen - Kyynelkanavat\",\"isPartOf\":{\"@id\":\"https:\\\/\\\/sites.uef.fi\\\/kyynelkanavat\\\/#website\"},\"primaryImageOfPage\":{\"@id\":\"https:\\\/\\\/sites.uef.fi\\\/kyynelkanavat\\\/tyoryhma\\\/emilia-kallonen\\\/#primaryimage\"},\"image\":{\"@id\":\"https:\\\/\\\/sites.uef.fi\\\/kyynelkanavat\\\/tyoryhma\\\/emilia-kallonen\\\/#primaryimage\"},\"thumbnailUrl\":\"https:\\\/\\\/sites.uef.fi\\\/kyynelkanavat\\\/wp-content\\\/uploads\\\/sites\\\/266\\\/2021\\\/05\\\/Emilia.jpg\",\"datePublished\":\"2021-05-25T16:07:54+00:00\",\"dateModified\":\"2021-05-26T16:47:42+00:00\",\"breadcrumb\":{\"@id\":\"https:\\\/\\\/sites.uef.fi\\\/kyynelkanavat\\\/tyoryhma\\\/emilia-kallonen\\\/#breadcrumb\"},\"inLanguage\":\"fi\",\"potentialAction\":[{\"@type\":\"ReadAction\",\"target\":[\"https:\\\/\\\/sites.uef.fi\\\/kyynelkanavat\\\/tyoryhma\\\/emilia-kallonen\\\/\"]}]},{\"@type\":\"ImageObject\",\"inLanguage\":\"fi\",\"@id\":\"https:\\\/\\\/sites.uef.fi\\\/kyynelkanavat\\\/tyoryhma\\\/emilia-kallonen\\\/#primaryimage\",\"url\":\"https:\\\/\\\/sites.uef.fi\\\/kyynelkanavat\\\/wp-content\\\/uploads\\\/sites\\\/266\\\/2021\\\/05\\\/Emilia.jpg\",\"contentUrl\":\"https:\\\/\\\/sites.uef.fi\\\/kyynelkanavat\\\/wp-content\\\/uploads\\\/sites\\\/266\\\/2021\\\/05\\\/Emilia.jpg\",\"width\":501,\"height\":501},{\"@type\":\"BreadcrumbList\",\"@id\":\"https:\\\/\\\/sites.uef.fi\\\/kyynelkanavat\\\/tyoryhma\\\/emilia-kallonen\\\/#breadcrumb\",\"itemListElement\":[{\"@type\":\"ListItem\",\"position\":1,\"name\":\"Home\",\"item\":\"https:\\\/\\\/sites.uef.fi\\\/kyynelkanavat\\\/\"},{\"@type\":\"ListItem\",\"position\":2,\"name\":\"Ty\u00f6ryhm\u00e4 ja teemat\",\"item\":\"https:\\\/\\\/sites.uef.fi\\\/kyynelkanavat\\\/tyoryhma\\\/\"},{\"@type\":\"ListItem\",\"position\":3,\"name\":\"Emilia Kallonen\"}]},{\"@type\":\"WebSite\",\"@id\":\"https:\\\/\\\/sites.uef.fi\\\/kyynelkanavat\\\/#website\",\"url\":\"https:\\\/\\\/sites.uef.fi\\\/kyynelkanavat\\\/\",\"name\":\"Kyynelkanavat\",\"description\":\"\",\"potentialAction\":[{\"@type\":\"SearchAction\",\"target\":{\"@type\":\"EntryPoint\",\"urlTemplate\":\"https:\\\/\\\/sites.uef.fi\\\/kyynelkanavat\\\/?s={search_term_string}\"},\"query-input\":{\"@type\":\"PropertyValueSpecification\",\"valueRequired\":true,\"valueName\":\"search_term_string\"}}],\"inLanguage\":\"fi\"}]}<\/script>\n<!-- \/ Yoast SEO plugin. -->","yoast_head_json":{"title":"Emilia Kallonen - Kyynelkanavat","robots":{"index":"index","follow":"follow","max-snippet":"max-snippet:-1","max-image-preview":"max-image-preview:large","max-video-preview":"max-video-preview:-1"},"canonical":"https:\/\/sites.uef.fi\/kyynelkanavat\/tyoryhma\/emilia-kallonen\/","og_locale":"fi_FI","og_type":"article","og_title":"Emilia Kallonen - Kyynelkanavat","og_description":"Emilia Kallonen on kansanlaulaja, esitystaiteilija ja musiikkipedagogi. H\u00e4n on kouluttautunut Pohjois-Karjalassa ja toiminut siell\u00e4 taiteilijana parikymment\u00e4 vuotta. T\u00e4ll\u00e4 hetkell\u00e4 h\u00e4n el\u00e4\u00e4 Tampereella ja ty\u00f6skentelee muun muassa Kyynelkanavat-hankkeen taiteilijana ja&nbsp; tutkija Elina Hyt\u00f6nen-Ng\u2019n ty\u00f6parina. Laulajana Kallonen on erikoistunut vanhaan karjalaiseen lauluperinteeseen, ja itkuvirret on h\u00e4nelle rakas ja erityinen alue. Modernina itkij\u00e4n\u00e4 h\u00e4n on uutta luova, perinteseen [&hellip;]","og_url":"https:\/\/sites.uef.fi\/kyynelkanavat\/tyoryhma\/emilia-kallonen\/","og_site_name":"Kyynelkanavat","article_modified_time":"2021-05-26T16:47:42+00:00","og_image":[{"url":"https:\/\/sites.uef.fi\/kyynelkanavat\/wp-content\/uploads\/sites\/266\/2021\/05\/Emilia.jpg","type":"","width":"","height":""}],"twitter_card":"summary_large_image","twitter_misc":{"Arvioitu lukuaika":"1 minuutti"},"schema":{"@context":"https:\/\/schema.org","@graph":[{"@type":"WebPage","@id":"https:\/\/sites.uef.fi\/kyynelkanavat\/tyoryhma\/emilia-kallonen\/","url":"https:\/\/sites.uef.fi\/kyynelkanavat\/tyoryhma\/emilia-kallonen\/","name":"Emilia Kallonen - Kyynelkanavat","isPartOf":{"@id":"https:\/\/sites.uef.fi\/kyynelkanavat\/#website"},"primaryImageOfPage":{"@id":"https:\/\/sites.uef.fi\/kyynelkanavat\/tyoryhma\/emilia-kallonen\/#primaryimage"},"image":{"@id":"https:\/\/sites.uef.fi\/kyynelkanavat\/tyoryhma\/emilia-kallonen\/#primaryimage"},"thumbnailUrl":"https:\/\/sites.uef.fi\/kyynelkanavat\/wp-content\/uploads\/sites\/266\/2021\/05\/Emilia.jpg","datePublished":"2021-05-25T16:07:54+00:00","dateModified":"2021-05-26T16:47:42+00:00","breadcrumb":{"@id":"https:\/\/sites.uef.fi\/kyynelkanavat\/tyoryhma\/emilia-kallonen\/#breadcrumb"},"inLanguage":"fi","potentialAction":[{"@type":"ReadAction","target":["https:\/\/sites.uef.fi\/kyynelkanavat\/tyoryhma\/emilia-kallonen\/"]}]},{"@type":"ImageObject","inLanguage":"fi","@id":"https:\/\/sites.uef.fi\/kyynelkanavat\/tyoryhma\/emilia-kallonen\/#primaryimage","url":"https:\/\/sites.uef.fi\/kyynelkanavat\/wp-content\/uploads\/sites\/266\/2021\/05\/Emilia.jpg","contentUrl":"https:\/\/sites.uef.fi\/kyynelkanavat\/wp-content\/uploads\/sites\/266\/2021\/05\/Emilia.jpg","width":501,"height":501},{"@type":"BreadcrumbList","@id":"https:\/\/sites.uef.fi\/kyynelkanavat\/tyoryhma\/emilia-kallonen\/#breadcrumb","itemListElement":[{"@type":"ListItem","position":1,"name":"Home","item":"https:\/\/sites.uef.fi\/kyynelkanavat\/"},{"@type":"ListItem","position":2,"name":"Ty\u00f6ryhm\u00e4 ja teemat","item":"https:\/\/sites.uef.fi\/kyynelkanavat\/tyoryhma\/"},{"@type":"ListItem","position":3,"name":"Emilia Kallonen"}]},{"@type":"WebSite","@id":"https:\/\/sites.uef.fi\/kyynelkanavat\/#website","url":"https:\/\/sites.uef.fi\/kyynelkanavat\/","name":"Kyynelkanavat","description":"","potentialAction":[{"@type":"SearchAction","target":{"@type":"EntryPoint","urlTemplate":"https:\/\/sites.uef.fi\/kyynelkanavat\/?s={search_term_string}"},"query-input":{"@type":"PropertyValueSpecification","valueRequired":true,"valueName":"search_term_string"}}],"inLanguage":"fi"}]}},"_links":{"self":[{"href":"https:\/\/sites.uef.fi\/kyynelkanavat\/wp-json\/wp\/v2\/pages\/465","targetHints":{"allow":["GET"]}}],"collection":[{"href":"https:\/\/sites.uef.fi\/kyynelkanavat\/wp-json\/wp\/v2\/pages"}],"about":[{"href":"https:\/\/sites.uef.fi\/kyynelkanavat\/wp-json\/wp\/v2\/types\/page"}],"author":[{"embeddable":true,"href":"https:\/\/sites.uef.fi\/kyynelkanavat\/wp-json\/wp\/v2\/users\/535"}],"replies":[{"embeddable":true,"href":"https:\/\/sites.uef.fi\/kyynelkanavat\/wp-json\/wp\/v2\/comments?post=465"}],"version-history":[{"count":2,"href":"https:\/\/sites.uef.fi\/kyynelkanavat\/wp-json\/wp\/v2\/pages\/465\/revisions"}],"predecessor-version":[{"id":633,"href":"https:\/\/sites.uef.fi\/kyynelkanavat\/wp-json\/wp\/v2\/pages\/465\/revisions\/633"}],"up":[{"embeddable":true,"href":"https:\/\/sites.uef.fi\/kyynelkanavat\/wp-json\/wp\/v2\/pages\/99"}],"wp:attachment":[{"href":"https:\/\/sites.uef.fi\/kyynelkanavat\/wp-json\/wp\/v2\/media?parent=465"}],"curies":[{"name":"wp","href":"https:\/\/api.w.org\/{rel}","templated":true}]}}