{"id":561,"date":"2021-05-25T18:36:30","date_gmt":"2021-05-25T16:36:30","guid":{"rendered":"https:\/\/sites.uef.fi\/kyynelkanavat\/?page_id=561"},"modified":"2021-05-26T18:48:27","modified_gmt":"2021-05-26T16:48:27","slug":"liisa-matveinen","status":"publish","type":"page","link":"https:\/\/sites.uef.fi\/kyynelkanavat\/tyoryhma\/liisa-matveinen\/","title":{"rendered":"Liisa Matveinen"},"content":{"rendered":"\n<p>Liisa Matveinen on Sibelius-Akatemiasta vuonna 1989 valmistunut kansanmusiikin maisteri. H\u00e4nen p\u00e4\u00e4aineitaan olivat laulu ja kanteleet. Matveisen tutkielman aihe Sibelius-Akatemiassa oli \u201cItkuvirsi-improvisaatioitteni tausta ja kehitys\u201d. T\u00e4m\u00e4n tutkielman ja omakohtaisen prosessin my\u00f6t\u00e4 Matveinen oli mukana my\u00f6s \u00c4\u00e4nell\u00e4 itkij\u00e4t ry.n perustamiseen vuonna 2001 johtaneiden ensimm\u00e4isten itkuvirsikurssien ohjaajana ja on toiminut yhdistyksen asiantuntijaj\u00e4senen\u00e4 sen perustamisesta asti.<\/p>\n\n\n\n<p>Matveinen on toiminut itkuvirsikurssien ohjaajana yli 20 vuoden ajan. Kurssien my\u00f6t\u00e4 h\u00e4n on kehitt\u00e4nyt suomenkielist\u00e4 itkuvirsirunoutta perinteisen karjalankielisen itkukielen rinnalle. Omakohtaisista ja kurssilaisten aiheista Matveinen kokosi \u00c4\u00e4nell\u00e4 itkun oppaan vuonna 2015.<\/p>\n\n\n\n<p>Liisa Matveinen on muusikko ja s\u00e4velt\u00e4j\u00e4, joka esiintyy eri kokoonpanoissa. H\u00e4nen s\u00e4vellyksens\u00e4 pohjautuvat ilomantsilaiseen runonlauluperinteeseen. Kyynelkanavat-hankkeessa h\u00e4nen ty\u00f6parinsa on Riikka Patrikainen.<\/p>\n\n\n\n<figure class=\"wp-block-image size-large\"><img loading=\"lazy\" decoding=\"async\" width=\"501\" height=\"501\" src=\"https:\/\/sites.uef.fi\/kyynelkanavat\/wp-content\/uploads\/sites\/266\/2021\/05\/Liisa-500x500_1999.jpg\" alt=\"\" class=\"wp-image-600\" srcset=\"https:\/\/sites.uef.fi\/kyynelkanavat\/wp-content\/uploads\/sites\/266\/2021\/05\/Liisa-500x500_1999.jpg 501w, https:\/\/sites.uef.fi\/kyynelkanavat\/wp-content\/uploads\/sites\/266\/2021\/05\/Liisa-500x500_1999-300x300.jpg 300w, https:\/\/sites.uef.fi\/kyynelkanavat\/wp-content\/uploads\/sites\/266\/2021\/05\/Liisa-500x500_1999-150x150.jpg 150w, https:\/\/sites.uef.fi\/kyynelkanavat\/wp-content\/uploads\/sites\/266\/2021\/05\/Liisa-500x500_1999-100x100.jpg 100w\" sizes=\"auto, (max-width: 501px) 100vw, 501px\" \/><\/figure>\n","protected":false},"excerpt":{"rendered":"<p>Liisa Matveinen on Sibelius-Akatemiasta vuonna 1989 valmistunut kansanmusiikin maisteri. H\u00e4nen p\u00e4\u00e4aineitaan olivat laulu ja kanteleet. Matveisen tutkielman aihe Sibelius-Akatemiassa oli \u201cItkuvirsi-improvisaatioitteni tausta ja kehitys\u201d. T\u00e4m\u00e4n tutkielman ja omakohtaisen prosessin my\u00f6t\u00e4 Matveinen oli mukana my\u00f6s \u00c4\u00e4nell\u00e4 itkij\u00e4t ry.n perustamiseen vuonna 2001 johtaneiden ensimm\u00e4isten itkuvirsikurssien ohjaajana ja on toiminut yhdistyksen asiantuntijaj\u00e4senen\u00e4 sen perustamisesta asti. Matveinen on toiminut [&hellip;]<\/p>\n","protected":false},"author":535,"featured_media":0,"parent":99,"menu_order":0,"comment_status":"closed","ping_status":"closed","template":"","meta":{"_acf_changed":false,"footnotes":""},"class_list":["post-561","page","type-page","status-publish","hentry"],"acf":[],"yoast_head":"<!-- This site is optimized with the Yoast SEO plugin v27.3 - https:\/\/yoast.com\/product\/yoast-seo-wordpress\/ -->\n<title>Liisa Matveinen - Kyynelkanavat<\/title>\n<meta name=\"robots\" content=\"index, follow, max-snippet:-1, max-image-preview:large, max-video-preview:-1\" \/>\n<link rel=\"canonical\" href=\"https:\/\/sites.uef.fi\/kyynelkanavat\/tyoryhma\/liisa-matveinen\/\" \/>\n<meta property=\"og:locale\" content=\"fi_FI\" \/>\n<meta property=\"og:type\" content=\"article\" \/>\n<meta property=\"og:title\" content=\"Liisa Matveinen - Kyynelkanavat\" \/>\n<meta property=\"og:description\" content=\"Liisa Matveinen on Sibelius-Akatemiasta vuonna 1989 valmistunut kansanmusiikin maisteri. H\u00e4nen p\u00e4\u00e4aineitaan olivat laulu ja kanteleet. Matveisen tutkielman aihe Sibelius-Akatemiassa oli \u201cItkuvirsi-improvisaatioitteni tausta ja kehitys\u201d. T\u00e4m\u00e4n tutkielman ja omakohtaisen prosessin my\u00f6t\u00e4 Matveinen oli mukana my\u00f6s \u00c4\u00e4nell\u00e4 itkij\u00e4t ry.n perustamiseen vuonna 2001 johtaneiden ensimm\u00e4isten itkuvirsikurssien ohjaajana ja on toiminut yhdistyksen asiantuntijaj\u00e4senen\u00e4 sen perustamisesta asti. Matveinen on toiminut [&hellip;]\" \/>\n<meta property=\"og:url\" content=\"https:\/\/sites.uef.fi\/kyynelkanavat\/tyoryhma\/liisa-matveinen\/\" \/>\n<meta property=\"og:site_name\" content=\"Kyynelkanavat\" \/>\n<meta property=\"article:modified_time\" content=\"2021-05-26T16:48:27+00:00\" \/>\n<meta property=\"og:image\" content=\"https:\/\/sites.uef.fi\/kyynelkanavat\/wp-content\/uploads\/sites\/266\/2021\/05\/Liisa-500x500_1999.jpg\" \/>\n<meta name=\"twitter:card\" content=\"summary_large_image\" \/>\n<meta name=\"twitter:label1\" content=\"Arvioitu lukuaika\" \/>\n\t<meta name=\"twitter:data1\" content=\"1 minuutti\" \/>\n<script type=\"application\/ld+json\" class=\"yoast-schema-graph\">{\"@context\":\"https:\\\/\\\/schema.org\",\"@graph\":[{\"@type\":\"WebPage\",\"@id\":\"https:\\\/\\\/sites.uef.fi\\\/kyynelkanavat\\\/tyoryhma\\\/liisa-matveinen\\\/\",\"url\":\"https:\\\/\\\/sites.uef.fi\\\/kyynelkanavat\\\/tyoryhma\\\/liisa-matveinen\\\/\",\"name\":\"Liisa Matveinen - Kyynelkanavat\",\"isPartOf\":{\"@id\":\"https:\\\/\\\/sites.uef.fi\\\/kyynelkanavat\\\/#website\"},\"primaryImageOfPage\":{\"@id\":\"https:\\\/\\\/sites.uef.fi\\\/kyynelkanavat\\\/tyoryhma\\\/liisa-matveinen\\\/#primaryimage\"},\"image\":{\"@id\":\"https:\\\/\\\/sites.uef.fi\\\/kyynelkanavat\\\/tyoryhma\\\/liisa-matveinen\\\/#primaryimage\"},\"thumbnailUrl\":\"https:\\\/\\\/sites.uef.fi\\\/kyynelkanavat\\\/wp-content\\\/uploads\\\/sites\\\/266\\\/2021\\\/05\\\/Liisa-500x500_1999.jpg\",\"datePublished\":\"2021-05-25T16:36:30+00:00\",\"dateModified\":\"2021-05-26T16:48:27+00:00\",\"breadcrumb\":{\"@id\":\"https:\\\/\\\/sites.uef.fi\\\/kyynelkanavat\\\/tyoryhma\\\/liisa-matveinen\\\/#breadcrumb\"},\"inLanguage\":\"fi\",\"potentialAction\":[{\"@type\":\"ReadAction\",\"target\":[\"https:\\\/\\\/sites.uef.fi\\\/kyynelkanavat\\\/tyoryhma\\\/liisa-matveinen\\\/\"]}]},{\"@type\":\"ImageObject\",\"inLanguage\":\"fi\",\"@id\":\"https:\\\/\\\/sites.uef.fi\\\/kyynelkanavat\\\/tyoryhma\\\/liisa-matveinen\\\/#primaryimage\",\"url\":\"https:\\\/\\\/sites.uef.fi\\\/kyynelkanavat\\\/wp-content\\\/uploads\\\/sites\\\/266\\\/2021\\\/05\\\/Liisa-500x500_1999.jpg\",\"contentUrl\":\"https:\\\/\\\/sites.uef.fi\\\/kyynelkanavat\\\/wp-content\\\/uploads\\\/sites\\\/266\\\/2021\\\/05\\\/Liisa-500x500_1999.jpg\",\"width\":501,\"height\":501},{\"@type\":\"BreadcrumbList\",\"@id\":\"https:\\\/\\\/sites.uef.fi\\\/kyynelkanavat\\\/tyoryhma\\\/liisa-matveinen\\\/#breadcrumb\",\"itemListElement\":[{\"@type\":\"ListItem\",\"position\":1,\"name\":\"Home\",\"item\":\"https:\\\/\\\/sites.uef.fi\\\/kyynelkanavat\\\/\"},{\"@type\":\"ListItem\",\"position\":2,\"name\":\"Ty\u00f6ryhm\u00e4 ja teemat\",\"item\":\"https:\\\/\\\/sites.uef.fi\\\/kyynelkanavat\\\/tyoryhma\\\/\"},{\"@type\":\"ListItem\",\"position\":3,\"name\":\"Liisa Matveinen\"}]},{\"@type\":\"WebSite\",\"@id\":\"https:\\\/\\\/sites.uef.fi\\\/kyynelkanavat\\\/#website\",\"url\":\"https:\\\/\\\/sites.uef.fi\\\/kyynelkanavat\\\/\",\"name\":\"Kyynelkanavat\",\"description\":\"\",\"potentialAction\":[{\"@type\":\"SearchAction\",\"target\":{\"@type\":\"EntryPoint\",\"urlTemplate\":\"https:\\\/\\\/sites.uef.fi\\\/kyynelkanavat\\\/?s={search_term_string}\"},\"query-input\":{\"@type\":\"PropertyValueSpecification\",\"valueRequired\":true,\"valueName\":\"search_term_string\"}}],\"inLanguage\":\"fi\"}]}<\/script>\n<!-- \/ Yoast SEO plugin. -->","yoast_head_json":{"title":"Liisa Matveinen - Kyynelkanavat","robots":{"index":"index","follow":"follow","max-snippet":"max-snippet:-1","max-image-preview":"max-image-preview:large","max-video-preview":"max-video-preview:-1"},"canonical":"https:\/\/sites.uef.fi\/kyynelkanavat\/tyoryhma\/liisa-matveinen\/","og_locale":"fi_FI","og_type":"article","og_title":"Liisa Matveinen - Kyynelkanavat","og_description":"Liisa Matveinen on Sibelius-Akatemiasta vuonna 1989 valmistunut kansanmusiikin maisteri. H\u00e4nen p\u00e4\u00e4aineitaan olivat laulu ja kanteleet. Matveisen tutkielman aihe Sibelius-Akatemiassa oli \u201cItkuvirsi-improvisaatioitteni tausta ja kehitys\u201d. T\u00e4m\u00e4n tutkielman ja omakohtaisen prosessin my\u00f6t\u00e4 Matveinen oli mukana my\u00f6s \u00c4\u00e4nell\u00e4 itkij\u00e4t ry.n perustamiseen vuonna 2001 johtaneiden ensimm\u00e4isten itkuvirsikurssien ohjaajana ja on toiminut yhdistyksen asiantuntijaj\u00e4senen\u00e4 sen perustamisesta asti. Matveinen on toiminut [&hellip;]","og_url":"https:\/\/sites.uef.fi\/kyynelkanavat\/tyoryhma\/liisa-matveinen\/","og_site_name":"Kyynelkanavat","article_modified_time":"2021-05-26T16:48:27+00:00","og_image":[{"url":"https:\/\/sites.uef.fi\/kyynelkanavat\/wp-content\/uploads\/sites\/266\/2021\/05\/Liisa-500x500_1999.jpg","type":"","width":"","height":""}],"twitter_card":"summary_large_image","twitter_misc":{"Arvioitu lukuaika":"1 minuutti"},"schema":{"@context":"https:\/\/schema.org","@graph":[{"@type":"WebPage","@id":"https:\/\/sites.uef.fi\/kyynelkanavat\/tyoryhma\/liisa-matveinen\/","url":"https:\/\/sites.uef.fi\/kyynelkanavat\/tyoryhma\/liisa-matveinen\/","name":"Liisa Matveinen - Kyynelkanavat","isPartOf":{"@id":"https:\/\/sites.uef.fi\/kyynelkanavat\/#website"},"primaryImageOfPage":{"@id":"https:\/\/sites.uef.fi\/kyynelkanavat\/tyoryhma\/liisa-matveinen\/#primaryimage"},"image":{"@id":"https:\/\/sites.uef.fi\/kyynelkanavat\/tyoryhma\/liisa-matveinen\/#primaryimage"},"thumbnailUrl":"https:\/\/sites.uef.fi\/kyynelkanavat\/wp-content\/uploads\/sites\/266\/2021\/05\/Liisa-500x500_1999.jpg","datePublished":"2021-05-25T16:36:30+00:00","dateModified":"2021-05-26T16:48:27+00:00","breadcrumb":{"@id":"https:\/\/sites.uef.fi\/kyynelkanavat\/tyoryhma\/liisa-matveinen\/#breadcrumb"},"inLanguage":"fi","potentialAction":[{"@type":"ReadAction","target":["https:\/\/sites.uef.fi\/kyynelkanavat\/tyoryhma\/liisa-matveinen\/"]}]},{"@type":"ImageObject","inLanguage":"fi","@id":"https:\/\/sites.uef.fi\/kyynelkanavat\/tyoryhma\/liisa-matveinen\/#primaryimage","url":"https:\/\/sites.uef.fi\/kyynelkanavat\/wp-content\/uploads\/sites\/266\/2021\/05\/Liisa-500x500_1999.jpg","contentUrl":"https:\/\/sites.uef.fi\/kyynelkanavat\/wp-content\/uploads\/sites\/266\/2021\/05\/Liisa-500x500_1999.jpg","width":501,"height":501},{"@type":"BreadcrumbList","@id":"https:\/\/sites.uef.fi\/kyynelkanavat\/tyoryhma\/liisa-matveinen\/#breadcrumb","itemListElement":[{"@type":"ListItem","position":1,"name":"Home","item":"https:\/\/sites.uef.fi\/kyynelkanavat\/"},{"@type":"ListItem","position":2,"name":"Ty\u00f6ryhm\u00e4 ja teemat","item":"https:\/\/sites.uef.fi\/kyynelkanavat\/tyoryhma\/"},{"@type":"ListItem","position":3,"name":"Liisa Matveinen"}]},{"@type":"WebSite","@id":"https:\/\/sites.uef.fi\/kyynelkanavat\/#website","url":"https:\/\/sites.uef.fi\/kyynelkanavat\/","name":"Kyynelkanavat","description":"","potentialAction":[{"@type":"SearchAction","target":{"@type":"EntryPoint","urlTemplate":"https:\/\/sites.uef.fi\/kyynelkanavat\/?s={search_term_string}"},"query-input":{"@type":"PropertyValueSpecification","valueRequired":true,"valueName":"search_term_string"}}],"inLanguage":"fi"}]}},"_links":{"self":[{"href":"https:\/\/sites.uef.fi\/kyynelkanavat\/wp-json\/wp\/v2\/pages\/561","targetHints":{"allow":["GET"]}}],"collection":[{"href":"https:\/\/sites.uef.fi\/kyynelkanavat\/wp-json\/wp\/v2\/pages"}],"about":[{"href":"https:\/\/sites.uef.fi\/kyynelkanavat\/wp-json\/wp\/v2\/types\/page"}],"author":[{"embeddable":true,"href":"https:\/\/sites.uef.fi\/kyynelkanavat\/wp-json\/wp\/v2\/users\/535"}],"replies":[{"embeddable":true,"href":"https:\/\/sites.uef.fi\/kyynelkanavat\/wp-json\/wp\/v2\/comments?post=561"}],"version-history":[{"count":2,"href":"https:\/\/sites.uef.fi\/kyynelkanavat\/wp-json\/wp\/v2\/pages\/561\/revisions"}],"predecessor-version":[{"id":642,"href":"https:\/\/sites.uef.fi\/kyynelkanavat\/wp-json\/wp\/v2\/pages\/561\/revisions\/642"}],"up":[{"embeddable":true,"href":"https:\/\/sites.uef.fi\/kyynelkanavat\/wp-json\/wp\/v2\/pages\/99"}],"wp:attachment":[{"href":"https:\/\/sites.uef.fi\/kyynelkanavat\/wp-json\/wp\/v2\/media?parent=561"}],"curies":[{"name":"wp","href":"https:\/\/api.w.org\/{rel}","templated":true}]}}