{"id":3944,"date":"2021-08-31T10:20:56","date_gmt":"2021-08-31T07:20:56","guid":{"rendered":"https:\/\/sites.uef.fi\/photonics\/?page_id=3944"},"modified":"2024-05-21T14:26:16","modified_gmt":"2024-05-21T11:26:16","slug":"how-we-collaborate","status":"publish","type":"page","link":"https:\/\/sites.uef.fi\/photonics\/how-we-collaborate\/?lang=fi","title":{"rendered":"Yhteisty\u00f6muodot"},"content":{"rendered":"\n<p>T\u00e4lt\u00e4 sivulta l\u00f6yd\u00e4t esimerkkej\u00e4 elinkeinoel\u00e4m\u00e4n kanssa teht\u00e4v\u00e4st\u00e4 yhteisty\u00f6st\u00e4mme. Olemme avoimia my\u00f6s muille yhteisty\u00f6malleille, joten ota yhteytt\u00e4 ja keskustellaan lis\u00e4\u00e4!<\/p>\n\n\n\n<p><strong>FOTONIIKAN TUTKIMUSKESKUKSEN JA ELINKEINOEL\u00c4M\u00c4N YHTEISTY\u00d6MUODOT<\/strong><\/p>\n\n\n\t<div id=\"accordion-block_3d569cc41bba1c94f1cc1eaf16907c23\" class=\"accordions\">\n\t\t\t\t\t<div class=\"accordion accordion-js\">\n\t\t\t\t<button class=\"accordion__button\" aria-controls=\"content-7123\" aria-expanded=\"false\" id=\"accordion-control-7123\">\n\t\t\t\t\t<h3 class=\"accordion__heading\" >\n\t\t\t\t\t\tAsiantuntijapalvelumme ja laitekantamme\t\t\t\t\t<\/h3>\n\t\t\t\t<\/button>\n\t\t\t\t<div class=\"accordion__content\" role=\"region\" aria-labelledby=\"accordion-control-7123\" aria-hidden=\"true\" id=\"content-7123\">\n\t\t\t\t\t<p>Tutustu Fotoniikan tutkimuskeskuksen tarjoamiin asiantuntijapalveluihin sek\u00e4 laitekantaan, josta yritysten on mahdollista vuokrata laiteaikaa t\u00e4\u00e4ll\u00e4:<br \/>\n<a href=\"https:\/\/sites.uef.fi\/photonics\/services\/\">https:\/\/sites.uef.fi\/photonics\/services\/<\/a><br \/>\n<a href=\"https:\/\/sites.uef.fi\/photonics\/equipment\/\">https:\/\/sites.uef.fi\/photonics\/equipment\/<\/a><\/p>\n\t\t\t\t<\/div>\n\t\t\t<\/div>\n\t\t\t<\/div>\n\t\n\n\t<div id=\"accordion-block_39e52901ccb72c26e1c1eb174dfe27de\" class=\"accordions\">\n\t\t\t\t\t<div class=\"accordion accordion-js\">\n\t\t\t\t<button class=\"accordion__button\" aria-controls=\"content-8609\" aria-expanded=\"false\" id=\"accordion-control-8609\">\n\t\t\t\t\t<h3 class=\"accordion__heading\" >\n\t\t\t\t\t\tYritysten tarpeisiin pohjautuvat tilaustutkimukset\t\t\t\t\t<\/h3>\n\t\t\t\t<\/button>\n\t\t\t\t<div class=\"accordion__content\" role=\"region\" aria-labelledby=\"accordion-control-8609\" aria-hidden=\"true\" id=\"content-8609\">\n\t\t\t\t\t<p>Fotoniikan tutkimuskeskus tekee yritysten tarpeisiin vastaavaa tilaustutkimusta.\u00a0 Voit k\u00e4ynnist\u00e4\u00e4 meid\u00e4n kanssamme tarkoin m\u00e4\u00e4ritellyn tutkimushankkeen ja n\u00e4in hy\u00f6dynt\u00e4\u00e4 tutkimusosaamistamme ja laitekantaamme haasteiden ratkaisemiseen sek\u00e4 uusien ideoiden synnytt\u00e4miseen ja testaamiseen. Tilaustutkimus on t\u00e4ysin luottamuksellista ja salassapidon alaista.<\/p>\n<p>Yhteyshenkil\u00f6:<\/p>\n<p>Jyrki Saarinen, professori<br \/>\n<span lang=\"EN-US\">Johtaja \u2013 Center for Photonics Sciences<\/span><br \/>\nVarajohtaja (vaikuttavuus) \u2013 PREIN Lippulaiva<br \/>\ne-mail: jyrki.saarinen@uef.fi<br \/>\npuh 050 595 4348<br \/>\n<a href=\"https:\/\/uefconnect.uef.fi\/henkilo\/jyrki.saarinen\/\">Jyrki Saarinen \u2013 UEF Connect<\/a><\/p>\n\t\t\t\t<\/div>\n\t\t\t<\/div>\n\t\t\t<\/div>\n\t\n\n\t<div id=\"accordion-block_68b6a46dca1170c273b93f057495e5a5\" class=\"accordions\">\n\t\t\t\t\t<div class=\"accordion accordion-js\">\n\t\t\t\t<button class=\"accordion__button\" aria-controls=\"content-1854\" aria-expanded=\"false\" id=\"accordion-control-1854\">\n\t\t\t\t\t<h3 class=\"accordion__heading\" >\n\t\t\t\t\t\tYhteisty\u00f6projektit\t\t\t\t\t<\/h3>\n\t\t\t\t<\/button>\n\t\t\t\t<div class=\"accordion__content\" role=\"region\" aria-labelledby=\"accordion-control-1854\" aria-hidden=\"true\" id=\"content-1854\">\n\t\t\t\t\t<p>Haemme aktiivisesti kumppaneita ja l\u00e4hdemme mielell\u00e4mme mukaan erilaisiin yhteisty\u00f6projekteihin sek\u00e4 hankkeiden ohjausryhmiin. Teemme elinkeinoel\u00e4m\u00e4n kanssa erilaisia yhteisty\u00f6projekteja, joita rahoittavat esimerkiksi Business Finland ja Euroopan komissio.<\/p>\n<p>Lis\u00e4ksi Photonics Center palvelee yrityksi\u00e4 etsim\u00e4\u00e4n partnereita ja verkostoja. Voit tutustua aiheeseen lis\u00e4\u00e4 t\u00e4\u00e4ll\u00e4:\u00a0<a href=\"https:\/\/photonicscenter.fi\/services\/ecosystem-services\/\">Ecosystem Services &#8211; Photonics Center<\/a><\/p>\n<p>Jyrki Saarinen, professori<br \/>\n<span lang=\"EN-US\">Johtaja &#8211; Center for Photonics Sciences<\/span><br \/>\nVarajohtaja (vaikuttavuus) \u2013 PREIN Lippulaiva<br \/>\ne-mail: jyrki.saarinen@uef.fi<br \/>\npuh 050 595 4348<br \/>\n<a href=\"https:\/\/uefconnect.uef.fi\/henkilo\/jyrki.saarinen\/\">Jyrki Saarinen &#8211; UEF Connect<\/a><\/p>\n\t\t\t\t<\/div>\n\t\t\t<\/div>\n\t\t\t<\/div>\n\t\n\n\t<div id=\"accordion-block_472061c7896d8c5b14b7bde5e38ff0ab\" class=\"accordions\">\n\t\t\t\t\t<div class=\"accordion accordion-js\">\n\t\t\t\t<button class=\"accordion__button\" aria-controls=\"content-5578\" aria-expanded=\"false\" id=\"accordion-control-5578\">\n\t\t\t\t\t<h3 class=\"accordion__heading\" >\n\t\t\t\t\t\t Opiskelijoiden yrityksille suorittamat harjoittelut ja opinn\u00e4ytety\u00f6t\t\t\t\t\t<\/h3>\n\t\t\t\t<\/button>\n\t\t\t\t<div class=\"accordion__content\" role=\"region\" aria-labelledby=\"accordion-control-5578\" aria-hidden=\"true\" id=\"content-5578\">\n\t\t\t\t\t<p><strong>Fysiikan ja matematiikan laitoksen fotoniikan alan Pro gradu- tutkielmat<\/strong><\/p>\n<p>Kannustamme opiskelijoitamme tekem\u00e4\u00e4n graduja yrityksille. Haemme gradupaikkoja ja ty\u00f6harjoittelupaikkoja fotoniikan maisteriohjelman ja Erasmus Mundus ohjelmien opiskelijoille (PSRS, IMLEX, COSI).<\/p>\n<p>Gradujen tekeminen ajoittuu kev\u00e4\u00e4lle, joten etsimme aiheita yrityksilt\u00e4 syksyisin. Kokoamme aiheista listan opiskelijoille lokakuussa, jolloin he voivat valita itselleen sopivan aiheen joulukuuhun menness\u00e4 ja sopia gradun aloittamisesta ohjaajansa kanssa. Yritys toki p\u00e4\u00e4tt\u00e4\u00e4 viime k\u00e4dess\u00e4, josko opiskelija on soveltuva teht\u00e4v\u00e4\u00e4n. Tutkimuksen tekeminen alkaa viimeist\u00e4\u00e4n tammikuussa ja huhtikuussa valmis gradu esitell\u00e4\u00e4n.<\/p>\n<p>Lis\u00e4tietoa antaa\u00a0<a href=\"https:\/\/uefconnect.uef.fi\/henkilo\/noora.heikkila\/\"><strong>Noora Heikkil\u00e4<\/strong><\/a>, jolta voitte kysy\u00e4 tarkempia tietoja Pro gradu-tutkielmista ja ilmoittaa Pro gradu- aiheista.<\/p>\n<p><strong>V\u00e4it\u00f6skirjat, ty\u00f6el\u00e4m\u00e4tohtorit<\/strong><\/p>\n<p>Fotoniikan tutkimuskeskus tekee yritysten kanssa yhteisi\u00e4 tutkimushankkeita, joissa tehd\u00e4\u00e4n tutkimusta yrityksess\u00e4. Tutkijana voi toimia yrityksen ty\u00f6ntekij\u00e4, joka samalla suorittaa tohtoriopintojaan ja tutkii v\u00e4it\u00f6skirjaansa varten, tai yritys voi palkata tutkimusta tekev\u00e4n tohtoriopiskelijan palvelukseensa ja kasvattaa h\u00e4nest\u00e4 osaajan tulevaisuuden tarpeisiin. Tutustu aiheeseen lis\u00e4\u00e4 t\u00e4\u00e4ll\u00e4:<\/p>\n<p>Tutustu my\u00f6s lis\u00e4\u00e4 UEF:n ty\u00f6el\u00e4m\u00e4tohtorihankkeeseen osoitteessa:\u00a0<a href=\"https:\/\/www.uef.fi\/en\/career-advancement\">Career advancement | University of Eastern Finland (uef.fi)<\/a><\/p>\n<p><strong>Ty\u00f6harjoittelut<\/strong><\/p>\n<p>Kannustamme opiskelijoitamme suorittamaan ty\u00f6harjoitteluja ty\u00f6el\u00e4m\u00e4taitojen ja opitun tiedon soveltamisen edist\u00e4miseksi.\u00a0 Ty\u00f6harjoittelu voidaan sis\u00e4llytt\u00e4\u00e4 opiskelijan tutkintoon. Mik\u00e4li yrityksell\u00e4nne on mahdollista ottaa ty\u00f6harjoitteluun tai kes\u00e4aikaan sijoittuvaan harjoitteluun opiskelijoita, pyyd\u00e4mme ilmoittamaan meille tarpeistanne ja mahdollisuuksistanne.<\/p>\n<p><strong>Lis\u00e4tietoja:\u00a0<a href=\"https:\/\/uefconnect.uef.fi\/henkilo\/noora.heikkila\/\">Noora Heikkil\u00e4<\/a><\/strong><\/p>\n<p><strong>Harjoittelulaboratorioty\u00f6t<\/strong><\/p>\n<p>Kehit\u00e4mme parhaillaan mallia ty\u00f6el\u00e4m\u00e4l\u00e4ht\u00f6iseen laboratorioty\u00f6skentelyyn. Uudistamme fotoniikan maisteriohjelman laboratoriokoulutuksen tuomalle se l\u00e4hemm\u00e4ksi yritystoiminnassa tarvittavaa sis\u00e4lt\u00f6osaamista ja k\u00e4yt\u00e4nn\u00f6n ty\u00f6el\u00e4m\u00e4taitoja.<\/p>\n<p>Uudistettu laboratorioty\u00f6skentely ohjaa opiskelijoita perehtym\u00e4\u00e4n yritysten tuotekehitysty\u00f6h\u00f6n ja siihen liittyviin tutkimusongelmiin, joihin he kehitt\u00e4v\u00e4t ratkaisuvaihtoehtoja laboratorio-osaamistaan sek\u00e4 ongelmanratkaisu- ja ryhm\u00e4ty\u00f6skentelytaitojaan syvent\u00e4en. N\u00e4in opiskelijoiden osaaminen tulee kehittym\u00e4\u00e4n ty\u00f6el\u00e4m\u00e4n kannalta mielekk\u00e4iden tutkimusteht\u00e4vien parissa, ja yritykset saavat samalla tutkimukseen nojaavaa tietoa tuotekehitysty\u00f6ns\u00e4 tueksi.<\/p>\n<p>Otamme mielell\u00e4mme vastaan uusia tutkimusongelmia elinkeinoel\u00e4m\u00e4st\u00e4, jolloin saamme tarjottua monipuolisia harjoituksia opiskelijoillemme.<\/p>\n<p>Jos yrityksell\u00e4nne on tarve teett\u00e4\u00e4 esimerkiksi karakterisointia, komponenttien testaamista tai muunlaista laadunvarmistusta laboratoriov\u00e4lineist\u00f6\u00e4mme hy\u00f6dynt\u00e4en, opiskelijamme voivat toteuttaa n\u00e4it\u00e4 osana opintojaan.<\/p>\n<p><strong>Lis\u00e4tietoja:\u00a0<\/strong><a href=\"https:\/\/uefconnect.uef.fi\/henkilo\/kirsi.ikonen\/\"><strong>Kirsi Ikonen<\/strong><\/a><\/p>\n\t\t\t\t<\/div>\n\t\t\t<\/div>\n\t\t\t<\/div>\n\t\n\n\t<div id=\"accordion-block_3219d8478910b54649b0b82acd1c781a\" class=\"accordions\">\n\t\t\t\t\t<div class=\"accordion accordion-js\">\n\t\t\t\t<button class=\"accordion__button\" aria-controls=\"content-381\" aria-expanded=\"false\" id=\"accordion-control-381\">\n\t\t\t\t\t<h3 class=\"accordion__heading\" >\n\t\t\t\t\t\tOpiskelijoiden rekrytointi\t\t\t\t\t<\/h3>\n\t\t\t\t<\/button>\n\t\t\t\t<div class=\"accordion__content\" role=\"region\" aria-labelledby=\"accordion-control-381\" aria-hidden=\"true\" id=\"content-381\">\n\t\t\t\t\t<p>Tulevaisuuden fotoniikan ty\u00f6ntekij\u00e4t tulevat meilt\u00e4! Jos haluat saada yrityksenne palvelukseen huippuosaajan, voitte hy\u00f6dynt\u00e4\u00e4 erilaisia opiskelijoiden rekrytointiin tarkoitettuja kanavia. Helpointa on toki tutustua opiskelijoihin jo ty\u00f6harjoittelun tai gradu-ohjauksen parissa.<\/p>\n<p>Toivomme my\u00f6s yrityksi\u00e4 tekem\u00e4\u00e4n vierailijaluentoja ja t\u00e4t\u00e4 kautta esittelem\u00e4\u00e4n toimintaansa. Lis\u00e4ksi teemme mielell\u00e4mme opiskelijoiden kanssa yritysvierailuja.<\/p>\n<p>Tutustu my\u00f6s muihin UEF:n tai verkostojemme palveluihin:<\/p>\n<ul>\n<li data-leveltext=\"\u2022\" data-font=\"Calibri\" data-listid=\"3\" data-aria-posinset=\"0\" data-aria-level=\"1\"><a href=\"https:\/\/www.uef.fi\/en\/offer-internship-or-project-for-student\"><span data-contrast=\"none\">Offer internship or project for student | University of Eastern Finland (uef.fi)<\/span><\/a><span data-ccp-props=\"{\">\u00a0<\/span><\/li>\n<li data-leveltext=\"\u2022\" data-font=\"Calibri\" data-listid=\"3\" data-aria-posinset=\"0\" data-aria-level=\"1\"><a href=\"https:\/\/uuttakasvua.fi\/headhunting\/\"><span data-contrast=\"none\">Headhunter &#8211; Uutta kasvua<\/span><\/a><span data-ccp-props=\"{\">\u00a0<\/span><\/li>\n<li data-leveltext=\"\u2022\" data-font=\"Calibri\" data-listid=\"3\" data-aria-posinset=\"0\" data-aria-level=\"1\"><span data-contrast=\"auto\">Photonics Finland:\u00a0<\/span><span data-ccp-props=\"{\">\u00a0<\/span>\n<ul>\n<li data-leveltext=\"\u2022\" data-font=\"Calibri\" data-listid=\"3\" data-aria-posinset=\"0\" data-aria-level=\"1\"><span data-contrast=\"auto\">JobBoard\u00a0<\/span><a href=\"https:\/\/www.photonics.fi\/jobboard\/\"><span data-contrast=\"none\">Photonics jobs in Finland \u2013 Photonics jobs in Finland<\/span><\/a><span data-ccp-props=\"{\">\u00a0<\/span><\/li>\n<li data-leveltext=\"\u2022\" data-font=\"Calibri\" data-listid=\"3\" data-aria-posinset=\"0\" data-aria-level=\"1\"><a href=\"https:\/\/www.linkedin.com\/groups\/9046550\/\"><span data-contrast=\"none\">Photonics Jobboard Finland | Groups | LinkedIn<\/span><\/a><\/li>\n<\/ul>\n<\/li>\n<\/ul>\n\t\t\t\t<\/div>\n\t\t\t<\/div>\n\t\t\t<\/div>\n\t\n\n\t<div id=\"accordion-block_5ee80921adcde1450c67f4b020c75101\" class=\"accordions\">\n\t\t\t\t\t<div class=\"accordion accordion-js\">\n\t\t\t\t<button class=\"accordion__button\" aria-controls=\"content-6036\" aria-expanded=\"false\" id=\"accordion-control-6036\">\n\t\t\t\t\t<h3 class=\"accordion__heading\" >\n\t\t\t\t\t\tKummiyritystoiminta\t\t\t\t\t<\/h3>\n\t\t\t\t<\/button>\n\t\t\t\t<div class=\"accordion__content\" role=\"region\" aria-labelledby=\"accordion-control-6036\" aria-hidden=\"true\" id=\"content-6036\">\n\t\t\t\t\t<p class=\"xmsonormal\">Haluatko saada etuly\u00f6ntiaseman fotoniikan osaamisen kehitt\u00e4misess\u00e4 ja opiskelijoiden rekrytoinnissa? It\u00e4-Suomen yliopistossa vilkas ja kansainv\u00e4linen fotoniikan opiskelijayhteis\u00f6 tarjoaa yrityksellesi mahdollisuuden verkostoitua fotoniikan diplomi-insin\u00f6\u00f6riopiskelijoiden kanssa. Kummiyritystoiminnan kautta voit valita yrityksellesi sopivat tavat osallistua, olipa kyse sitten vierailuista, ty\u00f6pajoista, mentoroinnista tai opiskelijoiden tukemisesta sponsoroinnin avulla. Saat yrityksellesi n\u00e4kyvyytt\u00e4 yliopiston kanavissa ja vahvistat omaa ty\u00f6nantajabr\u00e4ndi\u00e4si. Tule mukaan toimintaan ja vaikuta positiivisesti tulevaisuuden tekij\u00f6ihin.<\/p>\n<p class=\"xmsonormal\">Yhteyshenkil\u00f6:<br \/>\nKirsi Ikonen, hankekoordinaattori<br \/>\nemail: <a href=\"mailto:kirsi.ikonen@uef.fi\">kirsi.ikonen@uef.fi<\/a><br \/>\npuh. 050 452 1893<br \/>\n<a href=\"https:\/\/uefconnect.uef.fi\/henkilo\/kirsi.ikonen\/\">Kirsi Ikonen &#8211; UEF Connect<\/a><\/p>\n\t\t\t\t<\/div>\n\t\t\t<\/div>\n\t\t\t<\/div>\n\t\n\n\n<figure class=\"wp-block-image size-full\"><img loading=\"lazy\" decoding=\"async\" width=\"795\" height=\"345\" src=\"https:\/\/sites.uef.fi\/photonics\/wp-content\/uploads\/sites\/150\/2023\/12\/student1.jpg\" alt=\"\" class=\"wp-image-8309\" srcset=\"https:\/\/sites.uef.fi\/photonics\/wp-content\/uploads\/sites\/150\/2023\/12\/student1.jpg 795w, https:\/\/sites.uef.fi\/photonics\/wp-content\/uploads\/sites\/150\/2023\/12\/student1-300x130.jpg 300w, https:\/\/sites.uef.fi\/photonics\/wp-content\/uploads\/sites\/150\/2023\/12\/student1-768x333.jpg 768w\" sizes=\"auto, (max-width: 795px) 100vw, 795px\" \/><\/figure>\n","protected":false},"excerpt":{"rendered":"<p>T\u00e4lt\u00e4 sivulta l\u00f6yd\u00e4t esimerkkej\u00e4 elinkeinoel\u00e4m\u00e4n kanssa teht\u00e4v\u00e4st\u00e4 yhteisty\u00f6st\u00e4mme. Olemme avoimia my\u00f6s muille yhteisty\u00f6malleille, joten ota yhteytt\u00e4 ja keskustellaan lis\u00e4\u00e4! FOTONIIKAN TUTKIMUSKESKUKSEN JA ELINKEINOEL\u00c4M\u00c4N YHTEISTY\u00d6MUODOT<\/p>\n","protected":false},"author":243,"featured_media":0,"parent":0,"menu_order":0,"comment_status":"closed","ping_status":"closed","template":"","meta":{"_acf_changed":false,"_monsterinsights_skip_tracking":false,"_monsterinsights_sitenote_active":false,"_monsterinsights_sitenote_note":"","_monsterinsights_sitenote_category":0,"footnotes":""},"class_list":["post-3944","page","type-page","status-publish","hentry"],"acf":[],"yoast_head":"<!-- This site is optimized with the Yoast SEO plugin v27.3 - https:\/\/yoast.com\/product\/yoast-seo-wordpress\/ -->\n<title>Yhteisty\u00f6muodot - Center for Photonics Sciences<\/title>\n<meta name=\"robots\" content=\"index, follow, max-snippet:-1, max-image-preview:large, max-video-preview:-1\" \/>\n<link rel=\"canonical\" href=\"https:\/\/sites.uef.fi\/photonics\/how-we-collaborate\/?lang=fi\" \/>\n<meta property=\"og:locale\" content=\"en_US\" \/>\n<meta property=\"og:type\" content=\"article\" \/>\n<meta property=\"og:title\" content=\"Yhteisty\u00f6muodot - Center for Photonics Sciences\" \/>\n<meta property=\"og:description\" content=\"T\u00e4lt\u00e4 sivulta l\u00f6yd\u00e4t esimerkkej\u00e4 elinkeinoel\u00e4m\u00e4n kanssa teht\u00e4v\u00e4st\u00e4 yhteisty\u00f6st\u00e4mme. Olemme avoimia my\u00f6s muille yhteisty\u00f6malleille, joten ota yhteytt\u00e4 ja keskustellaan lis\u00e4\u00e4! FOTONIIKAN TUTKIMUSKESKUKSEN JA ELINKEINOEL\u00c4M\u00c4N YHTEISTY\u00d6MUODOT\" \/>\n<meta property=\"og:url\" content=\"https:\/\/sites.uef.fi\/photonics\/how-we-collaborate\/?lang=fi\" \/>\n<meta property=\"og:site_name\" content=\"Center for Photonics Sciences\" \/>\n<meta property=\"article:modified_time\" content=\"2024-05-21T11:26:16+00:00\" \/>\n<meta property=\"og:image\" content=\"https:\/\/sites.uef.fi\/photonics\/wp-content\/uploads\/sites\/150\/2023\/12\/student1.jpg\" \/>\n<meta name=\"twitter:card\" content=\"summary_large_image\" \/>\n<script type=\"application\/ld+json\" class=\"yoast-schema-graph\">{\"@context\":\"https:\\\/\\\/schema.org\",\"@graph\":[{\"@type\":\"WebPage\",\"@id\":\"https:\\\/\\\/sites.uef.fi\\\/photonics\\\/how-we-collaborate\\\/?lang=fi\",\"url\":\"https:\\\/\\\/sites.uef.fi\\\/photonics\\\/how-we-collaborate\\\/?lang=fi\",\"name\":\"Yhteisty\u00f6muodot - Center for Photonics Sciences\",\"isPartOf\":{\"@id\":\"https:\\\/\\\/sites.uef.fi\\\/photonics\\\/#website\"},\"primaryImageOfPage\":{\"@id\":\"https:\\\/\\\/sites.uef.fi\\\/photonics\\\/how-we-collaborate\\\/?lang=fi#primaryimage\"},\"image\":{\"@id\":\"https:\\\/\\\/sites.uef.fi\\\/photonics\\\/how-we-collaborate\\\/?lang=fi#primaryimage\"},\"thumbnailUrl\":\"https:\\\/\\\/sites.uef.fi\\\/photonics\\\/wp-content\\\/uploads\\\/sites\\\/150\\\/2023\\\/12\\\/student1.jpg\",\"datePublished\":\"2021-08-31T07:20:56+00:00\",\"dateModified\":\"2024-05-21T11:26:16+00:00\",\"breadcrumb\":{\"@id\":\"https:\\\/\\\/sites.uef.fi\\\/photonics\\\/how-we-collaborate\\\/?lang=fi#breadcrumb\"},\"inLanguage\":\"en-US\",\"potentialAction\":[{\"@type\":\"ReadAction\",\"target\":[\"https:\\\/\\\/sites.uef.fi\\\/photonics\\\/how-we-collaborate\\\/?lang=fi\"]}]},{\"@type\":\"ImageObject\",\"inLanguage\":\"en-US\",\"@id\":\"https:\\\/\\\/sites.uef.fi\\\/photonics\\\/how-we-collaborate\\\/?lang=fi#primaryimage\",\"url\":\"https:\\\/\\\/sites.uef.fi\\\/photonics\\\/wp-content\\\/uploads\\\/sites\\\/150\\\/2023\\\/12\\\/student1.jpg\",\"contentUrl\":\"https:\\\/\\\/sites.uef.fi\\\/photonics\\\/wp-content\\\/uploads\\\/sites\\\/150\\\/2023\\\/12\\\/student1.jpg\",\"width\":795,\"height\":345},{\"@type\":\"BreadcrumbList\",\"@id\":\"https:\\\/\\\/sites.uef.fi\\\/photonics\\\/how-we-collaborate\\\/?lang=fi#breadcrumb\",\"itemListElement\":[{\"@type\":\"ListItem\",\"position\":1,\"name\":\"Home\",\"item\":\"https:\\\/\\\/sites.uef.fi\\\/photonics\\\/\"},{\"@type\":\"ListItem\",\"position\":2,\"name\":\"Yhteisty\u00f6muodot\"}]},{\"@type\":\"WebSite\",\"@id\":\"https:\\\/\\\/sites.uef.fi\\\/photonics\\\/#website\",\"url\":\"https:\\\/\\\/sites.uef.fi\\\/photonics\\\/\",\"name\":\"Center for Photonics Sciences\",\"description\":\"\",\"potentialAction\":[{\"@type\":\"SearchAction\",\"target\":{\"@type\":\"EntryPoint\",\"urlTemplate\":\"https:\\\/\\\/sites.uef.fi\\\/photonics\\\/?s={search_term_string}\"},\"query-input\":{\"@type\":\"PropertyValueSpecification\",\"valueRequired\":true,\"valueName\":\"search_term_string\"}}],\"inLanguage\":\"en-US\"}]}<\/script>\n<!-- \/ Yoast SEO plugin. -->","yoast_head_json":{"title":"Yhteisty\u00f6muodot - Center for Photonics Sciences","robots":{"index":"index","follow":"follow","max-snippet":"max-snippet:-1","max-image-preview":"max-image-preview:large","max-video-preview":"max-video-preview:-1"},"canonical":"https:\/\/sites.uef.fi\/photonics\/how-we-collaborate\/?lang=fi","og_locale":"en_US","og_type":"article","og_title":"Yhteisty\u00f6muodot - Center for Photonics Sciences","og_description":"T\u00e4lt\u00e4 sivulta l\u00f6yd\u00e4t esimerkkej\u00e4 elinkeinoel\u00e4m\u00e4n kanssa teht\u00e4v\u00e4st\u00e4 yhteisty\u00f6st\u00e4mme. Olemme avoimia my\u00f6s muille yhteisty\u00f6malleille, joten ota yhteytt\u00e4 ja keskustellaan lis\u00e4\u00e4! FOTONIIKAN TUTKIMUSKESKUKSEN JA ELINKEINOEL\u00c4M\u00c4N YHTEISTY\u00d6MUODOT","og_url":"https:\/\/sites.uef.fi\/photonics\/how-we-collaborate\/?lang=fi","og_site_name":"Center for Photonics Sciences","article_modified_time":"2024-05-21T11:26:16+00:00","og_image":[{"url":"https:\/\/sites.uef.fi\/photonics\/wp-content\/uploads\/sites\/150\/2023\/12\/student1.jpg","type":"","width":"","height":""}],"twitter_card":"summary_large_image","schema":{"@context":"https:\/\/schema.org","@graph":[{"@type":"WebPage","@id":"https:\/\/sites.uef.fi\/photonics\/how-we-collaborate\/?lang=fi","url":"https:\/\/sites.uef.fi\/photonics\/how-we-collaborate\/?lang=fi","name":"Yhteisty\u00f6muodot - Center for Photonics Sciences","isPartOf":{"@id":"https:\/\/sites.uef.fi\/photonics\/#website"},"primaryImageOfPage":{"@id":"https:\/\/sites.uef.fi\/photonics\/how-we-collaborate\/?lang=fi#primaryimage"},"image":{"@id":"https:\/\/sites.uef.fi\/photonics\/how-we-collaborate\/?lang=fi#primaryimage"},"thumbnailUrl":"https:\/\/sites.uef.fi\/photonics\/wp-content\/uploads\/sites\/150\/2023\/12\/student1.jpg","datePublished":"2021-08-31T07:20:56+00:00","dateModified":"2024-05-21T11:26:16+00:00","breadcrumb":{"@id":"https:\/\/sites.uef.fi\/photonics\/how-we-collaborate\/?lang=fi#breadcrumb"},"inLanguage":"en-US","potentialAction":[{"@type":"ReadAction","target":["https:\/\/sites.uef.fi\/photonics\/how-we-collaborate\/?lang=fi"]}]},{"@type":"ImageObject","inLanguage":"en-US","@id":"https:\/\/sites.uef.fi\/photonics\/how-we-collaborate\/?lang=fi#primaryimage","url":"https:\/\/sites.uef.fi\/photonics\/wp-content\/uploads\/sites\/150\/2023\/12\/student1.jpg","contentUrl":"https:\/\/sites.uef.fi\/photonics\/wp-content\/uploads\/sites\/150\/2023\/12\/student1.jpg","width":795,"height":345},{"@type":"BreadcrumbList","@id":"https:\/\/sites.uef.fi\/photonics\/how-we-collaborate\/?lang=fi#breadcrumb","itemListElement":[{"@type":"ListItem","position":1,"name":"Home","item":"https:\/\/sites.uef.fi\/photonics\/"},{"@type":"ListItem","position":2,"name":"Yhteisty\u00f6muodot"}]},{"@type":"WebSite","@id":"https:\/\/sites.uef.fi\/photonics\/#website","url":"https:\/\/sites.uef.fi\/photonics\/","name":"Center for Photonics Sciences","description":"","potentialAction":[{"@type":"SearchAction","target":{"@type":"EntryPoint","urlTemplate":"https:\/\/sites.uef.fi\/photonics\/?s={search_term_string}"},"query-input":{"@type":"PropertyValueSpecification","valueRequired":true,"valueName":"search_term_string"}}],"inLanguage":"en-US"}]}},"_links":{"self":[{"href":"https:\/\/sites.uef.fi\/photonics\/wp-json\/wp\/v2\/pages\/3944","targetHints":{"allow":["GET"]}}],"collection":[{"href":"https:\/\/sites.uef.fi\/photonics\/wp-json\/wp\/v2\/pages"}],"about":[{"href":"https:\/\/sites.uef.fi\/photonics\/wp-json\/wp\/v2\/types\/page"}],"author":[{"embeddable":true,"href":"https:\/\/sites.uef.fi\/photonics\/wp-json\/wp\/v2\/users\/243"}],"replies":[{"embeddable":true,"href":"https:\/\/sites.uef.fi\/photonics\/wp-json\/wp\/v2\/comments?post=3944"}],"version-history":[{"count":2,"href":"https:\/\/sites.uef.fi\/photonics\/wp-json\/wp\/v2\/pages\/3944\/revisions"}],"predecessor-version":[{"id":9711,"href":"https:\/\/sites.uef.fi\/photonics\/wp-json\/wp\/v2\/pages\/3944\/revisions\/9711"}],"wp:attachment":[{"href":"https:\/\/sites.uef.fi\/photonics\/wp-json\/wp\/v2\/media?parent=3944"}],"curies":[{"name":"wp","href":"https:\/\/api.w.org\/{rel}","templated":true}]}}