{"id":33,"date":"2020-05-19T11:43:57","date_gmt":"2020-05-19T11:43:57","guid":{"rendered":"https:\/\/sites.uef.fi\/responsive-natural-resources-governance\/?page_id=33"},"modified":"2026-02-19T17:50:41","modified_gmt":"2026-02-19T15:50:41","slug":"etusivu","status":"publish","type":"page","link":"https:\/\/sites.uef.fi\/responsive-natural-resources-governance\/etusivu\/?lang=fi","title":{"rendered":"Etusivu"},"content":{"rendered":"\n<div class=\"links-block\">\n\n    \n    <ul class=\"link-list\">\n        \n            \n            <li class=\"link-list-item\">\n                <a href=\"https:\/\/sites.uef.fi\/responsive-natural-resources-governance\/on-going-projects\/?lang=fi\" class=\"link-reset link hover-scale-down\">\n                    <svg\n        width=\"43\" height=\"25\"\n        viewBox=\"0 0 43 25\"\n        xmlns=\"http:\/\/www.w3.org\/2000\/svg\">\n    <path\n        d=\"M30.027 0 43 12.5 30.027 25 27 22.083 34.351 15H0v-5h34.351L27 2.917z\"\n        fill=\"currentColor\"\n        fill-rule=\"evenodd\"\/>\n<\/svg>                    <div>K\u00e4ynniss\u00e4 olevat projektit<\/div>\n                <\/a>\n                <div class=\"link-info\">\n                                    <\/div>\n            <\/li>\n\n        \n            <li class=\"link-list-item\">\n                <a href=\"https:\/\/sites.uef.fi\/responsive-natural-resources-governance\/researchers\/?lang=fi\" class=\"link-reset link hover-scale-down\">\n                    <svg\n        width=\"43\" height=\"25\"\n        viewBox=\"0 0 43 25\"\n        xmlns=\"http:\/\/www.w3.org\/2000\/svg\">\n    <path\n        d=\"M30.027 0 43 12.5 30.027 25 27 22.083 34.351 15H0v-5h34.351L27 2.917z\"\n        fill=\"currentColor\"\n        fill-rule=\"evenodd\"\/>\n<\/svg>                    <div>Tutkijat<\/div>\n                <\/a>\n                <div class=\"link-info\">\n                                    <\/div>\n            <\/li>\n\n        \n            <li class=\"link-list-item\">\n                <a href=\"https:\/\/sites.uef.fi\/responsive-natural-resources-governance\/selected-publications\/?lang=fi\" class=\"link-reset link hover-scale-down\">\n                    <svg\n        width=\"43\" height=\"25\"\n        viewBox=\"0 0 43 25\"\n        xmlns=\"http:\/\/www.w3.org\/2000\/svg\">\n    <path\n        d=\"M30.027 0 43 12.5 30.027 25 27 22.083 34.351 15H0v-5h34.351L27 2.917z\"\n        fill=\"currentColor\"\n        fill-rule=\"evenodd\"\/>\n<\/svg>                    <div>Julkaisuja<\/div>\n                <\/a>\n                <div class=\"link-info\">\n                                    <\/div>\n            <\/li>\n\n        \n            <li class=\"link-list-item\">\n                <a href=\"https:\/\/sites.uef.fi\/responsive-natural-resources-governance\/international-partners\/?lang=fi\" class=\"link-reset link hover-scale-down\">\n                    <svg\n        width=\"43\" height=\"25\"\n        viewBox=\"0 0 43 25\"\n        xmlns=\"http:\/\/www.w3.org\/2000\/svg\">\n    <path\n        d=\"M30.027 0 43 12.5 30.027 25 27 22.083 34.351 15H0v-5h34.351L27 2.917z\"\n        fill=\"currentColor\"\n        fill-rule=\"evenodd\"\/>\n<\/svg>                    <div>Yhteisty\u00f6kumppanit<\/div>\n                <\/a>\n                <div class=\"link-info\">\n                                    <\/div>\n            <\/li>\n\n        \n            <li class=\"link-list-item\">\n                <a href=\"https:\/\/sites.uef.fi\/responsive-natural-resources-governance\/wp-admin\/post.php?post=1521&amp;action=edit&amp;lang=fi\" class=\"link-reset link hover-scale-down\">\n                    <svg\n        width=\"43\" height=\"25\"\n        viewBox=\"0 0 43 25\"\n        xmlns=\"http:\/\/www.w3.org\/2000\/svg\">\n    <path\n        d=\"M30.027 0 43 12.5 30.027 25 27 22.083 34.351 15H0v-5h34.351L27 2.917z\"\n        fill=\"currentColor\"\n        fill-rule=\"evenodd\"\/>\n<\/svg>                    <div>Politiikkasuositukset<\/div>\n                <\/a>\n                <div class=\"link-info\">\n                                    <\/div>\n            <\/li>\n\n                <\/ul>\n<\/div>\n\n\n<p><strong>Ajankohtaista<\/strong>:<\/p>\n\n\n\n<p>Environmental Collaboration &amp; Conflict Resolution 2026 kurssin ilmoittautuminen on avoinna. Ilmoittautuminen p\u00e4\u00e4ttyy 15.4.2026. Lis\u00e4tietoa kurssista ja ilmoittautumisesta l\u00f6yd\u00e4t <a href=\"https:\/\/apply.summerschool.uef.fi\/courses\/course\/66-environmental-collaboration-and-conflict-resolution\">t\u00e4\u00e4lt\u00e4<\/a>. Kurssin koordinaattori: Ida Herdieckerhoff (ida.herdieckerhoff@uef.fi)<\/p>\n\n\n\n<figure class=\"wp-block-image size-large\"><img loading=\"lazy\" decoding=\"async\" width=\"1024\" height=\"813\" src=\"https:\/\/sites.uef.fi\/responsive-natural-resources-governance\/wp-content\/uploads\/sites\/78\/2026\/02\/ECCR-Call-for-applications-1-1024x813.jpg\" alt=\"\" class=\"wp-image-1564\" srcset=\"https:\/\/sites.uef.fi\/responsive-natural-resources-governance\/wp-content\/uploads\/sites\/78\/2026\/02\/ECCR-Call-for-applications-1-1024x813.jpg 1024w, https:\/\/sites.uef.fi\/responsive-natural-resources-governance\/wp-content\/uploads\/sites\/78\/2026\/02\/ECCR-Call-for-applications-1-300x238.jpg 300w, https:\/\/sites.uef.fi\/responsive-natural-resources-governance\/wp-content\/uploads\/sites\/78\/2026\/02\/ECCR-Call-for-applications-1-768x610.jpg 768w, https:\/\/sites.uef.fi\/responsive-natural-resources-governance\/wp-content\/uploads\/sites\/78\/2026\/02\/ECCR-Call-for-applications-1-1536x1219.jpg 1536w, https:\/\/sites.uef.fi\/responsive-natural-resources-governance\/wp-content\/uploads\/sites\/78\/2026\/02\/ECCR-Call-for-applications-1-2048x1626.jpg 2048w\" sizes=\"auto, (max-width: 1024px) 100vw, 1024px\" \/><\/figure>\n\n\n\n<h2 class=\"wp-block-heading\">Tapaustutkimukset liittyv\u00e4t<\/h2>\n\n\n\n<ul class=\"wp-block-list\">\n<li>Vihre\u00e4n talouden strategisiin prosesseihin (esimerkiksi kierto- ja biotalouteen).<\/li>\n\n\n\n<li>Ilmastosopimuksen ja siihen liittyvien mekanismien toteutukseen globaalilla ja paikallisella tasolla.<\/li>\n\n\n\n<li>Mets\u00e4politiikan ja -hallinnon hajauttamiseen ja strategisiin prosesseihin, kuten Suomessa mets\u00e4biotalouden kehityskulkuun ja yhteiskunnallisiin vaikutuksiin.<\/li>\n\n\n\n<li>Luonnonvarojen hallinnan p\u00e4\u00e4t\u00f6ksenteon vuorovaikutteisuuteen ja yhteisty\u00f6h\u00f6n perustuvan luonnonvarahallinnan menetelmiin.<\/li>\n\n\n\n<li>Maank\u00e4yt\u00f6ss\u00e4 ja sen suunnittelussa hy\u00f6tyjen ja kustannusten jakaantumiseen.<\/li>\n<\/ul>\n\n\n\n<p>Erityisesti meit\u00e4 kiinnostaa nuorten osallistuminen ja osallisuus luonnonvarojen hallinnassa. Tutkimme esimerkiksi osallistavan toimintatutkimuksen menetelmin, miten nuoret voisivat tukea kest\u00e4v\u00e4n kehityksen tavoitteita, ja mitk\u00e4 ovat heid\u00e4n ty\u00f6llistymismahdollisuutensa esimerkiksi kierto- ja biotalouden parissa.<\/p>\n\n\n\n<p>Kansainv\u00e4lisi\u00e4 tutkimuskohteita ovat t\u00e4ll\u00e4 hetkell\u00e4 Suomi, Ven\u00e4j\u00e4, Laos, Nepal, Meksiko, Mosambik, Indonesia, Intia, ja Tansania.<\/p>\n\n\n\n<h2 class=\"wp-block-heading\">Politiikkasuositukset:<\/h2>\n\n\n\n<p><a href=\"http:\/\/urn.fi\/urn:nbn:fi:uef-20250669\"> Globaalisti vastuullinen, paikallisesti vuorovaikutteinen. Politiikkasuositukset vuodelle 2025 (PDF). <\/a><\/p>\n\n\n\n<p><a href=\"https:\/\/erepo.uef.fi\/items\/aff202aa-9d88-493c-920e-bc44a456c2f7\">Globally responsible, locally responsive 2025 (English PDF)<\/a><\/p>\n\n\n\n<p><a href=\"https:\/\/erepo.uef.fi\/handle\/123456789\/31477\">Globally responsible, locally responsive 2024 (English PDF)<\/a><\/p>\n\n\n\n<p><a href=\"http:\/\/urn.fi\/urn:nbn:fi:uef-20231184\">Ushirikiano wa usimamizi na udhibiti wa moto misitu: Nyanda za juu kusini kwa Tanzania 2023 (Swahili PDF)<\/a><\/p>\n\n\n\n<p><a href=\"http:\/\/urn.fi\/urn:nbn:fi:uef-20231183\">Collaborative Forest Fire Management: Southern Highlands of Tanzania 2023 (English PDF)<\/a><\/p>\n\n\n\n<p><a href=\"https:\/\/erepo.uef.fi\/bitstream\/handle\/123456789\/29229\/urn_nbn_fi_uef-20230082.pdf?sequence=1&amp;isAllowed=y\">Globaalisti vastuullista, paikallisesti vuorovaikutteista 2023 (Finnish PDF)<\/a><\/p>\n\n\n\n<p><a href=\"https:\/\/erepo.uef.fi\/bitstream\/handle\/123456789\/29195\/urn_nbn_fi_uef-20230064.pdf?sequence=1&amp;isAllowed=y\">Globally responsible, locally responsive 2023 (English PDF)<\/a><\/p>\n\n\n\n<p><a href=\"https:\/\/sites.uef.fi\/responsive-natural-resources-governance\/wp-content\/uploads\/sites\/78\/2022\/05\/Policy_Brief_2022_Swahili.pdf\">Wajibu wa Kimataifa, Uwajibikaji Ndani ya Nchi 2022 (Swahili PDF)<\/a><\/p>\n\n\n\n<p><a href=\"https:\/\/sites.uef.fi\/responsive-natural-resources-governance\/wp-content\/uploads\/sites\/78\/2022\/03\/RINGKASAN-KEBIJAKAN-2022-1.pdf\">Bertanggung jawab pada level global dan responsif<br>pada level lokal 2022 (Bahasa PDF)<\/a><\/p>\n\n\n\n<p><a href=\"https:\/\/sites.uef.fi\/responsive-natural-resources-governance\/wp-content\/uploads\/sites\/78\/2022\/02\/Globally-responsible-locally-responsive-2022-English-PDF-1.pdf\">Globally responsible, locally responsive 2022 (English PDF)<\/a><\/p>\n\n\n\n<p><a href=\"https:\/\/sites.uef.fi\/responsive-natural-resources-governance\/wp-content\/uploads\/sites\/78\/2021\/05\/Globally-responsible-locally-responsive-2021-English_PDF-1.pdf\">Globally responsible, locally responsive 2021 (English_PDF)<\/a><\/p>\n\n\n\n<p><a href=\"https:\/\/sites.uef.fi\/responsive-natural-resources-governance\/wp-content\/uploads\/sites\/78\/2021\/05\/Bertanggung-Jawab-Pada-Level-Global-dan-Responsif-Pada-Level-Lokal-2021-Bahasa-PDF-1.pdf\">Bertanggung Jawab Pada Level Global dan Responsif Pada Level Lokal 2021 (Bahasa PDF)<\/a><\/p>\n\n\n\n<p><a href=\"https:\/\/sites.uef.fi\/responsive-natural-resources-governance\/wp-content\/uploads\/sites\/78\/2021\/05\/Wajibu-wa-Kimataifa-Uwajibikaji-Ndani-ya-Nchi-2021-Swahili-PDF.pdf\">Wajibu wa Kimataifa, Uwajibikaji Ndani ya Nchi 2021 (Swahili PDF)<\/a><\/p>\n\n\n\n<p><a href=\"https:\/\/sites.uef.fi\/responsive-natural-resources-governance\/wp-content\/uploads\/sites\/78\/2020\/05\/RNRG_Policy_Brief_2020.pdf\">Globally responsible, locally responsive 2020 (English PDF)<\/a><br><a href=\"https:\/\/sites.uef.fi\/responsive-natural-resources-governance\/wp-content\/uploads\/sites\/78\/2020\/05\/RNRG_Policy_Brief_2019_english.pdf\">Globally responsible, locally responsive 2019 (English PDF)<\/a><br><a href=\"https:\/\/sites.uef.fi\/responsive-natural-resources-governance\/wp-content\/uploads\/sites\/78\/2020\/05\/Policy-Brief-Swahili.pdf\">Wajibu wa Kimataifa, uwajibikaji ndani ya nchi 2019 (Swahili PDF)<\/a><\/p>\n\n\n\n<h2 class=\"wp-block-heading\">Raportit:<\/h2>\n\n\n\n<p><a href=\"https:\/\/erepo.uef.fi\/handle\/123456789\/33689\">Environmental Collaboration and Conflict Resolution: Tools and Practices to Address Sustainability Challenges, 2024, Finland<\/a><\/p>\n\n\n\n<p><a href=\"https:\/\/erepo.uef.fi\/handle\/123456789\/31074\">Environmental Collaboration and Conflict Resolution: Community-based Natural Resource Governance in Rural Uganda, Fort Portal, Uganda, 2023, course report<\/a><\/p>\n\n\n\n<p><a href=\"https:\/\/erepo.uef.fi\/handle\/123456789\/29292\">Environmental collaboration and conflict resolution: land-related issues and small-scale private forestry in Tanzania, October 2022, Iringa Region, course report<\/a><\/p>\n\n\n\n<p><a href=\"https:\/\/erepo.uef.fi\/handle\/123456789\/29038\">Environmental collaboration and conflict resolution, August 2022, Finland, course report<\/a><\/p>\n\n\n\n<p><a href=\"https:\/\/erepo.uef.fi\/handle\/123456789\/28594\">Workshop on environmental collaboration, 19\u201320 April 2021, Mafinga, Iringa Region, Tanzania<\/a><\/p>\n\n\n\n<p><a href=\"https:\/\/sites.uef.fi\/responsive-natural-resources-governance\/wp-content\/uploads\/sites\/78\/2021\/11\/Ripoti_ya_Mafinga_AF_Makutano-1.pdf\">Warsha Kuhusu Usimamizi wa Moto Katika Misitu ya Kupandwa 2021 (Swahili PDF)<\/a><\/p>\n\n\n\n<p><a href=\"https:\/\/sites.uef.fi\/responsive-natural-resources-governance\/wp-content\/uploads\/sites\/78\/2020\/05\/tiedekulmaraportti-swahili.pdf\">Ushiriki wa Vijana katika Ushirikiano wa Kimazingira na Michakato ya Amani \u2013 <\/a><\/p>\n\n\n\n<p><a href=\"https:\/\/sites.uef.fi\/responsive-natural-resources-governance\/wp-content\/uploads\/sites\/78\/2020\/05\/tiedekulmaraportti-swahili.pdf\">Ripoti Ya Tukio La Kando 2020 (Swahili PDF)<\/a><\/p>\n\n\n\n<p><a href=\"https:\/\/sites.uef.fi\/responsive-natural-resources-governance\/wp-content\/uploads\/sites\/78\/2020\/05\/environmental-collaboration-report-2019.pdf\">Youth Participation in Environmental Collaboration and Peace Processes \u2013 Side Event Report 2019 (English PDF)<\/a><\/p>\n\n\n\n<p><a href=\"https:\/\/erepo.uef.fi\/handle\/123456789\/28758\">Environmental collaboration and conflict resolution course report 2020<\/a><br><a href=\"http:\/\/www.allyouthstn.fi\/wp-content\/uploads\/2018\/11\/2018_NOVA_report.pdf\">Environmental collaboration and conflict resolution course report 2018&nbsp;<\/a><br><a href=\"https:\/\/www.researchgate.net\/publication\/315769525_Environmental_collaboration_and_conflict_resolution_tools_for_analysis_and_interventionnter_title\">Environmental collaboration and conflict resolution course report 2016<\/a><\/p>\n\n\n\n<h2 class=\"wp-block-heading\">Kirjat:<\/h2>\n\n\n\n<p><a href=\"https:\/\/erepo.uef.fi\/handle\/123456789\/26111\">Responsibilization in Natural Resource Governance<\/a> (Vuorovaikutteista luonnonvarahallintaa etsim\u00e4ss\u00e4 &#8211; Kansalaisten vastuuttamisesta kohti vastuullisuuden tukemista)<\/p>\n\n\n\n<h2 class=\"wp-block-heading\">Yhteystiedot<\/h2>\n\n\n\n<p><a href=\"https:\/\/uefconnect.uef.fi\/henkilo\/irmeli.mustalahti\/\">Irmeli Mustalahti<\/a>: irmeli.mustalahti(at)uef.fi<\/p>\n\n\n\n<p><a href=\"https:\/\/uefconnect.uef.fi\/timo.haapasalo\/\">Timo Haapasalo<\/a>: timo.haapasalo(at)uef.fi<\/p>\n\n\n\n<p><\/p>\n","protected":false},"excerpt":{"rendered":"<p>Ajankohtaista: Environmental Collaboration &amp; Conflict Resolution 2026 kurssin ilmoittautuminen on avoinna. Ilmoittautuminen p\u00e4\u00e4ttyy 15.4.2026. Lis\u00e4tietoa kurssista ja ilmoittautumisesta l\u00f6yd\u00e4t t\u00e4\u00e4lt\u00e4. Kurssin koordinaattori: Ida Herdieckerhoff (ida.herdieckerhoff@uef.fi) Tapaustutkimukset liittyv\u00e4t Erityisesti meit\u00e4 kiinnostaa nuorten osallistuminen ja osallisuus luonnonvarojen hallinnassa. Tutkimme esimerkiksi osallistavan toimintatutkimuksen menetelmin, miten nuoret voisivat tukea kest\u00e4v\u00e4n kehityksen tavoitteita, ja mitk\u00e4 ovat heid\u00e4n ty\u00f6llistymismahdollisuutensa esimerkiksi kierto- [&hellip;]<\/p>\n","protected":false},"author":2,"featured_media":0,"parent":0,"menu_order":0,"comment_status":"closed","ping_status":"closed","template":"","meta":{"_acf_changed":false,"footnotes":""},"class_list":["post-33","page","type-page","status-publish","hentry"],"acf":[],"yoast_head":"<!-- This site is optimized with the Yoast SEO plugin v27.3 - https:\/\/yoast.com\/product\/yoast-seo-wordpress\/ -->\n<title>Etusivu - Responsive Natural Resources Governance \u2013 Research Group<\/title>\n<meta name=\"robots\" content=\"index, follow, max-snippet:-1, max-image-preview:large, max-video-preview:-1\" \/>\n<link rel=\"canonical\" href=\"https:\/\/sites.uef.fi\/responsive-natural-resources-governance\/?lang=fi\" \/>\n<meta property=\"og:locale\" content=\"en_US\" \/>\n<meta property=\"og:type\" content=\"article\" \/>\n<meta property=\"og:title\" content=\"Etusivu - Responsive Natural Resources Governance \u2013 Research Group\" \/>\n<meta property=\"og:description\" content=\"Ajankohtaista: Environmental Collaboration &amp; Conflict Resolution 2026 kurssin ilmoittautuminen on avoinna. Ilmoittautuminen p\u00e4\u00e4ttyy 15.4.2026. Lis\u00e4tietoa kurssista ja ilmoittautumisesta l\u00f6yd\u00e4t t\u00e4\u00e4lt\u00e4. Kurssin koordinaattori: Ida Herdieckerhoff (ida.herdieckerhoff@uef.fi) Tapaustutkimukset liittyv\u00e4t Erityisesti meit\u00e4 kiinnostaa nuorten osallistuminen ja osallisuus luonnonvarojen hallinnassa. Tutkimme esimerkiksi osallistavan toimintatutkimuksen menetelmin, miten nuoret voisivat tukea kest\u00e4v\u00e4n kehityksen tavoitteita, ja mitk\u00e4 ovat heid\u00e4n ty\u00f6llistymismahdollisuutensa esimerkiksi kierto- [&hellip;]\" \/>\n<meta property=\"og:url\" content=\"https:\/\/sites.uef.fi\/responsive-natural-resources-governance\/?lang=fi\" \/>\n<meta property=\"og:site_name\" content=\"Responsive Natural Resources Governance \u2013 Research Group\" \/>\n<meta property=\"article:modified_time\" content=\"2026-02-19T15:50:41+00:00\" \/>\n<meta property=\"og:image\" content=\"https:\/\/sites.uef.fi\/responsive-natural-resources-governance\/wp-content\/uploads\/sites\/78\/2026\/02\/ECCR-Call-for-applications-1-1024x813.jpg\" \/>\n<meta name=\"twitter:card\" content=\"summary_large_image\" \/>\n<meta name=\"twitter:label1\" content=\"Est. reading time\" \/>\n\t<meta name=\"twitter:data1\" content=\"3 minutes\" \/>\n<script type=\"application\/ld+json\" class=\"yoast-schema-graph\">{\"@context\":\"https:\\\/\\\/schema.org\",\"@graph\":[{\"@type\":\"WebPage\",\"@id\":\"https:\\\/\\\/sites.uef.fi\\\/responsive-natural-resources-governance\\\/?lang=fi\",\"url\":\"https:\\\/\\\/sites.uef.fi\\\/responsive-natural-resources-governance\\\/?lang=fi\",\"name\":\"Etusivu - Responsive Natural Resources Governance \u2013 Research Group\",\"isPartOf\":{\"@id\":\"https:\\\/\\\/sites.uef.fi\\\/responsive-natural-resources-governance\\\/#website\"},\"primaryImageOfPage\":{\"@id\":\"https:\\\/\\\/sites.uef.fi\\\/responsive-natural-resources-governance\\\/?lang=fi#primaryimage\"},\"image\":{\"@id\":\"https:\\\/\\\/sites.uef.fi\\\/responsive-natural-resources-governance\\\/?lang=fi#primaryimage\"},\"thumbnailUrl\":\"https:\\\/\\\/sites.uef.fi\\\/responsive-natural-resources-governance\\\/wp-content\\\/uploads\\\/sites\\\/78\\\/2026\\\/02\\\/ECCR-Call-for-applications-1-1024x813.jpg\",\"datePublished\":\"2020-05-19T11:43:57+00:00\",\"dateModified\":\"2026-02-19T15:50:41+00:00\",\"breadcrumb\":{\"@id\":\"https:\\\/\\\/sites.uef.fi\\\/responsive-natural-resources-governance\\\/?lang=fi#breadcrumb\"},\"inLanguage\":\"en-US\",\"potentialAction\":[{\"@type\":\"ReadAction\",\"target\":[\"https:\\\/\\\/sites.uef.fi\\\/responsive-natural-resources-governance\\\/?lang=fi\"]}]},{\"@type\":\"ImageObject\",\"inLanguage\":\"en-US\",\"@id\":\"https:\\\/\\\/sites.uef.fi\\\/responsive-natural-resources-governance\\\/?lang=fi#primaryimage\",\"url\":\"https:\\\/\\\/sites.uef.fi\\\/responsive-natural-resources-governance\\\/wp-content\\\/uploads\\\/sites\\\/78\\\/2026\\\/02\\\/ECCR-Call-for-applications-1-scaled.jpg\",\"contentUrl\":\"https:\\\/\\\/sites.uef.fi\\\/responsive-natural-resources-governance\\\/wp-content\\\/uploads\\\/sites\\\/78\\\/2026\\\/02\\\/ECCR-Call-for-applications-1-scaled.jpg\",\"width\":2560,\"height\":2032},{\"@type\":\"BreadcrumbList\",\"@id\":\"https:\\\/\\\/sites.uef.fi\\\/responsive-natural-resources-governance\\\/?lang=fi#breadcrumb\",\"itemListElement\":[{\"@type\":\"ListItem\",\"position\":1,\"name\":\"Home\",\"item\":\"https:\\\/\\\/sites.uef.fi\\\/responsive-natural-resources-governance\\\/\"},{\"@type\":\"ListItem\",\"position\":2,\"name\":\"Etusivu\"}]},{\"@type\":\"WebSite\",\"@id\":\"https:\\\/\\\/sites.uef.fi\\\/responsive-natural-resources-governance\\\/#website\",\"url\":\"https:\\\/\\\/sites.uef.fi\\\/responsive-natural-resources-governance\\\/\",\"name\":\"Responsive Natural Resources Governance \u2013 Research Group\",\"description\":\"\",\"potentialAction\":[{\"@type\":\"SearchAction\",\"target\":{\"@type\":\"EntryPoint\",\"urlTemplate\":\"https:\\\/\\\/sites.uef.fi\\\/responsive-natural-resources-governance\\\/?s={search_term_string}\"},\"query-input\":{\"@type\":\"PropertyValueSpecification\",\"valueRequired\":true,\"valueName\":\"search_term_string\"}}],\"inLanguage\":\"en-US\"}]}<\/script>\n<!-- \/ Yoast SEO plugin. -->","yoast_head_json":{"title":"Etusivu - Responsive Natural Resources Governance \u2013 Research Group","robots":{"index":"index","follow":"follow","max-snippet":"max-snippet:-1","max-image-preview":"max-image-preview:large","max-video-preview":"max-video-preview:-1"},"canonical":"https:\/\/sites.uef.fi\/responsive-natural-resources-governance\/?lang=fi","og_locale":"en_US","og_type":"article","og_title":"Etusivu - Responsive Natural Resources Governance \u2013 Research Group","og_description":"Ajankohtaista: Environmental Collaboration &amp; Conflict Resolution 2026 kurssin ilmoittautuminen on avoinna. Ilmoittautuminen p\u00e4\u00e4ttyy 15.4.2026. Lis\u00e4tietoa kurssista ja ilmoittautumisesta l\u00f6yd\u00e4t t\u00e4\u00e4lt\u00e4. Kurssin koordinaattori: Ida Herdieckerhoff (ida.herdieckerhoff@uef.fi) Tapaustutkimukset liittyv\u00e4t Erityisesti meit\u00e4 kiinnostaa nuorten osallistuminen ja osallisuus luonnonvarojen hallinnassa. Tutkimme esimerkiksi osallistavan toimintatutkimuksen menetelmin, miten nuoret voisivat tukea kest\u00e4v\u00e4n kehityksen tavoitteita, ja mitk\u00e4 ovat heid\u00e4n ty\u00f6llistymismahdollisuutensa esimerkiksi kierto- [&hellip;]","og_url":"https:\/\/sites.uef.fi\/responsive-natural-resources-governance\/?lang=fi","og_site_name":"Responsive Natural Resources Governance \u2013 Research Group","article_modified_time":"2026-02-19T15:50:41+00:00","og_image":[{"url":"https:\/\/sites.uef.fi\/responsive-natural-resources-governance\/wp-content\/uploads\/sites\/78\/2026\/02\/ECCR-Call-for-applications-1-1024x813.jpg","type":"","width":"","height":""}],"twitter_card":"summary_large_image","twitter_misc":{"Est. reading time":"3 minutes"},"schema":{"@context":"https:\/\/schema.org","@graph":[{"@type":"WebPage","@id":"https:\/\/sites.uef.fi\/responsive-natural-resources-governance\/?lang=fi","url":"https:\/\/sites.uef.fi\/responsive-natural-resources-governance\/?lang=fi","name":"Etusivu - Responsive Natural Resources Governance \u2013 Research Group","isPartOf":{"@id":"https:\/\/sites.uef.fi\/responsive-natural-resources-governance\/#website"},"primaryImageOfPage":{"@id":"https:\/\/sites.uef.fi\/responsive-natural-resources-governance\/?lang=fi#primaryimage"},"image":{"@id":"https:\/\/sites.uef.fi\/responsive-natural-resources-governance\/?lang=fi#primaryimage"},"thumbnailUrl":"https:\/\/sites.uef.fi\/responsive-natural-resources-governance\/wp-content\/uploads\/sites\/78\/2026\/02\/ECCR-Call-for-applications-1-1024x813.jpg","datePublished":"2020-05-19T11:43:57+00:00","dateModified":"2026-02-19T15:50:41+00:00","breadcrumb":{"@id":"https:\/\/sites.uef.fi\/responsive-natural-resources-governance\/?lang=fi#breadcrumb"},"inLanguage":"en-US","potentialAction":[{"@type":"ReadAction","target":["https:\/\/sites.uef.fi\/responsive-natural-resources-governance\/?lang=fi"]}]},{"@type":"ImageObject","inLanguage":"en-US","@id":"https:\/\/sites.uef.fi\/responsive-natural-resources-governance\/?lang=fi#primaryimage","url":"https:\/\/sites.uef.fi\/responsive-natural-resources-governance\/wp-content\/uploads\/sites\/78\/2026\/02\/ECCR-Call-for-applications-1-scaled.jpg","contentUrl":"https:\/\/sites.uef.fi\/responsive-natural-resources-governance\/wp-content\/uploads\/sites\/78\/2026\/02\/ECCR-Call-for-applications-1-scaled.jpg","width":2560,"height":2032},{"@type":"BreadcrumbList","@id":"https:\/\/sites.uef.fi\/responsive-natural-resources-governance\/?lang=fi#breadcrumb","itemListElement":[{"@type":"ListItem","position":1,"name":"Home","item":"https:\/\/sites.uef.fi\/responsive-natural-resources-governance\/"},{"@type":"ListItem","position":2,"name":"Etusivu"}]},{"@type":"WebSite","@id":"https:\/\/sites.uef.fi\/responsive-natural-resources-governance\/#website","url":"https:\/\/sites.uef.fi\/responsive-natural-resources-governance\/","name":"Responsive Natural Resources Governance \u2013 Research Group","description":"","potentialAction":[{"@type":"SearchAction","target":{"@type":"EntryPoint","urlTemplate":"https:\/\/sites.uef.fi\/responsive-natural-resources-governance\/?s={search_term_string}"},"query-input":{"@type":"PropertyValueSpecification","valueRequired":true,"valueName":"search_term_string"}}],"inLanguage":"en-US"}]}},"_links":{"self":[{"href":"https:\/\/sites.uef.fi\/responsive-natural-resources-governance\/wp-json\/wp\/v2\/pages\/33","targetHints":{"allow":["GET"]}}],"collection":[{"href":"https:\/\/sites.uef.fi\/responsive-natural-resources-governance\/wp-json\/wp\/v2\/pages"}],"about":[{"href":"https:\/\/sites.uef.fi\/responsive-natural-resources-governance\/wp-json\/wp\/v2\/types\/page"}],"author":[{"embeddable":true,"href":"https:\/\/sites.uef.fi\/responsive-natural-resources-governance\/wp-json\/wp\/v2\/users\/2"}],"replies":[{"embeddable":true,"href":"https:\/\/sites.uef.fi\/responsive-natural-resources-governance\/wp-json\/wp\/v2\/comments?post=33"}],"version-history":[{"count":2,"href":"https:\/\/sites.uef.fi\/responsive-natural-resources-governance\/wp-json\/wp\/v2\/pages\/33\/revisions"}],"predecessor-version":[{"id":1566,"href":"https:\/\/sites.uef.fi\/responsive-natural-resources-governance\/wp-json\/wp\/v2\/pages\/33\/revisions\/1566"}],"wp:attachment":[{"href":"https:\/\/sites.uef.fi\/responsive-natural-resources-governance\/wp-json\/wp\/v2\/media?parent=33"}],"curies":[{"name":"wp","href":"https:\/\/api.w.org\/{rel}","templated":true}]}}