{"id":1610,"date":"2024-10-23T16:52:38","date_gmt":"2024-10-23T14:52:38","guid":{"rendered":"https:\/\/sites.uef.fi\/sosiaalipolitiikanpaivat2024\/?page_id=1610"},"modified":"2024-10-23T16:52:39","modified_gmt":"2024-10-23T14:52:39","slug":"sosiaalipolitiikan-paivien-kasiohjelma","status":"publish","type":"page","link":"https:\/\/sites.uef.fi\/sosiaalipolitiikanpaivat2024\/sosiaalipolitiikan-paivien-kasiohjelma\/","title":{"rendered":"Sosiaalipolitiikan p\u00e4ivien k\u00e4siohjelma"},"content":{"rendered":"\n<figure class=\"wp-block-image size-full\"><img loading=\"lazy\" decoding=\"async\" width=\"1024\" height=\"406\" src=\"https:\/\/sites.uef.fi\/sosiaalipolitiikanpaivat2024\/wp-content\/uploads\/sites\/474\/2024\/09\/image.png\" alt=\"\" class=\"wp-image-1146\" srcset=\"https:\/\/sites.uef.fi\/sosiaalipolitiikanpaivat2024\/wp-content\/uploads\/sites\/474\/2024\/09\/image.png 1024w, https:\/\/sites.uef.fi\/sosiaalipolitiikanpaivat2024\/wp-content\/uploads\/sites\/474\/2024\/09\/image-300x119.png 300w, https:\/\/sites.uef.fi\/sosiaalipolitiikanpaivat2024\/wp-content\/uploads\/sites\/474\/2024\/09\/image-768x305.png 768w\" sizes=\"auto, (max-width: 1024px) 100vw, 1024px\" \/><\/figure>\n\n\n\n<p>K\u00e4siohjelman voi ladata pdf-muodossa klikkaamalla t\u00e4st\u00e4 -&gt; <a href=\"https:\/\/sites.uef.fi\/sosiaalipolitiikanpaivat2024\/wp-content\/uploads\/sites\/474\/2024\/10\/Sosiaalipolitiikan-Paivien-Kasiohjelma.pdf\">Sosiaalipolitiikan p\u00e4iv\u00e4t k\u00e4siohjelma<\/a><\/p>\n\n\n\n<p>Conference programme can be downloaded as a pdf-file by clicking here -&gt; <a href=\"https:\/\/sites.uef.fi\/sosiaalipolitiikanpaivat2024\/wp-content\/uploads\/sites\/474\/2024\/10\/Sosiaalipolitiikan-Paivien-Kasiohjelma.pdf\">Social Policy Conference Programme<\/a><\/p>\n\n\n\n<p>K\u00e4siohjelman tekstiosuudet luettavissa my\u00f6s alta:<\/p>\n\n\n\n<p class=\"has-text-align-center\"><strong>Tervetuloa Sosiaalipolitiikan p\u00e4iville 2024!<\/strong><\/p>\n\n\n\n<p><strong>P\u00e4ivien teema on turvallisuus<\/strong>. Sosiaalipolitiikan n\u00e4k\u00f6kulmasta teema kytkeytyy erityisesti sosiaaliturvaan ja arjen turvallisuuteen eli elett\u00e4vyyteen. Silloin voidaan puhua esimerkiksi sosiaalisesta turvallisuudesta tai ruumiillisesta turvallisuudesta. N\u00e4in alkaa yhteiskuntapoliittisesti hahmottua erilaisia yksil\u00f6it\u00e4, yhteis\u00f6j\u00e4 ja yhteiskuntia uhkaavia riskej\u00e4, joihin pit\u00e4isi varautua: millainen on turvallinen valtio, mihin kansalaiset luottavat nyt ja suhteessa tulevaan? Turvallisuus on t\u00e4ss\u00e4 mieless\u00e4 jonkinlainen resurssi ja vara, my\u00f6s perinteisen turvallisuuspolitiikan n\u00e4k\u00f6kulmasta.<\/p>\n\n\n\n<p>Sosiaalipolitiikan p\u00e4ivill\u00e4 pohditaan,&nbsp;<strong>millaisia taloudellisen turvan ja varautumisen muotoja j\u00e4lkiteollisessa kapitalismissa ja hyvinvointivaltiossa on \u2013 ja millaisia turvasubjekteja ne kutsuvat.&nbsp;<\/strong>Ent\u00e4 jos valtio ei olekaan viimek\u00e4tinen turva eik\u00e4 ty\u00f6 takaa sosiaaliturvaa? Alkavatko ihmiset valmistella, ett\u00e4 pystyv\u00e4t el\u00e4m\u00e4\u00e4n niiden ulkopuolella, tai hypp\u00e4\u00e4m\u00e4\u00e4n pois? Ketk\u00e4 pystyv\u00e4t. Yksityiset vakuutukset, rahasto- ja asuntosijoittaminen esimerkiksi ovat turvaamisen muotoja, jotka ovat jo nousseet sosiaalisen vakuutuksen rinnalle \u2013 tai jopa sit\u00e4 korvaamaan.&nbsp;<\/p>\n\n\n\n<p><strong>Turvallisuus ja sen puute, turvattomuus, ovat voimakkaita tunteiden ja affektien synnytt\u00e4ji\u00e4.<\/strong>&nbsp;Millaisia keinoja meill\u00e4 on vahvistaa turvallisuuden tunnetta, jota el\u00e4m\u00e4n yleinen prekaarius haperruttaa? Onko sit\u00e4 syyt\u00e4 vahvistaa? Millaiseen turvaan meill\u00e4 on varaa, voidaanko yhteisesti tuotettuun sosiaaliseen turvaan luottaa? Kuntien, valtion, hyvinvointialueiden, yhdistysten ja yritysten ty\u00f6njako sosiaalisen ja terveysturvallisuuden takaajina on jatkuvassa neuvottelutilassa ja se voi aiheuttaa ep\u00e4luottamusta ja turvattomuutta.<\/p>\n\n\n\n<p>Haluamme p\u00e4ivien teeman my\u00f6t\u00e4 her\u00e4tell\u00e4 kysymyst\u00e4&nbsp;<strong>instituutioiden, yksil\u00f6iden ja yhteis\u00f6jen mahdollisuuksista kannatella ja vahvistaa sosiaalista ja arkista turvallisuutta.<\/strong>&nbsp;Samalla haemme rajoja turvallistamispuheelle: se ei voi toimia oikeuttajana sille, ett\u00e4 resursseja siirret\u00e4\u00e4n sosiaaliturvasta ja -palveluista vaikkapa maanpuolustukseen.&nbsp;<\/p>\n\n\n\n<p><\/p>\n\n\n\n<p><strong>Sosiaalipolitiikan p\u00e4ivien ohjelma<\/strong><\/p>\n\n\n\n<p><strong>Torstai 24.10.<\/strong><\/p>\n\n\n\n<ul class=\"wp-block-list\">\n<li>10:15-12:00\u202fIlmoittautuminen p\u00e4iville<\/li>\n\n\n\n<li>12:00-12:15\u202fP\u00e4ivien avaus prof. Mikko Jakonen ja apulaisprofessori Tiina Sotkasiira, Metrian auditorio <strong>M100<\/strong><\/li>\n\n\n\n<li>Sosiaalipoliittisen yhdistyksen tervehdys,\u202fyhdistyksen puheenjohtaja Helena Hirvonen <strong>M100<\/strong><\/li>\n\n\n\n<li>12:15-13.00\u202fApulaisprofessori Emma Power (Western Sidney University, Australia):\u00a0<em>Making shadow care infrastructures durable: the work of surviving in post-welfare cities <\/em><strong>M100<\/strong><\/li>\n\n\n\n<li>13:00-13:30\u202fApulaisprofessori Minna Zechnerin (Helsingin yliopisto) Kommenttipuheenvuoro ja keskustelu\/Comment and discussion \u2013 Comment by Minna Zechner, Associate Professor from the University of Helsinki <strong>M100<\/strong><\/li>\n\n\n\n<li>13:30-14:00\u202fKahvitarjoilu Metrialla\/Coffee service at Metria<\/li>\n\n\n\n<li>14:00-16:30\u202fTy\u00f6ryhm\u00e4t\/Working groups<\/li>\n\n\n\n<li>16:45-17.15\u202fSosiaalipoliittisen yhdistyksen syyskokous\u00a0<\/li>\n\n\n\n<li>17.30-19.00 Sosiaalipoliittinen k\u00e4velyretki\/Social political walking tour in Joensuu: Mukana kolmannen sektorin edustaja ja kaupungin edustaja, k\u00e4velless\u00e4 k\u00e4yd\u00e4\u00e4n sosiaalipoliittista keskustelua. <strong>K\u00e4vely l\u00e4htee Joensuun torin keskell\u00e4 olevalta juomavesil\u00e4hteelt\u00e4 klo 17.30. K\u00e4vely p\u00e4\u00e4ttyy Kerubiin.<\/strong><\/li>\n\n\n\n<li>19.00-22.00 Illanvietto Kerubissa\/Conference dinner at Kerubi<\/li>\n<\/ul>\n\n\n\n<p><strong>Perjantai 25.10.<\/strong><\/p>\n\n\n\n<ul class=\"wp-block-list\">\n<li>08.15\u201310:00\u202fGlobal crises and the academia workshop. From 10.15 until 11 discussion that is open to all, <strong>Metria M101<\/strong><\/li>\n\n\n\n<li>09:00-11:00\u202fTy\u00f6ryhm\u00e4t\/ Working groups<\/li>\n\n\n\n<li>11:00-12:00\u202fOmakustanteinen lounas\u202f<\/li>\n\n\n\n<li>12:00-12:45\u202fDosentti Noora Kotilainen:\u00a0<em>Militarismi ja yhteiskunnallinen turvallisuus<\/em>, <strong>Metria M100<\/strong><\/li>\n\n\n\n<li>12.45-13.45 Paneelikeskustelu, tarkemmat tiedot sivulla 3<\/li>\n\n\n\n<li>13:45-14.00\u202fSosiaalipoliittisen yhdistyksen gradupalkinto, prof. Eeva Jokinen<\/li>\n\n\n\n<li>14:00 Kutsu Sosiaalipolitiikan p\u00e4iville 2025<\/li>\n<\/ul>\n\n\n\n<h4 class=\"wp-block-heading\"><strong>P\u00e4\u00e4puhujat:<\/strong><\/h4>\n\n\n\n<p>Dr. Emma Power, Associate Professor, Western Sydney University<\/p>\n\n\n\n<p>Emma Power is an Associate Professor of Geography and Urban Studies in the School of Social Sciences and Institute for Culture and Society at Western Sydney University. Her \u2018Cities of Care\u2019 research programme develops insights into the caring potential of cities, asking how the capacity of people to meet their needs for care can be better supported within cities and through the broader housing and welfare systems. Emma is Chief Investigator of the Australian Research Council funded project \u2018Shadow Care Infrastructures: Sustaining life in post-welfare cities\u2019. The project investigates the labours and challenges of surviving in places where welfare systems are fracturing.<\/p>\n\n\n\n<p>Keynote: Making shadow care infrastructures durable: the work of surviving in post-welfare cities<br><\/p>\n\n\n\n<p>Noora Kotilainen, yliopistotutkija, Helsingin yliopisto<\/p>\n\n\n\n<p>Noora Kotilainen (VTT) on kansainv\u00e4list\u00e4 politiikkaa, visuaalisuutta ja mediaa tarkasteleva poliittisen historian yliopistotutkija Helsingin yliopistossa. H\u00e4n on tutkinut kriisej\u00e4, sotaa, v\u00e4kivaltaa, k\u00e4rsimyst\u00e4, humanitarismia, militarismia, muuttoliikkeit\u00e4 ja valokuvaa. H\u00e4n johtaa Koneen s\u00e4\u00e4ti\u00f6n rahoittamaa Sotilaallisen vallan kieli suomalaisessa demokratiassa -hanketta.<\/p>\n\n\n\n<p>H\u00e4n puhuu militarismin eli sotilaallisen vallan, kielen ja k\u00e4yt\u00e4nt\u00f6jen sek\u00e4 militarisoitumiskehityksen suhteesta yhteiskunnalliseen turvallisuuteen Suomessa.<\/p>\n\n\n\n<p>Keynote: <em>Militarismi ja yhteiskunnallinen turvallisuus&nbsp;<\/em><\/p>\n\n\n\n<h4 class=\"wp-block-heading\"><strong>Paneelikeskustelu aiheesta Turvallisuus, alue ja talous<\/strong><\/h4>\n\n\n\n<p>Keskustelijoina: Kari V\u00e4lim\u00e4ki, valtuuston puheenjohtaja, SOSTE; Noora Kotilainen, yliopistotutkija, Helsingin yliopisto; Tiina Silvasti, yhteiskuntapolitiikan professori Jyv\u00e4skyl\u00e4n yliopisto; Sanna Heinonen, toiminnanjohtaja, Pohjois-Karjalan sosiaaliturvayhdistys. Paneelikeskustelun juontaa professori Mikko Jakonen<\/p>\n\n\n\n<p>Sosiaalipolitiikan p\u00e4ivien perjantai-iltap\u00e4iv\u00e4n p\u00e4\u00e4tt\u00e4\u00e4 mielenkiintoinen paneelikeskustelu, jossa k\u00e4sitell\u00e4\u00e4n nelj\u00e4n erinomaisen keskustelijan kanssa kysymyst\u00e4 turvallisuuden, alueiden ja talouden yhteyksist\u00e4. Paneelikeskustelussa pohdimme, mihin valtion rahat oikein menev\u00e4t, mist\u00e4 leikataan ja mihin investoidaan, ja millaista turvallisuutta ja turvattomuutta n\u00e4m\u00e4 toimet tuottavat? Valtion talousopit vaikuttavat suoraan my\u00f6s alueisiin ja alueellisiin talouksiin, mik\u00e4 n\u00e4kyy monin eri tavoin It\u00e4-Suomessa. Kysymme, millaista turvallisuutta alueilla tarvitaan, mihin rahat menev\u00e4t ja mihin niit\u00e4 tarvittaisiin lis\u00e4\u00e4? Ent\u00e4 millaisia talouksia ja ty\u00f6markkinoita erilaiset turvallisuusparadigmat muodostavat, ja kuinka ne ovat yhteydess\u00e4 hyvinvointivaltion perusperiaatteisiin ja tulevaisuuden mahdollisuuksiin.<\/p>\n\n\n\n<p>Sanna Heinonen ty\u00f6skentelee Pohjois-Karjalan sosiaaliturvayhdistyksen toiminnanjohtajana. Heinosella on monipuolinen kokemus Pohjois-Karjalan j\u00e4rjest\u00f6kent\u00e4lt\u00e4 sek\u00e4 Joensuun kaupungin politiikasta.<\/p>\n\n\n\n<p>Noora Kotilainen ty\u00f6skentelee yliopistotutkijana Helsingin yliopistossa. H\u00e4n on tutkinut militarisaatiota suomalaisessa yhteiskunnassa ja johtaa parhaillaan &#8221;Sotilaallinen valta suomalaisessa demokratiassa&#8221; (MILKIE) hanketta.<\/p>\n\n\n\n<p>Tiina Silvasti ty\u00f6skentelee yhteiskuntapolitiikan professorina Jyv\u00e4skyl\u00e4n yliopistossa. Silvasti on tutkinut ensimm\u00e4isen maailman k\u00f6yhyytt\u00e4 ja keskittynyt viime aikoina erityisesti ruoka-avun yhteiskuntapoliittisiin kysymyksiin. Kari V\u00e4lim\u00e4ki toimii SOSTEn valtuuston puheenjohtajana. H\u00e4nell\u00e4 on pitk\u00e4 ura sosiaali- ja terveyspolitiikan vaikuttajana. V\u00e4lim\u00e4ki on ty\u00f6skennellyt yli 30 vuotta sosiaali- ja terveysministeri\u00f6ss\u00e4 muun muassa kansliap\u00e4\u00e4llikk\u00f6n\u00e4.<\/p>\n\n\n\n<p><a><strong>Ty\u00f6ryhmien tilat<\/strong><\/a><br>\u00a0<br><strong>Torstai 24.10. klo. 14-16.30<\/strong><br><br><strong>M102<\/strong> &#8211; R12 Turvallisuus ja taloudellistettu hyvinvointivaltio<br><strong>M103<\/strong> &#8211; R8 Sosiaalipolitiikka uuden j\u00e4ljill\u00e4 I<br><strong>M105<\/strong> &#8211; R3 Avoin ty\u00f6ryhm\u00e4\/Open working Group I<br><strong>M106<\/strong>&#8211;  R9 &#8221;The personal is political&#8221; &#8211; intersections between care and policy I<br><strong>M107<\/strong> &#8211; R10 Sosiaaliturva muutoksessa I<br><strong>M108<\/strong> &#8211; R17 Terveys, kuntoutus ja osallisuus I<br><strong>M109<\/strong> &#8211; R11 Sosiaalipolitiikan uudistaminen I<br><strong>M301<\/strong> &#8211; R19 V\u00e4kivalta yhteiskuntapoliittisena kysymyksen\u00e4 ja turvallisuuden murtajana I<br><strong>M303<\/strong> &#8211; R1 Ruokaj\u00e4rjestelm\u00e4n ja yhteiskuntapolitiikan leikkauspisteet<br><strong>M305<\/strong> &#8211; R7 Sosiaalioikeus ja sosiaalipolitiikan muutokset<br><strong>AG102<\/strong> &#8211; R13 Fostering socially and ecologically sustainable digitalisation and automation of welfare states<br><strong>AG103<\/strong> &#8211; R16 Opiskelijaty\u00f6ryhm\u00e4: maisterivaiheen ty\u00f6harjoittelu<br><strong>AG104<\/strong> &#8211; Avoin ty\u00f6ryhm\u00e4 2<br><strong>AG105<\/strong> &#8211; R6 Sosiaalihuoltoa algoritmisesti ja datan voimalla j\u00e4lkiekspansiivisessa hyvinvointivaltiossa<br><strong>AG106<\/strong> &#8211; R21 Joustava arki ty\u00f6markkinoiden reunamilla<br><strong>\u00a0<\/strong><br><strong>Perjantai 25.10. klo. 9-11<\/strong><br><br><strong>M102<\/strong> &#8211; R4 Maaseudun arjen turvallisuus<br><strong>M103<\/strong> &#8211; R8 Sosiaalipolitiikka uuden j\u00e4ljill\u00e4 II<br><strong>M105<\/strong> &#8211; R3 Avoin ty\u00f6ryhm\u00e4\/Open working Group II<br><strong>M106<\/strong> &#8211; R9 &#8221;The personal is political&#8221; &#8211; intersections between care and policy II<br><strong>M107<\/strong> &#8211; R10 Sosiaaliturva muutoksessa II<br><strong>M108<\/strong> &#8211; R17 Terveys, kuntoutus ja osallisuus II<br><strong>M109<\/strong> &#8211; R11 Sosiaalipolitiikan uudistaminen II<br><strong>M301<\/strong> &#8211; R19 V\u00e4kivalta yhteiskuntapoliittisena kysymyksen\u00e4 ja turvallisuuden murtajana II<br><strong>M303<\/strong> &#8211; R20 Embodied in\/security, encounters and relations of power<br><strong>M305<\/strong> &#8211; R2 The digitalization of working lives &#8211; A source of socioeconomic security or insecurity?<\/p>\n\n\n\n<h4 class=\"wp-block-heading\"><strong>K\u00e4yt\u00e4nn\u00f6n asioita<\/strong><\/h4>\n\n\n\n<p>Langaton verkko: uef-open (ei salasanaa)<\/p>\n\n\n\n<p>Tapahtuman internetsivut: <a href=\"https:\/\/sites.uef.fi\/sosiaalipolitiikanpaivat2024\/\">https:\/\/sites.uef.fi\/sosiaalipolitiikanpaivat2024\/<\/a><\/p>\n\n\n\n<p>S\u00e4hk\u00f6posti: <a href=\"mailto:sospolpaivat2024@uef.fi\">sospolpaivat2024@uef.fi<\/a><\/p>\n\n\n\n<p><strong>Yhteystiedot tapahtuman aikana:<br><\/strong><br>Puheenjohtaja Tiina Sotkasiira, <a href=\"mailto:tiina.sotkasiira@uef.fi\">tiina.sotkasiira@uef.fi<\/a>, puh. + +358 29 4455288<br>Puheenjohtaja Mikko Jakonen, <a href=\"mailto:mikko.jakonen@uef.fi\">mikko.jakonen@uef.fi<\/a>, puh. +358 29 4455128<br>Konferenssisihteeri Meeri Tillonen, <a href=\"mailto:meeri.tillonen@uef.fi\">meeri.tillonen@uef.fi<\/a>, puh. +358 50&nbsp;476 8527<\/p>\n\n\n\n<p><strong>Infopiste <\/strong>palvelee koko tapahtuman ajan Metria-rakennuksen aulassa (Yliopistokatu 7)<\/p>\n\n\n\n<p><strong>Kampusalueen lounasravintolat (kts. kartta)<\/strong><\/p>\n\n\n\n<p>Carelia (lounas to 10.30-17.00, pe 10.30-16.00)<br>Metria (lounas 11.00-13.30)<br>Futura (lounas to 10.30-14.30, pe 10.30-13.30)<br>Natura (lounas to 10.30-13.00)<br>Aura (lounas to 10.30 &#8211; 13.30, pe 10.30-13.00)<br>Metla (lounas 11.00 \u2013 13.30)<br>Kampus Bistro (lounas 10.30-14.30)<\/p>\n\n\n\n<p><strong>Konferenssin j\u00e4rjestelytoimikunta:<\/strong><\/p>\n\n\n\n<p>Tiina Sotkasiira, Mikko Jakonen, Antero Puhakka, Helena Hirvonen, Laura Mankki, Pirjo P\u00f6ll\u00e4nen, Tuija Koivunen, Iiris Lehto, Armi Mustosm\u00e4ki, Vadim Romashov, Anna-Pieta Kokko, Meeri Tillonen<\/p>\n","protected":false},"excerpt":{"rendered":"<p>K\u00e4siohjelman voi ladata pdf-muodossa klikkaamalla t\u00e4st\u00e4 -&gt; Sosiaalipolitiikan p\u00e4iv\u00e4t k\u00e4siohjelma Conference programme can be downloaded as a pdf-file by clicking here -&gt; Social Policy Conference Programme K\u00e4siohjelman tekstiosuudet luettavissa my\u00f6s alta: Tervetuloa Sosiaalipolitiikan p\u00e4iville 2024! P\u00e4ivien teema on turvallisuus. Sosiaalipolitiikan n\u00e4k\u00f6kulmasta teema kytkeytyy erityisesti sosiaaliturvaan ja arjen turvallisuuteen eli elett\u00e4vyyteen. Silloin voidaan puhua esimerkiksi sosiaalisesta [&hellip;]<\/p>\n","protected":false},"author":1197,"featured_media":0,"parent":0,"menu_order":0,"comment_status":"closed","ping_status":"closed","template":"","meta":{"_acf_changed":false,"footnotes":""},"class_list":["post-1610","page","type-page","status-publish","hentry"],"acf":[],"yoast_head":"<!-- This site is optimized with the Yoast SEO plugin v27.3 - https:\/\/yoast.com\/product\/yoast-seo-wordpress\/ -->\n<title>Sosiaalipolitiikan p\u00e4ivien k\u00e4siohjelma - Sosiaalipolitiikan p\u00e4iv\u00e4t 2024: Turvallisuus<\/title>\n<meta name=\"robots\" content=\"index, follow, max-snippet:-1, max-image-preview:large, max-video-preview:-1\" \/>\n<link rel=\"canonical\" href=\"https:\/\/sites.uef.fi\/sosiaalipolitiikanpaivat2024\/sosiaalipolitiikan-paivien-kasiohjelma\/\" \/>\n<meta property=\"og:locale\" content=\"fi_FI\" \/>\n<meta property=\"og:type\" content=\"article\" \/>\n<meta property=\"og:title\" content=\"Sosiaalipolitiikan p\u00e4ivien k\u00e4siohjelma - Sosiaalipolitiikan p\u00e4iv\u00e4t 2024: Turvallisuus\" \/>\n<meta property=\"og:description\" content=\"K\u00e4siohjelman voi ladata pdf-muodossa klikkaamalla t\u00e4st\u00e4 -&gt; Sosiaalipolitiikan p\u00e4iv\u00e4t k\u00e4siohjelma Conference programme can be downloaded as a pdf-file by clicking here -&gt; Social Policy Conference Programme K\u00e4siohjelman tekstiosuudet luettavissa my\u00f6s alta: Tervetuloa Sosiaalipolitiikan p\u00e4iville 2024! P\u00e4ivien teema on turvallisuus. Sosiaalipolitiikan n\u00e4k\u00f6kulmasta teema kytkeytyy erityisesti sosiaaliturvaan ja arjen turvallisuuteen eli elett\u00e4vyyteen. Silloin voidaan puhua esimerkiksi sosiaalisesta [&hellip;]\" \/>\n<meta property=\"og:url\" content=\"https:\/\/sites.uef.fi\/sosiaalipolitiikanpaivat2024\/sosiaalipolitiikan-paivien-kasiohjelma\/\" \/>\n<meta property=\"og:site_name\" content=\"Sosiaalipolitiikan p\u00e4iv\u00e4t 2024: Turvallisuus\" \/>\n<meta property=\"article:modified_time\" content=\"2024-10-23T14:52:39+00:00\" \/>\n<meta property=\"og:image\" content=\"https:\/\/sites.uef.fi\/sosiaalipolitiikanpaivat2024\/wp-content\/uploads\/sites\/474\/2024\/09\/image.png\" \/>\n\t<meta property=\"og:image:width\" content=\"1024\" \/>\n\t<meta property=\"og:image:height\" content=\"406\" \/>\n\t<meta property=\"og:image:type\" content=\"image\/png\" \/>\n<meta name=\"twitter:card\" content=\"summary_large_image\" \/>\n<meta name=\"twitter:label1\" content=\"Arvioitu lukuaika\" \/>\n\t<meta name=\"twitter:data1\" content=\"8 minuuttia\" \/>\n<script type=\"application\/ld+json\" class=\"yoast-schema-graph\">{\"@context\":\"https:\\\/\\\/schema.org\",\"@graph\":[{\"@type\":\"WebPage\",\"@id\":\"https:\\\/\\\/sites.uef.fi\\\/sosiaalipolitiikanpaivat2024\\\/sosiaalipolitiikan-paivien-kasiohjelma\\\/\",\"url\":\"https:\\\/\\\/sites.uef.fi\\\/sosiaalipolitiikanpaivat2024\\\/sosiaalipolitiikan-paivien-kasiohjelma\\\/\",\"name\":\"Sosiaalipolitiikan p\u00e4ivien k\u00e4siohjelma - Sosiaalipolitiikan p\u00e4iv\u00e4t 2024: Turvallisuus\",\"isPartOf\":{\"@id\":\"https:\\\/\\\/sites.uef.fi\\\/sosiaalipolitiikanpaivat2024\\\/#website\"},\"primaryImageOfPage\":{\"@id\":\"https:\\\/\\\/sites.uef.fi\\\/sosiaalipolitiikanpaivat2024\\\/sosiaalipolitiikan-paivien-kasiohjelma\\\/#primaryimage\"},\"image\":{\"@id\":\"https:\\\/\\\/sites.uef.fi\\\/sosiaalipolitiikanpaivat2024\\\/sosiaalipolitiikan-paivien-kasiohjelma\\\/#primaryimage\"},\"thumbnailUrl\":\"https:\\\/\\\/sites.uef.fi\\\/sosiaalipolitiikanpaivat2024\\\/wp-content\\\/uploads\\\/sites\\\/474\\\/2024\\\/09\\\/image.png\",\"datePublished\":\"2024-10-23T14:52:38+00:00\",\"dateModified\":\"2024-10-23T14:52:39+00:00\",\"breadcrumb\":{\"@id\":\"https:\\\/\\\/sites.uef.fi\\\/sosiaalipolitiikanpaivat2024\\\/sosiaalipolitiikan-paivien-kasiohjelma\\\/#breadcrumb\"},\"inLanguage\":\"fi\",\"potentialAction\":[{\"@type\":\"ReadAction\",\"target\":[\"https:\\\/\\\/sites.uef.fi\\\/sosiaalipolitiikanpaivat2024\\\/sosiaalipolitiikan-paivien-kasiohjelma\\\/\"]}]},{\"@type\":\"ImageObject\",\"inLanguage\":\"fi\",\"@id\":\"https:\\\/\\\/sites.uef.fi\\\/sosiaalipolitiikanpaivat2024\\\/sosiaalipolitiikan-paivien-kasiohjelma\\\/#primaryimage\",\"url\":\"https:\\\/\\\/sites.uef.fi\\\/sosiaalipolitiikanpaivat2024\\\/wp-content\\\/uploads\\\/sites\\\/474\\\/2024\\\/09\\\/image.png\",\"contentUrl\":\"https:\\\/\\\/sites.uef.fi\\\/sosiaalipolitiikanpaivat2024\\\/wp-content\\\/uploads\\\/sites\\\/474\\\/2024\\\/09\\\/image.png\",\"width\":1024,\"height\":406},{\"@type\":\"BreadcrumbList\",\"@id\":\"https:\\\/\\\/sites.uef.fi\\\/sosiaalipolitiikanpaivat2024\\\/sosiaalipolitiikan-paivien-kasiohjelma\\\/#breadcrumb\",\"itemListElement\":[{\"@type\":\"ListItem\",\"position\":1,\"name\":\"Home\",\"item\":\"https:\\\/\\\/sites.uef.fi\\\/sosiaalipolitiikanpaivat2024\\\/\"},{\"@type\":\"ListItem\",\"position\":2,\"name\":\"Sosiaalipolitiikan p\u00e4ivien k\u00e4siohjelma\"}]},{\"@type\":\"WebSite\",\"@id\":\"https:\\\/\\\/sites.uef.fi\\\/sosiaalipolitiikanpaivat2024\\\/#website\",\"url\":\"https:\\\/\\\/sites.uef.fi\\\/sosiaalipolitiikanpaivat2024\\\/\",\"name\":\"Sosiaalipolitiikan p\u00e4iv\u00e4t 2024: Turvallisuus\",\"description\":\"\",\"potentialAction\":[{\"@type\":\"SearchAction\",\"target\":{\"@type\":\"EntryPoint\",\"urlTemplate\":\"https:\\\/\\\/sites.uef.fi\\\/sosiaalipolitiikanpaivat2024\\\/?s={search_term_string}\"},\"query-input\":{\"@type\":\"PropertyValueSpecification\",\"valueRequired\":true,\"valueName\":\"search_term_string\"}}],\"inLanguage\":\"fi\"}]}<\/script>\n<!-- \/ Yoast SEO plugin. -->","yoast_head_json":{"title":"Sosiaalipolitiikan p\u00e4ivien k\u00e4siohjelma - Sosiaalipolitiikan p\u00e4iv\u00e4t 2024: Turvallisuus","robots":{"index":"index","follow":"follow","max-snippet":"max-snippet:-1","max-image-preview":"max-image-preview:large","max-video-preview":"max-video-preview:-1"},"canonical":"https:\/\/sites.uef.fi\/sosiaalipolitiikanpaivat2024\/sosiaalipolitiikan-paivien-kasiohjelma\/","og_locale":"fi_FI","og_type":"article","og_title":"Sosiaalipolitiikan p\u00e4ivien k\u00e4siohjelma - Sosiaalipolitiikan p\u00e4iv\u00e4t 2024: Turvallisuus","og_description":"K\u00e4siohjelman voi ladata pdf-muodossa klikkaamalla t\u00e4st\u00e4 -&gt; Sosiaalipolitiikan p\u00e4iv\u00e4t k\u00e4siohjelma Conference programme can be downloaded as a pdf-file by clicking here -&gt; Social Policy Conference Programme K\u00e4siohjelman tekstiosuudet luettavissa my\u00f6s alta: Tervetuloa Sosiaalipolitiikan p\u00e4iville 2024! P\u00e4ivien teema on turvallisuus. Sosiaalipolitiikan n\u00e4k\u00f6kulmasta teema kytkeytyy erityisesti sosiaaliturvaan ja arjen turvallisuuteen eli elett\u00e4vyyteen. Silloin voidaan puhua esimerkiksi sosiaalisesta [&hellip;]","og_url":"https:\/\/sites.uef.fi\/sosiaalipolitiikanpaivat2024\/sosiaalipolitiikan-paivien-kasiohjelma\/","og_site_name":"Sosiaalipolitiikan p\u00e4iv\u00e4t 2024: Turvallisuus","article_modified_time":"2024-10-23T14:52:39+00:00","og_image":[{"width":1024,"height":406,"url":"https:\/\/sites.uef.fi\/sosiaalipolitiikanpaivat2024\/wp-content\/uploads\/sites\/474\/2024\/09\/image.png","type":"image\/png"}],"twitter_card":"summary_large_image","twitter_misc":{"Arvioitu lukuaika":"8 minuuttia"},"schema":{"@context":"https:\/\/schema.org","@graph":[{"@type":"WebPage","@id":"https:\/\/sites.uef.fi\/sosiaalipolitiikanpaivat2024\/sosiaalipolitiikan-paivien-kasiohjelma\/","url":"https:\/\/sites.uef.fi\/sosiaalipolitiikanpaivat2024\/sosiaalipolitiikan-paivien-kasiohjelma\/","name":"Sosiaalipolitiikan p\u00e4ivien k\u00e4siohjelma - Sosiaalipolitiikan p\u00e4iv\u00e4t 2024: Turvallisuus","isPartOf":{"@id":"https:\/\/sites.uef.fi\/sosiaalipolitiikanpaivat2024\/#website"},"primaryImageOfPage":{"@id":"https:\/\/sites.uef.fi\/sosiaalipolitiikanpaivat2024\/sosiaalipolitiikan-paivien-kasiohjelma\/#primaryimage"},"image":{"@id":"https:\/\/sites.uef.fi\/sosiaalipolitiikanpaivat2024\/sosiaalipolitiikan-paivien-kasiohjelma\/#primaryimage"},"thumbnailUrl":"https:\/\/sites.uef.fi\/sosiaalipolitiikanpaivat2024\/wp-content\/uploads\/sites\/474\/2024\/09\/image.png","datePublished":"2024-10-23T14:52:38+00:00","dateModified":"2024-10-23T14:52:39+00:00","breadcrumb":{"@id":"https:\/\/sites.uef.fi\/sosiaalipolitiikanpaivat2024\/sosiaalipolitiikan-paivien-kasiohjelma\/#breadcrumb"},"inLanguage":"fi","potentialAction":[{"@type":"ReadAction","target":["https:\/\/sites.uef.fi\/sosiaalipolitiikanpaivat2024\/sosiaalipolitiikan-paivien-kasiohjelma\/"]}]},{"@type":"ImageObject","inLanguage":"fi","@id":"https:\/\/sites.uef.fi\/sosiaalipolitiikanpaivat2024\/sosiaalipolitiikan-paivien-kasiohjelma\/#primaryimage","url":"https:\/\/sites.uef.fi\/sosiaalipolitiikanpaivat2024\/wp-content\/uploads\/sites\/474\/2024\/09\/image.png","contentUrl":"https:\/\/sites.uef.fi\/sosiaalipolitiikanpaivat2024\/wp-content\/uploads\/sites\/474\/2024\/09\/image.png","width":1024,"height":406},{"@type":"BreadcrumbList","@id":"https:\/\/sites.uef.fi\/sosiaalipolitiikanpaivat2024\/sosiaalipolitiikan-paivien-kasiohjelma\/#breadcrumb","itemListElement":[{"@type":"ListItem","position":1,"name":"Home","item":"https:\/\/sites.uef.fi\/sosiaalipolitiikanpaivat2024\/"},{"@type":"ListItem","position":2,"name":"Sosiaalipolitiikan p\u00e4ivien k\u00e4siohjelma"}]},{"@type":"WebSite","@id":"https:\/\/sites.uef.fi\/sosiaalipolitiikanpaivat2024\/#website","url":"https:\/\/sites.uef.fi\/sosiaalipolitiikanpaivat2024\/","name":"Sosiaalipolitiikan p\u00e4iv\u00e4t 2024: Turvallisuus","description":"","potentialAction":[{"@type":"SearchAction","target":{"@type":"EntryPoint","urlTemplate":"https:\/\/sites.uef.fi\/sosiaalipolitiikanpaivat2024\/?s={search_term_string}"},"query-input":{"@type":"PropertyValueSpecification","valueRequired":true,"valueName":"search_term_string"}}],"inLanguage":"fi"}]}},"_links":{"self":[{"href":"https:\/\/sites.uef.fi\/sosiaalipolitiikanpaivat2024\/wp-json\/wp\/v2\/pages\/1610","targetHints":{"allow":["GET"]}}],"collection":[{"href":"https:\/\/sites.uef.fi\/sosiaalipolitiikanpaivat2024\/wp-json\/wp\/v2\/pages"}],"about":[{"href":"https:\/\/sites.uef.fi\/sosiaalipolitiikanpaivat2024\/wp-json\/wp\/v2\/types\/page"}],"author":[{"embeddable":true,"href":"https:\/\/sites.uef.fi\/sosiaalipolitiikanpaivat2024\/wp-json\/wp\/v2\/users\/1197"}],"replies":[{"embeddable":true,"href":"https:\/\/sites.uef.fi\/sosiaalipolitiikanpaivat2024\/wp-json\/wp\/v2\/comments?post=1610"}],"version-history":[{"count":2,"href":"https:\/\/sites.uef.fi\/sosiaalipolitiikanpaivat2024\/wp-json\/wp\/v2\/pages\/1610\/revisions"}],"predecessor-version":[{"id":1628,"href":"https:\/\/sites.uef.fi\/sosiaalipolitiikanpaivat2024\/wp-json\/wp\/v2\/pages\/1610\/revisions\/1628"}],"wp:attachment":[{"href":"https:\/\/sites.uef.fi\/sosiaalipolitiikanpaivat2024\/wp-json\/wp\/v2\/media?parent=1610"}],"curies":[{"name":"wp","href":"https:\/\/api.w.org\/{rel}","templated":true}]}}