{"id":252,"date":"2024-04-10T09:07:25","date_gmt":"2024-04-10T07:07:25","guid":{"rendered":"https:\/\/sites.uef.fi\/sosiaalipolitiikanpaivat2024\/?page_id=252"},"modified":"2024-10-24T10:45:01","modified_gmt":"2024-10-24T08:45:01","slug":"ohjelma","status":"publish","type":"page","link":"https:\/\/sites.uef.fi\/sosiaalipolitiikanpaivat2024\/ohjelma\/","title":{"rendered":"Ohjelma"},"content":{"rendered":"\n<figure class=\"wp-block-image size-large\"><img loading=\"lazy\" decoding=\"async\" width=\"1024\" height=\"405\" src=\"https:\/\/sites.uef.fi\/sosiaalipolitiikanpaivat2024\/wp-content\/uploads\/sites\/474\/2024\/04\/Banneri-joensuu-1-1024x405.jpg\" alt=\"\" class=\"wp-image-425\" srcset=\"https:\/\/sites.uef.fi\/sosiaalipolitiikanpaivat2024\/wp-content\/uploads\/sites\/474\/2024\/04\/Banneri-joensuu-1-1024x405.jpg 1024w, https:\/\/sites.uef.fi\/sosiaalipolitiikanpaivat2024\/wp-content\/uploads\/sites\/474\/2024\/04\/Banneri-joensuu-1-300x119.jpg 300w, https:\/\/sites.uef.fi\/sosiaalipolitiikanpaivat2024\/wp-content\/uploads\/sites\/474\/2024\/04\/Banneri-joensuu-1-768x304.jpg 768w, https:\/\/sites.uef.fi\/sosiaalipolitiikanpaivat2024\/wp-content\/uploads\/sites\/474\/2024\/04\/Banneri-joensuu-1-1536x608.jpg 1536w, https:\/\/sites.uef.fi\/sosiaalipolitiikanpaivat2024\/wp-content\/uploads\/sites\/474\/2024\/04\/Banneri-joensuu-1-2048x811.jpg 2048w, https:\/\/sites.uef.fi\/sosiaalipolitiikanpaivat2024\/wp-content\/uploads\/sites\/474\/2024\/04\/Banneri-joensuu-1-1440x568.jpg 1440w\" sizes=\"auto, (max-width: 1024px) 100vw, 1024px\" \/><\/figure>\n\n\n\n<h2 class=\"wp-block-heading has-text-align-center\">Keskiviikko\u202f23.10.2024<\/h2>\n\n\n\n<h4 class=\"wp-block-heading has-text-align-center\"><strong>Tervetuloa v\u00e4it\u00f6skirjatutkijoiden tutkijatapaamiseen Joensuuhun<\/strong><\/h4>\n\n\n\n<p><strong>Keskiviikkona 23.10.2024 klo 13-20 (Aurora)&nbsp;<\/strong><\/p>\n\n\n\n<p>Sosiaalipolitiikan\/yhteiskuntapolitiikan v\u00e4it\u00f6skirjatutkija, tule esittelem\u00e4\u00e4n tutkimustasi ja tutustumaan muihin oman alasi v\u00e4it\u00f6skirjatutkijoihin! Tapaamisessa osallistujat esitt\u00e4v\u00e4t kommentoitavaksi v\u00e4it\u00f6stutkimukseensa liittyv\u00e4n paperin. Se voi olla mik\u00e4 tahansa osa v\u00e4it\u00f6skirjasta tai artikkelista, my\u00f6s aloittelevan tutkijan tutkimussuunnitelma. Jakaudumme pienryhmiin, joissa on paikalla 1-2 professoria\/senioritutkijaa ja 3-4 v\u00e4it\u00f6skirjatutkijaa, kuuntelemme esityksi\u00e4 ja keskustelemme niist\u00e4.&nbsp;<\/p>\n\n\n\n<h5 class=\"wp-block-heading\">Alustava ohjelma:<\/h5>\n\n\n\n<ul class=\"wp-block-list\">\n<li>13\u201314 (Aurora, AU112) Esitt\u00e4ytyminen, kutsuttu puheenvuoro (Juhana Ven\u00e4l\u00e4inen: Lukemisen aika mitallistetussa yliopistossa) ja yleis\u00f6keskustelu<\/li>\n\n\n\n<li>14\u201314.30 kahvit<\/li>\n\n\n\n<li>14.30-17 Pienryhm\u00e4ty\u00f6skentely\u00e4, taukoja tarpeen mukaan<\/li>\n\n\n\n<li>17-20 Illanvietto. Tarjolla pizzaa ja virvokkeita, talo tarjoaa<\/li>\n<\/ul>\n\n\n\n<p>Tilaisuus on maksuton. Osallistujat vastaavat matka- ja majoituskuluistaan.<\/p>\n\n\n\n<h5 class=\"wp-block-heading\">Ilmoittautumisohje: &nbsp;<\/h5>\n\n\n\n<p><strong>L\u00e4het\u00e4 yhteystietosi ja max. 300 sanan abstrakti osoitteeseen <\/strong><a href=\"mailto:helena.m.hirvonen@uef.fi\"><strong>helena.m.hirvonen@uef.fi<\/strong><\/a><strong> 29.9.2024 menness\u00e4.<\/strong> Valmistaudu l\u00e4hett\u00e4m\u00e4\u00e4n kommentoitava tekstisi 13.10.2024 menness\u00e4, lukemaan muiden pienryhm\u00e4l\u00e4istesi tekstit ennen seminaarip\u00e4iv\u00e4\u00e4 ja keskustelemaan niist\u00e4.&nbsp;<\/p>\n\n\n\n<p>Ty\u00f6kielin\u00e4 suomi ja englanti.&nbsp;<\/p>\n\n\n\n<h2 class=\"wp-block-heading has-text-align-center\">Torstai\u202f24.10.2024<\/h2>\n\n\n\n<ul class=\"wp-block-list\">\n<li>10:15-12:00\u202fIlmoittautuminen p\u00e4iville<\/li>\n\n\n\n<li>12:00-12:15\u202fP\u00e4ivien avaus prof. Mikko Jakonen ja apulaisprofessori Tiina Sotkasiira, Metrian auditorio M100<\/li>\n\n\n\n<li>Sosiaalipoliittisen yhdistyksen tervehdys,\u202fyhdistyksen puheenjohtaja Helena Hirvonen<\/li>\n\n\n\n<li>12:15-13.00\u202fApulaisprofessori Emma Power (Western Sidney University, Australia): <em>Making shadow care infrastructures durable: the work of surviving in post-welfare cities<\/em> &#8211; <a href=\"https:\/\/uef.cloud.panopto.eu\/Panopto\/Pages\/Viewer.aspx?id=0b3f0e6f-f81a-4b44-8243-b21100985871\" target=\"_blank\" rel=\"noreferrer noopener sponsored nofollow\">stream-linkki<\/a><\/li>\n\n\n\n<li>13:00-13:30\u202fApulaisprofessori Minna Zechnerin (Helsingin yliopisto) Kommenttipuheenvuoro ja keskustelu\/Comment and discussion &#8211; Comment by Minna Zechner, Associate Professor from the University of Helsinki<\/li>\n\n\n\n<li>13:30-14:00\u202fKahvitarjoilu Metrialla\/Coffee served at Metria<\/li>\n\n\n\n<li>14:00-16:30\u202fTy\u00f6ryhm\u00e4t\/Working groups<\/li>\n\n\n\n<li>16:45-17.15\u202fSosiaalipoliittisen yhdistyksen syyskokous&nbsp;<\/li>\n\n\n\n<li>17.30-19.00 Sosiaalipoliittinen k\u00e4velyretki\/Social political walking tour in Joensuu: K\u00e4vely\u00e4 johdattamassa yliopistonlehtori Antero Puhakka ja yliopistotutkija Pirjo P\u00f6ll\u00e4nen. Mukana k\u00e4velem\u00e4ss\u00e4 ja keskustelemassa Joensuun kaupungin hyvinvointi- ja osallisuusp\u00e4\u00e4llikk\u00f6 Heini Lehikoinen. K\u00e4velyll\u00e4 tutustutaan my\u00f6s kolmannen sektorin toimijoihin Kansalaistalolla. Kansalaistalolla (Torikatu 30) puheenvuorot k\u00e4ytt\u00e4v\u00e4t Soroppi ry:n toiminnanjohtaja Sari Karttunen ja Pohjois-Karjalan Sosiaaliturvayhdistyksen kehitt\u00e4misp\u00e4\u00e4llikk\u00f6 Anne Pyykk\u00f6nen. <strong>K\u00e4vely l\u00e4htee Joensuun torin keskell\u00e4 olevalta juomavesil\u00e4hteelt\u00e4 klo 17.30. K\u00e4vely p\u00e4\u00e4ttyy Kerubiin.<\/strong><\/li>\n\n\n\n<li>19.00-22.00 Illanvietto Kerubissa\/Conference dinner at Kerubi<\/li>\n<\/ul>\n\n\n\n<h2 class=\"wp-block-heading has-text-align-center\">Perjantai 25.10.2024<\/h2>\n\n\n\n<ul class=\"wp-block-list\">\n<li>08.15\u201310:00\u202fGlobal crises and the academia workshop. From 10.15 until 11 discussion that is open to all, Metria M101.&nbsp;<\/li>\n\n\n\n<li>09:00-11:00\u202fTy\u00f6ryhm\u00e4t\/ Working groups<\/li>\n\n\n\n<li>11:00-12:00\u202fOmakustanteinen lounas\u202f<\/li>\n\n\n\n<li>12:00-12:45\u202fDosentti Noora Kotilainen: <em>Militarismi ja yhteiskunnallinen turvallisuus<\/em>, Metria M100<\/li>\n\n\n\n<li>12.45-13.45 Paneelikeskustelu<strong> <\/strong>aiheesta<strong> Turvallisuus, alue ja talous<\/strong>. Keskustelijoina: Kari V\u00e4lim\u00e4ki, valtuuston puheenjohtaja, SOSTE; Noora Kotilainen, yliopistotutkija, Helsingin yliopisto; Tiina Silvasti, yhteiskuntapolitiikan professori Jyv\u00e4skyl\u00e4n yliopisto; Sanna Heinonen, toiminnanjohtaja, Pohjois-Karjalan sosiaaliturvayhdistys. Paneelikeskustelun juontaa professori Mikko Jakonen<\/li>\n\n\n\n<li>13:45-14.00\u202fSosiaalipoliittisen yhdistyksen gradupalkinto, prof. Eeva Jokinen<\/li>\n\n\n\n<li>14:00 Kutsu Sosiaalipolitiikan p\u00e4iville 2025<\/li>\n<\/ul>\n","protected":false},"excerpt":{"rendered":"<p>Keskiviikko\u202f23.10.2024 Tervetuloa v\u00e4it\u00f6skirjatutkijoiden tutkijatapaamiseen Joensuuhun Keskiviikkona 23.10.2024 klo 13-20 (Aurora)&nbsp; Sosiaalipolitiikan\/yhteiskuntapolitiikan v\u00e4it\u00f6skirjatutkija, tule esittelem\u00e4\u00e4n tutkimustasi ja tutustumaan muihin oman alasi v\u00e4it\u00f6skirjatutkijoihin! Tapaamisessa osallistujat esitt\u00e4v\u00e4t kommentoitavaksi v\u00e4it\u00f6stutkimukseensa liittyv\u00e4n paperin. Se voi olla mik\u00e4 tahansa osa v\u00e4it\u00f6skirjasta tai artikkelista, my\u00f6s aloittelevan tutkijan tutkimussuunnitelma. Jakaudumme pienryhmiin, joissa on paikalla 1-2 professoria\/senioritutkijaa ja 3-4 v\u00e4it\u00f6skirjatutkijaa, kuuntelemme esityksi\u00e4 ja keskustelemme [&hellip;]<\/p>\n","protected":false},"author":1126,"featured_media":0,"parent":0,"menu_order":0,"comment_status":"closed","ping_status":"closed","template":"","meta":{"_acf_changed":false,"footnotes":""},"class_list":["post-252","page","type-page","status-publish","hentry"],"acf":[],"yoast_head":"<!-- This site is optimized with the Yoast SEO plugin v27.3 - https:\/\/yoast.com\/product\/yoast-seo-wordpress\/ -->\n<title>Ohjelma - Sosiaalipolitiikan p\u00e4iv\u00e4t 2024: Turvallisuus<\/title>\n<meta name=\"robots\" content=\"index, follow, max-snippet:-1, max-image-preview:large, max-video-preview:-1\" \/>\n<link rel=\"canonical\" href=\"https:\/\/sites.uef.fi\/sosiaalipolitiikanpaivat2024\/ohjelma\/\" \/>\n<meta property=\"og:locale\" content=\"fi_FI\" \/>\n<meta property=\"og:type\" content=\"article\" \/>\n<meta property=\"og:title\" content=\"Ohjelma - Sosiaalipolitiikan p\u00e4iv\u00e4t 2024: Turvallisuus\" \/>\n<meta property=\"og:description\" content=\"Keskiviikko\u202f23.10.2024 Tervetuloa v\u00e4it\u00f6skirjatutkijoiden tutkijatapaamiseen Joensuuhun Keskiviikkona 23.10.2024 klo 13-20 (Aurora)&nbsp; Sosiaalipolitiikan\/yhteiskuntapolitiikan v\u00e4it\u00f6skirjatutkija, tule esittelem\u00e4\u00e4n tutkimustasi ja tutustumaan muihin oman alasi v\u00e4it\u00f6skirjatutkijoihin! Tapaamisessa osallistujat esitt\u00e4v\u00e4t kommentoitavaksi v\u00e4it\u00f6stutkimukseensa liittyv\u00e4n paperin. Se voi olla mik\u00e4 tahansa osa v\u00e4it\u00f6skirjasta tai artikkelista, my\u00f6s aloittelevan tutkijan tutkimussuunnitelma. Jakaudumme pienryhmiin, joissa on paikalla 1-2 professoria\/senioritutkijaa ja 3-4 v\u00e4it\u00f6skirjatutkijaa, kuuntelemme esityksi\u00e4 ja keskustelemme [&hellip;]\" \/>\n<meta property=\"og:url\" content=\"https:\/\/sites.uef.fi\/sosiaalipolitiikanpaivat2024\/ohjelma\/\" \/>\n<meta property=\"og:site_name\" content=\"Sosiaalipolitiikan p\u00e4iv\u00e4t 2024: Turvallisuus\" \/>\n<meta property=\"article:modified_time\" content=\"2024-10-24T08:45:01+00:00\" \/>\n<meta property=\"og:image\" content=\"https:\/\/sites.uef.fi\/sosiaalipolitiikanpaivat2024\/wp-content\/uploads\/sites\/474\/2024\/04\/Banneri-joensuu-1-scaled.jpg\" \/>\n\t<meta property=\"og:image:width\" content=\"2560\" \/>\n\t<meta property=\"og:image:height\" content=\"1013\" \/>\n\t<meta property=\"og:image:type\" content=\"image\/jpeg\" \/>\n<meta name=\"twitter:card\" content=\"summary_large_image\" \/>\n<meta name=\"twitter:label1\" content=\"Arvioitu lukuaika\" \/>\n\t<meta name=\"twitter:data1\" content=\"3 minuuttia\" \/>\n<script type=\"application\/ld+json\" class=\"yoast-schema-graph\">{\"@context\":\"https:\\\/\\\/schema.org\",\"@graph\":[{\"@type\":\"WebPage\",\"@id\":\"https:\\\/\\\/sites.uef.fi\\\/sosiaalipolitiikanpaivat2024\\\/ohjelma\\\/\",\"url\":\"https:\\\/\\\/sites.uef.fi\\\/sosiaalipolitiikanpaivat2024\\\/ohjelma\\\/\",\"name\":\"Ohjelma - Sosiaalipolitiikan p\u00e4iv\u00e4t 2024: Turvallisuus\",\"isPartOf\":{\"@id\":\"https:\\\/\\\/sites.uef.fi\\\/sosiaalipolitiikanpaivat2024\\\/#website\"},\"primaryImageOfPage\":{\"@id\":\"https:\\\/\\\/sites.uef.fi\\\/sosiaalipolitiikanpaivat2024\\\/ohjelma\\\/#primaryimage\"},\"image\":{\"@id\":\"https:\\\/\\\/sites.uef.fi\\\/sosiaalipolitiikanpaivat2024\\\/ohjelma\\\/#primaryimage\"},\"thumbnailUrl\":\"https:\\\/\\\/sites.uef.fi\\\/sosiaalipolitiikanpaivat2024\\\/wp-content\\\/uploads\\\/sites\\\/474\\\/2024\\\/04\\\/Banneri-joensuu-1-1024x405.jpg\",\"datePublished\":\"2024-04-10T07:07:25+00:00\",\"dateModified\":\"2024-10-24T08:45:01+00:00\",\"breadcrumb\":{\"@id\":\"https:\\\/\\\/sites.uef.fi\\\/sosiaalipolitiikanpaivat2024\\\/ohjelma\\\/#breadcrumb\"},\"inLanguage\":\"fi\",\"potentialAction\":[{\"@type\":\"ReadAction\",\"target\":[\"https:\\\/\\\/sites.uef.fi\\\/sosiaalipolitiikanpaivat2024\\\/ohjelma\\\/\"]}]},{\"@type\":\"ImageObject\",\"inLanguage\":\"fi\",\"@id\":\"https:\\\/\\\/sites.uef.fi\\\/sosiaalipolitiikanpaivat2024\\\/ohjelma\\\/#primaryimage\",\"url\":\"https:\\\/\\\/sites.uef.fi\\\/sosiaalipolitiikanpaivat2024\\\/wp-content\\\/uploads\\\/sites\\\/474\\\/2024\\\/04\\\/Banneri-joensuu-1-scaled.jpg\",\"contentUrl\":\"https:\\\/\\\/sites.uef.fi\\\/sosiaalipolitiikanpaivat2024\\\/wp-content\\\/uploads\\\/sites\\\/474\\\/2024\\\/04\\\/Banneri-joensuu-1-scaled.jpg\",\"width\":2560,\"height\":1013},{\"@type\":\"BreadcrumbList\",\"@id\":\"https:\\\/\\\/sites.uef.fi\\\/sosiaalipolitiikanpaivat2024\\\/ohjelma\\\/#breadcrumb\",\"itemListElement\":[{\"@type\":\"ListItem\",\"position\":1,\"name\":\"Home\",\"item\":\"https:\\\/\\\/sites.uef.fi\\\/sosiaalipolitiikanpaivat2024\\\/\"},{\"@type\":\"ListItem\",\"position\":2,\"name\":\"Ohjelma\"}]},{\"@type\":\"WebSite\",\"@id\":\"https:\\\/\\\/sites.uef.fi\\\/sosiaalipolitiikanpaivat2024\\\/#website\",\"url\":\"https:\\\/\\\/sites.uef.fi\\\/sosiaalipolitiikanpaivat2024\\\/\",\"name\":\"Sosiaalipolitiikan p\u00e4iv\u00e4t 2024: Turvallisuus\",\"description\":\"\",\"potentialAction\":[{\"@type\":\"SearchAction\",\"target\":{\"@type\":\"EntryPoint\",\"urlTemplate\":\"https:\\\/\\\/sites.uef.fi\\\/sosiaalipolitiikanpaivat2024\\\/?s={search_term_string}\"},\"query-input\":{\"@type\":\"PropertyValueSpecification\",\"valueRequired\":true,\"valueName\":\"search_term_string\"}}],\"inLanguage\":\"fi\"}]}<\/script>\n<!-- \/ Yoast SEO plugin. -->","yoast_head_json":{"title":"Ohjelma - Sosiaalipolitiikan p\u00e4iv\u00e4t 2024: Turvallisuus","robots":{"index":"index","follow":"follow","max-snippet":"max-snippet:-1","max-image-preview":"max-image-preview:large","max-video-preview":"max-video-preview:-1"},"canonical":"https:\/\/sites.uef.fi\/sosiaalipolitiikanpaivat2024\/ohjelma\/","og_locale":"fi_FI","og_type":"article","og_title":"Ohjelma - Sosiaalipolitiikan p\u00e4iv\u00e4t 2024: Turvallisuus","og_description":"Keskiviikko\u202f23.10.2024 Tervetuloa v\u00e4it\u00f6skirjatutkijoiden tutkijatapaamiseen Joensuuhun Keskiviikkona 23.10.2024 klo 13-20 (Aurora)&nbsp; Sosiaalipolitiikan\/yhteiskuntapolitiikan v\u00e4it\u00f6skirjatutkija, tule esittelem\u00e4\u00e4n tutkimustasi ja tutustumaan muihin oman alasi v\u00e4it\u00f6skirjatutkijoihin! Tapaamisessa osallistujat esitt\u00e4v\u00e4t kommentoitavaksi v\u00e4it\u00f6stutkimukseensa liittyv\u00e4n paperin. Se voi olla mik\u00e4 tahansa osa v\u00e4it\u00f6skirjasta tai artikkelista, my\u00f6s aloittelevan tutkijan tutkimussuunnitelma. Jakaudumme pienryhmiin, joissa on paikalla 1-2 professoria\/senioritutkijaa ja 3-4 v\u00e4it\u00f6skirjatutkijaa, kuuntelemme esityksi\u00e4 ja keskustelemme [&hellip;]","og_url":"https:\/\/sites.uef.fi\/sosiaalipolitiikanpaivat2024\/ohjelma\/","og_site_name":"Sosiaalipolitiikan p\u00e4iv\u00e4t 2024: Turvallisuus","article_modified_time":"2024-10-24T08:45:01+00:00","og_image":[{"width":2560,"height":1013,"url":"https:\/\/sites.uef.fi\/sosiaalipolitiikanpaivat2024\/wp-content\/uploads\/sites\/474\/2024\/04\/Banneri-joensuu-1-scaled.jpg","type":"image\/jpeg"}],"twitter_card":"summary_large_image","twitter_misc":{"Arvioitu lukuaika":"3 minuuttia"},"schema":{"@context":"https:\/\/schema.org","@graph":[{"@type":"WebPage","@id":"https:\/\/sites.uef.fi\/sosiaalipolitiikanpaivat2024\/ohjelma\/","url":"https:\/\/sites.uef.fi\/sosiaalipolitiikanpaivat2024\/ohjelma\/","name":"Ohjelma - Sosiaalipolitiikan p\u00e4iv\u00e4t 2024: Turvallisuus","isPartOf":{"@id":"https:\/\/sites.uef.fi\/sosiaalipolitiikanpaivat2024\/#website"},"primaryImageOfPage":{"@id":"https:\/\/sites.uef.fi\/sosiaalipolitiikanpaivat2024\/ohjelma\/#primaryimage"},"image":{"@id":"https:\/\/sites.uef.fi\/sosiaalipolitiikanpaivat2024\/ohjelma\/#primaryimage"},"thumbnailUrl":"https:\/\/sites.uef.fi\/sosiaalipolitiikanpaivat2024\/wp-content\/uploads\/sites\/474\/2024\/04\/Banneri-joensuu-1-1024x405.jpg","datePublished":"2024-04-10T07:07:25+00:00","dateModified":"2024-10-24T08:45:01+00:00","breadcrumb":{"@id":"https:\/\/sites.uef.fi\/sosiaalipolitiikanpaivat2024\/ohjelma\/#breadcrumb"},"inLanguage":"fi","potentialAction":[{"@type":"ReadAction","target":["https:\/\/sites.uef.fi\/sosiaalipolitiikanpaivat2024\/ohjelma\/"]}]},{"@type":"ImageObject","inLanguage":"fi","@id":"https:\/\/sites.uef.fi\/sosiaalipolitiikanpaivat2024\/ohjelma\/#primaryimage","url":"https:\/\/sites.uef.fi\/sosiaalipolitiikanpaivat2024\/wp-content\/uploads\/sites\/474\/2024\/04\/Banneri-joensuu-1-scaled.jpg","contentUrl":"https:\/\/sites.uef.fi\/sosiaalipolitiikanpaivat2024\/wp-content\/uploads\/sites\/474\/2024\/04\/Banneri-joensuu-1-scaled.jpg","width":2560,"height":1013},{"@type":"BreadcrumbList","@id":"https:\/\/sites.uef.fi\/sosiaalipolitiikanpaivat2024\/ohjelma\/#breadcrumb","itemListElement":[{"@type":"ListItem","position":1,"name":"Home","item":"https:\/\/sites.uef.fi\/sosiaalipolitiikanpaivat2024\/"},{"@type":"ListItem","position":2,"name":"Ohjelma"}]},{"@type":"WebSite","@id":"https:\/\/sites.uef.fi\/sosiaalipolitiikanpaivat2024\/#website","url":"https:\/\/sites.uef.fi\/sosiaalipolitiikanpaivat2024\/","name":"Sosiaalipolitiikan p\u00e4iv\u00e4t 2024: Turvallisuus","description":"","potentialAction":[{"@type":"SearchAction","target":{"@type":"EntryPoint","urlTemplate":"https:\/\/sites.uef.fi\/sosiaalipolitiikanpaivat2024\/?s={search_term_string}"},"query-input":{"@type":"PropertyValueSpecification","valueRequired":true,"valueName":"search_term_string"}}],"inLanguage":"fi"}]}},"_links":{"self":[{"href":"https:\/\/sites.uef.fi\/sosiaalipolitiikanpaivat2024\/wp-json\/wp\/v2\/pages\/252","targetHints":{"allow":["GET"]}}],"collection":[{"href":"https:\/\/sites.uef.fi\/sosiaalipolitiikanpaivat2024\/wp-json\/wp\/v2\/pages"}],"about":[{"href":"https:\/\/sites.uef.fi\/sosiaalipolitiikanpaivat2024\/wp-json\/wp\/v2\/types\/page"}],"author":[{"embeddable":true,"href":"https:\/\/sites.uef.fi\/sosiaalipolitiikanpaivat2024\/wp-json\/wp\/v2\/users\/1126"}],"replies":[{"embeddable":true,"href":"https:\/\/sites.uef.fi\/sosiaalipolitiikanpaivat2024\/wp-json\/wp\/v2\/comments?post=252"}],"version-history":[{"count":1,"href":"https:\/\/sites.uef.fi\/sosiaalipolitiikanpaivat2024\/wp-json\/wp\/v2\/pages\/252\/revisions"}],"predecessor-version":[{"id":1654,"href":"https:\/\/sites.uef.fi\/sosiaalipolitiikanpaivat2024\/wp-json\/wp\/v2\/pages\/252\/revisions\/1654"}],"wp:attachment":[{"href":"https:\/\/sites.uef.fi\/sosiaalipolitiikanpaivat2024\/wp-json\/wp\/v2\/media?parent=252"}],"curies":[{"name":"wp","href":"https:\/\/api.w.org\/{rel}","templated":true}]}}