{"id":273,"date":"2024-04-10T09:11:10","date_gmt":"2024-04-10T07:11:10","guid":{"rendered":"https:\/\/sites.uef.fi\/sosiaalipolitiikanpaivat2024\/?page_id=273"},"modified":"2024-10-24T07:18:50","modified_gmt":"2024-10-24T05:18:50","slug":"tyoryhmat","status":"publish","type":"page","link":"https:\/\/sites.uef.fi\/sosiaalipolitiikanpaivat2024\/tyoryhmat\/","title":{"rendered":"Ty\u00f6ryhm\u00e4t\/Working groups"},"content":{"rendered":"\n<figure class=\"wp-block-image size-large\"><img loading=\"lazy\" decoding=\"async\" width=\"1024\" height=\"406\" src=\"https:\/\/sites.uef.fi\/sosiaalipolitiikanpaivat2024\/wp-content\/uploads\/sites\/474\/2024\/04\/Sos.pol_.fb_-1024x406.jpg\" alt=\"\" class=\"wp-image-501\" srcset=\"https:\/\/sites.uef.fi\/sosiaalipolitiikanpaivat2024\/wp-content\/uploads\/sites\/474\/2024\/04\/Sos.pol_.fb_-1024x406.jpg 1024w, https:\/\/sites.uef.fi\/sosiaalipolitiikanpaivat2024\/wp-content\/uploads\/sites\/474\/2024\/04\/Sos.pol_.fb_-300x119.jpg 300w, https:\/\/sites.uef.fi\/sosiaalipolitiikanpaivat2024\/wp-content\/uploads\/sites\/474\/2024\/04\/Sos.pol_.fb_-768x304.jpg 768w, https:\/\/sites.uef.fi\/sosiaalipolitiikanpaivat2024\/wp-content\/uploads\/sites\/474\/2024\/04\/Sos.pol_.fb_.jpg 1472w\" sizes=\"auto, (max-width: 1024px) 100vw, 1024px\" \/><\/figure>\n\n\n\n<h4 class=\"wp-block-heading has-text-align-center\">L\u00e4mpim\u00e4sti tervetuloa Sosiaalipolitiikan p\u00e4iville! You are warmly welcome to the Social Policy Conference!<\/h4>\n\n\n\n<p>Tiedot toteutuvista ty\u00f6ryhmist\u00e4 l\u00f6yd\u00e4t alta. My\u00f6s abstraktikirja on nyt luettavissa ty\u00f6ryhmien alla olevasta linkist\u00e4.  <\/p>\n\n\n\n<p>Working groups information can be found below. Underneath the working groups is a link to the abstract book.<\/p>\n\n\n\n<p>Sosiaalipolitiikan p\u00e4ivien 2024 ty\u00f6ryhm\u00e4t\/Working groups of the 2024 Social Policy Conference:<\/p>\n\n\n\t<div id=\"accordion-block_d70cef4dae4374c9dfbf7f84918c5725\" class=\"accordions\">\n\t\t\t\t\t<div class=\"accordion accordion-js\">\n\t\t\t\t<button class=\"accordion__button\" aria-controls=\"content-9014\" aria-expanded=\"false\" id=\"accordion-control-9014\">\n\t\t\t\t\t<h3 class=\"accordion__heading\" >\n\t\t\t\t\t\t1. Ruokaj\u00e4rjestelm\u00e4n ja yhteiskuntapolitiikan leikkauspisteet, to 24.10. M303\t\t\t\t\t<\/h3>\n\t\t\t\t<\/button>\n\t\t\t\t<div class=\"accordion__content\" role=\"region\" aria-labelledby=\"accordion-control-9014\" aria-hidden=\"true\" id=\"content-9014\">\n\t\t\t\t\t<p style=\"text-align: center\"><strong>Ty\u00f6ryhm\u00e4n vet\u00e4j\u00e4t:<\/strong><\/p>\n<p>Ville Tikka, Jyv\u00e4skyl\u00e4n yliopisto, <a href=\"mailto:ville.tikka@jyu.fi\">ville.tikka@jyu.fi<\/a><\/p>\n<p>Vera Kauppinen, Jyv\u00e4skyl\u00e4n yliopisto, <a href=\"mailto:vera.j.kauppinen@student.jyu.fi\">vera.j.kauppinen@student.jyu.fi<\/a><\/p>\n<p>Tiina Silvasti, Jyv\u00e4skyl\u00e4n yliopisto, <a href=\"mailto:tiina.h.silvasti@jyu.fi\">tiina.h.silvasti@jyu.fi<\/a><\/p>\n<p style=\"text-align: center\"><strong>Ty\u00f6ryhm\u00e4n kuvaus:<\/strong><\/p>\n<p>Ruoka on kiist\u00e4m\u00e4t\u00f6n perustarve. YK:n ihmisoikeuksien julistuksessa ruokaturva mainitaankin yhten\u00e4 ihmisoikeutena. Modernissa globaalissa maailmassa ruokaturvaa pyrit\u00e4\u00e4n tuottamaan markkinaehtoisen ruokaj\u00e4rjestelm\u00e4n keinoin.<\/p>\n<p>Ruokaj\u00e4rjestelm\u00e4 on niiden suhteiden ja toimintojen kokonaisuus, jonka v\u00e4lisen vuorovaikutuksen tuloksena m\u00e4\u00e4rittyy 1) mit\u00e4, 2) kuinka paljon, 3) mill\u00e4 menetelm\u00e4ll\u00e4 ja 4) kenelle ruokaa tuotetaan ja jaetaan. J\u00e4rjestelm\u00e4n toiminta perustuu luonnonvaroille (esim. maa, vesi, yhteytt\u00e4v\u00e4t kasvit) ja on riippuvainen fossiilisesta energiasta. J\u00e4rjestelm\u00e4n heikkouksista seuraa ruokaturvattomuutta, joka voi johtua ruoan puutteellisesta saatavuudesta ja laadusta, tai liian korkeasta hinnasta.<\/p>\n<p>Ruokaj\u00e4rjestelm\u00e4\u00e4 tarkastellaan harvoin yhteiskuntapoliittisesta tai sosiaalipoliittisesta n\u00e4k\u00f6kulmasta, vaikka ruokaj\u00e4rjestelm\u00e4n toiminta vaikuttaa monin tavoin yhteiskunnallisten ja sosiaalisten asioiden j\u00e4sentymiseen ja j\u00e4rjestymiseen. Yhteiskunta- ja sosiaalipolitiikoilla on my\u00f6s mahdollisuus vaikuttaa ruokaj\u00e4rjestelm\u00e4\u00e4n, ja tukea sen kautta yhteiskunnan kest\u00e4vyytt\u00e4, hyvinvointia ja tasa-arvoa.<\/p>\n<p>Ty\u00f6ryhm\u00e4\u00e4n toivotaan esityksi\u00e4 tutkijoilta, asiantuntijoilta ja opiskelijoilta, joita ruoka kiinnostaa yhteiskuntapoliittisena ilmi\u00f6n\u00e4. Aiheita voivat olla esimerkiksi kouluruokailu, joukkoruokailu, ruoka-apu, luokkaperustaiset ruokavaliot ja haavoittuvien ihmisryhmien ruokaturva.<\/p>\n<p>Ty\u00f6ryhm\u00e4 kokoontuu torstaina 24.10. tilassa Metria M303.<\/p>\n<p style=\"text-align: center\"><strong>Ty\u00f6ryhm\u00e4\u00e4n tulevat esitykset:<\/strong><\/p>\n<p>\u2022Ville Tikka: Ruokak\u00f6yhyys mediakuvastossa: Visuaalinen diskurssianalyysi ruoka-avusta<\/p>\n<p>\u2022Liisa Hokkanen ja Marika Ahola: Toimijuuksia ruokajakelussa<\/p>\n<p>\u2022Vera Kauppinen: Suomalaisen ruoka-avun uudelleenj\u00e4rjest\u00e4ytyminen \u2013 odotuksia ja seurauksia <\/p>\n<p>\u2022Jouko Karjalainen: Miten arvioida ruoka-avun vaikutusta hyvinvointivaltion rapautumiseen? <\/p>\n\t\t\t\t<\/div>\n\t\t\t<\/div>\n\t\t\t\t\t<div class=\"accordion accordion-js\">\n\t\t\t\t<button class=\"accordion__button\" aria-controls=\"content-8108\" aria-expanded=\"false\" id=\"accordion-control-8108\">\n\t\t\t\t\t<h3 class=\"accordion__heading\" >\n\t\t\t\t\t\t2. The digitalization of working lives \u2013 A source of socioeconomic security or insecurity? Fri 25.10. M305\t\t\t\t\t<\/h3>\n\t\t\t\t<\/button>\n\t\t\t\t<div class=\"accordion__content\" role=\"region\" aria-labelledby=\"accordion-control-8108\" aria-hidden=\"true\" id=\"content-8108\">\n\t\t\t\t\t<p style=\"text-align: center\"><strong>Organizers:<\/strong><\/p>\n<p>Kathrin Komp-Leukkunen, LUT University, <a href=\"mailto:Kathrin.Komp-Leukkunen@lut.fi\">Kathrin.Komp-Leukkunen@lut.fi<\/a><br \/>\nZhen Im, Copenhagen Business School &amp; LUT University, <a href=\"mailto:Zhen.Im@lut.fi\">Zhen.Im@lut.fi<\/a><br \/>\nVisa Rantanen, LUT University, <a href=\"mailto:visa.rantanen@lut.fi\">visa.rantanen@lut.fi<\/a><\/p>\n<p style=\"text-align: center\"><strong>Description of the working group:<\/strong><\/p>\n<p>Digitalization is re-shaping our working lives. While computer use is a given by now, new developments continue to shift the demands and structures of work. Currently, generative AI, remote work, and Big Data drive this development. There are concerns that digital transformation creates social vulnerabilities, such as technological unemployment, devaluation of existing skills, labour market polarization and digital exclusion. However, digitalization also offers labour market opportunities to vulnerable individuals. Remote work creates job opportunities in municipalities with a scarcity of local jobs. AI-augmentation increases productivity among low-skilled workers. With the prolongment of working lives and the need to increase labour productivity, digitalization is thus a mixed blessing that may offer opportunities but poses new challenges as well. This working group invites presentations on the opportunities and challenges brought about by digitalization, including but not limited to topics addressing:<br \/>\n\u2022 Job retraining due to digitalization,<br \/>\n\u2022 The challenges and benefit of platform work,<br \/>\n\u2022 Impact of digitalization on working lives,<br \/>\n\u2022 Social security in the context of digitalization and other structural transformations.<\/p>\n<p>&nbsp;<\/p>\n<p>Working group convenes on Friday 25.10. in Metria M305.<\/p>\n<p style=\"text-align: center\"><strong>Working group presentations:<\/strong><\/p>\n<p>\u2022Petteri Kolmonen ja Kathrin Komp-Leukkunen: Digital natives, Digital Immigrants and Digital Hermits in the Labour Market: a European Comparison of Older Adults <\/p>\n<p>\u2022Mariia Prystupa: The Digitalization of Work: New Inequalities and Challenges <\/p>\n<p>\u2022Carolin Sch\u00fctze, Zhen Im: Digital Divides? Migrant\u2019s Experience with E-Government and Satisfaction with Migration Agency Services <\/p>\n<p>\u2022Kathrin Komp-Leukkunen: Bringing the Life-Course into AI: How Employees Make Sense of Generative Artificial Intelligence in the Workplace <\/p>\n<p>\u2022Visa Rantanen: Generative Artificial Intelligence and Uncertain Aspirations: A Case study of Employees\u2019 Perceptions on AI at a Finnish Company<\/p>\n\t\t\t\t<\/div>\n\t\t\t<\/div>\n\t\t\t\t\t<div class=\"accordion accordion-js\">\n\t\t\t\t<button class=\"accordion__button\" aria-controls=\"content-6425\" aria-expanded=\"false\" id=\"accordion-control-6425\">\n\t\t\t\t\t<h3 class=\"accordion__heading\" >\n\t\t\t\t\t\t3. Avoin ty\u00f6ryhm\u00e4\/Open working group, to 24.10. ja pe 25.10. M105\t\t\t\t\t<\/h3>\n\t\t\t\t<\/button>\n\t\t\t\t<div class=\"accordion__content\" role=\"region\" aria-labelledby=\"accordion-control-6425\" aria-hidden=\"true\" id=\"content-6425\">\n\t\t\t\t\t<p style=\"text-align: center\"><strong>Ty\u00f6ryhm\u00e4n vet\u00e4j\u00e4t\/Organizers:<\/strong><\/p>\n<p>Tuija Koivunen, It\u00e4-Suomen yliopisto, <a href=\"mailto:tuija.koivunen@uef.fi\">tuija.koivunen@uef.fi<\/a><\/p>\n<p>Helena Hirvonen, It\u00e4-Suomen yliopisto, <a href=\"mailto:helena.m.hirvonen@uef.fi\">helena.m.hirvonen@uef.fi<\/a><\/p>\n<p style=\"text-align: center\"><strong>Ty\u00f6ryhm\u00e4n kuvaus\/Description of the working group:<\/strong><\/p>\n<p>Ty\u00f6ryhm\u00e4ss\u00e4 kuullaan kahdeksan esityst\u00e4 eri aiheista. Esitykset koskevat mm. kansalaisosallisuuden toteutumisen mahdollisuuksia nyt ja tulevaisuudessa, toimeentuloasiakkaiden n\u00e4kemyksi\u00e4 sosiaalisesta empatiasta, suomalaissiirtolaisten el\u00e4m\u00e4nkulkua ja integroitumista Ruotsissa, varhaisen terveyden yhteytt\u00e4 kouluttautumiseen, sek\u00e4 nuorten altistumista alkoholimarkkinoinnille. Kaikkien kahdeksan esitysten tarkat kuvaukset voit lukea abstraktikirjasta.  <\/p>\n<p>The working group has eight presentations on different topics. The presentations will cover topics such as current and future possibilities for civic participation in Finland, the views of basic social assistance recipients on social empathy, the life course and integration of Finnish immigrants in Sweden, the link between early health and educational attainment, and the exposure of young people to alcohol marketing. Detailed descriptions of all eight presentations can be found in the abstract book.<\/p>\n<p>Ty\u00f6ryhm\u00e4 kokoontuu torstaina 24.10. tilassa Metria M105 ja perjantaina 25.10. tilassa Metria M105.<\/p>\n<p>Working group convenes on Thursday 24.10. in Metria M105 and on Friday 25.10. in Metria M105.<\/p>\n<p style=\"text-align: center\"><strong>Ty\u00f6ryhm\u00e4\u00e4n tulevat esitykset\/Working group presentations:<\/strong><\/p>\n<p>\u2022Sonja Miettinen: Kodin merkitykset kehitysvammaisten nuorten aikuisten asumistarinoissa<\/p>\n<p>\u2022Heikki Ervasti ja Tanja Gr\u00f6nroos: Katoaako Suomesta sosiaalinen empatia? Toimeentulotukiasiakkaita koskevat mielipiteet 1995-2020<\/p>\n<p>\u2022Heini Lehikoinen: Monitoimijaisen yhteisty\u00f6n kehittyminen kypsyysanalyysimalleissa \u2013 kaoottisuudesta konsensukseen<\/p>\n<p>\u2022Jari Kainulainen: Kansalaisosallisuus nyt ja tulevaisuudessa? Onko hyvinvointivaltio muuttumassa kansalaisosallisuuden mahdollistajaksi?<\/p>\n<p>\u2022Niko Eskelinen, Laura Salinen, Sanni Kotim\u00e4ki, Matti Lindberg, Juho H\u00e4rk\u00f6nen: The very early antecedents of NEET: Birth weight and NEET status in young adulthood <\/p>\n<p>\u2022Liliya Martinova: Social activities as a solution to meet care needs effectively and efficiently<\/p>\n<p>\u2022Leena Pellil\u00e4: \u201dSuomessa meist\u00e4 on kyll\u00e4 aika h\u00e4m\u00e4r\u00e4 kuva!\u201d \u2013 suomalaissiirtolaisnaisten ensimm\u00e4isen sukupolven el\u00e4m\u00e4nkulusta ja integroitumisesta Ruotsissa<\/p>\n<p>\u2022Paula Rautoja: Nuoret ja alkoholimarkkinointi<\/p>\n\t\t\t\t<\/div>\n\t\t\t<\/div>\n\t\t\t\t\t<div class=\"accordion accordion-js\">\n\t\t\t\t<button class=\"accordion__button\" aria-controls=\"content-4835\" aria-expanded=\"false\" id=\"accordion-control-4835\">\n\t\t\t\t\t<h3 class=\"accordion__heading\" >\n\t\t\t\t\t\t4. Maaseudun arjen turvallisuus, pe 25.10. M102\t\t\t\t\t<\/h3>\n\t\t\t\t<\/button>\n\t\t\t\t<div class=\"accordion__content\" role=\"region\" aria-labelledby=\"accordion-control-4835\" aria-hidden=\"true\" id=\"content-4835\">\n\t\t\t\t\t<p style=\"text-align: center\"><strong>Ty\u00f6ryhm\u00e4n vet\u00e4j\u00e4t:<\/strong><\/p>\n<p>Mari Kattilakoski, It\u00e4-Suomen yliopisto, Karjalan tutkimuslaitos, <a href=\"mailto:mari.kattilakoski@uef.fi\">mari.kattilakoski@uef.fi<\/a><\/p>\n<p>Pirjo P\u00f6ll\u00e4nen, It\u00e4-Suomen yliopisto, Karjalan tutkimuslaitos, <a href=\"mailto:pirjo.pollanen@uef.fi\">pirjo.pollanen@uef.fi<\/a><\/p>\n<p>Pasi Saukkonen, It\u00e4-Suomen yliopisto, Karjalan tutkimuslaitos, <a href=\"mailto:pasi.saukkonen@uef.fi\">pasi.saukkonen@uef.fi<\/a><\/p>\n<p style=\"text-align: center\"><strong>Ty\u00f6ryhm\u00e4n kuvaus:<\/strong><\/p>\n<p>Arkea ja arjen turvallisuutta tuottavat ja yll\u00e4pit\u00e4v\u00e4t maaseutualueilla osin samat tilalliset, rakenteelliset ja kokemukselliset elementit kuin kaupunkialueilla. Maaseudun arki ja arjen turvallisuus on kuitenkin my\u00f6s erilaista kuin kaupungeissa. Viime vuosikymmenien kehitys, jossa hyvinvointivaltion onttoutuminen on kiihdytt\u00e4nyt tahtiaan, on muuttanut my\u00f6s maaseudun arkea. Julkiset l\u00e4hipalvelut, kuten kyl\u00e4koulut tai sote-palvelut, ovat et\u00e4\u00e4ntyneet entist\u00e4 kauemmaksi, mutta silti maaseudulla halutaan asua ja el\u00e4\u00e4 ja maaseudulle halutaan rakentaa elett\u00e4v\u00e4\u00e4 arkea. Julkisen vallan yll\u00e4pit\u00e4mi\u00e4 palveluita korvaamaan ja paikkaamaan monille maaseutualueille on kehittynyt vahvaa kansalaisyhteiskunnan rakentamaa arjen turvallisuutta ja sujuvuutta yll\u00e4pit\u00e4v\u00e4\u00e4 yhteis\u00f6llist\u00e4 toimintaa ja infrastruktuuria kuten kyl\u00e4talot, kyl\u00e4talkkarit, kyl\u00e4turvallisuustoiminta ja erilaiset projektihoivan muodot. My\u00f6s julkinen valta on pyrkinyt kehitt\u00e4m\u00e4\u00e4n maaseudun arjen turvallisuutta tukevia uudentyyppisi\u00e4 palveluja esim. liikkuvien ja digitaalisten palveluiden kautta.<\/p>\n<p>&nbsp;<\/p>\n<p>Ty\u00f6ryhm\u00e4ss\u00e4 pohditaan laajasti ja erilaisista n\u00e4k\u00f6kulmista maaseudun arjen turvallisuutta hauraustuttavia, yll\u00e4pit\u00e4vi\u00e4 ja rakentavia elementtej\u00e4 ja toimintatapoja. Ty\u00f6ryhm\u00e4\u00e4n ovat tervetulleita kaikki maaseudun arjen elett\u00e4v\u00e4ksi tekemisest\u00e4 kiinnostuneet esitelm\u00e4n pit\u00e4j\u00e4t niin tutkijat, kehitt\u00e4j\u00e4t kuin viranomaiset, joko valmiiden tutkimustulostensa, alustavien tutkimusideoidensa, k\u00e4sitteellisten avaustensa tai k\u00e4yt\u00e4nn\u00f6n kokemustensa kanssa. Pohditaan yhdess\u00e4 arjen turvallisuutta maaseudun kontekstissa.<\/p>\n<p>Ty\u00f6ryhm\u00e4 kokoontuu perjantaina 25.10. tilassa Metria M102.<\/p>\n<p style=\"text-align: center\"><strong>Ty\u00f6ryhm\u00e4\u00e4n tulevat esitykset:<\/strong><\/p>\n<p>\u2022Verna Helle, Hanna-Mari Ikonen, Katariina Kotila, Maarit Sireni: &#8221;P\u00e4rj\u00e4\u00e4ville maaseutu sopii&#8221;. Tutkimus terveyshuolista ja osallisuudesta<\/p>\n<p>\u2022Pasi Saukkonen, Kati Pitk\u00e4nen, Mari Kattilakoski: Monipaikkaisuus maaseudun elett\u00e4vyyden lis\u00e4\u00e4j\u00e4n\u00e4<\/p>\n<p>\u2022Mari Kattilakoski, Kati Pitk\u00e4nen: Monipaikkainen hoiva osana maaseudun arjen turvaa <\/p>\n<p>\u2022Pirjo P\u00f6ll\u00e4nen: Maahanmuuttajan maaseudun arjen turvallisuus <\/p>\n\t\t\t\t<\/div>\n\t\t\t<\/div>\n\t\t\t\t\t<div class=\"accordion accordion-js\">\n\t\t\t\t<button class=\"accordion__button\" aria-controls=\"content-7520\" aria-expanded=\"false\" id=\"accordion-control-7520\">\n\t\t\t\t\t<h3 class=\"accordion__heading\" >\n\t\t\t\t\t\t5. Avoin ty\u00f6ryhm\u00e4 2, to 24.10. AG104\t\t\t\t\t<\/h3>\n\t\t\t\t<\/button>\n\t\t\t\t<div class=\"accordion__content\" role=\"region\" aria-labelledby=\"accordion-control-7520\" aria-hidden=\"true\" id=\"content-7520\">\n\t\t\t\t\t<p style=\"text-align: center\"><strong>Ty\u00f6ryhm\u00e4n vet\u00e4j\u00e4t:<\/strong><\/p>\n<p>Katja Laakkonen, v\u00e4it\u00f6skirjatutkija, It\u00e4-Suomen yliopisto, <a href=\"mailto:katja.laakkonen@uef.fi\">katja.laakkonen@uef.fi<\/a><\/p>\n<p style=\"text-align: center\"><strong>Ty\u00f6ryhm\u00e4n kuvaus:<\/strong><\/p>\n<p>Ty\u00f6ryhm\u00e4 toteutuu erilaisena, kuin alunperin suunniteltu. Avoin ty\u00f6ryhm\u00e4 2 on ty\u00f6ryhm\u00e4, johon on koottu esityksi\u00e4 eri aiheista.<\/p>\n<p>&nbsp;<\/p>\n<p>Ty\u00f6ryhm\u00e4 kokoontuu torstaina 24.10. tilassa Agora AG104.<\/p>\n<p style=\"text-align: center\"><strong>Ty\u00f6ryhm\u00e4\u00e4n tulevat esitykset:<\/strong><\/p>\n<p>\u2022Katja Laakkonen: Koti Suomessa \u2013 ty\u00f6 Norjassa. Suomalaisten sairaanhoitajien monipaikkainen ty\u00f6<\/p>\n<p>\u2022Tuomas Jussila: \u201dKriisinhallinta 1860-luvulla ja 2020-luvulla \u2013 Vertaileva n\u00e4k\u00f6kulma suuriin n\u00e4lk\u00e4vuosiin ja koronapandemiaan\u201d <\/p>\n<p>\u2022Suvi Kouri ja Mikko Jakonen: &#8221;Kunnollinen henkil\u00f6ys&#8221; ja maahanmuuttajataustaisten ty\u00f6ss\u00e4k\u00e4yvien k\u00f6yhien ambivalentit tunteet<\/p>\n\t\t\t\t<\/div>\n\t\t\t<\/div>\n\t\t\t\t\t<div class=\"accordion accordion-js\">\n\t\t\t\t<button class=\"accordion__button\" aria-controls=\"content-5619\" aria-expanded=\"false\" id=\"accordion-control-5619\">\n\t\t\t\t\t<h3 class=\"accordion__heading\" >\n\t\t\t\t\t\t6. Sosiaalihuoltoa algoritmisesti ja datan voimalla j\u00e4lkiekspansiivisessa hyvinvointivaltiossa, to 24.10. AG105\t\t\t\t\t<\/h3>\n\t\t\t\t<\/button>\n\t\t\t\t<div class=\"accordion__content\" role=\"region\" aria-labelledby=\"accordion-control-5619\" aria-hidden=\"true\" id=\"content-5619\">\n\t\t\t\t\t<p style=\"text-align: center\"><strong>Ty\u00f6ryhm\u00e4n vet\u00e4j\u00e4t:<\/strong><\/p>\n<p>Ilpo Hel\u00e9n, It\u00e4-Suomen yliopisto, <a href=\"mailto:ilpo.helen@uef.fi\">ilpo.helen@uef.fi<\/a><\/p>\n<p>Minna van Gerven, Helsingin yliopisto, <a href=\"mailto:minna.vangerven@helsinki.fi\">minna.vangerven@helsinki.fi<\/a><\/p>\n<p>Marja Alastalo, It\u00e4-Suomen yliopisto, <a href=\"mailto:marja.alastalo@uef.fi\">marja.alastalo@uef.fi<\/a><\/p>\n<p style=\"text-align: center\"><strong>Ty\u00f6ryhm\u00e4n kuvaus:<\/strong><\/p>\n<p>Ty\u00f6ryhm\u00e4ss\u00e4 tarkastellaan viimeaikaista kiivasta muutosta, jonka my\u00f6st\u00e4 sosiaaliturva, &#8211; -ty\u00f6 ja -palvelut ovat modifioitumassa data- ja algoritmiohjautuviksi eli yht\u00e4\u00e4lt\u00e4 yh\u00e4 enemm\u00e4n ja laajemmin digitaalista dataa ker\u00e4\u00e4viksi ja hy\u00f6dynt\u00e4viksi sek\u00e4 toisaalta kehittynytt\u00e4 data-analytiikkaa hy\u00f6dynt\u00e4v\u00e4n teknologian (oppivat algoritmit, generatiivinen teko\u00e4ly, automatisoitu p\u00e4\u00e4t\u00f6ksenteko jne.) ohjaamiksi. Analyysin ja keskustelun kohteina ovat muutoksen ja muutoksen tekemisen poliittiset, hallinnolliset, taloudelliset, ammatilliset ja tekniset ulottuvuudet sek\u00e4 muutoksen tapahtumisen eri tasot ja paikat kansallisesti, paikallisesti, organisaatioissa ja jokap\u00e4iv\u00e4isess\u00e4 asiakas- ja hallintoty\u00f6ss\u00e4 sek\u00e4 n\u00e4iden kytkenn\u00e4t toisiinsa. Kiintopisteit\u00e4 ty\u00f6ryhm\u00e4n keskusteluille ja esityksille antavat kysymykset siit\u00e4, mill\u00e4 tavoin datafikaatio ja sen edellytt\u00e4m\u00e4t muutokset yht\u00e4\u00e4lt\u00e4 liittyv\u00e4t hyvinvointivaltion talouskurittamiseen ja toisaalta terveydenhuollon ja sosiaalipalvelujen integraatioon hyvinvointialueilla sek\u00e4 siihen, tehd\u00e4\u00e4nk\u00f6 tuota integraatiota datafikaation kautta. Ty\u00f6ryhm\u00e4\u00e4n ovat tervetulleita monenlaiset aihetta koskevat esitykset, niin empiiriset tutkimukset kuin teoreettis-k\u00e4sitteelliset kehittelyt. Esitys voi olla suomen- tai englanninkielinen.<\/p>\n<p>Ty\u00f6ryhm\u00e4 kokoontuu torstaina 24.10. tilassa Agora AG105.<br \/>\n&nbsp;<\/p>\n<p>The working group examines the recent rapid transition of social security, social work and social services being modified to be data- and algorithm-driven; that is, on the one hand, to increasingly and widely collect and utilize digital data, and, on the other hand, to be guided by advanced data analytics (learning algorithms, generative artificial intelligence, automated decision-making, etc.). The topics of analysis and discussion are the political, administrative, economic, professional, and technical dimensions of change and change-making, as well as the different levels and places where change occurs nationally, locally, in organizations and in street-level administrative work, and their connections to each other. \u00a0Focal points for the working group&#8217;s discussions and presentations are questions about how datafication and the changes it requires are related, on the one hand, to the subjection of the welfare state to the ethos of austerity; and, on the other hand, to the integration of healthcare and social services in wellbeing counties, and whether that integration is (or can be) done through datafication. The working group welcomes a wide variety of presentations on the topic, both empirical accounts and\/or theoretical-conceptual work. The presentation can be in Finnish or English.<\/p>\n<p>Working group convenes on Thursday 24.10. in Agora AG105.<\/p>\n<p style=\"text-align: center\"><strong>Working group presentations:<\/strong><\/p>\n<p>\u2022Aleksander Heikkinen, Minna van Gerven, Riikka Koulu, Terhi Esko: Paving the Way for Automation: Administering Standardization and Discretion in the Finnish Social Assistance System <\/p>\n<p>\u2022Ilpo Hel\u00e9n: Sosiaalipalvelujen datafikaatio: havaintoja ristivedosta <\/p>\n<p>\u2022Iiris Lehto, Marja Alastalo: Ihmisavusteinen robotti lomalla \u2013 rutiinimaisen dataty\u00f6n automatisoinnin vaikeus dataohjautuvassa terveydenhuollossa <\/p>\n<p>\u2022Veera Niemi, Jarkko Rasinkangas, Aleksi Karhula: Polut kohti asunnottomuutta: Paikallisia sosiaali- ja terveydenhuollon asiakasrekisteritietoja ja valtakunnallisia pitkitt\u00e4isi\u00e4 rekisteril\u00e4hteit\u00e4 yhdist\u00e4vien tutkimusasetelmien merkitys marginaalisimpien v\u00e4est\u00f6ryhmien tutkimuksessa <\/p>\n<p>\u2022Aino Salmi: Luottamusta rakentamassa: harkinnan k\u00e4yt\u00e4nn\u00f6t Kelan palveluasiantuntijoiden digitaalisesti v\u00e4littyneess\u00e4 ty\u00f6ss\u00e4<\/p>\n<p>\u2022Garima Singh: Addressing Systemic Bias in AI-Driven Welfare Systems: A Data Feminism Approach to Equitable Digital Welfare <\/p>\n\t\t\t\t<\/div>\n\t\t\t<\/div>\n\t\t\t\t\t<div class=\"accordion accordion-js\">\n\t\t\t\t<button class=\"accordion__button\" aria-controls=\"content-6703\" aria-expanded=\"false\" id=\"accordion-control-6703\">\n\t\t\t\t\t<h3 class=\"accordion__heading\" >\n\t\t\t\t\t\t7. Sosiaalioikeus ja sosiaalipolitiikan muutokset, to 24.10. M305\t\t\t\t\t<\/h3>\n\t\t\t\t<\/button>\n\t\t\t\t<div class=\"accordion__content\" role=\"region\" aria-labelledby=\"accordion-control-6703\" aria-hidden=\"true\" id=\"content-6703\">\n\t\t\t\t\t<p style=\"text-align: center\"><strong>Ty\u00f6ryhm\u00e4n vet\u00e4j\u00e4t:<\/strong><\/p>\n<p>Pauli Rautiainen, It\u00e4-Suomen yliopisto, <a href=\"mailto:pauli.rautiainen@uef.fi\">pauli.rautiainen@uef.fi<\/a><\/p>\n<p>Heidi Vanjusov, It\u00e4-Suomen yliopisto, <a href=\"mailto:heidi.vanjusov@uef.fi\">heidi.vanjusov@uef.fi<\/a><\/p>\n<p style=\"text-align: center\"><strong>Ty\u00f6ryhm\u00e4n kuvaus:<\/strong><\/p>\n<p>Mik\u00e4 on sosiaalioikeuden asema sosiaaliturvapolitiikan muutoksissa? Rajaako oikeus sit\u00e4, mik\u00e4 on sosiaalipoliittisesti mahdollista? Vai onko sosiaalioikeus vain sosiaalipoliittisten valintojen toimeenpanon v\u00e4line? Sosiaalioikeuden ja sosiaalipolitiikan suhteesta on keskusteltu vilkkaasti erilaisten sosiaaliturvapoliittisten reformien yhteydess\u00e4. Ty\u00f6ryhm\u00e4n ideana on avata keskustelua sosiaaliturvapoliittisista reformeista ja niiden vaikutuksista yhteiskunnassa sosiaalioikeuden n\u00e4k\u00f6kulmasta. Reformit voidaan jaotella kolmeen osaan: 1) Sote-uudistus (palveluiden j\u00e4rjest\u00e4misrakenteet), 2) Palvelureformi (sote-palveluiden sis\u00e4ll\u00f6t) ja 3) Sotu-uudistus (taloudelliset etuudet).<\/p>\n<p>Sosiaaliturvapolitiikka ja sit\u00e4 toteuttava sosiaalioikeudellinen lains\u00e4\u00e4d\u00e4nt\u00f6 on perinteisesti kietoutunut sosiaalisten riskien m\u00e4\u00e4rittelyn ja hallinnan ymp\u00e4rille. Toivomme ty\u00f6ryhm\u00e4\u00e4n alustuksia niin perinteisiin sosiaalisiin riskeihin (esim.\u00a0 ty\u00f6tt\u00f6myys, vanhemmuus, ty\u00f6kyvytt\u00f6myys, sairaus) liittyen, mutta my\u00f6s erilaisia uudenlaisia avauksia aiheesta. Koska ty\u00f6ryhm\u00e4n tarkoituksena on rakentaa siltaa sosiaalipolitiikan ja sosiaalioikeuden v\u00e4lille tervetulleita ovat niin lainopilliset, empiiriset kuin teoreettiset esitykset erilaisista tutkimuksellisista l\u00e4ht\u00f6kohdista. Erityisesti haluamme kannustaa sellaisiin esityksiin, joissa liikutaan oikeus- ja yhteiskuntatieteiden rajapinnoilla.<\/p>\n<p>Ty\u00f6ryhm\u00e4 kokoontuu torstaina 24.10. tilassa Metria M305.<\/p>\n<p style=\"text-align: center\"><strong>Ty\u00f6ryhm\u00e4\u00e4n tulevat esitykset:<\/strong><\/p>\n<p>\u2022Niina Gr\u00e5sten: Vammaispalvelulain soveltamisalan tarkentaminen <\/p>\n<p>\u2022Yrj\u00f6 Mattila: Nollatuntisopimuslaisen toimeentulomahdollisuudet<\/p>\n<p>\u2022Kati Saurula: Hyvinvointipalveluiden yhteensovittaminen \u2013 N\u00e4k\u00f6kulmana neuropsykiatrisesti oireilevat lapset ja heid\u00e4n perheens\u00e4<\/p>\n<p>\u2022Anna-Kaisa Tuovinen: Sosiaaliset oikeudet ja toimeentulotuen uudistaminen  <\/p>\n\t\t\t\t<\/div>\n\t\t\t<\/div>\n\t\t\t\t\t<div class=\"accordion accordion-js\">\n\t\t\t\t<button class=\"accordion__button\" aria-controls=\"content-3694\" aria-expanded=\"false\" id=\"accordion-control-3694\">\n\t\t\t\t\t<h3 class=\"accordion__heading\" >\n\t\t\t\t\t\t8. Sosiaalipolitiikka uuden j\u00e4ljill\u00e4, to 24.10. M103\t\t\t\t\t<\/h3>\n\t\t\t\t<\/button>\n\t\t\t\t<div class=\"accordion__content\" role=\"region\" aria-labelledby=\"accordion-control-3694\" aria-hidden=\"true\" id=\"content-3694\">\n\t\t\t\t\t<p style=\"text-align: center\"><strong>Ty\u00f6ryhm\u00e4n vet\u00e4j\u00e4t:<\/strong><\/p>\n<p>Eeva Jokinen, It\u00e4-Suomen yliopisto, <a href=\"mailto:eeva.jokinen@uef.fi\">eeva.jokinen@uef.fi<\/a><\/p>\n<p>Arto Mononen, <a href=\"mailto:artomononen.koti@gmail.com\">artomononen.koti@gmail.com<\/a><\/p>\n<p style=\"text-align: center\"><strong>Ty\u00f6ryhm\u00e4n kuvaus:<\/strong><\/p>\n<p>Sosiaalipolitikassa politiikkana ja ohjelmina, tutkimus- ja opetusalana sek\u00e4 k\u00e4yt\u00e4nn\u00f6n sovelluksina on k\u00e4ynniss\u00e4 murros, mutta mihin, se on ep\u00e4selv\u00e4\u00e4.\u00a0Osin h\u00e4m\u00e4r\u00e4\u00e4 on my\u00f6s, mik\u00e4 on sosiaalipolitiikan alue: mihin sen pit\u00e4isi vaikuttaa, keit\u00e4 koskea ja mill\u00e4 ehdoilla. Lis\u00e4ksi keskustelu sosiaalipolittikasta on liudentunut sekavaan ja hahmottomaan hyvinvointivaltio ja -yhteiskuntapuheeseen. Ongelman muotoilivat Vappu Karjalainen ja Elina Palola jo vuonna 2011 kirjassa Sosiaalipolitiikka: Hukassa vai uuden j\u00e4ljill\u00e4 n\u00e4in: \u201csosiaalipolitiikan on &#8230; l\u00f6ydett\u00e4v\u00e4 (uudelleen) kehyksens\u00e4 ja argumenttinsa tilanteessa, jossa luokkien, rakenteiden ja kansallisvaltioiden sijaan pohditaan mieluummin yksil\u00f6n mahdollisuuksia ja yritysten kilpailukyky\u00e4 globaaleilla markkinoilla\u201d.<\/p>\n<p>&nbsp;<\/p>\n<p>Kirjan kysymykseen voi vastata: hukassa on. Yhteiskuntapoliittinen j\u00e4rjestelm\u00e4 on, varsinkin sosiaalipolitiikan osalta, taantunut hallinnoinniksi ja supistamistavoitteiseksi julkistalouteen sopeutumiseksi. Keskeist\u00e4 osa-aluetta sosiaaliturvapolitikkaa on yritetty uudistaa jo kolmattakymmenett\u00e4 vuotta.\u00a0 Nykyisin istuu sosiaaliturvakomitea, jonka on m\u00e4\u00e4r\u00e4 saada ty\u00f6ns\u00e4 valmiiksi vuonna 2027.\u00a0 Kyseinen komitea raportoi ty\u00f6st\u00e4\u00e4n ty\u00f6llisyyden ja yritt\u00e4jyyden ministerity\u00f6ryhm\u00e4lle! Sosiaali- ja terveysministeri\u00f6 vaikuttaa muutoinkin menett\u00e4v\u00e4n vaikutusvaltaansa.<\/p>\n<p>&nbsp;<\/p>\n<p>Kutsumme t\u00e4h\u00e4n ty\u00f6ryhm\u00e4\u00e4n erityisesti sosiaalipolitiikan k\u00e4yt\u00e4nn\u00f6n ty\u00f6ntekij\u00f6it\u00e4, j\u00e4rjest\u00f6toimijoita ja poliitikkoja etsim\u00e4\u00e4n \u201duusia j\u00e4lki\u00e4\u201d. Mit\u00e4 ovat ne vanhat ja uudet muotoilut, jotka voivat raivata tilaa vaikuttavalle ja ihmisi\u00e4 yhdist\u00e4v\u00e4lle sosiaalipolitiikalle? Mit\u00e4 olemme unohtaneet, mit\u00e4 emme uskalla n\u00e4hd\u00e4?<\/p>\n<p>&nbsp;<\/p>\n<p>Ryhm\u00e4n ohjelma koostuu puheenvuoroista (noin 15 min) ja niit\u00e4 seuraavasta yleiskeskustelusta. Jos haluat pit\u00e4\u00e4 puheenvuoron, l\u00e4het\u00e4 ehdotus (max 100 sanaa) ryhm\u00e4n koordinaattoreille.<\/p>\n<p>Ty\u00f6ryhm\u00e4 kokoontuu torstaina 24.10. tilassa Metria M103<\/p>\n<p style=\"text-align: center\"><strong>Ty\u00f6ryhm\u00e4\u00e4n tulevat esitykset:<\/strong><\/p>\n<p>\u2022Anneli Pohjola: Sosiaalipolitiikka paradigmamuutosten ristiaallokossa<\/p>\n<p>\u2022Olli Karsio: Ik\u00e4\u00e4ntyneiden palvelut sosiaalipolitiikkana<\/p>\n<p>\u2022Henna Karhap\u00e4\u00e4: Hyvinvoinnin kolme pilaria<\/p>\n<p>\u2022Kristiina Kantola: Erityislapsen vanhemman kokeman palvelurakennetrauman seuraukset erityisperheen hyvinvointiin ja toimeentuloon<\/p>\n<p>\u2022Irma Nyk\u00e4nen: N\u00e4ivettyv\u00e4tk\u00f6 n\u00e4kemykset<\/p>\n\t\t\t\t<\/div>\n\t\t\t<\/div>\n\t\t\t\t\t<div class=\"accordion accordion-js\">\n\t\t\t\t<button class=\"accordion__button\" aria-controls=\"content-1506\" aria-expanded=\"false\" id=\"accordion-control-1506\">\n\t\t\t\t\t<h3 class=\"accordion__heading\" >\n\t\t\t\t\t\t9. \u201cThe personal is political\u201d \u2013 intersections between care and policy, Thu 24.10. and Fri 25.10. M106\t\t\t\t\t<\/h3>\n\t\t\t\t<\/button>\n\t\t\t\t<div class=\"accordion__content\" role=\"region\" aria-labelledby=\"accordion-control-1506\" aria-hidden=\"true\" id=\"content-1506\">\n\t\t\t\t\t<p style=\"text-align: center\"><strong>Organizers:<\/strong><\/p>\n<p>Sarah \u00c5kerman, \u00c5bo Akademi, <a href=\"mailto:sarah.akerman@abo.fi\">sarah.akerman@abo.fi<\/a><\/p>\n<p>Mikael Nyg\u00e5rd, \u00c5bo Akademi, <a href=\"mailto:mikael.nygard@abo.fi\">mikael.nygard@abo.fi<\/a><\/p>\n<p>Fredrica Nyqvist, \u00c5bo Akademi, <a href=\"mailto:fredrica.nyqvist@abo.fi\">fredrica.nyqvist@abo.fi <\/a><\/p>\n<p style=\"text-align: center\"><strong>Description of the group:<\/strong><\/p>\n<p>Care allocations between the state, market, and families (and between family members) are everchanging in a welfare state, although the development might play out differently among groups of citizens depending on individual resources and values. Care is traditionally linked to the female gender role. Finnish care policies have recently urged mothers and fathers to share parental leave more equally, and simultaneously, policies have increasingly acknowledged new forms of families other than the traditional nuclear family. In contrast, according to media, ideals of conservative male-breadwinner lifestyles flourish on social media. This working group wishes to explore themes such as inequality and polarisation in the context of care. Are there visible divides in terms of care allocations and individual resources or values? What are the connections to policy transformations? What are the trends in care allocations across time and how do they differ between groups of citizens according to age, gender, and income, or rural vs urban residence? Can we identify emerging inequalities in care and are they similar in care for children and care for older adults? And ultimately, how do care and care policies shape experiences of security and trust among citizens? The working group is held in English.<\/p>\n<p>Working group convenes on Thursday 24.10. in Metria M106 and on Friday 25.10. in Metria M106.<\/p>\n<p style=\"text-align: center\"><strong>Working group presentations:<\/strong><\/p>\n<p>\u2022Fredrica Nyqvist, Marina N\u00e4sman, Sarah \u00c5kerman: Informal caregiving as part of civic engagement \u2013 results based on the European Quality of Life Survey <\/p>\n<p>\u2022Merita Mesi\u00e4islehto, Johanna Lammi-Taskula, Johanna N\u00e4rvi, Liina Rintala, Sanni V\u00e4lim\u00e4ki: Attitudes towards gender roles and different family models in Finland in 2002-2022<\/p>\n<p>\u2022Sarah \u00c5kerman, Fredrica Nyqvist, Mikael Nyg\u00e5rd: Trends in informal caregiving among older adults across 16 years in western Finland and northern Sweden<\/p>\n<p>\u2022Lina Van Aerschot, Ulla Halonen, Emilia Leinonen, Teppo Kr\u00f6ger: Unpaid carers of people with dementia and the social consequences of caring  <\/p>\n<p>\u2022Laura Sahlgren: Financial security of children\u2019s everyday lives<\/p>\n<p>\u2022Jenny S\u00e4il\u00e4vaara: Infant feeding in Finland: The Intersection of Personal Choices and Political Realities<\/p>\n<p>\u2022Keiju Vihre\u00e4salo: Becoming Invisible \u2013 The \u2018Been\u2019 Child and Marginality in the Stories of Drug-addicted Homeless Young People <\/p>\n\t\t\t\t<\/div>\n\t\t\t<\/div>\n\t\t\t\t\t<div class=\"accordion accordion-js\">\n\t\t\t\t<button class=\"accordion__button\" aria-controls=\"content-3900\" aria-expanded=\"false\" id=\"accordion-control-3900\">\n\t\t\t\t\t<h3 class=\"accordion__heading\" >\n\t\t\t\t\t\t10. Sosiaaliturva muutoksessa, to 24.10. ja pe 25.10. M107\t\t\t\t\t<\/h3>\n\t\t\t\t<\/button>\n\t\t\t\t<div class=\"accordion__content\" role=\"region\" aria-labelledby=\"accordion-control-3900\" aria-hidden=\"true\" id=\"content-3900\">\n\t\t\t\t\t<p style=\"text-align: center\"><strong>Ty\u00f6ryhm\u00e4n vet\u00e4j\u00e4t:<\/strong><\/p>\n<p>Tuija Korpela, Kelan tutkimus ja It\u00e4-Suomen yliopisto, <a href=\"mailto:tuija.korpela@kela.fi\">tuija.korpela@kela.fi<\/a><\/p>\n<p>Laura Peutere, Kelan tutkimus, <a href=\"mailto:laura.peutere@kela.fi\">laura.peutere@kela.fi <\/a><\/p>\n<p style=\"text-align: center\"><strong>Ty\u00f6ryhm\u00e4n kuvaus:<\/strong><\/p>\n<p>Sosiaaliturva koostuu erilaisista etuuksista ja palveluista, joiden tarkoituksena on turvata ihmisten toimeentulo ja muut perustarpeet niiss\u00e4 tilanteissa, kun ihminen ei siihen itse pysty. Sosiaaliturva on l\u00e4hes jatkuvasti kehitt\u00e4misen kohteena, mutta erityisen paljon siihen on kohdistunut tai kohdistumassa muutoksia nyt 2020-luvulla. Mik\u00e4 on sosiaaliturvan rooli turvallisuuden takaajana eri el\u00e4m\u00e4ntilanteissa nyt ja tekeill\u00e4 olevien uudistusten j\u00e4lkeen?<\/p>\n<p>Vuosiksi 2020\u201327 asetetun parlamentaarisen sosiaaliturvakomitean pohjat\u00f6iden perusteella vuonna 2023 aloittanut Petteri Orpon hallitus on valinnut yhdeksi suunnaksi perusturvaetuuksia yhdist\u00e4v\u00e4n yleistuen. Ensimm\u00e4isen\u00e4 vuotenaan hallitus my\u00f6s kohdisti leikkauksia moniin sosiaaliturvaetuuksiin ja palveluihin ja aloitti toimeentulotuen kokonaisuudistuksen suunnittelun.<\/p>\n<p>Lis\u00e4ksi 2020-luvun alkua ovat leimanneet koronapandemian ja korkean inflaation vuoksi tehdyt v\u00e4liaikaiset muutokset sosiaaliturvaetuuksiin sek\u00e4 palveluj\u00e4rjestelmiin jo tehdyt tai suunnitellut muutokset. Esimerkiksi sosiaali- ja terveyspalvelut siirtyiv\u00e4t kuntien vastuulta hyvinvointialueille vuoden 2023 alussa ja vuoden 2025 alussa ty\u00f6llisyyspalvelut siirtyv\u00e4t valtiolta kuntien vastuulle.<\/p>\n<p>T\u00e4h\u00e4n ty\u00f6ryhm\u00e4\u00e4n kutsutaan esityksi\u00e4, joissa tavalla tai toisella tarkastellaan sosiaaliturvaan kohdistuneita tai kohdistuvia uudistuksia ja muutoksia. Esitykset voivat pohjautua empiirisiin, teoreettisiin, laadullisiin, m\u00e4\u00e4r\u00e4llisiin, valmiisiin tai vasta suunnitteluvaiheessa oleviin tutkimuksiin. Esityksiss\u00e4 voidaan tarkastella uudistusten vaikutuksia tiettyjen etuuksien saajiin tai palveluiden k\u00e4ytt\u00e4jiin, heid\u00e4n kokemuksiinsa, kustannuksiin tai laajentaa tarkastelu koskemaan koko sosiaaliturvaj\u00e4rjestelm\u00e4n toimintaa tai oikeutusta muutosten keskell\u00e4.<\/p>\n<p>Ty\u00f6ryhm\u00e4 kokoontuu torstaina 24.10. tilassa Metria M107 ja perjantaina 25.10. tilassa Metria M107.<\/p>\n<p style=\"text-align: center\"><strong>Ty\u00f6ryhm\u00e4\u00e4n tulevat esitykset:<\/strong><\/p>\n<p>\u2022Susanna Mukkila: Perusturvaetuuksia yhten\u00e4istet\u00e4\u00e4n ja toimeentulotukea rukataan &#8211; miten uudistukset vaikuttavat saajiin? <\/p>\n<p>\u2022Niina Tanner, Tuomas Nurminen, Natalia Skogberg, Eero Lilja, Minna Kivipelto, Heikki Hiilamo: Keille t\u00e4ydent\u00e4v\u00e4 ja ehk\u00e4isev\u00e4 toimeentulotuki kohdentuu? \u2013 Rekisteritutkimus 25\u201364-vuotiaiden tuen saajien taustatekij\u00f6ist\u00e4 ja el\u00e4m\u00e4ntilanteesta<\/p>\n<p>\u2022Teemu Saravirta: Teko\u00e4lyassistentin soveltuminen Kelan toimeentulotuen etuusk\u00e4sittelyyn <\/p>\n<p>\u2022Ella N\u00e4si, Antti Teittinen: Sosiaaliturva ja perheen omat resurssit lapsen sairastuessa vakavasti <\/p>\n<p>\u2022Lauri M\u00e4kinen: Rekisteritarkastelu toimeentulotuen perusosan alentamisista vuosina 2019-2024<\/p>\n<p>\u2022Elina Ahola, Jarno Turunen, Samuli Siukonen, Vaula Siltala, Mikko Henriksson, Jenni Ervasti, Matti Joensuu: Vero-, etuus- ja palvelumuutosten vaikutus ty\u00f6h\u00f6n osallistumiseen \u2013 uuden mikrosimulointimallinnusta hy\u00f6dynt\u00e4v\u00e4n demon esittely\u00e4<\/p>\n<p>\u2022Sanna K\u00e4rkk\u00e4inen, Jukka Laaksonen, Merita Mesi\u00e4islehto: Ty\u00f6tt\u00f6myys ennen ja j\u00e4lkeen koronapandemian \u2013 tarkastelussa palvelu- ja etuuspolut<\/p>\n<p>\u2022Jaakko Harkko, Niklas M\u00e4kinen, Satu Ojala: Velvoittava aktivointipolitiikka: poisk\u00e4\u00e4nnytt\u00e4vi\u00e4 vaikutuksia paikantamassa <\/p>\n\t\t\t\t<\/div>\n\t\t\t<\/div>\n\t\t\t\t\t<div class=\"accordion accordion-js\">\n\t\t\t\t<button class=\"accordion__button\" aria-controls=\"content-5707\" aria-expanded=\"false\" id=\"accordion-control-5707\">\n\t\t\t\t\t<h3 class=\"accordion__heading\" >\n\t\t\t\t\t\t11. Sosiaalipolitiikan uudistaminen, to 24.10. ja pe 25.10. M109\t\t\t\t\t<\/h3>\n\t\t\t\t<\/button>\n\t\t\t\t<div class=\"accordion__content\" role=\"region\" aria-labelledby=\"accordion-control-5707\" aria-hidden=\"true\" id=\"content-5707\">\n\t\t\t\t\t<p style=\"text-align: center\"><strong>Ty\u00f6ryhm\u00e4n vet\u00e4j\u00e4:<\/strong><\/p>\n<p>Johannes Kananen, Turun yliopisto, <a href=\"mailto:johannes.kananen@utu.fi\">johannes.kananen@utu.fi<\/a><\/p>\n<p style=\"text-align: center\"><strong>Ty\u00f6ryhm\u00e4n kuvaus:<\/strong><\/p>\n<p>Monet kriisit koettelevat yhteiskuntiamme t\u00e4ss\u00e4 ajassa, liittyen esimerkiksi talouteen, sosiaalisiin ongelmiin, politiikkaan, ymp\u00e4rist\u00f6\u00f6n, terveyteen ja turvallisuuteen. Useat sosiaalipolitiikan tutkijat ovat havahtuneet siihen, ett\u00e4 sosiaalipoliittisten rakenteiden, k\u00e4yt\u00e4nt\u00f6jen ja ajattelutapojen on muututtava radikaalisti, jotta sosiaalipolitiikka voisi olla osa siirtym\u00e4\u00e4 kohti tasapainoista, kest\u00e4v\u00e4\u00e4 ja turvallista yhteiskunnallista kehityst\u00e4. Samalla uudistusten t\u00e4ytyy kuitenkin rakentua olemassa olevien k\u00e4yt\u00e4nt\u00f6jen ja perinteiden varaan. Moderni yhteiskuntamme on niin monimutkainen, ett\u00e4 ei ole mahdollista ajatella, ett\u00e4 uusia k\u00e4yt\u00e4nt\u00f6j\u00e4 ja uutta lains\u00e4\u00e4d\u00e4nt\u00f6\u00e4 l\u00e4hdett\u00e4isiin luomaan ik\u00e4\u00e4n kuin tyhj\u00e4st\u00e4.<\/p>\n<p>T\u00e4ss\u00e4 ty\u00f6ryhm\u00e4ss\u00e4 keskustellaan siit\u00e4, mit\u00e4 uudet, radikaalit muutokset voisivat olla sek\u00e4 sovitetaan uudistuksia osaksi olemassa olevaa sosiaalipolitiikkaa \u2013 miten siirtym\u00e4 tasapainoiseen, kest\u00e4v\u00e4\u00e4n ja turvalliseen yhteiskuntaan tapahtuu orgaanisesti, rauhanomaisesti, demokraattisesti ja kaikkien kansalaisten tarpeet sek\u00e4 planetaariset rajat huomioivalla tavalla? Ty\u00f6ryhm\u00e4\u00e4n toivotaan kaikenlaisia sosiaalipolitiikan uudistamiseen liittyvi\u00e4 alustuksia \u2013 empiirisi\u00e4, teoreettisia, valmiita johtop\u00e4\u00e4t\u00f6ksi\u00e4 ja alustavia suunnitelmia. Alustukset voivat liitty\u00e4 mihin tahansa sosiaalipolitiikan osa-alueeseen, mukaan lukien sosiaaliturva ja sosiaali- ja terveyspalvelut.<\/p>\n<p>Alustusten aiheet voivat liitty\u00e4 esimerkiksi seuraaviin kysymyksiin:<\/p>\n<ul>\n<li>Hyvinvoinnin ja\/tai riskin k\u00e4sitteiden laajentaminen osana sosiaalipolitiikan uudistusty\u00f6t\u00e4<\/li>\n<li>Lains\u00e4\u00e4d\u00e4nn\u00f6n uudistusty\u00f6<\/li>\n<li>Sosiaalipolitiikan muutos osana demokraattista p\u00e4\u00e4t\u00f6ksentekoa<\/li>\n<li>Uudet tavat ymm\u00e4rt\u00e4\u00e4 taloutta, esimerkiksi tuotannon ja kulutuksen p\u00e4\u00e4m\u00e4\u00e4ri\u00e4, osana sosiaalipolitiikan uudistusty\u00f6t\u00e4<\/li>\n<li>Uudet ty\u00f6n organisoinnin muodot ja sosiaalipolitiikan uudistusty\u00f6<\/li>\n<li>Uudet tavat ymm\u00e4rt\u00e4\u00e4 sosiaalinen toiminta ja toimijuus osana sosiaalipolitiikan uudistusty\u00f6t\u00e4<\/li>\n<li>Uudet tavat ymm\u00e4rt\u00e4\u00e4 ammatillista kohtaamisty\u00f6t\u00e4 osana palveluiden uudistusty\u00f6t\u00e4<\/li>\n<li>Kansalaisyhteiskunnan aloitteet ja sosiaalipolitiikan uudistusty\u00f6<\/li>\n<li>Tulevaisuuskuvien luominen ja utooppinen ajattelu osana sosiaalipolitiikan uudistusty\u00f6t\u00e4<\/li>\n<li>Sosiaalipolitiikan tutkimuksen ja tieteellisen tiedon rooli osana sosiaalipolitiikan uudistusty\u00f6t\u00e4<\/li>\n<li>Tai jokin muu n\u00e4k\u00f6kulma sosiaalipoliittiseen uudistusty\u00f6h\u00f6n<\/li>\n<\/ul>\n<p>Ty\u00f6ryhm\u00e4 kokoontuu torstaina 24.10. tilassa Metria M109 ja perjantaina 25.10. tilassa Metria M109.<\/p>\n<p style=\"text-align: center\"><strong>Ty\u00f6ryhm\u00e4\u00e4n tulevat esitykset:<\/strong><\/p>\n<p>\u2022Johannes Kananen: Luovuuden sosiaalipolitiikka<\/p>\n<p>\u2022Matti Rimpel\u00e4: Ovatko hyvinvointialueet ep\u00e4siki\u00f6it\u00e4, kummituksia vai onnistujia?<\/p>\n<p>\u2022Annukka Ahonen: Arvioinnista arvostavaan katseeseen \u2013 Miten siirryt\u00e4\u00e4n turvalliseen kohtaamiseen sosiaali- ja terveyspalveluissa? Uudet tavat ymm\u00e4rt\u00e4\u00e4 ammatillista kohtaamisty\u00f6t\u00e4 osana palveluj\u00e4rjestelm\u00e4n uudistamista <\/p>\n<p>\u2022Kristiina V\u00e4lim\u00e4ki: Kotiopetusarjen etnografista tarkastelua lasten kanssa yhteistoiminnallisen valokuvaamisen keinoin <\/p>\n<p>\u2022Youngbin Kwon: What factors make aging in place available? <\/p>\n<p>\u2022Josefin Westermarck et al.: Understanding complexities in alcohol-related harm in the Finnish Alcohol act reform of 2018: an ACF analysis on coalition perspectives <\/p>\n<p>\u2022Maarit M\u00e4kinen: Hellitt\u00e4misen politiikat &#8211; Menetyskokemus yhteiskunnallisena muutosvoimana <\/p>\n<p>\u2022Anyara Granskog Wise: Sosiaalipolitiikka ja tulevaisuusvalta <\/p>\n<p>\u2022Lari Hokkanen: Politiikkatoimien k\u00e4ytt\u00e4ytymisoletusten relevanssi sosiaalipolitiikan uudistamisessa <\/p>\n<p>\u2022Tuomas Koponen: Kapitalismin legitimiteetti suomalaisten puolueiden ohjelmissa 1970-2023 \u2013 Hyvinvointivaltion ja sosiaalipolitiikan n\u00e4k\u00f6kulma <\/p>\n<p>\u2022Sami Mustikkamaa, Malcolm Fairbrother: Saving the planet, and the budget: Political Trust and Public Attitudes towards Environmental and Other Taxes <\/p>\n\t\t\t\t<\/div>\n\t\t\t<\/div>\n\t\t\t\t\t<div class=\"accordion accordion-js\">\n\t\t\t\t<button class=\"accordion__button\" aria-controls=\"content-8961\" aria-expanded=\"false\" id=\"accordion-control-8961\">\n\t\t\t\t\t<h3 class=\"accordion__heading\" >\n\t\t\t\t\t\t12. Turvallisuus ja taloudellistettu hyvinvointivaltio, to 24.10. M102\t\t\t\t\t<\/h3>\n\t\t\t\t<\/button>\n\t\t\t\t<div class=\"accordion__content\" role=\"region\" aria-labelledby=\"accordion-control-8961\" aria-hidden=\"true\" id=\"content-8961\">\n\t\t\t\t\t<p style=\"text-align: center\"><strong>Ty\u00f6ryhm\u00e4n vet\u00e4j\u00e4t:<\/strong><\/p>\n<p>Armi Mustosm\u00e4ki, It\u00e4-Suomen yliopisto <a href=\"mailto:armi.mustosmaki@uef.fi\">armi.mustosmaki@uef.fi<\/a><\/p>\n<p>Tiina Sihto, Helsingin yliopisto <a href=\"mailto:tiina.sihto@helsinki.fi\">tiina.sihto@helsinki.fi<\/a><\/p>\n<p>Minna Zechner, Helsingin yliopisto <a href=\"mailto:minna.zechner@helsinki.fi\">minna.zechner@helsinki.fi<\/a><\/p>\n<p style=\"text-align: center\"><strong>Ty\u00f6ryhm\u00e4n kuvaus:<\/strong><\/p>\n<p>Hyvinvointivaltioissa arjen turvallisuutta on pyritty lis\u00e4\u00e4m\u00e4\u00e4n tekem\u00e4ll\u00e4 osasta yksil\u00f6n el\u00e4m\u00e4n riskeist\u00e4 kollektiivisesti kannettuja. T\u00e4llaisia ovat perinteisesti olleet esimerkiksi ty\u00f6tt\u00f6myys, sairastuminen, ik\u00e4\u00e4ntyminen sek\u00e4 oman tai l\u00e4heisen hoivan tarve. Kollektiivisen riskinkannon pelis\u00e4\u00e4nn\u00f6t ovat kuitenkin olleet jo pitk\u00e4\u00e4n muutoksessa, sill\u00e4 riskien jakautumista hyvinvointivaltion, markkinoiden ja yksil\u00f6iden kesken on muutettu. N\u00e4it\u00e4 kehityskulkuja on tarkasteltu erilaisin k\u00e4sittein, jotka avaavat talouden logiikoiden kietoutumista niin hyvinvointivaltion, sosiaalipolitiikan ja palveluiden kuin kansalaisuuden ja subjektiviteetin muutoksiin.<\/p>\n<p>Talouden ja yksityisen sektorin toimintaa ohjaavat rationaliteetit, kuten tehokkuus, mitattavuus ja tulosohjaus, on tuotu osaksi p\u00e4\u00e4t\u00f6ksentekoa ja hyvinvointipalveluiden tuotantoa. Julkisesti rahoitettujen ja tuotettujen palveluiden rinnalle sek\u00e4 niiden sis\u00e4lle on kehitetty markkinaperusteisia ratkaisuja: yksityist\u00e4minen ja markkinoistaminen ylt\u00e4\u00e4 esimerkiksi terveys-, hoiva-, varhaiskasvatus-, lastensuojelu- ja ty\u00f6llisyyspalveluihin. Viime vuosien kehityskulkuna on ollut siirtyminen markkinoistamisesta kohti finansialisaatiota, eli rahoitusmarkkinoiden roolin kasvua julkisrahoitteisten palveluiden tuotannossa. Talouspuhe tuottaa my\u00f6s uudenlaisia ihannesubjekteja, kun kansalaisia kutsutaan ostamaan yksityisi\u00e4 terveys-, ty\u00f6kyvytt\u00f6myys- ja el\u00e4kevakuutuksia sek\u00e4 hankkimaan omaisuutta ja sijoituksia muun muassa el\u00e4kevuosien turvaksi. Toisaalta talouden ja taloudellisen hy\u00f6dyn korostaminen voi tarjota mahdollisuuksia tuoda n\u00e4kyv\u00e4ksi ja legitimoida my\u00f6s sellaisia politiikan, palveluiden ja arjen osa-alueita, joita on pidetty ei-taloudellisina tai talouden logiikoiden kanssa yhteensopimattomina, kuten palkatonta hoivaa, tasa-arvoa, koulutusta tai hyvinvointia.<\/p>\n<p>Toivotamme ty\u00f6ryhm\u00e4\u00e4n tervetulleiksi niin empiiriset kuin teoreettiset tarkastelut, joissa k\u00e4sitell\u00e4\u00e4n hyvinvointivaltion ja taloudellistumisen erilaisia kytk\u00f6ksi\u00e4.<\/p>\n<p>Ty\u00f6ryhm\u00e4 kokoontuu torstaina 24.10. tilassa Metria M102.<\/p>\n<p style=\"text-align: center\"><strong>Ty\u00f6ryhm\u00e4\u00e4n tulevat esitykset:<\/strong><\/p>\n<p>\u2022Suvi Fried: Kotona asumisen turvallisuus 90-vuotiaiden el\u00e4m\u00e4ntarinahaastatteluissa<\/p>\n<p>\u2022Sonja Ruottunen: Beyond Employment: Exploring Well-being and Societal Belonging Among Long-Term Unemployed Jobseekers <\/p>\n<p>\u2022Armi Mustosm\u00e4ki, Annika Mikkonen: Vastasyntyneiden osakes\u00e4\u00e4st\u00f6tili finansialisoituvan hyvinvointivaltion esimerkkitapauksena<\/p>\n<p>\u2022P\u00e4ivi Tillman: Ty\u00f6ik\u00e4isen sopimusomaishoitajan toimeentulotuen k\u00e4ytt\u00f6 <\/p>\n<p>\u2022Laura Tarkiainen: Suomalaisten hoiva- ja terveysalan talouden menestyjien puhe pohjoismaisesta hyvinvointivaltiosta ja sen universalismiperiaatteesta\u202f <\/p>\n<p>\u2022Minna Zechner, Katja Ilmarinen, Anne Korpelainen: Ik\u00e4\u00e4ntyneiden itse maksamat kustannukset ja taloudellinen turva <\/p>\n\t\t\t\t<\/div>\n\t\t\t<\/div>\n\t\t\t\t\t<div class=\"accordion accordion-js\">\n\t\t\t\t<button class=\"accordion__button\" aria-controls=\"content-5051\" aria-expanded=\"false\" id=\"accordion-control-5051\">\n\t\t\t\t\t<h3 class=\"accordion__heading\" >\n\t\t\t\t\t\t13. Fostering socially and ecologically sustainable digitalisation and automation of welfare states, Thu 24.10. AG102\t\t\t\t\t<\/h3>\n\t\t\t\t<\/button>\n\t\t\t\t<div class=\"accordion__content\" role=\"region\" aria-labelledby=\"accordion-control-5051\" aria-hidden=\"true\" id=\"content-5051\">\n\t\t\t\t\t<p style=\"text-align: center\"><strong>Organizers:<\/strong><\/p>\n<p>Marta Choroszewicz, University of Eastern Finland, <a href=\"mailto:marta.choroszewicz@uef.fi\">marta.choroszewicz@uef.fi<\/a><\/p>\n<p>Paula Saikkonen, Finnish Institute for Health and Welfare, <a href=\"mailto:paula.saikkonen@thl.fi\">paula.saikkonen@thl.fi<\/a><\/p>\n<p style=\"text-align: center\"><strong>Description of the group:<\/strong><\/p>\n<p>Digitalisation and automation of welfare systems is often touted as a driver of increased efficiency and service quality, enabling flexibility for service users and a possibility to save on the costs. Big data, data-based analysing tools and artificial intelligence (AI) are argued to bring opportunities for the managers and decision-makers to lead better with knowledge derived from so-called real-time data. However, insufficient attention has been given to how digitalisation and automation support or contradict social and ecological sustainability. In other words, policies often overlook the broader ramifications of digitalisation and automation for environment and social justice. While sustainability problems have been known for decades, welfare states still lack an integrated approach to sustainability.<\/p>\n<p>&nbsp;<\/p>\n<p>We invite theoretical and empirical contributions that address the following questions and more:<\/p>\n<ul>\n<li>What kind of digitalisation or\/and automation projects in public services and administration may strengthen social or ecological sustainability, and in what ways?<\/li>\n<li>How might social and\/or ecological sustainability be already addressed, either directly or indirectly, in the ongoing of digitalisation or\/and automation processes of public services and welfare administration?<\/li>\n<li>How do the ongoing digitalisation or\/and automation processes challenge the street-level bureaucracy of public administration?<\/li>\n<li>How can we enhance socially and ecologically just futures for the digitalised welfare state?<\/li>\n<\/ul>\n<p>Languages: English \/ Finnish<\/p>\n<p>&nbsp;<\/p>\n<p>Working group convenes on Thursday 24.10. in Agora AG102.<\/p>\n<p style=\"text-align: center\"><strong>Working group presentations:<\/strong><\/p>\n<p>\u2022Paula Saikkonen, Marta Choroszewicz: Sustainable digitalisation of welfare systems: mission impossible? <\/p>\n<p>\u2022Hanna Mielism\u00e4ki: At the Intersection of Welfare Services and Conversational AI: Ethical Considerations in the Context of Domestic Violence <\/p>\n<p>\u2022Hilla Kiuru, Heli Valokivi: Interaction in between older adults living in the care homes and robots \u2013 institutional ethnographic perspective<\/p>\n<p>\u2022Jasper de Jonge, Suvi Varissaari, Growth: Digital Twins for Social Innovation in Sustainable Urban Planning Processes <\/p>\n<p>\u2022Marta Choroszewicz, Antti Rannisto: Boundaries of legitimacy and repair in paving the way for AI tools in the public sector <\/p>\n\t\t\t\t<\/div>\n\t\t\t<\/div>\n\t\t\t\t\t<div class=\"accordion accordion-js\">\n\t\t\t\t<button class=\"accordion__button\" aria-controls=\"content-9092\" aria-expanded=\"false\" id=\"accordion-control-9092\">\n\t\t\t\t\t<h3 class=\"accordion__heading\" >\n\t\t\t\t\t\t14. El\u00e4keturva ik\u00e4\u00e4ntyv\u00e4ss\u00e4 hyvinvointivaltiossa (Ty\u00f6ryhm\u00e4 ei toteudu)\t\t\t\t\t<\/h3>\n\t\t\t\t<\/button>\n\t\t\t\t<div class=\"accordion__content\" role=\"region\" aria-labelledby=\"accordion-control-9092\" aria-hidden=\"true\" id=\"content-9092\">\n\t\t\t\t\t<p style=\"text-align: center\"><strong>Ty\u00f6ryhm\u00e4n vet\u00e4j\u00e4t:<\/strong><\/p>\n<p>Kati Kuitto, El\u00e4keturvakeskus, <a href=\"mailto:kati.kuitto@etk.fi\">kati.kuitto@etk.fi<\/a><\/p>\n<p>Liisa-Maria Palom\u00e4ki, El\u00e4keturvakeskus, <a href=\"mailto:liisa-maria.palomaki@etk.fi\">liisa-maria.palomaki@etk.fi<\/a><\/p>\n<p style=\"text-align: center\"><strong>Ty\u00f6ryhm\u00e4n kuvaus:<\/strong><\/p>\n<p>Ik\u00e4\u00e4ntyv\u00e4ss\u00e4 Suomessa yh\u00e4 useampi kansalainen on riippuvainen erilaisista sosiaaliturvan ja palveluiden muodoista. Samalla ik\u00e4\u00e4ntyminen haastaa el\u00e4kej\u00e4rjestelm\u00e4n taloudellista ja sosiaalista kest\u00e4vyytt\u00e4. Ty\u00f6urien pident\u00e4minen on ollut yksi el\u00e4kepolitiikan keskeisist\u00e4 tavoitteista, mutta miten t\u00e4m\u00e4 tavoite toteutuu eri v\u00e4est\u00f6ryhmiss\u00e4 ja ty\u00f6uran eri vaiheissa? Ent\u00e4 milt\u00e4 el\u00e4keturva ja el\u00e4kel\u00e4isten toimeentulo n\u00e4ytt\u00e4ytyy objektiivisten ja subjektiivisten mittareiden valossa? Miten el\u00e4kej\u00e4rjestelm\u00e4\u00e4n luotetaan ja mink\u00e4laisin vaihtoehtoisin tavoin el\u00e4keaikaan varaudutaan? Ty\u00f6ryhm\u00e4\u00e4n ovat tervetulleita niin empiiriset kuin teoreettisetkin esitykset, jotka k\u00e4sittelev\u00e4t el\u00e4keturvaa erilaisista n\u00e4k\u00f6kulmista. N\u00e4k\u00f6kulmia voivat olla el\u00e4keturvan karttumiseen liittyv\u00e4t tekij\u00e4t kuten ty\u00f6urat ja niiden eri vaiheet, vanhuus- tai ty\u00f6kyvytt\u00f6myysel\u00e4kkeelle siirtyminen, el\u00e4keajan toimeentulo sek\u00e4 el\u00e4kej\u00e4rjestelm\u00e4n kest\u00e4vyyteen liittyv\u00e4t tekij\u00e4t.<\/p>\n\t\t\t\t<\/div>\n\t\t\t<\/div>\n\t\t\t\t\t<div class=\"accordion accordion-js\">\n\t\t\t\t<button class=\"accordion__button\" aria-controls=\"content-3758\" aria-expanded=\"false\" id=\"accordion-control-3758\">\n\t\t\t\t\t<h3 class=\"accordion__heading\" >\n\t\t\t\t\t\t15. Perhepolitiikka Covid-19-pandemian aikana ja sen j\u00e4lkeen: mit\u00e4 tied\u00e4mme? (Ty\u00f6ryhm\u00e4 ei toteudu)\t\t\t\t\t<\/h3>\n\t\t\t\t<\/button>\n\t\t\t\t<div class=\"accordion__content\" role=\"region\" aria-labelledby=\"accordion-control-3758\" aria-hidden=\"true\" id=\"content-3758\">\n\t\t\t\t\t<p style=\"text-align: center\"><strong>Ty\u00f6ryhm\u00e4n vet\u00e4j\u00e4t:<\/strong><\/p>\n<p>Marja Lindberg, \u00c5bo Akademi, <a href=\"mailto:marja.lindberg@abo.fi\">marja.lindberg@abo.fi <\/a><\/p>\n<p>Mikael Nyg\u00e5rd, \u00c5bo Akademi, <a href=\"mailto:mikael.nygard@abo.fi\">mikael.nygard@abo.fi<\/a><\/p>\n<p style=\"text-align: center\"><strong>Ty\u00f6ryhm\u00e4n kuvaus:<\/strong><\/p>\n<p>Covid-19-pandemia ja sen j\u00e4lkeinen aika hiipivine inflaatioineen toivat mukanaan useita haasteita lapsille ja nuorille, kuten lis\u00e4\u00e4ntyv\u00e4\u00e4 taloudellisesta stressi\u00e4, heikkenev\u00e4\u00e4 hyvinvointia, mielenterveysongelmia ja muita vaikeuksia. Eri maat reagoivat n\u00e4ihin eri tavoin sek\u00e4 kriisinhallinnan ett\u00e4 lapsiperheille suunnatun sosiaalipolitiikan osalta. Esimerkiksi Covid-19-tartuntojen alkaessa kasvaa, julistivat monet maat h\u00e4t\u00e4tilan ja sulkivat laajalti kouluja, ty\u00f6paikkoja sek\u00e4 elint\u00e4rkeit\u00e4 palveluja. Terveysviranomaiset toteuttivat massiivisia rokotusohjelmia, my\u00f6s lapsille ja nuorille. Lis\u00e4ksi toteutettiin erilaisia toimia lapsiperheiden sosiaaliturvan turvaamiseksi esimerkiksi lis\u00e4\u00e4m\u00e4ll\u00e4 lapsilisi\u00e4 tai muita (tilap\u00e4isi\u00e4) tulonsiirtoja. Covid-19-kriisin vaikutuksista lapsiin on yh\u00e4 enemm\u00e4n tutkimusn\u00e4ytt\u00f6\u00e4 (esim. UNICEFin Children and COVID-19 Research Library), mutta toistaiseksi ei ole olemassa syv\u00e4llisemp\u00e4\u00e4 j\u00e4rjestelm\u00e4llist\u00e4 vertailua perhe- ja lapsipolitiikasta Euroopassa Covid-19-pandemian aikana ja sen j\u00e4lkeen, kuten millaisia eroavaisuuksia kriisinhallinnassa oli ja miksi? L\u00f6ytyyk\u00f6 lasten ja nuorten auttamiseen t\u00e4ht\u00e4\u00e4v\u00e4ss\u00e4 sosiaalipolitiikassa jotain tiettyj\u00e4 malleja? Miten n\u00e4m\u00e4 toimenpiteet liittyiv\u00e4t lapsen oikeuksiin? Ty\u00f6ryhm\u00e4n tavoitteena on koota yhteen sek\u00e4 sosiaalipolitiikan ett\u00e4 muita aiheesta kiinnostuneita tutkijoita seuraamaan, vertailemaan ja analysoimaan Euroopan hyvinvointivaltioiden erilaisia tapoja reagoida pandemiaan ja sen seurauksiin keskittym\u00e4ll\u00e4 erityisesti lapsiperheisiin suunnattuun sosiaalipolitiikkaan. Toivomme artikkeleita, jotka k\u00e4sittelev\u00e4t Covid-19-pandemian ja sen j\u00e4lkeisen ajan sosiaalipolitiikan taustatekij\u00f6it\u00e4, malleja ja vaikutuksia. Erityisen tervetulleita ovat vertailevat artikkelit, mutta my\u00f6s kansalliset tutkimukset huomioidaan. Esitykset voivat olla suomeksi, ruotsiksi tai englanniksi.<\/p>\n<p>&nbsp;<\/p>\n\t\t\t\t<\/div>\n\t\t\t<\/div>\n\t\t\t\t\t<div class=\"accordion accordion-js\">\n\t\t\t\t<button class=\"accordion__button\" aria-controls=\"content-6192\" aria-expanded=\"false\" id=\"accordion-control-6192\">\n\t\t\t\t\t<h3 class=\"accordion__heading\" >\n\t\t\t\t\t\t16. Opiskelijaty\u00f6ryhm\u00e4: maisterivaiheen ty\u00f6harjoittelu, to 24.10. AG103\t\t\t\t\t<\/h3>\n\t\t\t\t<\/button>\n\t\t\t\t<div class=\"accordion__content\" role=\"region\" aria-labelledby=\"accordion-control-6192\" aria-hidden=\"true\" id=\"content-6192\">\n\t\t\t\t\t<p style=\"text-align: center\"><strong>Ty\u00f6ryhm\u00e4n vet\u00e4j\u00e4t:<\/strong><\/p>\n<p>Niilo R\u00e4ty, It\u00e4-Suomen yliopisto, Praxis ry, <a href=\"mailto:niilorat@uef.fi\">niilorat@uef.fi<\/a><\/p>\n<p>Sandra M\u00e4kinen, SoPOP!<\/p>\n<p style=\"text-align: center\"><strong>Ty\u00f6ryhm\u00e4n kuvaus:<\/strong><\/p>\n<p>Ty\u00f6ryhm\u00e4n j\u00e4rjest\u00e4v\u00e4t ainej\u00e4rjest\u00f6 Praxis sek\u00e4 SoPop. Praxiksesta ty\u00f6ryhm\u00e4n j\u00e4rjest\u00e4j\u00e4n\u00e4 toimii Niilo R\u00e4ty ja SoPopista Sandra M\u00e4kinen. Ty\u00f6ryhm\u00e4 on suunnattu opiskelijoille, aiheena maisterivaiheen ty\u00f6harjoittelu. Ty\u00f6ryhm\u00e4n ohjelmaksi on suunniteltu harkkatarinat-tyyppist\u00e4 ohjelmaa, jossa maisteriopiskelijat kertovat harjoittelustaan, sinne hakemisesta ja harjoittelusta oppimistaan asioista. Kertojat pit\u00e4v\u00e4t 15-20 minuuttisen esityksen, jossa hy\u00f6dynt\u00e4v\u00e4t Powerpointia. Ty\u00f6ryhm\u00e4\u00e4 seuraamaan tulleet voivat kysy\u00e4 esitt\u00e4jilt\u00e4 esityksen p\u00e4\u00e4tteeksi kysymyksi\u00e4. Ty\u00f6ryhm\u00e4 toteutetaan mahdollisesti hybridin\u00e4, Niilo hoitaa asiat paikan p\u00e4\u00e4ll\u00e4 ja Sandra et\u00e4n\u00e4. Ty\u00f6ryhm\u00e4 pidet\u00e4\u00e4n, jos saamme hankittua kolme puhujaa, mutta tavoittelemme viitt\u00e4 puhujaa, jotta hy\u00f6dynn\u00e4mme koko ty\u00f6ryhm\u00e4\u00e4n varatun ajan.<\/p>\n<p>Ty\u00f6ryhm\u00e4 kokoontuu torstaina 24.10. tilassa Agora AG103.<\/p>\n<p style=\"text-align: center\"><strong>Ty\u00f6ryhm\u00e4\u00e4n tulevat esitykset:<\/strong><\/p>\n<p>\u2022Linnea Nevala: Abstrakti 1<\/p>\n<p>\u2022Mirkka Vainio: Abstrakti 2<\/p>\n<p>\u2022Anastasia Koskela: Abstrakti 3<\/p>\n\t\t\t\t<\/div>\n\t\t\t<\/div>\n\t\t\t\t\t<div class=\"accordion accordion-js\">\n\t\t\t\t<button class=\"accordion__button\" aria-controls=\"content-5348\" aria-expanded=\"false\" id=\"accordion-control-5348\">\n\t\t\t\t\t<h3 class=\"accordion__heading\" >\n\t\t\t\t\t\t17. Terveys, kuntoutus ja osallisuus, to 24.10. ja pe 25.10. M108\t\t\t\t\t<\/h3>\n\t\t\t\t<\/button>\n\t\t\t\t<div class=\"accordion__content\" role=\"region\" aria-labelledby=\"accordion-control-5348\" aria-hidden=\"true\" id=\"content-5348\">\n\t\t\t\t\t<p style=\"text-align: center\"><strong>Ty\u00f6ryhm\u00e4n vet\u00e4j\u00e4t:<\/strong><\/p>\n<p>Jyri Liukko, El\u00e4keturvakeskus, <a href=\"mailto:jyri.liukko@etk.fi\">jyri.liukko@etk.fi<\/a><br \/>\nJarkko Salminen, Tampereen yliopisto, <a href=\"mailto:jarkko.salminen@tuni.fi\">jarkko.salminen@tuni.fi<\/a><\/p>\n<p style=\"text-align: center\"><strong>Ty\u00f6ryhm\u00e4n kuvaus:<\/strong><\/p>\n<p>Kuntoutuksen merkitys yhteiskunnassamme kasvaa esimerkiksi v\u00e4est\u00f6n ik\u00e4\u00e4ntymisen ja nuorten ty\u00f6kykyongelmien vuoksi. Samalla monet viimeaikaiset ilmi\u00f6t, kuten koronapandemia tai ty\u00f6markkinoiden muutos, ovat tuottaneet ep\u00e4varmuutta ja haasteita kuntoutukselle. Turvallisuuden luomisen tarve kuntoutuksen avulla on korostunut uudenlaisella tavalla.<\/p>\n<p>Tutkimuksessa on painotettu osallisuuden merkityst\u00e4 kuntoutuksessa. Osallisuutta voidaan tukea esimerkiksi luomalla olosuhteita, joissa taloudellisen turvallisuuden lis\u00e4ksi sosiaalinen turvallisuus lis\u00e4\u00e4ntyy. T\u00e4ll\u00f6in kuntoutuja on osa yhteis\u00f6\u00e4 sek\u00e4 vuorovaikutuksessa eri toimijoiden kanssa.<\/p>\n<p>Kuntoutuksessa t\u00e4rke\u00e4\u00e4 on se, ett\u00e4 kuntoutujat voivat osallistua ja vaikuttaa omaan kuntoutusprosessiinsa sek\u00e4 laajemmin yhteis\u00f6jen toimintaan. Kokemusasiantuntijuus, toipumisorientaatio ja erilaiset osallisuushankkeet ovat viime aikoina pyrkineet lis\u00e4\u00e4m\u00e4\u00e4n kuntoutujien omia voimavaroja, kuulumisen ja kuunnelluksi tulemisen tunnetta ja siten kokemusta turvallisuudesta.<\/p>\n<p>Ty\u00f6ryhm\u00e4\u00e4n ovat tervetulleita esitykset, joissa l\u00e4hestyt\u00e4\u00e4n eri n\u00e4k\u00f6kulmista osallisuutta terveyteen, ty\u00f6- ja toimintakykyyn sek\u00e4 kuntoutukseen liittyen. Osallisuuden k\u00e4site ymm\u00e4rret\u00e4\u00e4n laajasti ja sill\u00e4 on l\u00e4hik\u00e4sitteit\u00e4, kuten osallistuminen, toimijuus tai voimaantuminen. My\u00f6s muut kuin suoraan osallisuuteen liittyv\u00e4t n\u00e4k\u00f6kulmat ovat tervetulleita. Esitykset voivat olla empiirisi\u00e4 tai teoreettisia sek\u00e4 erilaisia k\u00e4yt\u00e4nt\u00f6j\u00e4 esittelevi\u00e4. Ryhm\u00e4ss\u00e4 pohditaan muun muassa seuraavia kysymyksi\u00e4: Miten osallisuus muodostuu kuntoutuksessa? Millaiset fyysiset ja sosiaaliset ymp\u00e4rist\u00f6t luovat turvaa ja osallisuutta toiminta- ja ty\u00f6kyky\u00e4 tukevissa palveluissa? Miten turvata riitt\u00e4v\u00e4t palvelut ja tulonsiirrot s\u00e4\u00e4st\u00f6toimista huolimatta? Miten kuntoutuksella vastataan terveyshaasteiden ja ty\u00f6markkinoiden muutokseen? Millaisia tulevaisuuden kysymyksi\u00e4 kuntoutuspalveluihin ja -etuuksiin liittyy?<\/p>\n<p>Ty\u00f6ryhm\u00e4 kokoontuu torstaina 24.10. tilassa Metria M108 ja perjantaina 25.10. tilassa Metria M108.<\/p>\n<p style=\"text-align: center\"><strong>Ty\u00f6ryhm\u00e4\u00e4n tulevat esitykset:<\/strong><\/p>\n<p>\u2022Elina Ik\u00e4valko: Hullua terveytt\u00e4 \u2013 Mad-tutkimuksen n\u00e4k\u00f6kulmia kuntoutukseen ja osallisuuteen<\/p>\n<p>\u2022Erika M\u00e4ntyl\u00e4: Muutoksen mahdollisuudet mielenterveyskuntoutujien kokemuksissa <\/p>\n<p>\u2022Anna-Marie Paavonen, Maarit Karhula: Omakuntoutus Kelan j\u00e4rjest\u00e4miss\u00e4 kuntoutuspalveluissa   <\/p>\n<p>\u2022Jarkko Salminen: Kuntoutusrahan luomat mahdollisuudet ja my\u00f6nteiset merkitykset <\/p>\n<p>\u2022Sirpa M. Manninen: Terveellinen ja turvallinen ty\u00f6yhteis\u00f6 ty\u00f6paikkaostrakismin n\u00e4k\u00f6kulmasta <\/p>\n<p>\u2022Ismo Ukkola: Nuorten toimintakyvyn ymm\u00e4rt\u00e4minen, tukeminen ja edist\u00e4minen ammatillisessa kuntoutuksessa <\/p>\n<p>\u2022Peppi Saikku: Ty\u00f6llistymist\u00e4 ja ty\u00f6kyky\u00e4 tukevat sosiaali- ja terveyspalvelut hyvinvointialueilla <\/p>\n<p>\u2022Anu Polvinen, Aart-Jan Riekhoff, Riku Perhoniemi: El\u00e4m\u00e4nkulku ennen ja j\u00e4lkeen m\u00e4\u00e4r\u00e4aikaisen ty\u00f6kyvytt\u00f6myysel\u00e4kkeen<\/p>\n\t\t\t\t<\/div>\n\t\t\t<\/div>\n\t\t\t\t\t<div class=\"accordion accordion-js\">\n\t\t\t\t<button class=\"accordion__button\" aria-controls=\"content-7666\" aria-expanded=\"false\" id=\"accordion-control-7666\">\n\t\t\t\t\t<h3 class=\"accordion__heading\" >\n\t\t\t\t\t\t18. Ty\u00f6ss\u00e4k\u00e4yv\u00e4t k\u00f6yh\u00e4t (Ty\u00f6ryhm\u00e4 ei toteudu)\t\t\t\t\t<\/h3>\n\t\t\t\t<\/button>\n\t\t\t\t<div class=\"accordion__content\" role=\"region\" aria-labelledby=\"accordion-control-7666\" aria-hidden=\"true\" id=\"content-7666\">\n\t\t\t\t\t<p style=\"text-align: center\"><strong>Ty\u00f6ryhm\u00e4n vet\u00e4j\u00e4:<\/strong><\/p>\n<p>Yrj\u00f6 Mattila, tohtorikouluttava Helsingin yliopisto, <a href=\"mailto:yrjo.mattila@helsinki.fi\">yrjo.mattila@helsinki.fi<\/a><\/p>\n<p style=\"text-align: center\"><strong>Ty\u00f6ryhm\u00e4n kuvaus:<\/strong><\/p>\n<p>Ty\u00f6ryhm\u00e4 k\u00e4sittelee osa-aikaisteen, nollasopimuslaisten, alustaty\u00f6ntekij\u00f6iden ja muiden<br \/>\nprekariaattiasemassa olevien ty\u00f6ntekij\u00f6iden asemaa ja toimeentulomahdollisuuksia ty\u00f6suhteessa, yritt\u00e4jin\u00e4 tai ty\u00f6n ja sosiaaliturvan yhteensovituksessa. Sadat tuhannet suomalaiset ty\u00f6skentelev\u00e4t osa-aikaisina, nollasopimuksilla tai ns. yritt\u00e4jin\u00e4 saaden usein ty\u00f6st\u00e4\u00e4n vain pient\u00e4 korvausta. Sosiaaliturva on vuoteen 2024 saakka paikannut ty\u00f6st\u00e4 tai yritt\u00e4jyydest\u00e4 saatuja tuloja asumistuella, sovitellulla ty\u00f6tt\u00f6myysp\u00e4iv\u00e4rahalla ja toimeentulotuella.<\/p>\n<p>Vuonna 2024 voimaan tulleet sosiaaliturvan leikkaukset ovat muuttaneet tilannetta. Asumistuen, ty\u00f6tt\u00f6myysturvan ja toimeentulotuen heikennykset sek\u00e4 sosiaali- ja terveyspalvelujen maksujen korotukset ovat vaikeuttaneet etenkin yksinhuoltajaperheen taloutta. Samaan aikaan asenteet k\u00f6yhi\u00e4 suomalaisia kohtaan ovat koventuneet. Erityisesti valtiovarainministeri\u00f6 keskeisen\u00e4 valtion toimijana on pitk\u00e4\u00e4n vaatinut heikennyksi\u00e4 v\u00e4h\u00e4tuloisten etuuksiin ja usein onnistunut tavoitteissaan.<\/p>\n<p>Ty\u00f6 ei en\u00e4\u00e4 ole parasta sosiaaliturvaa ty\u00f6el\u00e4m\u00e4n pirstoutuneisuuden ja alhaisen palkkatason vuoksi. Moni kokoaikaista ty\u00f6t\u00e4 tekev\u00e4 voi olla tilastollisesti k\u00f6yh\u00e4 ja tarvitsee sosiaaliturvaa voidakseen selvit\u00e4 v\u00e4ltt\u00e4m\u00e4tt\u00f6mist\u00e4 menoista. T\u00e4m\u00e4 turva on olennaisesti heikentynyt vuoden 2024 leikkausten seurauksena. Perus- ja ihmisoikeuksien tarkoitus on turvata jokaiselle mahdollisuus kohtuulliseen el\u00e4m\u00e4\u00e4n. Toteutuuko suoja en\u00e4\u00e4 t\u00e4m\u00e4n p\u00e4iv\u00e4n Suomessa? Ovatko valtiontalouden tasapainottamispyrkimyksiss\u00e4 k\u00e4ytetyt keinot ohittaneet muut arvot, kuten perustuslain ja kansainv\u00e4listen ihmisoikeussopimusten Suomelle asettamat velvoitteet?<\/p>\n<p>Ty\u00f6ryhm\u00e4\u00e4n ovat tervetulleita kaikki ne, joiden tutkimushankkeet koskevat ty\u00f6ss\u00e4k\u00e4yvien k\u00f6yhyytt\u00e4, ty\u00f6n ja sosiaaliturvan yhteen sovittamista toimeentulon turvaamiseksi, tehtyjen leikkausten vaikutuksia sek\u00e4 perustuslain ja kansainv\u00e4listen ihmisoikeussopimusten vaikutusta Suomen sosiaaliturvaan.<\/p>\n\t\t\t\t<\/div>\n\t\t\t<\/div>\n\t\t\t\t\t<div class=\"accordion accordion-js\">\n\t\t\t\t<button class=\"accordion__button\" aria-controls=\"content-8336\" aria-expanded=\"false\" id=\"accordion-control-8336\">\n\t\t\t\t\t<h3 class=\"accordion__heading\" >\n\t\t\t\t\t\t19. V\u00e4kivalta yhteiskuntapoliittisena kysymyksen\u00e4 ja turvallisuuden murtajana, to 24.10. ja pe 25.10. M301\t\t\t\t\t<\/h3>\n\t\t\t\t<\/button>\n\t\t\t\t<div class=\"accordion__content\" role=\"region\" aria-labelledby=\"accordion-control-8336\" aria-hidden=\"true\" id=\"content-8336\">\n\t\t\t\t\t<p style=\"text-align: center\"><strong>Ty\u00f6ryhm\u00e4n vet\u00e4j\u00e4t:<\/strong><\/p>\n<p>Marita Husso, Tampereen yliopisto, <a href=\"mailto:marita.husso@tuni.fi\">marita.husso@tuni.fi<\/a><\/p>\n<p>Johanna Hietam\u00e4ki, Terveyden ja hyvinvoinnin laitos, <a href=\"mailto:johanna.hietamaki@thl.fi\">johanna.hietamaki@thl.fi <\/a><\/p>\n<p>Leo Nyqvist, Turun yliopisto, <a href=\"mailto:leonyq@utu.fi\">leonyq@utu.fi<\/a><\/p>\n<p>Sisko Piippo, Jyv\u00e4skyl\u00e4n yliopisto, <a href=\"mailto:sisko.h.piippo@jyu.fi\">sisko.h.piippo@jyu.fi<\/a><\/p>\n<p>Anniina Kaittila, Turun yliopisto, <a href=\"mailto:sairai@utu.fi\">sairai@utu.fi<\/a><\/p>\n<p style=\"text-align: center\"><strong>Ty\u00f6ryhm\u00e4n kuvaus:<\/strong><\/p>\n<p>V\u00e4kivalta demokratian haasteena ja arjen turvallisuuden kyseenalaistajana on noussut n\u00e4kyv\u00e4ksi keskustelunaiheeksi yhteiskunnallisten kriisien, kuten pandemian, sotien ja ymp\u00e4rist\u00f6ongelmien my\u00f6t\u00e4. Sosiaalilains\u00e4\u00e4d\u00e4nt\u00f6 ja monet kansainv\u00e4liset sopimukset velvoittavat l\u00e4hisuhteissa, arjessa ja instituutioissa kohdattavaan v\u00e4kivaltaan puuttumiseen. T\u00e4st\u00e4 huolimatta v\u00e4kivallan tunnistamisessa ja puheeksi ottamisessa palveluj\u00e4rjestelm\u00e4ss\u00e4 on edelleen merkitt\u00e4vi\u00e4 haasteita. My\u00f6s sote-uudistus on lis\u00e4nnyt huolta v\u00e4kivallan ja hoivan laiminly\u00f6ntien katveeseen j\u00e4\u00e4misest\u00e4 ja arjen turvallisuuden murenemisesta.<\/p>\n<p>Ty\u00f6ryhm\u00e4ss\u00e4 pohdimme, miten 2020-luvulla j\u00e4sennet\u00e4\u00e4n v\u00e4kivaltaa yhteiskuntapoliittisena ja -teoreettisena kysymyksen\u00e4. Miten eri v\u00e4kivallan muotoja k\u00e4sitteellistet\u00e4\u00e4n ja m\u00e4\u00e4ritell\u00e4\u00e4n, ja miten esimerkiksi turvallisuuden, digitalisaation ja kest\u00e4v\u00e4n hyvinvoinnin n\u00e4k\u00f6kulmia on hy\u00f6dynnetty v\u00e4kivaltaa koskevissa tutkimuksissa? Miten v\u00e4kivallan eri muotojen yhteyksi\u00e4 on mahdollista tunnistaa ja millaisia yhteiskuntapoliittisia toimenpiteit\u00e4 arjen turvallisuudesta huolehtiminen ja v\u00e4kivallan vastainen ty\u00f6 edellytt\u00e4\u00e4? Ty\u00f6ryhm\u00e4\u00e4n kutsutaan mukaan esityksi\u00e4, joissa k\u00e4sitell\u00e4\u00e4n v\u00e4kivallan eri muotoja ja niiden tutkimisen tapoja sek\u00e4 v\u00e4kivaltaan puuttumisen haasteita ja mahdollisuuksia arjessa, instituutioissa ja palveluj\u00e4rjestelmiss\u00e4. Toivotamme tervetulleiksi sek\u00e4 teoreettisesti, menetelm\u00e4llisesti ett\u00e4 empiirisesti keskustelevia alustuksia.<\/p>\n<p>Ty\u00f6ryhm\u00e4 kokoontuu torstaina 24.10. tilassa Metria M301 ja perjantaina 25.10. tilassa Metria M301.<\/p>\n<p style=\"text-align: center\"><strong>Ty\u00f6ryhm\u00e4\u00e4n tulevat esitykset:<\/strong><\/p>\n<p>\u2022Elisa Silvennoinen: Lapseen kohdistuvan henkisen v\u00e4kivallan kriminalisoinnin ongelmakohtia <\/p>\n<p>\u2022Sisko Piippo: Sosiaali- ja terveydenhuollon ammattilaisten toimijuus v\u00e4kivallan kohtaamisessa<\/p>\n<p>\u2022Hanna Mielism\u00e4ki: Digitalisaation ja teko\u00e4lyn haasteet ja mahdollisuudet l\u00e4hisuhdev\u00e4kivaltaa kohdanneiden palveluissa sosiaali- ja terveysalalla<\/p>\n<p>\u2022Outi Kekkonen: Ylirajaiset perheet v\u00e4kivaltaty\u00f6n asiakkaina ja pakottava kontrolli<\/p>\n<p>\u2022Hanne Lamberg: Lapsuusajan haitalliset kokemukset ja yhteiskuntaluokka<\/p>\n<p>\u2022Anniina Kaittila, Sonja Tihver\u00e4inen, Johanna Hietam\u00e4ki, Suvi Nipuli, Jarno Tuominen, Leo Nyqvist, Marita Husso: Digitaalisv\u00e4litteinen taloudellinen v\u00e4kivalta parisuhteissa\u202f<br \/>\n\u202f<br \/>\n\u2022M\u00e4kip\u00e4\u00e4 Lotta, Johanna M\u00e4ki-Opas, Katri-Leena Mustonen, Natalia Skogberg: Ihmiskaupan uhrit palveluissa ja niiden ulkopuolella<\/p>\n<p>\u2022Heidi Kankkonen: P\u00e4ihteit\u00e4 k\u00e4ytt\u00e4neiden ihmisten v\u00e4kivaltakokemuksiin liittyv\u00e4t kohtaamiset julkisen vallan edustajien kanssa<\/p>\n\t\t\t\t<\/div>\n\t\t\t<\/div>\n\t\t\t\t\t<div class=\"accordion accordion-js\">\n\t\t\t\t<button class=\"accordion__button\" aria-controls=\"content-1429\" aria-expanded=\"false\" id=\"accordion-control-1429\">\n\t\t\t\t\t<h3 class=\"accordion__heading\" >\n\t\t\t\t\t\t20. Embodied in\/security, encounters and\u202frelations of\u202fpower, Fri 25.10. M303\t\t\t\t\t<\/h3>\n\t\t\t\t<\/button>\n\t\t\t\t<div class=\"accordion__content\" role=\"region\" aria-labelledby=\"accordion-control-1429\" aria-hidden=\"true\" id=\"content-1429\">\n\t\t\t\t\t<p style=\"text-align: center\"><strong>Organizers:<\/strong><\/p>\n<p><span data-contrast=\"none\">Tiina\u202fSotkasiira, University of Eastern Finland, <a href=\"mailto:tiina.sotkasiira@uef.fi\">tiina.sotkasiira@uef.fi<\/a><br \/>\n<\/span><\/p>\n<p><span data-contrast=\"none\">Meri-Tuuli Hirvonen, University of Eastern Finland, <a href=\"mailto:meri-tuuli.hirvonen@uef.fi\">meri-tuuli.hirvonen@uef.fi<\/a><\/span><\/p>\n<p><span data-contrast=\"none\">Working language: English\u202fand Finnish<\/span><span data-ccp-props=\"{&quot;201341983&quot;:0,&quot;335551550&quot;:1,&quot;335551620&quot;:1,&quot;335559739&quot;:0,&quot;335559740&quot;:240}\">\u00a0<\/span><\/p>\n<p style=\"text-align: center\"><strong>\u202fDescription of working group<\/strong><span data-ccp-props=\"{&quot;201341983&quot;:0,&quot;335551550&quot;:1,&quot;335551620&quot;:1,&quot;335559739&quot;:0,&quot;335559740&quot;:240}\"><br \/>\n<\/span><\/p>\n<p><span data-contrast=\"none\">The lived experience of the\u202fbody,\u202fthat is, our bodily sensations,\u202fperceptions\u202fand behaviours,<\/span><span data-contrast=\"none\">\u202f<\/span><span data-contrast=\"none\">is essential to the sense of security.<\/span><span data-contrast=\"none\">\u202f<\/span><span data-contrast=\"none\">Furthermore, embodied encounters with the material environment\u202finfluence\u202four relationship with the<\/span><span data-contrast=\"none\">\u202f<\/span><span data-contrast=\"none\">world and our trust on its continuance.\u202fAs noted by Johnson (2018), when we navigate interpersonal relationships and learn<\/span><span data-contrast=\"none\">\u202f<\/span><span data-contrast=\"none\">about the<\/span><span data-contrast=\"none\">\u202f<\/span><span data-contrast=\"none\">characteristics associated with\u202fdifferent groups\u202fof people, our bodies\u202fassist\u202fin creating and\u202fmaintaining<\/span><span data-contrast=\"none\">\u202f<\/span><span data-contrast=\"none\">the\u202fpower\u202fdynamics that can arise between us. Some bodies are securitized as<\/span><span data-contrast=\"none\">\u202f<\/span><span data-contrast=\"none\">objects of monitoring, for example.<\/span><span data-contrast=\"none\">\u202f<\/span><span data-contrast=\"none\"> Embodied in\/securities are also expressed and experienced as care needs. However, the\u202frole of the\u202fbody\u202fin reproducing in\/security\u202fin everyday<\/span><span data-contrast=\"none\">\u202f<\/span><span data-contrast=\"none\">life is often overlooked.<\/span><span data-contrast=\"none\">\u202f<\/span><span data-ccp-props=\"{&quot;201341983&quot;:0,&quot;335551550&quot;:1,&quot;335551620&quot;:1,&quot;335559739&quot;:0,&quot;335559740&quot;:240}\">\u00a0<\/span><\/p>\n<p><span data-contrast=\"none\">\u202f<\/span><span data-ccp-props=\"{&quot;201341983&quot;:0,&quot;335551550&quot;:1,&quot;335551620&quot;:1,&quot;335559739&quot;:0,&quot;335559740&quot;:240}\">\u00a0<\/span><\/p>\n<p><span data-contrast=\"none\">This working groups invites to unpack the notions of embodiment and security in order to explore the embodied ways in which individuals and communities struggle for their sense of security in the world of intersecting crisis. Sense of security, however, is typically understood in psychological terms and similarly, we tend to see the embodiment in individual terms. Yet these are profoundly social phenomena, even if they may be experienced individually or privately.\u202fWe can as an example analyse embodied security as a relationship of power in a social setting.<\/span><span data-ccp-props=\"{&quot;201341983&quot;:0,&quot;335551550&quot;:1,&quot;335551620&quot;:1,&quot;335559739&quot;:0,&quot;335559740&quot;:240}\">\u00a0<\/span><\/p>\n<p><span data-contrast=\"none\">\u202f<\/span><span data-ccp-props=\"{&quot;201341983&quot;:0,&quot;335551550&quot;:1,&quot;335551620&quot;:1,&quot;335559739&quot;:0,&quot;335559740&quot;:240}\">\u00a0<\/span><\/p>\n<p><span data-contrast=\"none\">The aim of this working group is to\u202faddress the implicit and explicit knowledge of, in and between bodies to inquire into the in\/equality in the realities and experiences of security.\u202fWe welcome diverse contributions that\u202fdraw on\u202fembodied\u202fperspectives, experiences, and methods in various local, regional, national, and global contexts.\u202fWe hope to\u202finvigorate\u202fdiscussion of the concepts, empirical\u202ffindings\u202fand\u202fmethodology,\u202fwhich have previously been\u202foverlooked,\u202ffrom a\u202fbody-centered perspective. We look forward to sharing collegial ponderings of how-to bring\u202fbody\u202finto the study of social and public policy.<\/span><span data-ccp-props=\"{&quot;201341983&quot;:0,&quot;335551550&quot;:1,&quot;335551620&quot;:1,&quot;335559739&quot;:0,&quot;335559740&quot;:240}\">\u00a0<\/span><\/p>\n<p><span data-contrast=\"none\">\u202f<\/span><span data-ccp-props=\"{&quot;201341983&quot;:0,&quot;335551550&quot;:1,&quot;335551620&quot;:1,&quot;335559739&quot;:0,&quot;335559740&quot;:240}\">\u00a0<\/span><\/p>\n<p><span data-contrast=\"none\">Reference: Johnson, Rae (2018) Embodied Social Justice. London and New York: Routledge.<\/span><span data-ccp-props=\"{&quot;201341983&quot;:0,&quot;335551550&quot;:1,&quot;335551620&quot;:1,&quot;335559739&quot;:0,&quot;335559740&quot;:240}\">\u00a0<\/span><\/p>\n<p>Working group convenes on Friday 25.10. in Metria M303.<\/p>\n<p style=\"text-align: center\"><strong>Working group presentations:<\/strong><\/p>\n<p>\u2022Venla J\u00e4rvensivu: Disrupting the spaces of whiteness with unruly dances<\/p>\n<p>\u2022Liselott Sundb\u00e4ck: Exploring notions of embodied (dis)trust among migrant stay-at-home parents<\/p>\n<p>\u2022Tiina Sotkasiira: The self-care practices of Finnish people during the outbreak of the full-scale war in Ukraine<\/p>\n<p>\u2022Meri-Tuuli Hirvonen: \u2018Small things\u2019: Embodied experiences of autistic in\/security \u2013 ponderings of a multiply neurodivergent scholar <\/p>\n\t\t\t\t<\/div>\n\t\t\t<\/div>\n\t\t\t\t\t<div class=\"accordion accordion-js\">\n\t\t\t\t<button class=\"accordion__button\" aria-controls=\"content-756\" aria-expanded=\"false\" id=\"accordion-control-756\">\n\t\t\t\t\t<h3 class=\"accordion__heading\" >\n\t\t\t\t\t\t21. Joustava arki ty\u00f6markkinoiden reunamilla, to 24.10. AG106\t\t\t\t\t<\/h3>\n\t\t\t\t<\/button>\n\t\t\t\t<div class=\"accordion__content\" role=\"region\" aria-labelledby=\"accordion-control-756\" aria-hidden=\"true\" id=\"content-756\">\n\t\t\t\t\t<p style=\"text-align: center\"><strong>Ty\u00f6ryhm\u00e4n vet\u00e4j\u00e4t:<\/strong><\/p>\n<p><span data-contrast=\"auto\">Eeva Heikkinen, v\u00e4it\u00f6skirjatutkija, It\u00e4-Suomen yliopisto<\/span><span data-ccp-props=\"{&quot;201341983&quot;:0,&quot;335551550&quot;:6,&quot;335551620&quot;:6,&quot;335559739&quot;:160,&quot;335559740&quot;:360}\">, <a href=\"mailto:eeva.heikkinen@uef.fi\">eeva.heikkinen@uef.fi<\/a><\/span><\/p>\n<p><span data-contrast=\"auto\">Hanna-Mari Ikonen, apulaisprofessori, Jyv\u00e4skyl\u00e4n yliopisto<\/span><span data-ccp-props=\"{&quot;201341983&quot;:0,&quot;335551550&quot;:6,&quot;335551620&quot;:6,&quot;335559739&quot;:160,&quot;335559740&quot;:360}\">, <a href=\"mailto:hanna-mari.p.ikonen@jyu.fi\">hanna-mari.p.ikonen@jyu.fi<\/a><\/span><\/p>\n<p><span data-contrast=\"auto\">Satu Ojala, apulaisprofessori, Tampereen yliopisto<\/span><span data-ccp-props=\"{&quot;201341983&quot;:0,&quot;335551550&quot;:6,&quot;335551620&quot;:6,&quot;335559739&quot;:160,&quot;335559740&quot;:360}\">, <a href=\"mailto:satu.ojala@tuni.fi\">satu.ojala@tuni.fi<\/a><\/span><\/p>\n<p style=\"text-align: center\"><strong>Ty\u00f6ryhm\u00e4n kuvaus:<\/strong><\/p>\n<p><span data-contrast=\"none\">Toisen maailmansodan j\u00e4lkeisin\u00e4 vuosikymmenin\u00e4 palkkaty\u00f6yhteiskunnan muodostumisen my\u00f6t\u00e4 kokoaikaisesta palkkaty\u00f6st\u00e4 kehittyi er\u00e4\u00e4nlainen turvan ja oikeuksien l\u00e4hde, jonka perustalle my\u00f6s suomalainen hyvinvointivaltio ja sosiaaliturvaj\u00e4rjestelm\u00e4 on rakennettu. <\/span><span data-contrast=\"auto\">Suomessa kokop\u00e4iv\u00e4iset ja kokoaikaiset ty\u00f6suhteet ovat edelleen p\u00e4\u00e4asiallinen ty\u00f6suhdemuoto ja normi, <\/span><span data-contrast=\"none\">mutta ty\u00f6ntekij\u00e4t my\u00f6s liikkuvat ty\u00f6paikasta toiseen sek\u00e4 k\u00e4yv\u00e4t ajoittain ty\u00f6tt\u00f6min\u00e4 tai ty\u00f6voiman ulkopuolella \u2013 toisin sanoen ty\u00f6markkinoiden reunamilla.<\/span><span data-ccp-props=\"{&quot;201341983&quot;:0,&quot;335551550&quot;:6,&quot;335551620&quot;:6,&quot;335559739&quot;:160,&quot;335559740&quot;:276}\">\u00a0<\/span><\/p>\n<p><span data-contrast=\"auto\">Viime vuosina ty\u00f6llisyyden kasvu Suomessa on tapahtunut p\u00e4\u00e4osin ty\u00f6markkinoiden reunamilla, ja kasvu on perustunut p\u00e4\u00e4asiassa osa-aikaisen ty\u00f6n lis\u00e4\u00e4ntymiseen. Osa-aikaista, m\u00e4\u00e4r\u00e4aikaista ja yritt\u00e4j\u00e4ty\u00f6t\u00e4 oli syksyll\u00e4 2021 selv\u00e4sti enemm\u00e4n kuin samaan aikaan vuonna 2019 ennen koronapandemian alkua. Suomessa ty\u00f6markkinoiden reunamilla el\u00e4\u00e4 l\u00e4hes miljoona ihmist\u00e4, kun mukaan lasketaan kuuluvaksi mm. m\u00e4\u00e4r\u00e4- ja osa-aikaisissa ty\u00f6suhteissa, vakituisissa osa-aikasuhteissa, alustaloudessa ja nollatuntisopimuksilla ty\u00f6skentelev\u00e4t, freelancerit, yksinyritt\u00e4j\u00e4t ja muut itsens\u00e4ty\u00f6llist\u00e4j\u00e4t, ty\u00f6harjoittelijat, ty\u00f6tt\u00f6m\u00e4t ja opiskelijat.\u00a0<\/span><span data-ccp-props=\"{&quot;201341983&quot;:0,&quot;335551550&quot;:6,&quot;335551620&quot;:6,&quot;335559739&quot;:160,&quot;335559740&quot;:276}\">\u00a0<\/span><\/p>\n<p><span data-contrast=\"none\">Yhten\u00e4 nykyisten ty\u00f6markkinoiden murrosta m\u00e4\u00e4ritt\u00e4v\u00e4n\u00e4 piirteen\u00e4 voidaan pit\u00e4\u00e4 jouston korostumista. Ty\u00f6el\u00e4m\u00e4n joustoa voidaan n\u00e4hd\u00e4 monella tapaa positiivisena kehityksen\u00e4 ja hy\u00f6dytt\u00e4v\u00e4n sek\u00e4 talouskasvua, organisaatioita ett\u00e4 ty\u00f6ntekij\u00f6it\u00e4. Toisaalta joustavat ty\u00f6j\u00e4rjestelyt on liitetty <\/span><span data-contrast=\"none\">ty\u00f6el\u00e4m\u00e4n yleiseen ep\u00e4varmistumiseen, ty\u00f6ll\u00e4 hankittavien ansioiden pienentymiseen sek\u00e4 ty\u00f6el\u00e4m\u00e4n riskien siirtymiseen ty\u00f6nantajilta yksitt\u00e4isten ty\u00f6ntekij\u00f6iden harteille, jolloin ty\u00f6nteko tapahtuu usein ilman kollektiivisten sopimusten ja pysyvien ty\u00f6suhteiden muodostamia turvakehi\u00e4.<\/span><span data-ccp-props=\"{&quot;201341983&quot;:0,&quot;335551550&quot;:6,&quot;335551620&quot;:6,&quot;335559739&quot;:0,&quot;335559740&quot;:276}\">\u00a0<\/span><\/p>\n<p><span data-contrast=\"none\">Ty\u00f6markkinoiden reunamilla teht\u00e4v\u00e4 ty\u00f6<\/span><span data-contrast=\"auto\"> ei aina ole v\u00e4ltt\u00e4m\u00e4tt\u00e4 pienituloista, ep\u00e4varmaa tai laadultaan heikkoa<\/span><span data-contrast=\"none\">. Se voidaan kokea omalle alalle tunnusomaiseksi ja mahdollistavan muun muassa perinteist\u00e4 palkkaty\u00f6t\u00e4 joustavamman vapaa-ajan ja omaehtoisen ty\u00f6ajan ja -paikan m\u00e4\u00e4rittelemisen el\u00e4m\u00e4ntilanteiden mukaan. Kuitenkin el\u00e4m\u00e4 ty\u00f6markkinoiden reunamilla saattaa osoittautua turvattomaksi, kun ty\u00f6el\u00e4m\u00e4n joustavuus ja vaihtelevuus tarkoittaa toimeentulon katkonaisuutta, k\u00f6yhyytt\u00e4 tai haasteita sosiaaliturvaj\u00e4rjestelm\u00e4n rakenteissa.<\/span><span data-ccp-props=\"{&quot;201341983&quot;:0,&quot;335551550&quot;:6,&quot;335551620&quot;:6,&quot;335559739&quot;:240,&quot;335559740&quot;:276}\">\u00a0<\/span><\/p>\n<p><span data-contrast=\"auto\">T\u00e4ss\u00e4 ty\u00f6ryhm\u00e4ss\u00e4 kysymme muiden muassa edell\u00e4 kuvattujen teemojen kautta, miten turvata arki ja toimeentulo ty\u00f6markkinoiden reunamilla? Millaisena taloudellinen turvallisuus ja yhteiskunnan turvaverkot n\u00e4ytt\u00e4ytyv\u00e4t?\u00a0 Miten ty\u00f6markkinoiden reunamille sijoittuva ty\u00f6 heijastuu vapaa-aikaan tai muuhun el\u00e4m\u00e4\u00e4n? Millaista on olla joustava ty\u00f6ntekij\u00e4? Kutsumme mukaan alustuksia, jotka voivat olla teoreettisia, menetelm\u00e4llisi\u00e4 tai empiirisi\u00e4. Esityskielen\u00e4 voi olla suomi tai englanti.<\/span><span data-ccp-props=\"{&quot;201341983&quot;:0,&quot;335551550&quot;:6,&quot;335551620&quot;:6,&quot;335559739&quot;:160,&quot;335559740&quot;:276}\">\u00a0<\/span><\/p>\n<p>Ty\u00f6ryhm\u00e4 kokoontuu torstaina 24.10. tilassa Agora AG106.<\/p>\n<p style=\"text-align: center\"><strong>Ty\u00f6ryhm\u00e4\u00e4n tulevat esitykset:<\/strong><\/p>\n<p>\u2022Mia Tammelin: Arjen tutkimuksen uudelleen kuvittelu: arjen rutiinit ja ennakointi etuoikeuksina? <\/p>\n<p>\u2022Hanna-Mari Ikonen: Piirt\u00e4\u00e4 esiin ruumiin rajat: Vapaa-ajan liikunnan mahdollisuudet ja merkitykset ty\u00f6markkinoiden reunamilla <\/p>\n<p>\u2022P\u00e4ivi J\u00e4rviniemi: Ty\u00f6voiman joustavat k\u00e4ytt\u00f6tavat ja niiden seuraukset 2000-luvun Suomessa &#8211; politiikan ja tutkimuksen paradigmat <\/p>\n<p>\u2022Jenni Lahtinen: \u201dEi oo sellasta asiaa ku a l\u00e1 carte -robotti\u201d \u2013kokiksi opiskelevien nuorten suhtautuminen ravintola-alan ty\u00f6el\u00e4m\u00e4\u00e4n jouston ja turvan n\u00e4k\u00f6kulmista  <\/p>\n<p>\u2022Suvi Karhu: Osaajapulaa vai joustavan ulkomaisen ty\u00f6voiman tarvetta? Ty\u00f6ntekij\u00e4n oleskelulupaj\u00e4rjestelm\u00e4n rooli ty\u00f6voiman maahanmuuton s\u00e4\u00e4ntelyss\u00e4 <\/p>\n<p>\u2022Eeva Heikkinen: Ty\u00f6ss\u00e4k\u00e4yvien k\u00f6yhien kokemuksia ty\u00f6skentelyst\u00e4 ja ty\u00f6suhteista prekaareissa palkkaty\u00f6suhteissa ja yritt\u00e4jyysasemassa<\/p>\n\t\t\t\t<\/div>\n\t\t\t<\/div>\n\t\t\t<\/div>\n\t\n\n\n<p><\/p>\n\n\n\n<div class=\"links-block\">\n\n            <h3>Abstraktit ovat luettavissa alla olevasta linkist\u00e4. Abstraktikirja on tiedostomuodossa.<\/h3>\n    \n    <ul class=\"link-list\">\n        \n            \n            <li class=\"link-list-item\">\n                <a href=\"https:\/\/sites.uef.fi\/sosiaalipolitiikanpaivat2024\/wp-content\/uploads\/sites\/474\/2024\/10\/Abstraktikirja2024_Final.pdf\" class=\"link-reset link hover-scale-down\">\n                    <svg\n        width=\"43\" height=\"25\"\n        viewBox=\"0 0 43 25\"\n        xmlns=\"http:\/\/www.w3.org\/2000\/svg\">\n    <path\n        d=\"M30.027 0 43 12.5 30.027 25 27 22.083 34.351 15H0v-5h34.351L27 2.917z\"\n        fill=\"currentColor\"\n        fill-rule=\"evenodd\"\/>\n<\/svg>                    <div>Abstraktikirja2024<\/div>\n                <\/a>\n                <div class=\"link-info\">\n                                    <\/div>\n            <\/li>\n\n                <\/ul>\n<\/div>\n\n\n<p><\/p>\n\n\n\n<p>In addition to the above described working groups, there is also a separate one on Friday 25 October:<\/p>\n\n\n\n<p class=\"has-text-align-center\"><strong>Working Group \u201cGlobal crises and the academia\u201d<\/strong><\/p>\n\n\n\n<p>Acute wars are ongoing in Gaza, Myanmar, Sudan, Ukraine and dozens of other major armed conflicts are occurring in various parts of the globe. Most of these military crises show no clear signs of ending. They have far-reaching impacts on many individuals and communities, including diverse university communities in Finland, causing psychological and physical distress as well as social tensions. Political control, an agitating informational environment, and strict policy responses at the international, national, and university levels further constrain the possibility of conducting university work as usual. In addition to wars, multiple other crises, including political violence, socioeconomic decline, and environmental disasters, severely stress many university community members.<\/p>\n\n\n\n<p>The working group invites members of the University of Eastern Finland community and other academic communities from various disciplines, professional fields, and departments to identify these entanglements and collaboratively develop possible solutions to the existing and emerging risks posed to the community by multiple global crises. The workshop aims to detect the wide-ranging effects of wars and crises, analyse individual and collective responses, and map out best practices and approaches to address them. The expected outcome is to produce recommendations for the University community on how to substantially support those directly and indirectly affected by wars and crises and mediate potential tensions between diversely positioned individuals and groups within the community. Thus, the workshop will strengthen the solidarity and mutual support of colleagues and fellows at the University of Eastern Finland in the face of advancing polycrisis.<\/p>\n\n\n\n<p>The working group is convened by <strong>Antero Puhakka (<\/strong><a href=\"mailto:antero.puhakka@uef.fi\">antero.puhakka@uef.fi<\/a>) <strong>and Vadim Romashov<\/strong> (<a href=\"mailto:vadim.romashov@uef.fi\">vadim.romashov@uef.fi<\/a>) from the Department of Social Sciences at University of Eastern Finland with the support of the Association of Researchers and Teachers in Eastern Finland (ITTE). This workshop builds on the series of similar events organized by peace researchers Anitta Kynsilehto and Vadim Romashov in 2022-2023. The first workshop \u201cAddressing war anxieties in university communities\u201d was held on 3 November 2022 in Tampere as part of the UNIFI and Arene Sustainability and Responsibility Seminar, the second \u201cAddressing impacts of wars and crises within and by academic communities\u201d was held on 17 February 2023 in Helsinki as part of the Development Days conference, and the third \u201cThe impact of wars and crises on the Tampere University community\u201d was organized by the Association of Academic Workers at Tampere University (TATTE) on 14 November 2023.<\/p>\n\n\n\n<p>The workshop will be held on <strong>Friday, October 25, starting at 8.15&nbsp;in meeting room M201 <\/strong>and will include a coffee break. No presentations are required for this working group. If you would like to participate, <strong>please send a short message (max. 100-150 words) to the conveners <\/strong>explaining why such discussions are important to you <strong>by September 30<\/strong>.&nbsp;Please note that the number of participants is limited. <strong>The results of the working group will be presented to the public at 10.00 in auditorium M101,<\/strong> and all Social Policy Days participants are invited to attend the discussion.<\/p>\n","protected":false},"excerpt":{"rendered":"<p>L\u00e4mpim\u00e4sti tervetuloa Sosiaalipolitiikan p\u00e4iville! You are warmly welcome to the Social Policy Conference! Tiedot toteutuvista ty\u00f6ryhmist\u00e4 l\u00f6yd\u00e4t alta. My\u00f6s abstraktikirja on nyt luettavissa ty\u00f6ryhmien alla olevasta linkist\u00e4. Working groups information can be found below. Underneath the working groups is a link to the abstract book. Sosiaalipolitiikan p\u00e4ivien 2024 ty\u00f6ryhm\u00e4t\/Working groups of the 2024 Social Policy [&hellip;]<\/p>\n","protected":false},"author":1126,"featured_media":0,"parent":0,"menu_order":0,"comment_status":"closed","ping_status":"closed","template":"","meta":{"_acf_changed":false,"footnotes":""},"class_list":["post-273","page","type-page","status-publish","hentry"],"acf":[],"yoast_head":"<!-- This site is optimized with the Yoast SEO plugin v27.3 - https:\/\/yoast.com\/product\/yoast-seo-wordpress\/ -->\n<title>Ty\u00f6ryhm\u00e4t\/Working groups - Sosiaalipolitiikan p\u00e4iv\u00e4t 2024: Turvallisuus<\/title>\n<meta name=\"robots\" content=\"index, follow, max-snippet:-1, max-image-preview:large, max-video-preview:-1\" \/>\n<link rel=\"canonical\" href=\"https:\/\/sites.uef.fi\/sosiaalipolitiikanpaivat2024\/tyoryhmat\/\" \/>\n<meta property=\"og:locale\" content=\"fi_FI\" \/>\n<meta property=\"og:type\" content=\"article\" \/>\n<meta property=\"og:title\" content=\"Ty\u00f6ryhm\u00e4t\/Working groups - Sosiaalipolitiikan p\u00e4iv\u00e4t 2024: Turvallisuus\" \/>\n<meta property=\"og:description\" content=\"L\u00e4mpim\u00e4sti tervetuloa Sosiaalipolitiikan p\u00e4iville! You are warmly welcome to the Social Policy Conference! Tiedot toteutuvista ty\u00f6ryhmist\u00e4 l\u00f6yd\u00e4t alta. My\u00f6s abstraktikirja on nyt luettavissa ty\u00f6ryhmien alla olevasta linkist\u00e4. Working groups information can be found below. Underneath the working groups is a link to the abstract book. Sosiaalipolitiikan p\u00e4ivien 2024 ty\u00f6ryhm\u00e4t\/Working groups of the 2024 Social Policy [&hellip;]\" \/>\n<meta property=\"og:url\" content=\"https:\/\/sites.uef.fi\/sosiaalipolitiikanpaivat2024\/tyoryhmat\/\" \/>\n<meta property=\"og:site_name\" content=\"Sosiaalipolitiikan p\u00e4iv\u00e4t 2024: Turvallisuus\" \/>\n<meta property=\"article:modified_time\" content=\"2024-10-24T05:18:50+00:00\" \/>\n<meta property=\"og:image\" content=\"https:\/\/sites.uef.fi\/sosiaalipolitiikanpaivat2024\/wp-content\/uploads\/sites\/474\/2024\/04\/Sos.pol_.fb_.jpg\" \/>\n\t<meta property=\"og:image:width\" content=\"1472\" \/>\n\t<meta property=\"og:image:height\" content=\"583\" \/>\n\t<meta property=\"og:image:type\" content=\"image\/jpeg\" \/>\n<meta name=\"twitter:card\" content=\"summary_large_image\" \/>\n<meta name=\"twitter:label1\" content=\"Arvioitu lukuaika\" \/>\n\t<meta name=\"twitter:data1\" content=\"4 minuuttia\" \/>\n<script type=\"application\/ld+json\" class=\"yoast-schema-graph\">{\"@context\":\"https:\\\/\\\/schema.org\",\"@graph\":[{\"@type\":\"WebPage\",\"@id\":\"https:\\\/\\\/sites.uef.fi\\\/sosiaalipolitiikanpaivat2024\\\/tyoryhmat\\\/\",\"url\":\"https:\\\/\\\/sites.uef.fi\\\/sosiaalipolitiikanpaivat2024\\\/tyoryhmat\\\/\",\"name\":\"Ty\u00f6ryhm\u00e4t\\\/Working groups - Sosiaalipolitiikan p\u00e4iv\u00e4t 2024: Turvallisuus\",\"isPartOf\":{\"@id\":\"https:\\\/\\\/sites.uef.fi\\\/sosiaalipolitiikanpaivat2024\\\/#website\"},\"primaryImageOfPage\":{\"@id\":\"https:\\\/\\\/sites.uef.fi\\\/sosiaalipolitiikanpaivat2024\\\/tyoryhmat\\\/#primaryimage\"},\"image\":{\"@id\":\"https:\\\/\\\/sites.uef.fi\\\/sosiaalipolitiikanpaivat2024\\\/tyoryhmat\\\/#primaryimage\"},\"thumbnailUrl\":\"https:\\\/\\\/sites.uef.fi\\\/sosiaalipolitiikanpaivat2024\\\/wp-content\\\/uploads\\\/sites\\\/474\\\/2024\\\/04\\\/Sos.pol_.fb_-1024x406.jpg\",\"datePublished\":\"2024-04-10T07:11:10+00:00\",\"dateModified\":\"2024-10-24T05:18:50+00:00\",\"breadcrumb\":{\"@id\":\"https:\\\/\\\/sites.uef.fi\\\/sosiaalipolitiikanpaivat2024\\\/tyoryhmat\\\/#breadcrumb\"},\"inLanguage\":\"fi\",\"potentialAction\":[{\"@type\":\"ReadAction\",\"target\":[\"https:\\\/\\\/sites.uef.fi\\\/sosiaalipolitiikanpaivat2024\\\/tyoryhmat\\\/\"]}]},{\"@type\":\"ImageObject\",\"inLanguage\":\"fi\",\"@id\":\"https:\\\/\\\/sites.uef.fi\\\/sosiaalipolitiikanpaivat2024\\\/tyoryhmat\\\/#primaryimage\",\"url\":\"https:\\\/\\\/sites.uef.fi\\\/sosiaalipolitiikanpaivat2024\\\/wp-content\\\/uploads\\\/sites\\\/474\\\/2024\\\/04\\\/Sos.pol_.fb_.jpg\",\"contentUrl\":\"https:\\\/\\\/sites.uef.fi\\\/sosiaalipolitiikanpaivat2024\\\/wp-content\\\/uploads\\\/sites\\\/474\\\/2024\\\/04\\\/Sos.pol_.fb_.jpg\",\"width\":1472,\"height\":583},{\"@type\":\"BreadcrumbList\",\"@id\":\"https:\\\/\\\/sites.uef.fi\\\/sosiaalipolitiikanpaivat2024\\\/tyoryhmat\\\/#breadcrumb\",\"itemListElement\":[{\"@type\":\"ListItem\",\"position\":1,\"name\":\"Home\",\"item\":\"https:\\\/\\\/sites.uef.fi\\\/sosiaalipolitiikanpaivat2024\\\/\"},{\"@type\":\"ListItem\",\"position\":2,\"name\":\"Ty\u00f6ryhm\u00e4t\\\/Working groups\"}]},{\"@type\":\"WebSite\",\"@id\":\"https:\\\/\\\/sites.uef.fi\\\/sosiaalipolitiikanpaivat2024\\\/#website\",\"url\":\"https:\\\/\\\/sites.uef.fi\\\/sosiaalipolitiikanpaivat2024\\\/\",\"name\":\"Sosiaalipolitiikan p\u00e4iv\u00e4t 2024: Turvallisuus\",\"description\":\"\",\"potentialAction\":[{\"@type\":\"SearchAction\",\"target\":{\"@type\":\"EntryPoint\",\"urlTemplate\":\"https:\\\/\\\/sites.uef.fi\\\/sosiaalipolitiikanpaivat2024\\\/?s={search_term_string}\"},\"query-input\":{\"@type\":\"PropertyValueSpecification\",\"valueRequired\":true,\"valueName\":\"search_term_string\"}}],\"inLanguage\":\"fi\"}]}<\/script>\n<!-- \/ Yoast SEO plugin. -->","yoast_head_json":{"title":"Ty\u00f6ryhm\u00e4t\/Working groups - Sosiaalipolitiikan p\u00e4iv\u00e4t 2024: Turvallisuus","robots":{"index":"index","follow":"follow","max-snippet":"max-snippet:-1","max-image-preview":"max-image-preview:large","max-video-preview":"max-video-preview:-1"},"canonical":"https:\/\/sites.uef.fi\/sosiaalipolitiikanpaivat2024\/tyoryhmat\/","og_locale":"fi_FI","og_type":"article","og_title":"Ty\u00f6ryhm\u00e4t\/Working groups - Sosiaalipolitiikan p\u00e4iv\u00e4t 2024: Turvallisuus","og_description":"L\u00e4mpim\u00e4sti tervetuloa Sosiaalipolitiikan p\u00e4iville! You are warmly welcome to the Social Policy Conference! Tiedot toteutuvista ty\u00f6ryhmist\u00e4 l\u00f6yd\u00e4t alta. My\u00f6s abstraktikirja on nyt luettavissa ty\u00f6ryhmien alla olevasta linkist\u00e4. Working groups information can be found below. Underneath the working groups is a link to the abstract book. Sosiaalipolitiikan p\u00e4ivien 2024 ty\u00f6ryhm\u00e4t\/Working groups of the 2024 Social Policy [&hellip;]","og_url":"https:\/\/sites.uef.fi\/sosiaalipolitiikanpaivat2024\/tyoryhmat\/","og_site_name":"Sosiaalipolitiikan p\u00e4iv\u00e4t 2024: Turvallisuus","article_modified_time":"2024-10-24T05:18:50+00:00","og_image":[{"width":1472,"height":583,"url":"https:\/\/sites.uef.fi\/sosiaalipolitiikanpaivat2024\/wp-content\/uploads\/sites\/474\/2024\/04\/Sos.pol_.fb_.jpg","type":"image\/jpeg"}],"twitter_card":"summary_large_image","twitter_misc":{"Arvioitu lukuaika":"4 minuuttia"},"schema":{"@context":"https:\/\/schema.org","@graph":[{"@type":"WebPage","@id":"https:\/\/sites.uef.fi\/sosiaalipolitiikanpaivat2024\/tyoryhmat\/","url":"https:\/\/sites.uef.fi\/sosiaalipolitiikanpaivat2024\/tyoryhmat\/","name":"Ty\u00f6ryhm\u00e4t\/Working groups - Sosiaalipolitiikan p\u00e4iv\u00e4t 2024: Turvallisuus","isPartOf":{"@id":"https:\/\/sites.uef.fi\/sosiaalipolitiikanpaivat2024\/#website"},"primaryImageOfPage":{"@id":"https:\/\/sites.uef.fi\/sosiaalipolitiikanpaivat2024\/tyoryhmat\/#primaryimage"},"image":{"@id":"https:\/\/sites.uef.fi\/sosiaalipolitiikanpaivat2024\/tyoryhmat\/#primaryimage"},"thumbnailUrl":"https:\/\/sites.uef.fi\/sosiaalipolitiikanpaivat2024\/wp-content\/uploads\/sites\/474\/2024\/04\/Sos.pol_.fb_-1024x406.jpg","datePublished":"2024-04-10T07:11:10+00:00","dateModified":"2024-10-24T05:18:50+00:00","breadcrumb":{"@id":"https:\/\/sites.uef.fi\/sosiaalipolitiikanpaivat2024\/tyoryhmat\/#breadcrumb"},"inLanguage":"fi","potentialAction":[{"@type":"ReadAction","target":["https:\/\/sites.uef.fi\/sosiaalipolitiikanpaivat2024\/tyoryhmat\/"]}]},{"@type":"ImageObject","inLanguage":"fi","@id":"https:\/\/sites.uef.fi\/sosiaalipolitiikanpaivat2024\/tyoryhmat\/#primaryimage","url":"https:\/\/sites.uef.fi\/sosiaalipolitiikanpaivat2024\/wp-content\/uploads\/sites\/474\/2024\/04\/Sos.pol_.fb_.jpg","contentUrl":"https:\/\/sites.uef.fi\/sosiaalipolitiikanpaivat2024\/wp-content\/uploads\/sites\/474\/2024\/04\/Sos.pol_.fb_.jpg","width":1472,"height":583},{"@type":"BreadcrumbList","@id":"https:\/\/sites.uef.fi\/sosiaalipolitiikanpaivat2024\/tyoryhmat\/#breadcrumb","itemListElement":[{"@type":"ListItem","position":1,"name":"Home","item":"https:\/\/sites.uef.fi\/sosiaalipolitiikanpaivat2024\/"},{"@type":"ListItem","position":2,"name":"Ty\u00f6ryhm\u00e4t\/Working groups"}]},{"@type":"WebSite","@id":"https:\/\/sites.uef.fi\/sosiaalipolitiikanpaivat2024\/#website","url":"https:\/\/sites.uef.fi\/sosiaalipolitiikanpaivat2024\/","name":"Sosiaalipolitiikan p\u00e4iv\u00e4t 2024: Turvallisuus","description":"","potentialAction":[{"@type":"SearchAction","target":{"@type":"EntryPoint","urlTemplate":"https:\/\/sites.uef.fi\/sosiaalipolitiikanpaivat2024\/?s={search_term_string}"},"query-input":{"@type":"PropertyValueSpecification","valueRequired":true,"valueName":"search_term_string"}}],"inLanguage":"fi"}]}},"_links":{"self":[{"href":"https:\/\/sites.uef.fi\/sosiaalipolitiikanpaivat2024\/wp-json\/wp\/v2\/pages\/273","targetHints":{"allow":["GET"]}}],"collection":[{"href":"https:\/\/sites.uef.fi\/sosiaalipolitiikanpaivat2024\/wp-json\/wp\/v2\/pages"}],"about":[{"href":"https:\/\/sites.uef.fi\/sosiaalipolitiikanpaivat2024\/wp-json\/wp\/v2\/types\/page"}],"author":[{"embeddable":true,"href":"https:\/\/sites.uef.fi\/sosiaalipolitiikanpaivat2024\/wp-json\/wp\/v2\/users\/1126"}],"replies":[{"embeddable":true,"href":"https:\/\/sites.uef.fi\/sosiaalipolitiikanpaivat2024\/wp-json\/wp\/v2\/comments?post=273"}],"version-history":[{"count":1,"href":"https:\/\/sites.uef.fi\/sosiaalipolitiikanpaivat2024\/wp-json\/wp\/v2\/pages\/273\/revisions"}],"predecessor-version":[{"id":1646,"href":"https:\/\/sites.uef.fi\/sosiaalipolitiikanpaivat2024\/wp-json\/wp\/v2\/pages\/273\/revisions\/1646"}],"wp:attachment":[{"href":"https:\/\/sites.uef.fi\/sosiaalipolitiikanpaivat2024\/wp-json\/wp\/v2\/media?parent=273"}],"curies":[{"name":"wp","href":"https:\/\/api.w.org\/{rel}","templated":true}]}}