{"id":285,"date":"2024-04-10T09:14:12","date_gmt":"2024-04-10T07:14:12","guid":{"rendered":"https:\/\/sites.uef.fi\/sosiaalipolitiikanpaivat2024\/?page_id=285"},"modified":"2024-07-08T14:31:26","modified_gmt":"2024-07-08T12:31:26","slug":"matkustus-ja-majoitus","status":"publish","type":"page","link":"https:\/\/sites.uef.fi\/sosiaalipolitiikanpaivat2024\/matkustus-ja-majoitus\/","title":{"rendered":"Matkustaminen, majoitus ja tietoa kampuksesta"},"content":{"rendered":"\n<figure class=\"wp-block-image size-large\"><img loading=\"lazy\" decoding=\"async\" width=\"1024\" height=\"406\" src=\"https:\/\/sites.uef.fi\/sosiaalipolitiikanpaivat2024\/wp-content\/uploads\/sites\/474\/2024\/04\/Sos.pol_.fb_-1024x406.jpg\" alt=\"\" class=\"wp-image-501\" srcset=\"https:\/\/sites.uef.fi\/sosiaalipolitiikanpaivat2024\/wp-content\/uploads\/sites\/474\/2024\/04\/Sos.pol_.fb_-1024x406.jpg 1024w, https:\/\/sites.uef.fi\/sosiaalipolitiikanpaivat2024\/wp-content\/uploads\/sites\/474\/2024\/04\/Sos.pol_.fb_-300x119.jpg 300w, https:\/\/sites.uef.fi\/sosiaalipolitiikanpaivat2024\/wp-content\/uploads\/sites\/474\/2024\/04\/Sos.pol_.fb_-768x304.jpg 768w, https:\/\/sites.uef.fi\/sosiaalipolitiikanpaivat2024\/wp-content\/uploads\/sites\/474\/2024\/04\/Sos.pol_.fb_.jpg 1472w\" sizes=\"auto, (max-width: 1024px) 100vw, 1024px\" \/><\/figure>\n\n\n\n<h2 class=\"wp-block-heading has-text-align-center\">Matkustaminen Joensuuhun ja Joensuussa<\/h2>\n\n\n\n<p>Joensuuhun on hyv\u00e4t kulkuyhteydet junalla tai linja-autolla. Linja-autoasemalta ja rautatieasemalta on hieman yli kahden kilometrin matka Joensuun kampukselle. Joensuuhun p\u00e4\u00e4see my\u00f6s lent\u00e4en. Lentoasema on noin 12 kilometrin p\u00e4\u00e4ss\u00e4 Joensuun keskustasta.<\/p>\n\n\n\n<h5 class=\"wp-block-heading\">Joukkoliikene<\/h5>\n\n\n\n<p>Joensuun kampukselle on hyv\u00e4t bussiyhteydet. Reittiopas l\u00f6ytyy osoitteesta <a href=\"https:\/\/jojo.joensuu.fi\/\" target=\"_blank\" rel=\"noreferrer noopener\">https:\/\/jojo.joensuu.fi\/<\/a> sek\u00e4 <a href=\"https:\/\/jojo.joensuu.fi\/waltti-mobiili\">Waltti-mobiilisovelluksesta<\/a> josta voit ostaa mobiililippusi suoraan. Voit my\u00f6s maksaa lippusi k\u00e4teisell\u00e4 tai l\u00e4himaksulla. City-vy\u00f6hykkeen kertalippu maksaa 3,80 \u20ac ja mobiililippu 3,40 \u20ac. Vuorokausilipun hinta City-vy\u00f6hykkeell\u00e4 on 8,00 \u20ac.<\/p>\n\n\n\n<p>Reittioppaaseen voit kirjoittaa m\u00e4\u00e4r\u00e4np\u00e4\u00e4ksi rakennuksen nimen tai l\u00e4himm\u00e4n bussipys\u00e4kin nimen.&nbsp;Keskustan suunnasta (eli my\u00f6s juna-asemalta tai linja-autoasemalta) saapuessa l\u00e4hin bussipys\u00e4kki on nimelt\u00e4\u00e4n Yliopistokatu P.<\/p>\n\n\n\n<h5 class=\"wp-block-heading\">Taksit<\/h5>\n\n\n\n<p>Taksipalveluja Joensuussa tarjoavat muun muassa Taksi It\u00e4-Suomi (p. 060110100) ja Menev\u00e4 (p. 0800 02120).<\/p>\n\n\n\n<h5 class=\"wp-block-heading\">Pys\u00e4k\u00f6inti<\/h5>\n\n\n\n<p>Joensuun kampusalueen pys\u00e4k\u00f6inti on maksullista ma-pe klo 7-16. Pys\u00e4k\u00f6intimaksut eiv\u00e4t koske invapys\u00e4k\u00f6inti\u00e4.<\/p>\n\n\n\n<p>Lyhytaikaisen vieraspys\u00e4k\u00f6innin tuntihinta on 1 euroa, enimmill\u00e4\u00e4n kuitenkin 6 euroa vuorokautta kohden. Lyhytaikaisen pys\u00e4k\u00f6innin maksun voi suorittaa maksuautomaattiin tai mobiilimaksuna.&nbsp; Maksu oikeuttaa pys\u00e4k\u00f6im\u00e4\u00e4n kaikilla yliopiston luvan vaatimilla paikoilla, pois lukien l\u00e4mmitystolppapaikat ajalla 1.11.\u201331.3. Pys\u00e4k\u00f6intialueille sijoitetuilla kylteill\u00e4 on tarkemmin opastettu pys\u00e4k\u00f6inti\u00e4. Yliopistokampuksilla pys\u00e4k\u00f6innin valvonnasta vastaa kaupungin pys\u00e4k\u00f6inninvalvonta.<\/p>\n\n\n\n<h2 class=\"wp-block-heading has-text-align-center\">Majoittuminen Joensuussa<\/h2>\n\n\n\n<p>Olemme varanneet konferenssin osallistujille hotellikiinti\u00f6it\u00e4 ajalle 23.-25.10.2024. Alla lis\u00e4tietoa majoituspaikoista ja niiden varausohjeet. Jokainen varaa ja maksaa hotellihuoneensa itse. Varaathan majoituksesi ajoissa!<\/p>\n\n\n\n<p>Yliopiston tai tutkimuslaitoksen ty\u00f6matkustajien kannattaa tarkistaa my\u00f6s Hansel Oy:n tarjoamat kilpailukykyiset hinnat. Hansel-sopimushinnat l\u00f6yd\u00e4t oman yliopistosi intrasta tai osoitteesta www.hansel.fi.<\/p>\n\n\n\t<div id=\"accordion-block_854eb0380bfcc4023a936fe1d0867eaf\" class=\"accordions\">\n\t\t\t\t\t<div class=\"accordion accordion-js\">\n\t\t\t\t<button class=\"accordion__button\" aria-controls=\"content-2575\" aria-expanded=\"false\" id=\"accordion-control-2575\">\n\t\t\t\t\t<h3 class=\"accordion__heading\" >\n\t\t\t\t\t\tGreenStar Hotel Joensuu\t\t\t\t\t<\/h3>\n\t\t\t\t<\/button>\n\t\t\t\t<div class=\"accordion__content\" role=\"region\" aria-labelledby=\"accordion-control-2575\" aria-hidden=\"true\" id=\"content-2575\">\n\t\t\t\t\t<p><!-- wp:paragraph --><\/p>\n<p><strong>Majoitus<\/strong><br \/>\n93 \u20ac \/ yhden hengen huone \/ vrk<br \/>\n105 \u20ac \/ kahden hengen huone \/ vrk<\/p>\n<p><!-- \/wp:paragraph --> <!-- wp:paragraph --><\/p>\n<p>Hinnat ovat nettohintoja ja sis\u00e4lt\u00e4v\u00e4t voimassaolevan arvonlis\u00e4veron. GreenStar Hotels Oy pid\u00e4tt\u00e4\u00e4 oikeuden hinnan muutoksiin, mik\u00e4li arvonlis\u00e4verokanta muuttuu.<\/p>\n<p><!-- \/wp:paragraph --> <!-- wp:paragraph --><\/p>\n<p><strong>Varaukset<\/strong><br \/>\nJokainen varaa ja maksaa itse majoituksensa. Varaukset suoraan hotellista puhelimella tai s\u00e4hk\u00f6postilla, varaustunnus &#8221;Sosiaalipolitiikan p\u00e4iv\u00e4t&#8221;. Varaukset 23.9.2024 menness\u00e4, erikoishintaisia huoneita rajoitetusti<\/p>\n<p><!-- \/wp:paragraph --> <!-- wp:paragraph --><\/p>\n<p><strong>Maksuehdot<\/strong><br \/>\nJokainen maksaa itse paikan p\u00e4\u00e4ll\u00e4 k\u00e4teisell\u00e4 tai luottokortilla.<\/p>\n<p><!-- \/wp:paragraph --> <!-- wp:paragraph --><\/p>\n<p><strong>Saapuminen<\/strong><br \/>\nHotellien vastaanottojen aukioloajat: <a href=\"https:\/\/www.greenstar.fi\/\">www.greenstar.fi<\/a> Varausvahvistuksen mukana toimitetaan pin-koodi, jolla voi sis\u00e4\u00e4nkirjautua check-in automaatilla vastaanoton ollessa kiinni. Sis\u00e4\u00e4nkirjautuminen tapahtuu varausnumeron ja pin-koodin avulla.<\/p>\n<p><!-- \/wp:paragraph --><\/p>\n\t\t\t\t<\/div>\n\t\t\t<\/div>\n\t\t\t\t\t<div class=\"accordion accordion-js\">\n\t\t\t\t<button class=\"accordion__button\" aria-controls=\"content-6602\" aria-expanded=\"false\" id=\"accordion-control-6602\">\n\t\t\t\t\t<h3 class=\"accordion__heading\" >\n\t\t\t\t\t\tSokos Hotels\t\t\t\t\t<\/h3>\n\t\t\t\t<\/button>\n\t\t\t\t<div class=\"accordion__content\" role=\"region\" aria-labelledby=\"accordion-control-6602\" aria-hidden=\"true\" id=\"content-6602\">\n\t\t\t\t\t<p><!-- wp:paragraph --><\/p>\n<p>Voitte varata alennetun hintaisen hotellihuoneen Vaakunasta varauskoodilla <strong>BSosPol24<\/strong>.<\/p>\n<p><!-- \/wp:paragraph --> <!-- wp:paragraph --><\/p>\n<p>Varaukset tulee tehd\u00e4 heid\u00e4n nettisivuiltaan osoitteessa <a href=\"https:\/\/eur03.safelinks.protection.outlook.com\/?url=http%3A%2F%2Fwww.sokoshotels.fi%2F&amp;data=05%7C02%7C%7C0bfee499c46c4520f32408dc6459d8aa%7C87879f2e73044bf2baf263e7f83f3c34%7C0%7C0%7C638495584277898106%7CUnknown%7CTWFpbGZsb3d8eyJWIjoiMC4wLjAwMDAiLCJQIjoiV2luMzIiLCJBTiI6Ik1haWwiLCJXVCI6Mn0%3D%7C0%7C%7C%7C&amp;sdata=pGkEwqMKIbIKo69veU9nzvRw0bInYYGY%2FLhYvkc1CEQ%3D&amp;reserved=0\" target=\"_blank\" rel=\"noreferrer noopener\">www.sokoshotels.fi<\/a> tai suoraan hotellin vastaanotosta: <a href=\"mailto:vaakuna.joensuu@sokoshotels.fi\">vaakuna.joensuu@sokoshotels.fi<\/a>, p. 010-7823100. Huonevaraukset tulee tehd\u00e4 <strong><u>2.10.2024 menness\u00e4<\/u><\/strong>, jonka j\u00e4lkeen ylim\u00e4\u00e4r\u00e4iset huoneet vapautuvat uudelleen myyntiin ja varauksia t\u00e4m\u00e4n j\u00e4lkeen on mahdollista tehd\u00e4 samalla hinnalla vain saatavuuden mukaan. T\u00e4ll\u00e4 hetkell\u00e4 varattavia huoneita on tarjolla 10 x 1 hengen huoneita\/per y\u00f6 ja 10 x 2 hengen huoneita\/per y\u00f6.<\/p>\n<p><!-- \/wp:paragraph --><\/p>\n\t\t\t\t<\/div>\n\t\t\t<\/div>\n\t\t\t\t\t<div class=\"accordion accordion-js\">\n\t\t\t\t<button class=\"accordion__button\" aria-controls=\"content-9433\" aria-expanded=\"false\" id=\"accordion-control-9433\">\n\t\t\t\t\t<h3 class=\"accordion__heading\" >\n\t\t\t\t\t\tScandic Hotels Joensuu\t\t\t\t\t<\/h3>\n\t\t\t\t<\/button>\n\t\t\t\t<div class=\"accordion__content\" role=\"region\" aria-labelledby=\"accordion-control-9433\" aria-hidden=\"true\" id=\"content-9433\">\n\t\t\t\t\t<p><!-- wp:paragraph --><\/p>\n<p>Huoneen voi varata alennettuun hintaan varauskoodilla <strong>CGRO<\/strong>. Varaukset tehd\u00e4\u00e4n osoitteessa <a href=\"https:\/\/eur03.safelinks.protection.outlook.com\/?url=http%3A%2F%2Fscandichotels.fi%2F&amp;data=05%7C02%7C%7Cd835ee32d05a44cdcc4308dc62d0beb2%7C87879f2e73044bf2baf263e7f83f3c34%7C0%7C0%7C638493896008599000%7CUnknown%7CTWFpbGZsb3d8eyJWIjoiMC4wLjAwMDAiLCJQIjoiV2luMzIiLCJBTiI6Ik1haWwiLCJXVCI6Mn0%3D%7C0%7C%7C%7C&amp;sdata=thiD87xOzW44ajvlLOuAod53Mfgk1P29zKO05pgP%2Fgc%3D&amp;reserved=0\">scandichotels.fi.<\/a><\/p>\n<p><!-- \/wp:paragraph --> <!-- wp:paragraph --><\/p>\n<p>Majoittujat voivat valita mieleisens\u00e4 huonetyypin sek\u00e4 saada lis\u00e4alennusta maksaessaan varauksen heti varauksen yhteydess\u00e4.<\/p>\n<p><!-- \/wp:paragraph --> <!-- wp:paragraph --><\/p>\n<p>Yksitt\u00e4isen majoitusvarauksen peruutusehto riippuu majoittujan valitsemasta varaustyypist\u00e4.\u00a0Varauksen vahvistamiseksi majoittujan tulee antaa hotellille voimassa olevat luottokorttitiedot.<\/p>\n<p><!-- \/wp:paragraph --> <!-- wp:paragraph --><\/p>\n<p>Huoneet ovat varattavissa hotellin varaustilanteen mukaan viimeist\u00e4\u00e4n 10 p\u00e4iv\u00e4\u00e4 ennen saapumista.<\/p>\n<p><!-- \/wp:paragraph --> <!-- wp:paragraph --><\/p>\n<p>Scandic Friends-j\u00e4senten kannattaa tarkistaa my\u00f6s saatavilla olevat kanta-asiakastarjoukset.<\/p>\n<p><!-- \/wp:paragraph --> <!-- wp:paragraph --><\/p>\n<p>Hansel- sopimuksen alla ty\u00f6skelentelevien yritysten ty\u00f6ntekij\u00f6it\u00e4 suosittelemme varaamaan huoneet sopimushinnoin.<\/p>\n<p><!-- \/wp:paragraph --><\/p>\n\t\t\t\t<\/div>\n\t\t\t<\/div>\n\t\t\t<\/div>\n\t\n\n\n<p><\/p>\n\n\n\n<h2 class=\"wp-block-heading has-text-align-center\">Tietoa kampuksesta<\/h2>\n\n\n\n<p>Joensuun kampus on tiivis ja helppokulkuinen sill\u00e4 useat rakennukset sijoittuvat Yliopistokadun varrelle, ja se sijaitsee aivan Joensuun keskustan tuntumassa: Joensuun tori sijaitsee 1,5 km p\u00e4\u00e4ss\u00e4 kampuksesta.<\/p>\n\n\n\n<p>Ensisijainen tapahtumapaikka on Metria, mutta ty\u00f6ryhmi\u00e4 kokoontuu my\u00f6s Agoralla (Yliopistokatu 4).<\/p>\n\n\n\n<figure class=\"wp-block-image size-large\"><img loading=\"lazy\" decoding=\"async\" width=\"1024\" height=\"500\" src=\"https:\/\/sites.uef.fi\/sosiaalipolitiikanpaivat2024\/wp-content\/uploads\/sites\/474\/2024\/07\/Joensuun-kartta-2-1024x500.png\" alt=\"Karttapaikka -palvelulla tehty Joensuun keskustan kartta, jossa merkittyn\u00e4 rautatieasema, Metria ja Agora.\" class=\"wp-image-958\" srcset=\"https:\/\/sites.uef.fi\/sosiaalipolitiikanpaivat2024\/wp-content\/uploads\/sites\/474\/2024\/07\/Joensuun-kartta-2-1024x500.png 1024w, https:\/\/sites.uef.fi\/sosiaalipolitiikanpaivat2024\/wp-content\/uploads\/sites\/474\/2024\/07\/Joensuun-kartta-2-300x147.png 300w, https:\/\/sites.uef.fi\/sosiaalipolitiikanpaivat2024\/wp-content\/uploads\/sites\/474\/2024\/07\/Joensuun-kartta-2-768x375.png 768w, https:\/\/sites.uef.fi\/sosiaalipolitiikanpaivat2024\/wp-content\/uploads\/sites\/474\/2024\/07\/Joensuun-kartta-2-1536x750.png 1536w, https:\/\/sites.uef.fi\/sosiaalipolitiikanpaivat2024\/wp-content\/uploads\/sites\/474\/2024\/07\/Joensuun-kartta-2.png 1691w\" sizes=\"auto, (max-width: 1024px) 100vw, 1024px\" \/><\/figure>\n\n\n\n<p><a href=\"https:\/\/sites.uef.fi\/sosiaalipolitiikanpaivat2024\/wp-content\/uploads\/sites\/474\/2024\/06\/UEF_Kampuskartat_JNS.pdf\">Joensuun kampusalueen kartta<\/a><\/p>\n\n\n\n<p><a href=\"https:\/\/sites.uef.fi\/sosiaalipolitiikanpaivat2024\/wp-content\/uploads\/sites\/474\/2024\/06\/KARTTA_Metria.pdf\">Metrian kartta<\/a><\/p>\n\n\n\n<p><a href=\"https:\/\/sites.uef.fi\/sosiaalipolitiikanpaivat2024\/wp-content\/uploads\/sites\/474\/2024\/07\/KARTTA_Agora.pdf\">Agoran kartta<\/a><\/p>\n\n\n\t<div id=\"accordion-block_ac33c794654a5afaabd73ba12eb617f2\" class=\"accordions\">\n\t\t\t\t\t<div class=\"accordion accordion-js\">\n\t\t\t\t<button class=\"accordion__button\" aria-controls=\"content-2957\" aria-expanded=\"false\" id=\"accordion-control-2957\">\n\t\t\t\t\t<h3 class=\"accordion__heading\" >\n\t\t\t\t\t\tLounas\t\t\t\t\t<\/h3>\n\t\t\t\t<\/button>\n\t\t\t\t<div class=\"accordion__content\" role=\"region\" aria-labelledby=\"accordion-control-2957\" aria-hidden=\"true\" id=\"content-2957\">\n\t\t\t\t\t<p>Alla listattuna kampusalueellamme sijaitsevat ravintolat. Suosittelemme osallistujia sy\u00f6m\u00e4\u00e4n erityisesti Metrialla, Futuralla tai Naturalla.<\/p>\n<div id=\"accordion-4876-def\" class=\"accordion-def expanded\">\n<div class=\"field_content field_type_entity_reference_revisions\">\n<div>\n<div class=\"text-and-links text-and-links--no-title text-and-links--text-paragraph\">\n<div class=\"grid\">\n<div class=\"text-and-links__text\">\n<div class=\"text-and-links__summary\">\n<p>Aurora-rakennus<\/p>\n<ul>\n<li><a href=\"https:\/\/www.compass-group.fi\/ravintolat-ja-ruokalistat\/foodco\/kaupungit\/joensuu\/aura\/\">Ravintola Aura<\/a>, Food &amp; Co<\/li>\n<\/ul>\n<p>Carelia-rakennus<\/p>\n<ul>\n<li><a href=\"https:\/\/www.compass-group.fi\/ravintolat-ja-ruokalistat\/foodco\/kaupungit\/joensuu\/opiskelijaravintola-carelia\/\">Ravintola Carelia<\/a>, Food &amp; Co<\/li>\n<\/ul>\n<p>Futura-rakennus<\/p>\n<ul>\n<li><a href=\"https:\/\/www.compass-group.fi\/ravintolat-ja-ruokalistat\/foodco\/kaupungit\/joensuu\/futura\/\">Ravintola Futura<\/a>, Food &amp; Co<\/li>\n<\/ul>\n<p>Metria-rakennus<\/p>\n<ul>\n<li><a href=\"https:\/\/www.compass-group.fi\/ravintolat-ja-ruokalistat\/foodco\/kaupungit\/joensuu\/wicked-rabbit-metria\/\">Wicked Rabbit\u00a0Metria<\/a>, Food &amp; Co<\/li>\n<\/ul>\n<p>Natura-rakennus<\/p>\n<ul>\n<li><a href=\"https:\/\/www.compass-group.fi\/ravintolat-ja-ruokalistat\/foodco\/kaupungit\/joensuu\/natura\/\">Ravintola Natura<\/a>, Food &amp; Co<\/li>\n<\/ul>\n<p>Metla-talo<\/p>\n<ul>\n<li>\u00a0<a href=\"https:\/\/ravintolapepe.fi\/pepe-metla\/\">Ravintola Pepe Metla<\/a>,\u00a0Cafe Pepe Oy<\/li>\n<\/ul>\n<p>Joensuun Tiedepuisto<\/p>\n<ul>\n<li><a href=\"http:\/\/www.ravintolasulo.fi\/lounas\/lounas-puisto\/\">Ravintola Sulo Puisto<\/a>\u00a0, Ravintola Sulo<\/li>\n<li><a href=\"https:\/\/www.ravintolasulo.fi\/sulo-smorre\/\">Sulo &amp; Sm\u00f6rre<\/a>, Ravintola Sulo<\/li>\n<\/ul>\n<\/div>\n<\/div>\n<\/div>\n<\/div>\n<\/div>\n<\/div>\n<\/div>\n\t\t\t\t<\/div>\n\t\t\t<\/div>\n\t\t\t\t\t<div class=\"accordion accordion-js\">\n\t\t\t\t<button class=\"accordion__button\" aria-controls=\"content-4366\" aria-expanded=\"false\" id=\"accordion-control-4366\">\n\t\t\t\t\t<h3 class=\"accordion__heading\" >\n\t\t\t\t\t\tEsteett\u00f6myys\t\t\t\t\t<\/h3>\n\t\t\t\t<\/button>\n\t\t\t\t<div class=\"accordion__content\" role=\"region\" aria-labelledby=\"accordion-control-4366\" aria-hidden=\"true\" id=\"content-4366\">\n\t\t\t\t\t<p>Suuri osa yliopiston tiloista on esteett\u00f6mi\u00e4 ja k\u00e4ytt\u00f6kelpoisia eri vammaisryhmille. Mit\u00e4 uudemmista rakennuksista on kyse, sit\u00e4 paremmin niiss\u00e4 on pystytty huomioimaan ajantasaiset esteett\u00f6myysratkaisut ja -m\u00e4\u00e4r\u00e4ykset. Kampuksille on j\u00e4rjestetty inva-pys\u00e4k\u00f6inti ja esteett\u00f6myys on huomioitu my\u00f6s ulkoalueiden kulkureiteiss\u00e4 mm. rakenneratkaisuissa ja talvikunnossapidossa. Rakennusten p\u00e4\u00e4sis\u00e4\u00e4nk\u00e4ynnit on varustettu inva-luiskilla ja ovissa on p\u00e4\u00e4s\u00e4\u00e4nt\u00f6isesti my\u00f6s avauspainikkeet. Rakennusten naulakoista l\u00f6ytyy eri korkeudella olevat s\u00e4ilytysmahdollisuudet. Hissipainikkeet on merkitty pistekirjoituksella ja joissakin hisseiss\u00e4 on my\u00f6s \u00e4\u00e4niopasteet. Kaikista rakennuksista l\u00f6ytyv\u00e4t hissit ja inva-wc:t, joille on opasteet. Suurimmissa opetustiloissa on induktiosilmukat ja niit\u00e4 on my\u00f6s lainattavissa tilakohtaiseen k\u00e4ytt\u00f6\u00f6n.<\/p>\n<p>Induktiosilmukat luentosaleissa:<br \/>\nJoensuun kampuksen auditoriot: M100, M101, M103.<\/p>\n\t\t\t\t<\/div>\n\t\t\t<\/div>\n\t\t\t<\/div>\n\t","protected":false},"excerpt":{"rendered":"<p>Matkustaminen Joensuuhun ja Joensuussa Joensuuhun on hyv\u00e4t kulkuyhteydet junalla tai linja-autolla. Linja-autoasemalta ja rautatieasemalta on hieman yli kahden kilometrin matka Joensuun kampukselle. Joensuuhun p\u00e4\u00e4see my\u00f6s lent\u00e4en. Lentoasema on noin 12 kilometrin p\u00e4\u00e4ss\u00e4 Joensuun keskustasta. Joukkoliikene Joensuun kampukselle on hyv\u00e4t bussiyhteydet. Reittiopas l\u00f6ytyy osoitteesta https:\/\/jojo.joensuu.fi\/ sek\u00e4 Waltti-mobiilisovelluksesta josta voit ostaa mobiililippusi suoraan. Voit my\u00f6s maksaa lippusi [&hellip;]<\/p>\n","protected":false},"author":1126,"featured_media":0,"parent":0,"menu_order":0,"comment_status":"closed","ping_status":"closed","template":"","meta":{"_acf_changed":false,"footnotes":""},"class_list":["post-285","page","type-page","status-publish","hentry"],"acf":[],"yoast_head":"<!-- This site is optimized with the Yoast SEO plugin v27.3 - https:\/\/yoast.com\/product\/yoast-seo-wordpress\/ -->\n<title>Matkustaminen, majoitus ja tietoa kampuksesta - Sosiaalipolitiikan p\u00e4iv\u00e4t 2024: Turvallisuus<\/title>\n<meta name=\"robots\" content=\"index, follow, max-snippet:-1, max-image-preview:large, max-video-preview:-1\" \/>\n<link rel=\"canonical\" href=\"https:\/\/sites.uef.fi\/sosiaalipolitiikanpaivat2024\/matkustus-ja-majoitus\/\" \/>\n<meta property=\"og:locale\" content=\"fi_FI\" \/>\n<meta property=\"og:type\" content=\"article\" \/>\n<meta property=\"og:title\" content=\"Matkustaminen, majoitus ja tietoa kampuksesta - Sosiaalipolitiikan p\u00e4iv\u00e4t 2024: Turvallisuus\" \/>\n<meta property=\"og:description\" content=\"Matkustaminen Joensuuhun ja Joensuussa Joensuuhun on hyv\u00e4t kulkuyhteydet junalla tai linja-autolla. Linja-autoasemalta ja rautatieasemalta on hieman yli kahden kilometrin matka Joensuun kampukselle. Joensuuhun p\u00e4\u00e4see my\u00f6s lent\u00e4en. Lentoasema on noin 12 kilometrin p\u00e4\u00e4ss\u00e4 Joensuun keskustasta. Joukkoliikene Joensuun kampukselle on hyv\u00e4t bussiyhteydet. Reittiopas l\u00f6ytyy osoitteesta https:\/\/jojo.joensuu.fi\/ sek\u00e4 Waltti-mobiilisovelluksesta josta voit ostaa mobiililippusi suoraan. Voit my\u00f6s maksaa lippusi [&hellip;]\" \/>\n<meta property=\"og:url\" content=\"https:\/\/sites.uef.fi\/sosiaalipolitiikanpaivat2024\/matkustus-ja-majoitus\/\" \/>\n<meta property=\"og:site_name\" content=\"Sosiaalipolitiikan p\u00e4iv\u00e4t 2024: Turvallisuus\" \/>\n<meta property=\"article:modified_time\" content=\"2024-07-08T12:31:26+00:00\" \/>\n<meta property=\"og:image\" content=\"https:\/\/sites.uef.fi\/sosiaalipolitiikanpaivat2024\/wp-content\/uploads\/sites\/474\/2024\/04\/Sos.pol_.fb_-1024x406.jpg\" \/>\n<meta name=\"twitter:card\" content=\"summary_large_image\" \/>\n<meta name=\"twitter:label1\" content=\"Arvioitu lukuaika\" \/>\n\t<meta name=\"twitter:data1\" content=\"2 minuuttia\" \/>\n<script type=\"application\/ld+json\" class=\"yoast-schema-graph\">{\"@context\":\"https:\\\/\\\/schema.org\",\"@graph\":[{\"@type\":\"WebPage\",\"@id\":\"https:\\\/\\\/sites.uef.fi\\\/sosiaalipolitiikanpaivat2024\\\/matkustus-ja-majoitus\\\/\",\"url\":\"https:\\\/\\\/sites.uef.fi\\\/sosiaalipolitiikanpaivat2024\\\/matkustus-ja-majoitus\\\/\",\"name\":\"Matkustaminen, majoitus ja tietoa kampuksesta - Sosiaalipolitiikan p\u00e4iv\u00e4t 2024: Turvallisuus\",\"isPartOf\":{\"@id\":\"https:\\\/\\\/sites.uef.fi\\\/sosiaalipolitiikanpaivat2024\\\/#website\"},\"primaryImageOfPage\":{\"@id\":\"https:\\\/\\\/sites.uef.fi\\\/sosiaalipolitiikanpaivat2024\\\/matkustus-ja-majoitus\\\/#primaryimage\"},\"image\":{\"@id\":\"https:\\\/\\\/sites.uef.fi\\\/sosiaalipolitiikanpaivat2024\\\/matkustus-ja-majoitus\\\/#primaryimage\"},\"thumbnailUrl\":\"https:\\\/\\\/sites.uef.fi\\\/sosiaalipolitiikanpaivat2024\\\/wp-content\\\/uploads\\\/sites\\\/474\\\/2024\\\/04\\\/Sos.pol_.fb_-1024x406.jpg\",\"datePublished\":\"2024-04-10T07:14:12+00:00\",\"dateModified\":\"2024-07-08T12:31:26+00:00\",\"breadcrumb\":{\"@id\":\"https:\\\/\\\/sites.uef.fi\\\/sosiaalipolitiikanpaivat2024\\\/matkustus-ja-majoitus\\\/#breadcrumb\"},\"inLanguage\":\"fi\",\"potentialAction\":[{\"@type\":\"ReadAction\",\"target\":[\"https:\\\/\\\/sites.uef.fi\\\/sosiaalipolitiikanpaivat2024\\\/matkustus-ja-majoitus\\\/\"]}]},{\"@type\":\"ImageObject\",\"inLanguage\":\"fi\",\"@id\":\"https:\\\/\\\/sites.uef.fi\\\/sosiaalipolitiikanpaivat2024\\\/matkustus-ja-majoitus\\\/#primaryimage\",\"url\":\"https:\\\/\\\/sites.uef.fi\\\/sosiaalipolitiikanpaivat2024\\\/wp-content\\\/uploads\\\/sites\\\/474\\\/2024\\\/04\\\/Sos.pol_.fb_.jpg\",\"contentUrl\":\"https:\\\/\\\/sites.uef.fi\\\/sosiaalipolitiikanpaivat2024\\\/wp-content\\\/uploads\\\/sites\\\/474\\\/2024\\\/04\\\/Sos.pol_.fb_.jpg\",\"width\":1472,\"height\":583},{\"@type\":\"BreadcrumbList\",\"@id\":\"https:\\\/\\\/sites.uef.fi\\\/sosiaalipolitiikanpaivat2024\\\/matkustus-ja-majoitus\\\/#breadcrumb\",\"itemListElement\":[{\"@type\":\"ListItem\",\"position\":1,\"name\":\"Home\",\"item\":\"https:\\\/\\\/sites.uef.fi\\\/sosiaalipolitiikanpaivat2024\\\/\"},{\"@type\":\"ListItem\",\"position\":2,\"name\":\"Matkustaminen, majoitus ja tietoa kampuksesta\"}]},{\"@type\":\"WebSite\",\"@id\":\"https:\\\/\\\/sites.uef.fi\\\/sosiaalipolitiikanpaivat2024\\\/#website\",\"url\":\"https:\\\/\\\/sites.uef.fi\\\/sosiaalipolitiikanpaivat2024\\\/\",\"name\":\"Sosiaalipolitiikan p\u00e4iv\u00e4t 2024: Turvallisuus\",\"description\":\"\",\"potentialAction\":[{\"@type\":\"SearchAction\",\"target\":{\"@type\":\"EntryPoint\",\"urlTemplate\":\"https:\\\/\\\/sites.uef.fi\\\/sosiaalipolitiikanpaivat2024\\\/?s={search_term_string}\"},\"query-input\":{\"@type\":\"PropertyValueSpecification\",\"valueRequired\":true,\"valueName\":\"search_term_string\"}}],\"inLanguage\":\"fi\"}]}<\/script>\n<!-- \/ Yoast SEO plugin. -->","yoast_head_json":{"title":"Matkustaminen, majoitus ja tietoa kampuksesta - Sosiaalipolitiikan p\u00e4iv\u00e4t 2024: Turvallisuus","robots":{"index":"index","follow":"follow","max-snippet":"max-snippet:-1","max-image-preview":"max-image-preview:large","max-video-preview":"max-video-preview:-1"},"canonical":"https:\/\/sites.uef.fi\/sosiaalipolitiikanpaivat2024\/matkustus-ja-majoitus\/","og_locale":"fi_FI","og_type":"article","og_title":"Matkustaminen, majoitus ja tietoa kampuksesta - Sosiaalipolitiikan p\u00e4iv\u00e4t 2024: Turvallisuus","og_description":"Matkustaminen Joensuuhun ja Joensuussa Joensuuhun on hyv\u00e4t kulkuyhteydet junalla tai linja-autolla. Linja-autoasemalta ja rautatieasemalta on hieman yli kahden kilometrin matka Joensuun kampukselle. Joensuuhun p\u00e4\u00e4see my\u00f6s lent\u00e4en. Lentoasema on noin 12 kilometrin p\u00e4\u00e4ss\u00e4 Joensuun keskustasta. Joukkoliikene Joensuun kampukselle on hyv\u00e4t bussiyhteydet. Reittiopas l\u00f6ytyy osoitteesta https:\/\/jojo.joensuu.fi\/ sek\u00e4 Waltti-mobiilisovelluksesta josta voit ostaa mobiililippusi suoraan. Voit my\u00f6s maksaa lippusi [&hellip;]","og_url":"https:\/\/sites.uef.fi\/sosiaalipolitiikanpaivat2024\/matkustus-ja-majoitus\/","og_site_name":"Sosiaalipolitiikan p\u00e4iv\u00e4t 2024: Turvallisuus","article_modified_time":"2024-07-08T12:31:26+00:00","og_image":[{"url":"https:\/\/sites.uef.fi\/sosiaalipolitiikanpaivat2024\/wp-content\/uploads\/sites\/474\/2024\/04\/Sos.pol_.fb_-1024x406.jpg","type":"","width":"","height":""}],"twitter_card":"summary_large_image","twitter_misc":{"Arvioitu lukuaika":"2 minuuttia"},"schema":{"@context":"https:\/\/schema.org","@graph":[{"@type":"WebPage","@id":"https:\/\/sites.uef.fi\/sosiaalipolitiikanpaivat2024\/matkustus-ja-majoitus\/","url":"https:\/\/sites.uef.fi\/sosiaalipolitiikanpaivat2024\/matkustus-ja-majoitus\/","name":"Matkustaminen, majoitus ja tietoa kampuksesta - Sosiaalipolitiikan p\u00e4iv\u00e4t 2024: Turvallisuus","isPartOf":{"@id":"https:\/\/sites.uef.fi\/sosiaalipolitiikanpaivat2024\/#website"},"primaryImageOfPage":{"@id":"https:\/\/sites.uef.fi\/sosiaalipolitiikanpaivat2024\/matkustus-ja-majoitus\/#primaryimage"},"image":{"@id":"https:\/\/sites.uef.fi\/sosiaalipolitiikanpaivat2024\/matkustus-ja-majoitus\/#primaryimage"},"thumbnailUrl":"https:\/\/sites.uef.fi\/sosiaalipolitiikanpaivat2024\/wp-content\/uploads\/sites\/474\/2024\/04\/Sos.pol_.fb_-1024x406.jpg","datePublished":"2024-04-10T07:14:12+00:00","dateModified":"2024-07-08T12:31:26+00:00","breadcrumb":{"@id":"https:\/\/sites.uef.fi\/sosiaalipolitiikanpaivat2024\/matkustus-ja-majoitus\/#breadcrumb"},"inLanguage":"fi","potentialAction":[{"@type":"ReadAction","target":["https:\/\/sites.uef.fi\/sosiaalipolitiikanpaivat2024\/matkustus-ja-majoitus\/"]}]},{"@type":"ImageObject","inLanguage":"fi","@id":"https:\/\/sites.uef.fi\/sosiaalipolitiikanpaivat2024\/matkustus-ja-majoitus\/#primaryimage","url":"https:\/\/sites.uef.fi\/sosiaalipolitiikanpaivat2024\/wp-content\/uploads\/sites\/474\/2024\/04\/Sos.pol_.fb_.jpg","contentUrl":"https:\/\/sites.uef.fi\/sosiaalipolitiikanpaivat2024\/wp-content\/uploads\/sites\/474\/2024\/04\/Sos.pol_.fb_.jpg","width":1472,"height":583},{"@type":"BreadcrumbList","@id":"https:\/\/sites.uef.fi\/sosiaalipolitiikanpaivat2024\/matkustus-ja-majoitus\/#breadcrumb","itemListElement":[{"@type":"ListItem","position":1,"name":"Home","item":"https:\/\/sites.uef.fi\/sosiaalipolitiikanpaivat2024\/"},{"@type":"ListItem","position":2,"name":"Matkustaminen, majoitus ja tietoa kampuksesta"}]},{"@type":"WebSite","@id":"https:\/\/sites.uef.fi\/sosiaalipolitiikanpaivat2024\/#website","url":"https:\/\/sites.uef.fi\/sosiaalipolitiikanpaivat2024\/","name":"Sosiaalipolitiikan p\u00e4iv\u00e4t 2024: Turvallisuus","description":"","potentialAction":[{"@type":"SearchAction","target":{"@type":"EntryPoint","urlTemplate":"https:\/\/sites.uef.fi\/sosiaalipolitiikanpaivat2024\/?s={search_term_string}"},"query-input":{"@type":"PropertyValueSpecification","valueRequired":true,"valueName":"search_term_string"}}],"inLanguage":"fi"}]}},"_links":{"self":[{"href":"https:\/\/sites.uef.fi\/sosiaalipolitiikanpaivat2024\/wp-json\/wp\/v2\/pages\/285","targetHints":{"allow":["GET"]}}],"collection":[{"href":"https:\/\/sites.uef.fi\/sosiaalipolitiikanpaivat2024\/wp-json\/wp\/v2\/pages"}],"about":[{"href":"https:\/\/sites.uef.fi\/sosiaalipolitiikanpaivat2024\/wp-json\/wp\/v2\/types\/page"}],"author":[{"embeddable":true,"href":"https:\/\/sites.uef.fi\/sosiaalipolitiikanpaivat2024\/wp-json\/wp\/v2\/users\/1126"}],"replies":[{"embeddable":true,"href":"https:\/\/sites.uef.fi\/sosiaalipolitiikanpaivat2024\/wp-json\/wp\/v2\/comments?post=285"}],"version-history":[{"count":1,"href":"https:\/\/sites.uef.fi\/sosiaalipolitiikanpaivat2024\/wp-json\/wp\/v2\/pages\/285\/revisions"}],"predecessor-version":[{"id":964,"href":"https:\/\/sites.uef.fi\/sosiaalipolitiikanpaivat2024\/wp-json\/wp\/v2\/pages\/285\/revisions\/964"}],"wp:attachment":[{"href":"https:\/\/sites.uef.fi\/sosiaalipolitiikanpaivat2024\/wp-json\/wp\/v2\/media?parent=285"}],"curies":[{"name":"wp","href":"https:\/\/api.w.org\/{rel}","templated":true}]}}