{"id":291,"date":"2024-04-10T09:15:09","date_gmt":"2024-04-10T07:15:09","guid":{"rendered":"https:\/\/sites.uef.fi\/sosiaalipolitiikanpaivat2024\/?page_id=291"},"modified":"2024-10-23T13:53:10","modified_gmt":"2024-10-23T11:53:10","slug":"yhteistyokumppanit","status":"publish","type":"page","link":"https:\/\/sites.uef.fi\/sosiaalipolitiikanpaivat2024\/yhteistyokumppanit\/","title":{"rendered":"Yhteisty\u00f6kumppanit"},"content":{"rendered":"\n<figure class=\"wp-block-image size-large\"><img loading=\"lazy\" decoding=\"async\" width=\"1024\" height=\"406\" src=\"https:\/\/sites.uef.fi\/sosiaalipolitiikanpaivat2024\/wp-content\/uploads\/sites\/474\/2024\/04\/Sos.pol_.fb_-1-1024x406.jpg\" alt=\"\" class=\"wp-image-522\" srcset=\"https:\/\/sites.uef.fi\/sosiaalipolitiikanpaivat2024\/wp-content\/uploads\/sites\/474\/2024\/04\/Sos.pol_.fb_-1-1024x406.jpg 1024w, https:\/\/sites.uef.fi\/sosiaalipolitiikanpaivat2024\/wp-content\/uploads\/sites\/474\/2024\/04\/Sos.pol_.fb_-1-300x119.jpg 300w, https:\/\/sites.uef.fi\/sosiaalipolitiikanpaivat2024\/wp-content\/uploads\/sites\/474\/2024\/04\/Sos.pol_.fb_-1-768x304.jpg 768w, https:\/\/sites.uef.fi\/sosiaalipolitiikanpaivat2024\/wp-content\/uploads\/sites\/474\/2024\/04\/Sos.pol_.fb_-1.jpg 1472w\" sizes=\"auto, (max-width: 1024px) 100vw, 1024px\" \/><\/figure>\n\n\n    <div class=\"funders grid\">\n                        <a href=\"https:\/\/www.joensuu.fi\/\" class=\"funders__link grid__item hover-scale-down\" title=\"Pielisjoen varrella sijaitsevaa kaupunkia voidaan kuvailla ilmaisuilla erilaisuutta arvostava, el\u00e4m\u00e4niloinen, v\u00e4h\u00e4n outo ja yhteis\u00f6llinen.\">\n                            <div class=\"funders__image\">\n                    <img decoding=\"async\" src=\"https:\/\/sites.uef.fi\/sosiaalipolitiikanpaivat2024\/wp-content\/uploads\/sites\/474\/2024\/09\/tukemassa_joensuu_tunnus_sininen-1.png\" alt=\"Tukemassa JOENSUU - banneri\" \/>\n                <\/div>\n                                    <p class=\"funders__description\">Pielisjoen varrella sijaitsevaa kaupunkia voidaan kuvailla ilmaisuilla erilaisuutta arvostava, el\u00e4m\u00e4niloinen, v\u00e4h\u00e4n outo ja yhteis\u00f6llinen.<\/p>\n                                                    <div class=\"funders__arrow\">\n                    <svg xmlns=\"http:\/\/www.w3.org\/2000\/svg\" height=\"25px\" viewBox=\"0 -960 960 960\" width=\"24px\" ><path fill=\"currentColor\" d=\"M200-120q-33 0-56.5-23.5T120-200v-560q0-33 23.5-56.5T200-840h280v80H200v560h560v-280h80v280q0 33-23.5 56.5T760-120H200Zm188-212-56-56 372-372H560v-80h280v280h-80v-144L388-332Z\"\/><\/svg>                    <\/div>\n                <\/a>\n                            \n                        <a href=\"https:\/\/tieteentekijat.fi\" class=\"funders__link grid__item hover-scale-down\" title=\"Tieteentekij\u00e4t on kaikkien tieteen, tutkimuksen ja korkeakouluopetuksen parissa ty\u00f6skentelevien aktiivinen ammattiliitto.\">\n                            <div class=\"funders__image\">\n                    <img decoding=\"async\" src=\"https:\/\/sites.uef.fi\/sosiaalipolitiikanpaivat2024\/wp-content\/uploads\/sites\/474\/2024\/09\/Tieteentekijat-logo-scaled.jpg\" alt=\"Tieteentekij\u00f6iden liiton logo\" \/>\n                <\/div>\n                                    <p class=\"funders__description\">Tieteentekij\u00e4t on kaikkien tieteen, tutkimuksen ja korkeakouluopetuksen parissa ty\u00f6skentelevien aktiivinen ammattiliitto.<\/p>\n                                                    <div class=\"funders__arrow\">\n                    <svg xmlns=\"http:\/\/www.w3.org\/2000\/svg\" height=\"25px\" viewBox=\"0 -960 960 960\" width=\"24px\" ><path fill=\"currentColor\" d=\"M200-120q-33 0-56.5-23.5T120-200v-560q0-33 23.5-56.5T200-840h280v80H200v560h560v-280h80v280q0 33-23.5 56.5T760-120H200Zm188-212-56-56 372-372H560v-80h280v280h-80v-144L388-332Z\"\/><\/svg>                    <\/div>\n                <\/a>\n                            \n                        <a href=\"https:\/\/proliitto.fi\/fi\" class=\"funders__link grid__item hover-scale-down\" title=\"Ammattiliitto Pro on ty\u00f6el\u00e4m\u00e4n joukkovoima ja yksi Suomen suurimmista ammattiliitoista.\">\n                            <div class=\"funders__image\">\n                    <img decoding=\"async\" src=\"https:\/\/sites.uef.fi\/sosiaalipolitiikanpaivat2024\/wp-content\/uploads\/sites\/474\/2024\/09\/Pro_Logo_RGB-1.jpg\" alt=\"Ammattiliitto Pron logo\" \/>\n                <\/div>\n                                    <p class=\"funders__description\">Ammattiliitto Pro on ty\u00f6el\u00e4m\u00e4n joukkovoima ja yksi Suomen suurimmista ammattiliitoista.<\/p>\n                                                    <div class=\"funders__arrow\">\n                    <svg xmlns=\"http:\/\/www.w3.org\/2000\/svg\" height=\"25px\" viewBox=\"0 -960 960 960\" width=\"24px\" ><path fill=\"currentColor\" d=\"M200-120q-33 0-56.5-23.5T120-200v-560q0-33 23.5-56.5T200-840h280v80H200v560h560v-280h80v280q0 33-23.5 56.5T760-120H200Zm188-212-56-56 372-372H560v-80h280v280h-80v-144L388-332Z\"\/><\/svg>                    <\/div>\n                <\/a>\n                            \n                        <a href=\"https:\/\/www.uef.fi\/en\/research-community\/borders-mobilities-and-cultural-encounters-bomocult\" class=\"funders__link grid__item hover-scale-down\" title=\"BOMOCULT on It\u00e4-Suomen yliopiston tutkimusyhteis\u00f6, jonka nimitys tulee sanoista Borders, Mobilities ja Cultural Encounters. Yhteis\u00f6n tavoitteena on tuoda yhteen tutkimusryhmi\u00e4 ja tutkijoita useilta eri laitoksilta vastatakseen globaaleihin haasteisiin.\">\n                            <div class=\"funders__image\">\n                    <img decoding=\"async\" src=\"https:\/\/sites.uef.fi\/sosiaalipolitiikanpaivat2024\/wp-content\/uploads\/sites\/474\/2024\/09\/UEF_Bomocult_Logo_nettiin-e1727354116613.jpg\" alt=\"BOMOCULT logo, valkoisella taustalla ja mustalla taustalla\" \/>\n                <\/div>\n                                    <p class=\"funders__description\">BOMOCULT on It\u00e4-Suomen yliopiston tutkimusyhteis\u00f6, jonka nimitys tulee sanoista Borders, Mobilities ja Cultural Encounters. Yhteis\u00f6n tavoitteena on tuoda yhteen tutkimusryhmi\u00e4 ja tutkijoita useilta eri laitoksilta vastatakseen globaaleihin haasteisiin.<\/p>\n                                                    <div class=\"funders__arrow\">\n                    <svg xmlns=\"http:\/\/www.w3.org\/2000\/svg\" height=\"25px\" viewBox=\"0 -960 960 960\" width=\"24px\" ><path fill=\"currentColor\" d=\"M200-120q-33 0-56.5-23.5T120-200v-560q0-33 23.5-56.5T200-840h280v80H200v560h560v-280h80v280q0 33-23.5 56.5T760-120H200Zm188-212-56-56 372-372H560v-80h280v280h-80v-144L388-332Z\"\/><\/svg>                    <\/div>\n                <\/a>\n                            \n                        <a href=\"https:\/\/www.uef.fi\/fi\/yksikko\/yhteiskuntatieteiden-laitos\" class=\"funders__link grid__item hover-scale-down\" title=\"Yhteiskuntatieteet tarjoavat analyyttisi\u00e4 ja uutta luotaavia n\u00e4k\u00f6kulmia hyvinvointiin sek\u00e4 jatkuvassa liikkeess\u00e4 olevaan maailmaan. It\u00e4-Suomen yliopiston yhteiskuntatieteiden laitos on monitieteinen, ja se toimii sek\u00e4 Joensuussa ett\u00e4 Kuopiossa.\">\n                            <div class=\"funders__image\">\n                    <img decoding=\"async\" src=\"https:\/\/sites.uef.fi\/sosiaalipolitiikanpaivat2024\/wp-content\/uploads\/sites\/474\/2024\/04\/UEF-musta-logo-engl-pysty-scaled.jpg\" alt=\"UEF Logo, Black text on white background\" \/>\n                <\/div>\n                                    <p class=\"funders__description\">Yhteiskuntatieteet tarjoavat analyyttisi\u00e4 ja uutta luotaavia n\u00e4k\u00f6kulmia hyvinvointiin sek\u00e4 jatkuvassa liikkeess\u00e4 olevaan maailmaan. It\u00e4-Suomen yliopiston yhteiskuntatieteiden laitos on monitieteinen, ja se toimii sek\u00e4 Joensuussa ett\u00e4 Kuopiossa.<\/p>\n                                                    <div class=\"funders__arrow\">\n                    <svg xmlns=\"http:\/\/www.w3.org\/2000\/svg\" height=\"25px\" viewBox=\"0 -960 960 960\" width=\"24px\" ><path fill=\"currentColor\" d=\"M200-120q-33 0-56.5-23.5T120-200v-560q0-33 23.5-56.5T200-840h280v80H200v560h560v-280h80v280q0 33-23.5 56.5T760-120H200Zm188-212-56-56 372-372H560v-80h280v280h-80v-144L388-332Z\"\/><\/svg>                    <\/div>\n                <\/a>\n                            \n                        <a href=\"https:\/\/blogit.utu.fi\/tkyt\/yhdistys\/\" class=\"funders__link grid__item hover-scale-down\" title=\"Turun korkeakoulujen yhteiskunnallis-taloudellinen tutkimusyhdistys on perustettu vuonna 1957. Yhdistyksen tarkoituksena on edist\u00e4\u00e4 ja tukea sellaista tieteellist\u00e4 tutkimusty\u00f6t\u00e4, jonka kohteina ovat taloudelliset ja yhteiskunnalliset sek\u00e4 niihin liittyv\u00e4t aiheet.\">\n                            <div class=\"funders__image\">\n                    <img decoding=\"async\" src=\"https:\/\/sites.uef.fi\/sosiaalipolitiikanpaivat2024\/wp-content\/uploads\/sites\/474\/2024\/10\/Social-Research_Logo.png\" alt=\"Turun korkeakoulujen yhteiskunnallis-taloudellisen tutkimusyhdistyksen logo, valko-vihre\u00e4 valkoisella tekstill\u00e4\" \/>\n                <\/div>\n                                    <p class=\"funders__description\">Turun korkeakoulujen yhteiskunnallis-taloudellinen tutkimusyhdistys on perustettu vuonna 1957. Yhdistyksen tarkoituksena on edist\u00e4\u00e4 ja tukea sellaista tieteellist\u00e4 tutkimusty\u00f6t\u00e4, jonka kohteina ovat taloudelliset ja yhteiskunnalliset sek\u00e4 niihin liittyv\u00e4t aiheet.<\/p>\n                                                    <div class=\"funders__arrow\">\n                    <svg xmlns=\"http:\/\/www.w3.org\/2000\/svg\" height=\"25px\" viewBox=\"0 -960 960 960\" width=\"24px\" ><path fill=\"currentColor\" d=\"M200-120q-33 0-56.5-23.5T120-200v-560q0-33 23.5-56.5T200-840h280v80H200v560h560v-280h80v280q0 33-23.5 56.5T760-120H200Zm188-212-56-56 372-372H560v-80h280v280h-80v-144L388-332Z\"\/><\/svg>                    <\/div>\n                <\/a>\n                            \n                        <a href=\"https:\/\/www.tsv.fi\/fi\" class=\"funders__link grid__item hover-scale-down\" title=\"Tieteellisten seurain valtuuskunta (TSV) on merkitt\u00e4v\u00e4 ja riippumaton asiantuntijaelin tieteenharjoittamista ja tiedepolitiikkaa koskevissa asioissa. Sen teht\u00e4v\u00e4n\u00e4 on edist\u00e4\u00e4 yhteistoimintaa, tiedonv\u00e4lityst\u00e4 ja julkaisutoimintaa sek\u00e4 tutkimustiedon tunnetuksi tekemist\u00e4 ja sen k\u00e4ytt\u00f6\u00e4 yhteiskunnassa\">\n                            <div class=\"funders__image\">\n                    <img decoding=\"async\" src=\"https:\/\/sites.uef.fi\/sosiaalipolitiikanpaivat2024\/wp-content\/uploads\/sites\/474\/2024\/10\/Tieteellisten-seurain-valtuusLogo.png\" alt=\"Tieteellisten seurain valtuuskunta - logo\" \/>\n                <\/div>\n                                    <p class=\"funders__description\">Tieteellisten seurain valtuuskunta (TSV) on merkitt\u00e4v\u00e4 ja riippumaton asiantuntijaelin tieteenharjoittamista ja tiedepolitiikkaa koskevissa asioissa. Sen teht\u00e4v\u00e4n\u00e4 on edist\u00e4\u00e4 yhteistoimintaa, tiedonv\u00e4lityst\u00e4 ja julkaisutoimintaa sek\u00e4 tutkimustiedon tunnetuksi tekemist\u00e4 ja sen k\u00e4ytt\u00f6\u00e4 yhteiskunnassa<\/p>\n                                                    <div class=\"funders__arrow\">\n                    <svg xmlns=\"http:\/\/www.w3.org\/2000\/svg\" height=\"25px\" viewBox=\"0 -960 960 960\" width=\"24px\" ><path fill=\"currentColor\" d=\"M200-120q-33 0-56.5-23.5T120-200v-560q0-33 23.5-56.5T200-840h280v80H200v560h560v-280h80v280q0 33-23.5 56.5T760-120H200Zm188-212-56-56 372-372H560v-80h280v280h-80v-144L388-332Z\"\/><\/svg>                    <\/div>\n                <\/a>\n                            \n            <\/div>\n","protected":false},"excerpt":{"rendered":"","protected":false},"author":1126,"featured_media":0,"parent":0,"menu_order":0,"comment_status":"closed","ping_status":"closed","template":"","meta":{"_acf_changed":false,"footnotes":""},"class_list":["post-291","page","type-page","status-publish","hentry"],"acf":[],"yoast_head":"<!-- This site is optimized with the Yoast SEO plugin v27.3 - https:\/\/yoast.com\/product\/yoast-seo-wordpress\/ -->\n<title>Yhteisty\u00f6kumppanit - Sosiaalipolitiikan p\u00e4iv\u00e4t 2024: Turvallisuus<\/title>\n<meta name=\"robots\" content=\"index, follow, max-snippet:-1, max-image-preview:large, max-video-preview:-1\" \/>\n<link rel=\"canonical\" href=\"https:\/\/sites.uef.fi\/sosiaalipolitiikanpaivat2024\/yhteistyokumppanit\/\" \/>\n<meta property=\"og:locale\" content=\"fi_FI\" \/>\n<meta property=\"og:type\" content=\"article\" \/>\n<meta property=\"og:title\" content=\"Yhteisty\u00f6kumppanit - Sosiaalipolitiikan p\u00e4iv\u00e4t 2024: Turvallisuus\" \/>\n<meta property=\"og:url\" content=\"https:\/\/sites.uef.fi\/sosiaalipolitiikanpaivat2024\/yhteistyokumppanit\/\" \/>\n<meta property=\"og:site_name\" content=\"Sosiaalipolitiikan p\u00e4iv\u00e4t 2024: Turvallisuus\" \/>\n<meta property=\"article:modified_time\" content=\"2024-10-23T11:53:10+00:00\" \/>\n<meta property=\"og:image\" content=\"https:\/\/sites.uef.fi\/sosiaalipolitiikanpaivat2024\/wp-content\/uploads\/sites\/474\/2024\/04\/Sos.pol_.fb_-1.jpg\" \/>\n\t<meta property=\"og:image:width\" content=\"1472\" \/>\n\t<meta property=\"og:image:height\" content=\"583\" \/>\n\t<meta property=\"og:image:type\" content=\"image\/jpeg\" \/>\n<meta name=\"twitter:card\" content=\"summary_large_image\" \/>\n<meta name=\"twitter:label1\" content=\"Arvioitu lukuaika\" \/>\n\t<meta name=\"twitter:data1\" content=\"1 minuutti\" \/>\n<script type=\"application\/ld+json\" class=\"yoast-schema-graph\">{\"@context\":\"https:\\\/\\\/schema.org\",\"@graph\":[{\"@type\":\"WebPage\",\"@id\":\"https:\\\/\\\/sites.uef.fi\\\/sosiaalipolitiikanpaivat2024\\\/yhteistyokumppanit\\\/\",\"url\":\"https:\\\/\\\/sites.uef.fi\\\/sosiaalipolitiikanpaivat2024\\\/yhteistyokumppanit\\\/\",\"name\":\"Yhteisty\u00f6kumppanit - Sosiaalipolitiikan p\u00e4iv\u00e4t 2024: Turvallisuus\",\"isPartOf\":{\"@id\":\"https:\\\/\\\/sites.uef.fi\\\/sosiaalipolitiikanpaivat2024\\\/#website\"},\"primaryImageOfPage\":{\"@id\":\"https:\\\/\\\/sites.uef.fi\\\/sosiaalipolitiikanpaivat2024\\\/yhteistyokumppanit\\\/#primaryimage\"},\"image\":{\"@id\":\"https:\\\/\\\/sites.uef.fi\\\/sosiaalipolitiikanpaivat2024\\\/yhteistyokumppanit\\\/#primaryimage\"},\"thumbnailUrl\":\"https:\\\/\\\/sites.uef.fi\\\/sosiaalipolitiikanpaivat2024\\\/wp-content\\\/uploads\\\/sites\\\/474\\\/2024\\\/04\\\/Sos.pol_.fb_-1-1024x406.jpg\",\"datePublished\":\"2024-04-10T07:15:09+00:00\",\"dateModified\":\"2024-10-23T11:53:10+00:00\",\"breadcrumb\":{\"@id\":\"https:\\\/\\\/sites.uef.fi\\\/sosiaalipolitiikanpaivat2024\\\/yhteistyokumppanit\\\/#breadcrumb\"},\"inLanguage\":\"fi\",\"potentialAction\":[{\"@type\":\"ReadAction\",\"target\":[\"https:\\\/\\\/sites.uef.fi\\\/sosiaalipolitiikanpaivat2024\\\/yhteistyokumppanit\\\/\"]}]},{\"@type\":\"ImageObject\",\"inLanguage\":\"fi\",\"@id\":\"https:\\\/\\\/sites.uef.fi\\\/sosiaalipolitiikanpaivat2024\\\/yhteistyokumppanit\\\/#primaryimage\",\"url\":\"https:\\\/\\\/sites.uef.fi\\\/sosiaalipolitiikanpaivat2024\\\/wp-content\\\/uploads\\\/sites\\\/474\\\/2024\\\/04\\\/Sos.pol_.fb_-1.jpg\",\"contentUrl\":\"https:\\\/\\\/sites.uef.fi\\\/sosiaalipolitiikanpaivat2024\\\/wp-content\\\/uploads\\\/sites\\\/474\\\/2024\\\/04\\\/Sos.pol_.fb_-1.jpg\",\"width\":1472,\"height\":583},{\"@type\":\"BreadcrumbList\",\"@id\":\"https:\\\/\\\/sites.uef.fi\\\/sosiaalipolitiikanpaivat2024\\\/yhteistyokumppanit\\\/#breadcrumb\",\"itemListElement\":[{\"@type\":\"ListItem\",\"position\":1,\"name\":\"Home\",\"item\":\"https:\\\/\\\/sites.uef.fi\\\/sosiaalipolitiikanpaivat2024\\\/\"},{\"@type\":\"ListItem\",\"position\":2,\"name\":\"Yhteisty\u00f6kumppanit\"}]},{\"@type\":\"WebSite\",\"@id\":\"https:\\\/\\\/sites.uef.fi\\\/sosiaalipolitiikanpaivat2024\\\/#website\",\"url\":\"https:\\\/\\\/sites.uef.fi\\\/sosiaalipolitiikanpaivat2024\\\/\",\"name\":\"Sosiaalipolitiikan p\u00e4iv\u00e4t 2024: Turvallisuus\",\"description\":\"\",\"potentialAction\":[{\"@type\":\"SearchAction\",\"target\":{\"@type\":\"EntryPoint\",\"urlTemplate\":\"https:\\\/\\\/sites.uef.fi\\\/sosiaalipolitiikanpaivat2024\\\/?s={search_term_string}\"},\"query-input\":{\"@type\":\"PropertyValueSpecification\",\"valueRequired\":true,\"valueName\":\"search_term_string\"}}],\"inLanguage\":\"fi\"}]}<\/script>\n<!-- \/ Yoast SEO plugin. -->","yoast_head_json":{"title":"Yhteisty\u00f6kumppanit - Sosiaalipolitiikan p\u00e4iv\u00e4t 2024: Turvallisuus","robots":{"index":"index","follow":"follow","max-snippet":"max-snippet:-1","max-image-preview":"max-image-preview:large","max-video-preview":"max-video-preview:-1"},"canonical":"https:\/\/sites.uef.fi\/sosiaalipolitiikanpaivat2024\/yhteistyokumppanit\/","og_locale":"fi_FI","og_type":"article","og_title":"Yhteisty\u00f6kumppanit - Sosiaalipolitiikan p\u00e4iv\u00e4t 2024: Turvallisuus","og_url":"https:\/\/sites.uef.fi\/sosiaalipolitiikanpaivat2024\/yhteistyokumppanit\/","og_site_name":"Sosiaalipolitiikan p\u00e4iv\u00e4t 2024: Turvallisuus","article_modified_time":"2024-10-23T11:53:10+00:00","og_image":[{"width":1472,"height":583,"url":"https:\/\/sites.uef.fi\/sosiaalipolitiikanpaivat2024\/wp-content\/uploads\/sites\/474\/2024\/04\/Sos.pol_.fb_-1.jpg","type":"image\/jpeg"}],"twitter_card":"summary_large_image","twitter_misc":{"Arvioitu lukuaika":"1 minuutti"},"schema":{"@context":"https:\/\/schema.org","@graph":[{"@type":"WebPage","@id":"https:\/\/sites.uef.fi\/sosiaalipolitiikanpaivat2024\/yhteistyokumppanit\/","url":"https:\/\/sites.uef.fi\/sosiaalipolitiikanpaivat2024\/yhteistyokumppanit\/","name":"Yhteisty\u00f6kumppanit - Sosiaalipolitiikan p\u00e4iv\u00e4t 2024: Turvallisuus","isPartOf":{"@id":"https:\/\/sites.uef.fi\/sosiaalipolitiikanpaivat2024\/#website"},"primaryImageOfPage":{"@id":"https:\/\/sites.uef.fi\/sosiaalipolitiikanpaivat2024\/yhteistyokumppanit\/#primaryimage"},"image":{"@id":"https:\/\/sites.uef.fi\/sosiaalipolitiikanpaivat2024\/yhteistyokumppanit\/#primaryimage"},"thumbnailUrl":"https:\/\/sites.uef.fi\/sosiaalipolitiikanpaivat2024\/wp-content\/uploads\/sites\/474\/2024\/04\/Sos.pol_.fb_-1-1024x406.jpg","datePublished":"2024-04-10T07:15:09+00:00","dateModified":"2024-10-23T11:53:10+00:00","breadcrumb":{"@id":"https:\/\/sites.uef.fi\/sosiaalipolitiikanpaivat2024\/yhteistyokumppanit\/#breadcrumb"},"inLanguage":"fi","potentialAction":[{"@type":"ReadAction","target":["https:\/\/sites.uef.fi\/sosiaalipolitiikanpaivat2024\/yhteistyokumppanit\/"]}]},{"@type":"ImageObject","inLanguage":"fi","@id":"https:\/\/sites.uef.fi\/sosiaalipolitiikanpaivat2024\/yhteistyokumppanit\/#primaryimage","url":"https:\/\/sites.uef.fi\/sosiaalipolitiikanpaivat2024\/wp-content\/uploads\/sites\/474\/2024\/04\/Sos.pol_.fb_-1.jpg","contentUrl":"https:\/\/sites.uef.fi\/sosiaalipolitiikanpaivat2024\/wp-content\/uploads\/sites\/474\/2024\/04\/Sos.pol_.fb_-1.jpg","width":1472,"height":583},{"@type":"BreadcrumbList","@id":"https:\/\/sites.uef.fi\/sosiaalipolitiikanpaivat2024\/yhteistyokumppanit\/#breadcrumb","itemListElement":[{"@type":"ListItem","position":1,"name":"Home","item":"https:\/\/sites.uef.fi\/sosiaalipolitiikanpaivat2024\/"},{"@type":"ListItem","position":2,"name":"Yhteisty\u00f6kumppanit"}]},{"@type":"WebSite","@id":"https:\/\/sites.uef.fi\/sosiaalipolitiikanpaivat2024\/#website","url":"https:\/\/sites.uef.fi\/sosiaalipolitiikanpaivat2024\/","name":"Sosiaalipolitiikan p\u00e4iv\u00e4t 2024: Turvallisuus","description":"","potentialAction":[{"@type":"SearchAction","target":{"@type":"EntryPoint","urlTemplate":"https:\/\/sites.uef.fi\/sosiaalipolitiikanpaivat2024\/?s={search_term_string}"},"query-input":{"@type":"PropertyValueSpecification","valueRequired":true,"valueName":"search_term_string"}}],"inLanguage":"fi"}]}},"_links":{"self":[{"href":"https:\/\/sites.uef.fi\/sosiaalipolitiikanpaivat2024\/wp-json\/wp\/v2\/pages\/291","targetHints":{"allow":["GET"]}}],"collection":[{"href":"https:\/\/sites.uef.fi\/sosiaalipolitiikanpaivat2024\/wp-json\/wp\/v2\/pages"}],"about":[{"href":"https:\/\/sites.uef.fi\/sosiaalipolitiikanpaivat2024\/wp-json\/wp\/v2\/types\/page"}],"author":[{"embeddable":true,"href":"https:\/\/sites.uef.fi\/sosiaalipolitiikanpaivat2024\/wp-json\/wp\/v2\/users\/1126"}],"replies":[{"embeddable":true,"href":"https:\/\/sites.uef.fi\/sosiaalipolitiikanpaivat2024\/wp-json\/wp\/v2\/comments?post=291"}],"version-history":[{"count":1,"href":"https:\/\/sites.uef.fi\/sosiaalipolitiikanpaivat2024\/wp-json\/wp\/v2\/pages\/291\/revisions"}],"predecessor-version":[{"id":1595,"href":"https:\/\/sites.uef.fi\/sosiaalipolitiikanpaivat2024\/wp-json\/wp\/v2\/pages\/291\/revisions\/1595"}],"wp:attachment":[{"href":"https:\/\/sites.uef.fi\/sosiaalipolitiikanpaivat2024\/wp-json\/wp\/v2\/media?parent=291"}],"curies":[{"name":"wp","href":"https:\/\/api.w.org\/{rel}","templated":true}]}}