{"id":309,"date":"2024-04-10T09:19:23","date_gmt":"2024-04-10T07:19:23","guid":{"rendered":"https:\/\/sites.uef.fi\/sosiaalipolitiikanpaivat2024\/?page_id=309"},"modified":"2024-10-17T15:39:37","modified_gmt":"2024-10-17T13:39:37","slug":"illallinen-ja-iltajuhla","status":"publish","type":"page","link":"https:\/\/sites.uef.fi\/sosiaalipolitiikanpaivat2024\/illallinen-ja-iltajuhla\/","title":{"rendered":"Illallinen ja iltajuhla"},"content":{"rendered":"\n<figure class=\"wp-block-image size-large\"><img loading=\"lazy\" decoding=\"async\" width=\"1024\" height=\"405\" src=\"https:\/\/sites.uef.fi\/sosiaalipolitiikanpaivat2024\/wp-content\/uploads\/sites\/474\/2024\/04\/Banneri-joensuu-1-1024x405.jpg\" alt=\"\" class=\"wp-image-425\" srcset=\"https:\/\/sites.uef.fi\/sosiaalipolitiikanpaivat2024\/wp-content\/uploads\/sites\/474\/2024\/04\/Banneri-joensuu-1-1024x405.jpg 1024w, https:\/\/sites.uef.fi\/sosiaalipolitiikanpaivat2024\/wp-content\/uploads\/sites\/474\/2024\/04\/Banneri-joensuu-1-300x119.jpg 300w, https:\/\/sites.uef.fi\/sosiaalipolitiikanpaivat2024\/wp-content\/uploads\/sites\/474\/2024\/04\/Banneri-joensuu-1-768x304.jpg 768w, https:\/\/sites.uef.fi\/sosiaalipolitiikanpaivat2024\/wp-content\/uploads\/sites\/474\/2024\/04\/Banneri-joensuu-1-1536x608.jpg 1536w, https:\/\/sites.uef.fi\/sosiaalipolitiikanpaivat2024\/wp-content\/uploads\/sites\/474\/2024\/04\/Banneri-joensuu-1-2048x811.jpg 2048w, https:\/\/sites.uef.fi\/sosiaalipolitiikanpaivat2024\/wp-content\/uploads\/sites\/474\/2024\/04\/Banneri-joensuu-1-1440x568.jpg 1440w\" sizes=\"auto, (max-width: 1024px) 100vw, 1024px\" \/><\/figure>\n\n\n\n<p>Sosiaalipolitiikan p\u00e4ivien illallinen pidet\u00e4\u00e4n Ravintola Kerubin kellarissa torstaina 24.10. klo 19:00 alkaen. Ravintola Kerubi sijaitsee Ilosaaressa keskell\u00e4 Pielisjoen ylitt\u00e4v\u00e4\u00e4 It\u00e4siltaa, aivan kaupungin keskustassa ja sinne p\u00e4\u00e4see helposti niin k\u00e4vellen, polkupy\u00f6r\u00e4ll\u00e4 tai autolla It\u00e4- ja L\u00e4nsisiltaa pitkin. Pys\u00e4k\u00f6innin osalta huomioitavaa, ett\u00e4 Ilosaaren parkkipaikat kuuluvat Joensuun pys\u00e4k\u00f6inninvalvonnan piiriin ja pys\u00e4k\u00f6inti on maksullista.<\/p>\n\n\n\n<p>Illalliselle voi ostaa illalliskortin (45 e) ilmoittautumisen yhteydess\u00e4. Valikointi l\u00f6ytyy ilmoittautumislomakkeen kohdasta Osallistumismaksut ja oheistapahtumat\/Participation fees and evening programme. Lomakkeella voi my\u00f6s ilmoittaa mahdolliset eritysruokavaliot ja ruokarajoitteet.<\/p>\n\n\n\n<p>Paikalle kannattaa saapua hyviss\u00e4 ajoin. Sis\u00e4\u00e4n astuessa kellariin p\u00e4\u00e4see vasemmalta, mist\u00e4 l\u00f6ytyy my\u00f6s vaates\u00e4ilytys (3 e).<\/p>\n\n\n\n<p>Osoite: Ravintola Kerubi Siltakatu 1 (Ilosaari), 80100 Joensuu<\/p>\n\n\n\n<p class=\"has-text-align-center\"><br>Tarjolla illallisella Kerubin hiiligrillimenu:<\/p>\n\n\n\n<p class=\"has-text-align-center\"><strong>Alkupaloiksi:<\/strong><\/p>\n\n\n\n<p class=\"has-text-align-center\">Maalaiskanasalaattia Mojo Rojo (M,G)<\/p>\n\n\n\n<p class=\"has-text-align-center\">Minttua, melonia ja mozzarellaa (L,G)<\/p>\n\n\n\n<p class=\"has-text-align-center\">Pisaratomaatteja, rucolaa ja paahdettuja kurpitsansiemeni\u00e4 (M,G)<\/p>\n\n\n\n<p class=\"has-text-align-center\">Marinoituja kalamataoliiveja ja artisokkia (M,G)<\/p>\n\n\n\n<p class=\"has-text-align-center\">Vihersalaattia ja sitrusvinaigrette (M,G)<\/p>\n\n\n\n<p class=\"has-text-align-center\">Kerubin leip\u00e4valikoima (L)<\/p>\n\n\n\n<p class=\"has-text-align-center\">Tsatsikia ja tuorejuustoa (L,G)<\/p>\n\n\n\n<p class=\"has-text-align-center\"><strong>P\u00e4\u00e4ruokana tarjolla:<\/strong><\/p>\n\n\n\n<p class=\"has-text-align-center\">Pitk\u00e4\u00e4n savustettua inkiv\u00e4\u00e4riglaseerattua naudanrintaa ja seesami-chilikastiketta (M,G)<\/p>\n\n\n\n<p class=\"has-text-align-center\">Valkosipulipaahdettuja varhaisperunoita ja valkosipulidippi\u00e4 (M,G)<\/p>\n\n\n\n<p class=\"has-text-align-center\"><strong>Kasvisruokana tarjolla vegaanista:<\/strong><\/p>\n\n\n\n<p class=\"has-text-align-center\">Savu-inkiv\u00e4\u00e4riglaseerattuja tofua, seesami-chilikastiketta, valkosipulipaahdettuja varhaisperunoita ja valkosipulidippi\u00e4 V,G<\/p>\n\n\n\n<p class=\"has-text-align-center\"><strong>J\u00e4lkiruokap\u00f6yd\u00e4st\u00e4:<\/strong><\/p>\n\n\n\n<p class=\"has-text-align-center\">Valikoima kypsytettyj\u00e4 juustoja, herukkahilloketta, viiniryp\u00e4leit\u00e4 ja ruiskeksej\u00e4 (L)<\/p>\n\n\n\n<p class=\"has-text-align-center\">Uuniomenaa, kauracrumblea ja vaniljaa (L,G)<\/p>\n\n\n\n<p class=\"has-text-align-center\">Petit fours (L,G) Kahvia ja teet\u00e4<\/p>\n","protected":false},"excerpt":{"rendered":"<p>Sosiaalipolitiikan p\u00e4ivien illallinen pidet\u00e4\u00e4n Ravintola Kerubin kellarissa torstaina 24.10. klo 19:00 alkaen. Ravintola Kerubi sijaitsee Ilosaaressa keskell\u00e4 Pielisjoen ylitt\u00e4v\u00e4\u00e4 It\u00e4siltaa, aivan kaupungin keskustassa ja sinne p\u00e4\u00e4see helposti niin k\u00e4vellen, polkupy\u00f6r\u00e4ll\u00e4 tai autolla It\u00e4- ja L\u00e4nsisiltaa pitkin. Pys\u00e4k\u00f6innin osalta huomioitavaa, ett\u00e4 Ilosaaren parkkipaikat kuuluvat Joensuun pys\u00e4k\u00f6inninvalvonnan piiriin ja pys\u00e4k\u00f6inti on maksullista. Illalliselle voi ostaa illalliskortin (45 [&hellip;]<\/p>\n","protected":false},"author":1126,"featured_media":0,"parent":0,"menu_order":0,"comment_status":"closed","ping_status":"closed","template":"","meta":{"_acf_changed":false,"footnotes":""},"class_list":["post-309","page","type-page","status-publish","hentry"],"acf":[],"yoast_head":"<!-- This site is optimized with the Yoast SEO plugin v27.3 - https:\/\/yoast.com\/product\/yoast-seo-wordpress\/ -->\n<title>Illallinen ja iltajuhla - Sosiaalipolitiikan p\u00e4iv\u00e4t 2024: Turvallisuus<\/title>\n<meta name=\"robots\" content=\"index, follow, max-snippet:-1, max-image-preview:large, max-video-preview:-1\" \/>\n<link rel=\"canonical\" href=\"https:\/\/sites.uef.fi\/sosiaalipolitiikanpaivat2024\/illallinen-ja-iltajuhla\/\" \/>\n<meta property=\"og:locale\" content=\"fi_FI\" \/>\n<meta property=\"og:type\" content=\"article\" \/>\n<meta property=\"og:title\" content=\"Illallinen ja iltajuhla - Sosiaalipolitiikan p\u00e4iv\u00e4t 2024: Turvallisuus\" \/>\n<meta property=\"og:description\" content=\"Sosiaalipolitiikan p\u00e4ivien illallinen pidet\u00e4\u00e4n Ravintola Kerubin kellarissa torstaina 24.10. klo 19:00 alkaen. Ravintola Kerubi sijaitsee Ilosaaressa keskell\u00e4 Pielisjoen ylitt\u00e4v\u00e4\u00e4 It\u00e4siltaa, aivan kaupungin keskustassa ja sinne p\u00e4\u00e4see helposti niin k\u00e4vellen, polkupy\u00f6r\u00e4ll\u00e4 tai autolla It\u00e4- ja L\u00e4nsisiltaa pitkin. Pys\u00e4k\u00f6innin osalta huomioitavaa, ett\u00e4 Ilosaaren parkkipaikat kuuluvat Joensuun pys\u00e4k\u00f6inninvalvonnan piiriin ja pys\u00e4k\u00f6inti on maksullista. Illalliselle voi ostaa illalliskortin (45 [&hellip;]\" \/>\n<meta property=\"og:url\" content=\"https:\/\/sites.uef.fi\/sosiaalipolitiikanpaivat2024\/illallinen-ja-iltajuhla\/\" \/>\n<meta property=\"og:site_name\" content=\"Sosiaalipolitiikan p\u00e4iv\u00e4t 2024: Turvallisuus\" \/>\n<meta property=\"article:modified_time\" content=\"2024-10-17T13:39:37+00:00\" \/>\n<meta property=\"og:image\" content=\"https:\/\/sites.uef.fi\/sosiaalipolitiikanpaivat2024\/wp-content\/uploads\/sites\/474\/2024\/04\/Banneri-joensuu-1-1024x405.jpg\" \/>\n<meta name=\"twitter:card\" content=\"summary_large_image\" \/>\n<meta name=\"twitter:label1\" content=\"Arvioitu lukuaika\" \/>\n\t<meta name=\"twitter:data1\" content=\"2 minuuttia\" \/>\n<script type=\"application\/ld+json\" class=\"yoast-schema-graph\">{\"@context\":\"https:\\\/\\\/schema.org\",\"@graph\":[{\"@type\":\"WebPage\",\"@id\":\"https:\\\/\\\/sites.uef.fi\\\/sosiaalipolitiikanpaivat2024\\\/illallinen-ja-iltajuhla\\\/\",\"url\":\"https:\\\/\\\/sites.uef.fi\\\/sosiaalipolitiikanpaivat2024\\\/illallinen-ja-iltajuhla\\\/\",\"name\":\"Illallinen ja iltajuhla - Sosiaalipolitiikan p\u00e4iv\u00e4t 2024: Turvallisuus\",\"isPartOf\":{\"@id\":\"https:\\\/\\\/sites.uef.fi\\\/sosiaalipolitiikanpaivat2024\\\/#website\"},\"primaryImageOfPage\":{\"@id\":\"https:\\\/\\\/sites.uef.fi\\\/sosiaalipolitiikanpaivat2024\\\/illallinen-ja-iltajuhla\\\/#primaryimage\"},\"image\":{\"@id\":\"https:\\\/\\\/sites.uef.fi\\\/sosiaalipolitiikanpaivat2024\\\/illallinen-ja-iltajuhla\\\/#primaryimage\"},\"thumbnailUrl\":\"https:\\\/\\\/sites.uef.fi\\\/sosiaalipolitiikanpaivat2024\\\/wp-content\\\/uploads\\\/sites\\\/474\\\/2024\\\/04\\\/Banneri-joensuu-1-1024x405.jpg\",\"datePublished\":\"2024-04-10T07:19:23+00:00\",\"dateModified\":\"2024-10-17T13:39:37+00:00\",\"breadcrumb\":{\"@id\":\"https:\\\/\\\/sites.uef.fi\\\/sosiaalipolitiikanpaivat2024\\\/illallinen-ja-iltajuhla\\\/#breadcrumb\"},\"inLanguage\":\"fi\",\"potentialAction\":[{\"@type\":\"ReadAction\",\"target\":[\"https:\\\/\\\/sites.uef.fi\\\/sosiaalipolitiikanpaivat2024\\\/illallinen-ja-iltajuhla\\\/\"]}]},{\"@type\":\"ImageObject\",\"inLanguage\":\"fi\",\"@id\":\"https:\\\/\\\/sites.uef.fi\\\/sosiaalipolitiikanpaivat2024\\\/illallinen-ja-iltajuhla\\\/#primaryimage\",\"url\":\"https:\\\/\\\/sites.uef.fi\\\/sosiaalipolitiikanpaivat2024\\\/wp-content\\\/uploads\\\/sites\\\/474\\\/2024\\\/04\\\/Banneri-joensuu-1-scaled.jpg\",\"contentUrl\":\"https:\\\/\\\/sites.uef.fi\\\/sosiaalipolitiikanpaivat2024\\\/wp-content\\\/uploads\\\/sites\\\/474\\\/2024\\\/04\\\/Banneri-joensuu-1-scaled.jpg\",\"width\":2560,\"height\":1013},{\"@type\":\"BreadcrumbList\",\"@id\":\"https:\\\/\\\/sites.uef.fi\\\/sosiaalipolitiikanpaivat2024\\\/illallinen-ja-iltajuhla\\\/#breadcrumb\",\"itemListElement\":[{\"@type\":\"ListItem\",\"position\":1,\"name\":\"Home\",\"item\":\"https:\\\/\\\/sites.uef.fi\\\/sosiaalipolitiikanpaivat2024\\\/\"},{\"@type\":\"ListItem\",\"position\":2,\"name\":\"Illallinen ja iltajuhla\"}]},{\"@type\":\"WebSite\",\"@id\":\"https:\\\/\\\/sites.uef.fi\\\/sosiaalipolitiikanpaivat2024\\\/#website\",\"url\":\"https:\\\/\\\/sites.uef.fi\\\/sosiaalipolitiikanpaivat2024\\\/\",\"name\":\"Sosiaalipolitiikan p\u00e4iv\u00e4t 2024: Turvallisuus\",\"description\":\"\",\"potentialAction\":[{\"@type\":\"SearchAction\",\"target\":{\"@type\":\"EntryPoint\",\"urlTemplate\":\"https:\\\/\\\/sites.uef.fi\\\/sosiaalipolitiikanpaivat2024\\\/?s={search_term_string}\"},\"query-input\":{\"@type\":\"PropertyValueSpecification\",\"valueRequired\":true,\"valueName\":\"search_term_string\"}}],\"inLanguage\":\"fi\"}]}<\/script>\n<!-- \/ Yoast SEO plugin. -->","yoast_head_json":{"title":"Illallinen ja iltajuhla - Sosiaalipolitiikan p\u00e4iv\u00e4t 2024: Turvallisuus","robots":{"index":"index","follow":"follow","max-snippet":"max-snippet:-1","max-image-preview":"max-image-preview:large","max-video-preview":"max-video-preview:-1"},"canonical":"https:\/\/sites.uef.fi\/sosiaalipolitiikanpaivat2024\/illallinen-ja-iltajuhla\/","og_locale":"fi_FI","og_type":"article","og_title":"Illallinen ja iltajuhla - Sosiaalipolitiikan p\u00e4iv\u00e4t 2024: Turvallisuus","og_description":"Sosiaalipolitiikan p\u00e4ivien illallinen pidet\u00e4\u00e4n Ravintola Kerubin kellarissa torstaina 24.10. klo 19:00 alkaen. Ravintola Kerubi sijaitsee Ilosaaressa keskell\u00e4 Pielisjoen ylitt\u00e4v\u00e4\u00e4 It\u00e4siltaa, aivan kaupungin keskustassa ja sinne p\u00e4\u00e4see helposti niin k\u00e4vellen, polkupy\u00f6r\u00e4ll\u00e4 tai autolla It\u00e4- ja L\u00e4nsisiltaa pitkin. Pys\u00e4k\u00f6innin osalta huomioitavaa, ett\u00e4 Ilosaaren parkkipaikat kuuluvat Joensuun pys\u00e4k\u00f6inninvalvonnan piiriin ja pys\u00e4k\u00f6inti on maksullista. Illalliselle voi ostaa illalliskortin (45 [&hellip;]","og_url":"https:\/\/sites.uef.fi\/sosiaalipolitiikanpaivat2024\/illallinen-ja-iltajuhla\/","og_site_name":"Sosiaalipolitiikan p\u00e4iv\u00e4t 2024: Turvallisuus","article_modified_time":"2024-10-17T13:39:37+00:00","og_image":[{"url":"https:\/\/sites.uef.fi\/sosiaalipolitiikanpaivat2024\/wp-content\/uploads\/sites\/474\/2024\/04\/Banneri-joensuu-1-1024x405.jpg","type":"","width":"","height":""}],"twitter_card":"summary_large_image","twitter_misc":{"Arvioitu lukuaika":"2 minuuttia"},"schema":{"@context":"https:\/\/schema.org","@graph":[{"@type":"WebPage","@id":"https:\/\/sites.uef.fi\/sosiaalipolitiikanpaivat2024\/illallinen-ja-iltajuhla\/","url":"https:\/\/sites.uef.fi\/sosiaalipolitiikanpaivat2024\/illallinen-ja-iltajuhla\/","name":"Illallinen ja iltajuhla - Sosiaalipolitiikan p\u00e4iv\u00e4t 2024: Turvallisuus","isPartOf":{"@id":"https:\/\/sites.uef.fi\/sosiaalipolitiikanpaivat2024\/#website"},"primaryImageOfPage":{"@id":"https:\/\/sites.uef.fi\/sosiaalipolitiikanpaivat2024\/illallinen-ja-iltajuhla\/#primaryimage"},"image":{"@id":"https:\/\/sites.uef.fi\/sosiaalipolitiikanpaivat2024\/illallinen-ja-iltajuhla\/#primaryimage"},"thumbnailUrl":"https:\/\/sites.uef.fi\/sosiaalipolitiikanpaivat2024\/wp-content\/uploads\/sites\/474\/2024\/04\/Banneri-joensuu-1-1024x405.jpg","datePublished":"2024-04-10T07:19:23+00:00","dateModified":"2024-10-17T13:39:37+00:00","breadcrumb":{"@id":"https:\/\/sites.uef.fi\/sosiaalipolitiikanpaivat2024\/illallinen-ja-iltajuhla\/#breadcrumb"},"inLanguage":"fi","potentialAction":[{"@type":"ReadAction","target":["https:\/\/sites.uef.fi\/sosiaalipolitiikanpaivat2024\/illallinen-ja-iltajuhla\/"]}]},{"@type":"ImageObject","inLanguage":"fi","@id":"https:\/\/sites.uef.fi\/sosiaalipolitiikanpaivat2024\/illallinen-ja-iltajuhla\/#primaryimage","url":"https:\/\/sites.uef.fi\/sosiaalipolitiikanpaivat2024\/wp-content\/uploads\/sites\/474\/2024\/04\/Banneri-joensuu-1-scaled.jpg","contentUrl":"https:\/\/sites.uef.fi\/sosiaalipolitiikanpaivat2024\/wp-content\/uploads\/sites\/474\/2024\/04\/Banneri-joensuu-1-scaled.jpg","width":2560,"height":1013},{"@type":"BreadcrumbList","@id":"https:\/\/sites.uef.fi\/sosiaalipolitiikanpaivat2024\/illallinen-ja-iltajuhla\/#breadcrumb","itemListElement":[{"@type":"ListItem","position":1,"name":"Home","item":"https:\/\/sites.uef.fi\/sosiaalipolitiikanpaivat2024\/"},{"@type":"ListItem","position":2,"name":"Illallinen ja iltajuhla"}]},{"@type":"WebSite","@id":"https:\/\/sites.uef.fi\/sosiaalipolitiikanpaivat2024\/#website","url":"https:\/\/sites.uef.fi\/sosiaalipolitiikanpaivat2024\/","name":"Sosiaalipolitiikan p\u00e4iv\u00e4t 2024: Turvallisuus","description":"","potentialAction":[{"@type":"SearchAction","target":{"@type":"EntryPoint","urlTemplate":"https:\/\/sites.uef.fi\/sosiaalipolitiikanpaivat2024\/?s={search_term_string}"},"query-input":{"@type":"PropertyValueSpecification","valueRequired":true,"valueName":"search_term_string"}}],"inLanguage":"fi"}]}},"_links":{"self":[{"href":"https:\/\/sites.uef.fi\/sosiaalipolitiikanpaivat2024\/wp-json\/wp\/v2\/pages\/309","targetHints":{"allow":["GET"]}}],"collection":[{"href":"https:\/\/sites.uef.fi\/sosiaalipolitiikanpaivat2024\/wp-json\/wp\/v2\/pages"}],"about":[{"href":"https:\/\/sites.uef.fi\/sosiaalipolitiikanpaivat2024\/wp-json\/wp\/v2\/types\/page"}],"author":[{"embeddable":true,"href":"https:\/\/sites.uef.fi\/sosiaalipolitiikanpaivat2024\/wp-json\/wp\/v2\/users\/1126"}],"replies":[{"embeddable":true,"href":"https:\/\/sites.uef.fi\/sosiaalipolitiikanpaivat2024\/wp-json\/wp\/v2\/comments?post=309"}],"version-history":[{"count":2,"href":"https:\/\/sites.uef.fi\/sosiaalipolitiikanpaivat2024\/wp-json\/wp\/v2\/pages\/309\/revisions"}],"predecessor-version":[{"id":1560,"href":"https:\/\/sites.uef.fi\/sosiaalipolitiikanpaivat2024\/wp-json\/wp\/v2\/pages\/309\/revisions\/1560"}],"wp:attachment":[{"href":"https:\/\/sites.uef.fi\/sosiaalipolitiikanpaivat2024\/wp-json\/wp\/v2\/media?parent=309"}],"curies":[{"name":"wp","href":"https:\/\/api.w.org\/{rel}","templated":true}]}}