{"id":969,"date":"2024-07-15T10:58:14","date_gmt":"2024-07-15T08:58:14","guid":{"rendered":"https:\/\/sites.uef.fi\/sosiaalipolitiikanpaivat2024\/?page_id=969"},"modified":"2024-07-15T10:58:16","modified_gmt":"2024-07-15T08:58:16","slug":"vastuullisuus","status":"publish","type":"page","link":"https:\/\/sites.uef.fi\/sosiaalipolitiikanpaivat2024\/vastuullisuus\/","title":{"rendered":"Vastuullisuus"},"content":{"rendered":"\n<figure class=\"wp-block-image size-large\"><img loading=\"lazy\" decoding=\"async\" width=\"1024\" height=\"405\" src=\"https:\/\/sites.uef.fi\/sosiaalipolitiikanpaivat2024\/wp-content\/uploads\/sites\/474\/2024\/04\/Banneri-joensuu-1-1024x405.jpg\" alt=\"\" class=\"wp-image-425\" srcset=\"https:\/\/sites.uef.fi\/sosiaalipolitiikanpaivat2024\/wp-content\/uploads\/sites\/474\/2024\/04\/Banneri-joensuu-1-1024x405.jpg 1024w, https:\/\/sites.uef.fi\/sosiaalipolitiikanpaivat2024\/wp-content\/uploads\/sites\/474\/2024\/04\/Banneri-joensuu-1-300x119.jpg 300w, https:\/\/sites.uef.fi\/sosiaalipolitiikanpaivat2024\/wp-content\/uploads\/sites\/474\/2024\/04\/Banneri-joensuu-1-768x304.jpg 768w, https:\/\/sites.uef.fi\/sosiaalipolitiikanpaivat2024\/wp-content\/uploads\/sites\/474\/2024\/04\/Banneri-joensuu-1-1536x608.jpg 1536w, https:\/\/sites.uef.fi\/sosiaalipolitiikanpaivat2024\/wp-content\/uploads\/sites\/474\/2024\/04\/Banneri-joensuu-1-2048x811.jpg 2048w, https:\/\/sites.uef.fi\/sosiaalipolitiikanpaivat2024\/wp-content\/uploads\/sites\/474\/2024\/04\/Banneri-joensuu-1-1440x568.jpg 1440w\" sizes=\"auto, (max-width: 1024px) 100vw, 1024px\" \/><\/figure>\n\n\n\n<p>Taataksemme kaikille tarkoitetun ja kest\u00e4v\u00e4n kehityksen tavoitteiden mukaisen konferenssin, pyrimme Sosiaalipolitiikan p\u00e4ivien aikana vastuulliseen toimintaan muun muassa seuraavien toimenpiteiden ja k\u00e4yt\u00e4nt\u00f6jen kautta:<\/p>\n\n\n\n<ul class=\"wp-block-list\">\n<li>V\u00e4hennimme tietoisesti p\u00e4ivien aikana jaettavaa materiaalia ehk\u00e4ist\u00e4ksemme ylim\u00e4\u00e4r\u00e4ist\u00e4 paperia. Kaikki tarvittava tieto l\u00f6ytyy t\u00e4m\u00e4n vuoksi p\u00e4ivien nettisivuilta. <\/li>\n\n\n\n<li>Pyrimme saavutettavuuteen viestinn\u00e4ss\u00e4 ja tiedotuksessa niin nettisivujen, opasteiden kuin ilmoittautumislomakkeidenkin osalta.<\/li>\n\n\n\n<li>Rohkaisemme p\u00e4iville osallistujia k\u00e4ytt\u00e4m\u00e4\u00e4n julkisia liikennev\u00e4lineit\u00e4 Joensuuhun saapuessa ja p\u00e4ivien aikana.<\/li>\n\n\n\n<li>Pyrimme siihen, ett\u00e4 p\u00e4ivien aikana kaikki ohjelma on keskitetty tiiviille alueelle niin kampuksella kuin majoituksen ja illallisen osalta.<\/li>\n\n\n\n<li>Rohkaisemme osallistujia k\u00e4velem\u00e4\u00e4n mahdollisuuksien mukaan muun muassa kampusaluelle sek\u00e4 osallistumalla Sosiaalipoliittiselle k\u00e4velylle osana p\u00e4ivien ohjelmaa. <\/li>\n\n\n\n<li>Pyrimme j\u00e4rjest\u00e4m\u00e4\u00e4n ohjelman kampuksella mahdollisimman esteett\u00f6m\u00e4sti. <\/li>\n\n\n\n<li>Suosittelemme osallistujia ruokailemaan kampusravintoloissa, joissa on tarjolla kasvisvaihtoehtoja. Lis\u00e4ksi suosittelemme osallistujien suosivan ravintosuositusten mukaisia ja Ilmastoyst\u00e4v\u00e4llinen-merkill\u00e4 merkittyj\u00e4 vaihtoehtoja, jotka on ilmoitettu ravintoloiden ruokalistoissa sek\u00e4 nettisivuilla.<\/li>\n\n\n\n<li>Tarjoiluissa pyrimme v\u00e4ltt\u00e4m\u00e4\u00e4n kertak\u00e4ytt\u00f6astioita, mink\u00e4 lis\u00e4ksi tarjoilut on mitoitettu ennakkoilmoittautumisen perusteella ruokah\u00e4vikin v\u00e4ltt\u00e4miseksi. <\/li>\n\n\n\n<li>Haluamme edist\u00e4\u00e4 sosiaalista vastuullisuutta ja yhteis\u00f6\u00f6n kuulumista tarjoamalla yliopisto-opiskelijoille mahdollisuuden toimia kongressiavustajina.<\/li>\n\n\n\n<li>K\u00e4yt\u00e4mme esimerkiksi ilmoittautumisessa useita maksukategorioita, jotta eri taloudellisista l\u00e4ht\u00f6kohdista tulevilla osallistujilla olisi mahdollisuus osallistua p\u00e4iville.<\/li>\n\n\n\n<li>Haluamme edesauttaa monitieteisi\u00e4 kohtaamisia ja monimuotoisuutta tarjoamalla ohjelmaa niin suomeksi kuin englanniksikin. T\u00e4m\u00e4n lis\u00e4ksi kiinnitimme asiaan huomiota suunnitellessamme paneelin puhujien positioita.<\/li>\n<\/ul>\n\n\n\n<p>Voit halutessasi lukea lis\u00e4\u00e4 It\u00e4-Suomen yliopiston kest\u00e4vyyden ja vastuullisuuden periaatteista <a href=\"https:\/\/www.uef.fi\/fi\/kestavayliopisto\">t\u00e4\u00e4lt\u00e4. <\/a><\/p>\n","protected":false},"excerpt":{"rendered":"<p>Taataksemme kaikille tarkoitetun ja kest\u00e4v\u00e4n kehityksen tavoitteiden mukaisen konferenssin, pyrimme Sosiaalipolitiikan p\u00e4ivien aikana vastuulliseen toimintaan muun muassa seuraavien toimenpiteiden ja k\u00e4yt\u00e4nt\u00f6jen kautta: Voit halutessasi lukea lis\u00e4\u00e4 It\u00e4-Suomen yliopiston kest\u00e4vyyden ja vastuullisuuden periaatteista t\u00e4\u00e4lt\u00e4.<\/p>\n","protected":false},"author":1126,"featured_media":0,"parent":0,"menu_order":0,"comment_status":"closed","ping_status":"closed","template":"","meta":{"_acf_changed":false,"footnotes":""},"class_list":["post-969","page","type-page","status-publish","hentry"],"acf":[],"yoast_head":"<!-- This site is optimized with the Yoast SEO plugin v27.3 - https:\/\/yoast.com\/product\/yoast-seo-wordpress\/ -->\n<title>Vastuullisuus - Sosiaalipolitiikan p\u00e4iv\u00e4t 2024: Turvallisuus<\/title>\n<meta name=\"robots\" content=\"index, follow, max-snippet:-1, max-image-preview:large, max-video-preview:-1\" \/>\n<link rel=\"canonical\" href=\"https:\/\/sites.uef.fi\/sosiaalipolitiikanpaivat2024\/vastuullisuus\/\" \/>\n<meta property=\"og:locale\" content=\"fi_FI\" \/>\n<meta property=\"og:type\" content=\"article\" \/>\n<meta property=\"og:title\" content=\"Vastuullisuus - Sosiaalipolitiikan p\u00e4iv\u00e4t 2024: Turvallisuus\" \/>\n<meta property=\"og:description\" content=\"Taataksemme kaikille tarkoitetun ja kest\u00e4v\u00e4n kehityksen tavoitteiden mukaisen konferenssin, pyrimme Sosiaalipolitiikan p\u00e4ivien aikana vastuulliseen toimintaan muun muassa seuraavien toimenpiteiden ja k\u00e4yt\u00e4nt\u00f6jen kautta: Voit halutessasi lukea lis\u00e4\u00e4 It\u00e4-Suomen yliopiston kest\u00e4vyyden ja vastuullisuuden periaatteista t\u00e4\u00e4lt\u00e4.\" \/>\n<meta property=\"og:url\" content=\"https:\/\/sites.uef.fi\/sosiaalipolitiikanpaivat2024\/vastuullisuus\/\" \/>\n<meta property=\"og:site_name\" content=\"Sosiaalipolitiikan p\u00e4iv\u00e4t 2024: Turvallisuus\" \/>\n<meta property=\"article:modified_time\" content=\"2024-07-15T08:58:16+00:00\" \/>\n<meta property=\"og:image\" content=\"https:\/\/sites.uef.fi\/sosiaalipolitiikanpaivat2024\/wp-content\/uploads\/sites\/474\/2024\/04\/Banneri-joensuu-1-1024x405.jpg\" \/>\n<meta name=\"twitter:card\" content=\"summary_large_image\" \/>\n<meta name=\"twitter:label1\" content=\"Arvioitu lukuaika\" \/>\n\t<meta name=\"twitter:data1\" content=\"2 minuuttia\" \/>\n<script type=\"application\/ld+json\" class=\"yoast-schema-graph\">{\"@context\":\"https:\\\/\\\/schema.org\",\"@graph\":[{\"@type\":\"WebPage\",\"@id\":\"https:\\\/\\\/sites.uef.fi\\\/sosiaalipolitiikanpaivat2024\\\/vastuullisuus\\\/\",\"url\":\"https:\\\/\\\/sites.uef.fi\\\/sosiaalipolitiikanpaivat2024\\\/vastuullisuus\\\/\",\"name\":\"Vastuullisuus - Sosiaalipolitiikan p\u00e4iv\u00e4t 2024: Turvallisuus\",\"isPartOf\":{\"@id\":\"https:\\\/\\\/sites.uef.fi\\\/sosiaalipolitiikanpaivat2024\\\/#website\"},\"primaryImageOfPage\":{\"@id\":\"https:\\\/\\\/sites.uef.fi\\\/sosiaalipolitiikanpaivat2024\\\/vastuullisuus\\\/#primaryimage\"},\"image\":{\"@id\":\"https:\\\/\\\/sites.uef.fi\\\/sosiaalipolitiikanpaivat2024\\\/vastuullisuus\\\/#primaryimage\"},\"thumbnailUrl\":\"https:\\\/\\\/sites.uef.fi\\\/sosiaalipolitiikanpaivat2024\\\/wp-content\\\/uploads\\\/sites\\\/474\\\/2024\\\/04\\\/Banneri-joensuu-1-1024x405.jpg\",\"datePublished\":\"2024-07-15T08:58:14+00:00\",\"dateModified\":\"2024-07-15T08:58:16+00:00\",\"breadcrumb\":{\"@id\":\"https:\\\/\\\/sites.uef.fi\\\/sosiaalipolitiikanpaivat2024\\\/vastuullisuus\\\/#breadcrumb\"},\"inLanguage\":\"fi\",\"potentialAction\":[{\"@type\":\"ReadAction\",\"target\":[\"https:\\\/\\\/sites.uef.fi\\\/sosiaalipolitiikanpaivat2024\\\/vastuullisuus\\\/\"]}]},{\"@type\":\"ImageObject\",\"inLanguage\":\"fi\",\"@id\":\"https:\\\/\\\/sites.uef.fi\\\/sosiaalipolitiikanpaivat2024\\\/vastuullisuus\\\/#primaryimage\",\"url\":\"https:\\\/\\\/sites.uef.fi\\\/sosiaalipolitiikanpaivat2024\\\/wp-content\\\/uploads\\\/sites\\\/474\\\/2024\\\/04\\\/Banneri-joensuu-1-scaled.jpg\",\"contentUrl\":\"https:\\\/\\\/sites.uef.fi\\\/sosiaalipolitiikanpaivat2024\\\/wp-content\\\/uploads\\\/sites\\\/474\\\/2024\\\/04\\\/Banneri-joensuu-1-scaled.jpg\",\"width\":2560,\"height\":1013},{\"@type\":\"BreadcrumbList\",\"@id\":\"https:\\\/\\\/sites.uef.fi\\\/sosiaalipolitiikanpaivat2024\\\/vastuullisuus\\\/#breadcrumb\",\"itemListElement\":[{\"@type\":\"ListItem\",\"position\":1,\"name\":\"Home\",\"item\":\"https:\\\/\\\/sites.uef.fi\\\/sosiaalipolitiikanpaivat2024\\\/\"},{\"@type\":\"ListItem\",\"position\":2,\"name\":\"Vastuullisuus\"}]},{\"@type\":\"WebSite\",\"@id\":\"https:\\\/\\\/sites.uef.fi\\\/sosiaalipolitiikanpaivat2024\\\/#website\",\"url\":\"https:\\\/\\\/sites.uef.fi\\\/sosiaalipolitiikanpaivat2024\\\/\",\"name\":\"Sosiaalipolitiikan p\u00e4iv\u00e4t 2024: Turvallisuus\",\"description\":\"\",\"potentialAction\":[{\"@type\":\"SearchAction\",\"target\":{\"@type\":\"EntryPoint\",\"urlTemplate\":\"https:\\\/\\\/sites.uef.fi\\\/sosiaalipolitiikanpaivat2024\\\/?s={search_term_string}\"},\"query-input\":{\"@type\":\"PropertyValueSpecification\",\"valueRequired\":true,\"valueName\":\"search_term_string\"}}],\"inLanguage\":\"fi\"}]}<\/script>\n<!-- \/ Yoast SEO plugin. -->","yoast_head_json":{"title":"Vastuullisuus - Sosiaalipolitiikan p\u00e4iv\u00e4t 2024: Turvallisuus","robots":{"index":"index","follow":"follow","max-snippet":"max-snippet:-1","max-image-preview":"max-image-preview:large","max-video-preview":"max-video-preview:-1"},"canonical":"https:\/\/sites.uef.fi\/sosiaalipolitiikanpaivat2024\/vastuullisuus\/","og_locale":"fi_FI","og_type":"article","og_title":"Vastuullisuus - Sosiaalipolitiikan p\u00e4iv\u00e4t 2024: Turvallisuus","og_description":"Taataksemme kaikille tarkoitetun ja kest\u00e4v\u00e4n kehityksen tavoitteiden mukaisen konferenssin, pyrimme Sosiaalipolitiikan p\u00e4ivien aikana vastuulliseen toimintaan muun muassa seuraavien toimenpiteiden ja k\u00e4yt\u00e4nt\u00f6jen kautta: Voit halutessasi lukea lis\u00e4\u00e4 It\u00e4-Suomen yliopiston kest\u00e4vyyden ja vastuullisuuden periaatteista t\u00e4\u00e4lt\u00e4.","og_url":"https:\/\/sites.uef.fi\/sosiaalipolitiikanpaivat2024\/vastuullisuus\/","og_site_name":"Sosiaalipolitiikan p\u00e4iv\u00e4t 2024: Turvallisuus","article_modified_time":"2024-07-15T08:58:16+00:00","og_image":[{"url":"https:\/\/sites.uef.fi\/sosiaalipolitiikanpaivat2024\/wp-content\/uploads\/sites\/474\/2024\/04\/Banneri-joensuu-1-1024x405.jpg","type":"","width":"","height":""}],"twitter_card":"summary_large_image","twitter_misc":{"Arvioitu lukuaika":"2 minuuttia"},"schema":{"@context":"https:\/\/schema.org","@graph":[{"@type":"WebPage","@id":"https:\/\/sites.uef.fi\/sosiaalipolitiikanpaivat2024\/vastuullisuus\/","url":"https:\/\/sites.uef.fi\/sosiaalipolitiikanpaivat2024\/vastuullisuus\/","name":"Vastuullisuus - Sosiaalipolitiikan p\u00e4iv\u00e4t 2024: Turvallisuus","isPartOf":{"@id":"https:\/\/sites.uef.fi\/sosiaalipolitiikanpaivat2024\/#website"},"primaryImageOfPage":{"@id":"https:\/\/sites.uef.fi\/sosiaalipolitiikanpaivat2024\/vastuullisuus\/#primaryimage"},"image":{"@id":"https:\/\/sites.uef.fi\/sosiaalipolitiikanpaivat2024\/vastuullisuus\/#primaryimage"},"thumbnailUrl":"https:\/\/sites.uef.fi\/sosiaalipolitiikanpaivat2024\/wp-content\/uploads\/sites\/474\/2024\/04\/Banneri-joensuu-1-1024x405.jpg","datePublished":"2024-07-15T08:58:14+00:00","dateModified":"2024-07-15T08:58:16+00:00","breadcrumb":{"@id":"https:\/\/sites.uef.fi\/sosiaalipolitiikanpaivat2024\/vastuullisuus\/#breadcrumb"},"inLanguage":"fi","potentialAction":[{"@type":"ReadAction","target":["https:\/\/sites.uef.fi\/sosiaalipolitiikanpaivat2024\/vastuullisuus\/"]}]},{"@type":"ImageObject","inLanguage":"fi","@id":"https:\/\/sites.uef.fi\/sosiaalipolitiikanpaivat2024\/vastuullisuus\/#primaryimage","url":"https:\/\/sites.uef.fi\/sosiaalipolitiikanpaivat2024\/wp-content\/uploads\/sites\/474\/2024\/04\/Banneri-joensuu-1-scaled.jpg","contentUrl":"https:\/\/sites.uef.fi\/sosiaalipolitiikanpaivat2024\/wp-content\/uploads\/sites\/474\/2024\/04\/Banneri-joensuu-1-scaled.jpg","width":2560,"height":1013},{"@type":"BreadcrumbList","@id":"https:\/\/sites.uef.fi\/sosiaalipolitiikanpaivat2024\/vastuullisuus\/#breadcrumb","itemListElement":[{"@type":"ListItem","position":1,"name":"Home","item":"https:\/\/sites.uef.fi\/sosiaalipolitiikanpaivat2024\/"},{"@type":"ListItem","position":2,"name":"Vastuullisuus"}]},{"@type":"WebSite","@id":"https:\/\/sites.uef.fi\/sosiaalipolitiikanpaivat2024\/#website","url":"https:\/\/sites.uef.fi\/sosiaalipolitiikanpaivat2024\/","name":"Sosiaalipolitiikan p\u00e4iv\u00e4t 2024: Turvallisuus","description":"","potentialAction":[{"@type":"SearchAction","target":{"@type":"EntryPoint","urlTemplate":"https:\/\/sites.uef.fi\/sosiaalipolitiikanpaivat2024\/?s={search_term_string}"},"query-input":{"@type":"PropertyValueSpecification","valueRequired":true,"valueName":"search_term_string"}}],"inLanguage":"fi"}]}},"_links":{"self":[{"href":"https:\/\/sites.uef.fi\/sosiaalipolitiikanpaivat2024\/wp-json\/wp\/v2\/pages\/969","targetHints":{"allow":["GET"]}}],"collection":[{"href":"https:\/\/sites.uef.fi\/sosiaalipolitiikanpaivat2024\/wp-json\/wp\/v2\/pages"}],"about":[{"href":"https:\/\/sites.uef.fi\/sosiaalipolitiikanpaivat2024\/wp-json\/wp\/v2\/types\/page"}],"author":[{"embeddable":true,"href":"https:\/\/sites.uef.fi\/sosiaalipolitiikanpaivat2024\/wp-json\/wp\/v2\/users\/1126"}],"replies":[{"embeddable":true,"href":"https:\/\/sites.uef.fi\/sosiaalipolitiikanpaivat2024\/wp-json\/wp\/v2\/comments?post=969"}],"version-history":[{"count":1,"href":"https:\/\/sites.uef.fi\/sosiaalipolitiikanpaivat2024\/wp-json\/wp\/v2\/pages\/969\/revisions"}],"predecessor-version":[{"id":975,"href":"https:\/\/sites.uef.fi\/sosiaalipolitiikanpaivat2024\/wp-json\/wp\/v2\/pages\/969\/revisions\/975"}],"wp:attachment":[{"href":"https:\/\/sites.uef.fi\/sosiaalipolitiikanpaivat2024\/wp-json\/wp\/v2\/media?parent=969"}],"curies":[{"name":"wp","href":"https:\/\/api.w.org\/{rel}","templated":true}]}}