{"id":129,"date":"2020-04-30T09:04:54","date_gmt":"2020-04-30T07:04:54","guid":{"rendered":"https:\/\/sites.uef.fi\/vaikuttavuuden-talo\/?page_id=129"},"modified":"2021-03-05T16:07:10","modified_gmt":"2021-03-05T14:07:10","slug":"vaikuttavuuden-tutkimuksen-paivat-2020","status":"publish","type":"page","link":"https:\/\/sites.uef.fi\/vaikuttavuuden-talo\/vaikuttavuuden-tutkimuksen-paivat-2020\/","title":{"rendered":"Vaikuttavuuden tutkimuksen p\u00e4iv\u00e4t 2020"},"content":{"rendered":"\n<figure class=\"wp-block-image size-large\"><img loading=\"lazy\" decoding=\"async\" width=\"1024\" height=\"576\" src=\"https:\/\/sites.uef.fi\/vaikuttavuuden-talo\/wp-content\/uploads\/sites\/28\/2020\/08\/UUSI_UEF_Vaikuttavuuden_Talo_Some_Banneri-1024x576.jpg\" alt=\"Vaikuttavuuden tutkimuksen p\u00e4iv\u00e4t verkossa 6.-7.20.2020. Vaikuttavuustieto k\u00e4ytt\u00f6\u00f6n!\" class=\"wp-image-986\" srcset=\"https:\/\/sites.uef.fi\/vaikuttavuuden-talo\/wp-content\/uploads\/sites\/28\/2020\/08\/UUSI_UEF_Vaikuttavuuden_Talo_Some_Banneri-1024x576.jpg 1024w, https:\/\/sites.uef.fi\/vaikuttavuuden-talo\/wp-content\/uploads\/sites\/28\/2020\/08\/UUSI_UEF_Vaikuttavuuden_Talo_Some_Banneri-300x169.jpg 300w, https:\/\/sites.uef.fi\/vaikuttavuuden-talo\/wp-content\/uploads\/sites\/28\/2020\/08\/UUSI_UEF_Vaikuttavuuden_Talo_Some_Banneri-768x432.jpg 768w, https:\/\/sites.uef.fi\/vaikuttavuuden-talo\/wp-content\/uploads\/sites\/28\/2020\/08\/UUSI_UEF_Vaikuttavuuden_Talo_Some_Banneri-1536x864.jpg 1536w, https:\/\/sites.uef.fi\/vaikuttavuuden-talo\/wp-content\/uploads\/sites\/28\/2020\/08\/UUSI_UEF_Vaikuttavuuden_Talo_Some_Banneri.jpg 1920w\" sizes=\"auto, (max-width: 1024px) 100vw, 1024px\" \/><\/figure>\n\n\n<h1>Vaikuttavuuden tutkimuksen p\u00e4iv\u00e4t 2020: Vaikuttavuustieto k\u00e4ytt\u00f6\u00f6n!<\/h1>\n<h2 id=\"yui_patched_v3_11_0_1_1590745909448_1139\">Vallitsevasta koronatilanteesta johtuen toteutamme Vaikuttavuuden tutkimuksen p\u00e4iv\u00e4t 2020 <strong>maksuttomana ja virtuaalisena tapahtumana 6.-7.10.2020<\/strong>. Seuraa p\u00e4ivittyv\u00e4\u00e4 tietoa tapahtumasta Vaikuttavuuden talon verkkosivuilta sek\u00e4 <a href=\"https:\/\/twitter.com\/VAIKtaloUEF\" target=\"_blank\" rel=\"noopener noreferrer\">Twitterist\u00e4<\/a>.<\/h2>\n<h2>L\u00e4mpim\u00e4sti tervetuloa!<\/h2>\n<p>Vaikuttavuuden tutkimuksen p\u00e4iv\u00e4t on monitieteinen keskustelufoorumi alan tutkijoille ja asiantuntijoille sek\u00e4 jokaiselle, joka kokee tarvitsevansa ty\u00f6ss\u00e4\u00e4n uusinta tutkimustietoa vaikuttavuudesta.<\/p>\n<p>Vuoden 2020 tutkimusp\u00e4ivien p\u00e4\u00e4teema on <em>Vaikuttavuustieto k\u00e4ytt\u00f6\u00f6n<\/em>. P\u00e4\u00e4teeman lis\u00e4ksi p\u00e4ivill\u00e4 k\u00e4sitell\u00e4\u00e4n muun muassa vaikuttavuutta hyvinvoinnin ja terveyden edist\u00e4misess\u00e4, sosiaali- ja terveyspalveluissa ja niiden johtamisessa sek\u00e4 politiikassa ja reformeissa. P\u00e4ivien aikana keskusteluun nousevat my\u00f6s vaikuttavuuden teoriat ja mittaamisen menetelm\u00e4t sek\u00e4 ICT-sovellukset ja sote-integraatioon liittyv\u00e4t kysymykset.<\/p>\n<p>P\u00e4ivien p\u00e4\u00e4puhujina ovat <strong>Jemma Hawkins<\/strong> (Cardiff University), <strong>Kaijus Ervasti<\/strong> (Helsingin yliopisto), <strong>Pilvikki Absetz<\/strong> (Collaborative Care Systems Finland ja It\u00e4-Suomen yliopisto). Lis\u00e4ksi p\u00e4ivill\u00e4 j\u00e4rjestet\u00e4\u00e4n paneelikeskustelu \u201dN\u00e4k\u00f6kulmia vaikuttavuustiedon hy\u00f6dynt\u00e4miseen\u201d, jossa esitell\u00e4\u00e4n ja keskustellaan eri tieteenalojen n\u00e4k\u00f6kulmista vaikuttavuustiedon hy\u00f6dynt\u00e4misess\u00e4.<\/p>\n<p id=\"yui_patched_v3_11_0_1_1590747404420_555\">Tervetuloa mukaan keskustelemaan vaikuttavuudesta, kuulemaan ajankohtaista tutkimustietoa ja verkostoitumaan asiantuntijoiden kanssa!<\/p>","protected":false},"excerpt":{"rendered":"<p>Vaikuttavuuden tutkimuksen p\u00e4iv\u00e4t 2020: Vaikuttavuustieto k\u00e4ytt\u00f6\u00f6n! Vallitsevasta koronatilanteesta johtuen toteutamme Vaikuttavuuden tutkimuksen p\u00e4iv\u00e4t 2020 maksuttomana ja virtuaalisena tapahtumana 6.-7.10.2020. Seuraa p\u00e4ivittyv\u00e4\u00e4 tietoa tapahtumasta Vaikuttavuuden talon verkkosivuilta sek\u00e4 Twitterist\u00e4. L\u00e4mpim\u00e4sti tervetuloa! Vaikuttavuuden tutkimuksen p\u00e4iv\u00e4t on monitieteinen keskustelufoorumi alan tutkijoille ja asiantuntijoille sek\u00e4 jokaiselle, joka kokee tarvitsevansa ty\u00f6ss\u00e4\u00e4n uusinta tutkimustietoa vaikuttavuudesta. Vuoden 2020 tutkimusp\u00e4ivien p\u00e4\u00e4teema on Vaikuttavuustieto [&hellip;]<\/p>\n","protected":false},"author":44,"featured_media":0,"parent":0,"menu_order":0,"comment_status":"closed","ping_status":"closed","template":"","meta":{"_acf_changed":false,"_monsterinsights_skip_tracking":false,"_monsterinsights_sitenote_active":false,"_monsterinsights_sitenote_note":"","_monsterinsights_sitenote_category":0,"footnotes":""},"class_list":["post-129","page","type-page","status-publish","hentry"],"acf":[],"yoast_head":"<!-- This site is optimized with the Yoast SEO plugin v27.3 - https:\/\/yoast.com\/product\/yoast-seo-wordpress\/ -->\n<title>Vaikuttavuuden tutkimuksen p\u00e4iv\u00e4t 2020 - Vaikuttavuuden talo<\/title>\n<meta name=\"robots\" content=\"index, follow, max-snippet:-1, max-image-preview:large, max-video-preview:-1\" \/>\n<link rel=\"canonical\" href=\"https:\/\/sites.uef.fi\/vaikuttavuuden-talo\/vaikuttavuuden-tutkimuksen-paivat-2020\/\" \/>\n<meta property=\"og:locale\" content=\"fi_FI\" \/>\n<meta property=\"og:type\" content=\"article\" \/>\n<meta property=\"og:title\" content=\"Vaikuttavuuden tutkimuksen p\u00e4iv\u00e4t 2020 - Vaikuttavuuden talo\" \/>\n<meta property=\"og:description\" content=\"Vaikuttavuuden tutkimuksen p\u00e4iv\u00e4t 2020: Vaikuttavuustieto k\u00e4ytt\u00f6\u00f6n! Vallitsevasta koronatilanteesta johtuen toteutamme Vaikuttavuuden tutkimuksen p\u00e4iv\u00e4t 2020 maksuttomana ja virtuaalisena tapahtumana 6.-7.10.2020. Seuraa p\u00e4ivittyv\u00e4\u00e4 tietoa tapahtumasta Vaikuttavuuden talon verkkosivuilta sek\u00e4 Twitterist\u00e4. L\u00e4mpim\u00e4sti tervetuloa! Vaikuttavuuden tutkimuksen p\u00e4iv\u00e4t on monitieteinen keskustelufoorumi alan tutkijoille ja asiantuntijoille sek\u00e4 jokaiselle, joka kokee tarvitsevansa ty\u00f6ss\u00e4\u00e4n uusinta tutkimustietoa vaikuttavuudesta. Vuoden 2020 tutkimusp\u00e4ivien p\u00e4\u00e4teema on Vaikuttavuustieto [&hellip;]\" \/>\n<meta property=\"og:url\" content=\"https:\/\/sites.uef.fi\/vaikuttavuuden-talo\/vaikuttavuuden-tutkimuksen-paivat-2020\/\" \/>\n<meta property=\"og:site_name\" content=\"Vaikuttavuuden talo\" \/>\n<meta property=\"article:modified_time\" content=\"2021-03-05T14:07:10+00:00\" \/>\n<meta property=\"og:image\" content=\"https:\/\/sites.uef.fi\/vaikuttavuuden-talo\/wp-content\/uploads\/sites\/28\/2020\/08\/UUSI_UEF_Vaikuttavuuden_Talo_Some_Banneri-1024x576.jpg\" \/>\n<meta name=\"twitter:card\" content=\"summary_large_image\" \/>\n<meta name=\"twitter:label1\" content=\"Arvioitu lukuaika\" \/>\n\t<meta name=\"twitter:data1\" content=\"1 minuutti\" \/>\n<script type=\"application\/ld+json\" class=\"yoast-schema-graph\">{\"@context\":\"https:\\\/\\\/schema.org\",\"@graph\":[{\"@type\":\"WebPage\",\"@id\":\"https:\\\/\\\/sites.uef.fi\\\/vaikuttavuuden-talo\\\/vaikuttavuuden-tutkimuksen-paivat-2020\\\/\",\"url\":\"https:\\\/\\\/sites.uef.fi\\\/vaikuttavuuden-talo\\\/vaikuttavuuden-tutkimuksen-paivat-2020\\\/\",\"name\":\"Vaikuttavuuden tutkimuksen p\u00e4iv\u00e4t 2020 - Vaikuttavuuden talo\",\"isPartOf\":{\"@id\":\"https:\\\/\\\/sites.uef.fi\\\/vaikuttavuuden-talo\\\/#website\"},\"primaryImageOfPage\":{\"@id\":\"https:\\\/\\\/sites.uef.fi\\\/vaikuttavuuden-talo\\\/vaikuttavuuden-tutkimuksen-paivat-2020\\\/#primaryimage\"},\"image\":{\"@id\":\"https:\\\/\\\/sites.uef.fi\\\/vaikuttavuuden-talo\\\/vaikuttavuuden-tutkimuksen-paivat-2020\\\/#primaryimage\"},\"thumbnailUrl\":\"https:\\\/\\\/sites.uef.fi\\\/vaikuttavuuden-talo\\\/wp-content\\\/uploads\\\/sites\\\/28\\\/2020\\\/08\\\/UUSI_UEF_Vaikuttavuuden_Talo_Some_Banneri-1024x576.jpg\",\"datePublished\":\"2020-04-30T07:04:54+00:00\",\"dateModified\":\"2021-03-05T14:07:10+00:00\",\"breadcrumb\":{\"@id\":\"https:\\\/\\\/sites.uef.fi\\\/vaikuttavuuden-talo\\\/vaikuttavuuden-tutkimuksen-paivat-2020\\\/#breadcrumb\"},\"inLanguage\":\"fi\",\"potentialAction\":[{\"@type\":\"ReadAction\",\"target\":[\"https:\\\/\\\/sites.uef.fi\\\/vaikuttavuuden-talo\\\/vaikuttavuuden-tutkimuksen-paivat-2020\\\/\"]}]},{\"@type\":\"ImageObject\",\"inLanguage\":\"fi\",\"@id\":\"https:\\\/\\\/sites.uef.fi\\\/vaikuttavuuden-talo\\\/vaikuttavuuden-tutkimuksen-paivat-2020\\\/#primaryimage\",\"url\":\"https:\\\/\\\/sites.uef.fi\\\/vaikuttavuuden-talo\\\/wp-content\\\/uploads\\\/sites\\\/28\\\/2020\\\/08\\\/UUSI_UEF_Vaikuttavuuden_Talo_Some_Banneri.jpg\",\"contentUrl\":\"https:\\\/\\\/sites.uef.fi\\\/vaikuttavuuden-talo\\\/wp-content\\\/uploads\\\/sites\\\/28\\\/2020\\\/08\\\/UUSI_UEF_Vaikuttavuuden_Talo_Some_Banneri.jpg\",\"width\":1920,\"height\":1080,\"caption\":\"Vaikuttavuuden tutkimuksen p\u00e4iv\u00e4t verkossa 6.-7.20.2020. Vaikuttavuustieto k\u00e4ytt\u00f6\u00f6n!\"},{\"@type\":\"BreadcrumbList\",\"@id\":\"https:\\\/\\\/sites.uef.fi\\\/vaikuttavuuden-talo\\\/vaikuttavuuden-tutkimuksen-paivat-2020\\\/#breadcrumb\",\"itemListElement\":[{\"@type\":\"ListItem\",\"position\":1,\"name\":\"Home\",\"item\":\"https:\\\/\\\/sites.uef.fi\\\/vaikuttavuuden-talo\\\/\"},{\"@type\":\"ListItem\",\"position\":2,\"name\":\"Vaikuttavuuden tutkimuksen p\u00e4iv\u00e4t 2020\"}]},{\"@type\":\"WebSite\",\"@id\":\"https:\\\/\\\/sites.uef.fi\\\/vaikuttavuuden-talo\\\/#website\",\"url\":\"https:\\\/\\\/sites.uef.fi\\\/vaikuttavuuden-talo\\\/\",\"name\":\"Vaikuttavuuden talo\",\"description\":\"\",\"potentialAction\":[{\"@type\":\"SearchAction\",\"target\":{\"@type\":\"EntryPoint\",\"urlTemplate\":\"https:\\\/\\\/sites.uef.fi\\\/vaikuttavuuden-talo\\\/?s={search_term_string}\"},\"query-input\":{\"@type\":\"PropertyValueSpecification\",\"valueRequired\":true,\"valueName\":\"search_term_string\"}}],\"inLanguage\":\"fi\"}]}<\/script>\n<!-- \/ Yoast SEO plugin. -->","yoast_head_json":{"title":"Vaikuttavuuden tutkimuksen p\u00e4iv\u00e4t 2020 - Vaikuttavuuden talo","robots":{"index":"index","follow":"follow","max-snippet":"max-snippet:-1","max-image-preview":"max-image-preview:large","max-video-preview":"max-video-preview:-1"},"canonical":"https:\/\/sites.uef.fi\/vaikuttavuuden-talo\/vaikuttavuuden-tutkimuksen-paivat-2020\/","og_locale":"fi_FI","og_type":"article","og_title":"Vaikuttavuuden tutkimuksen p\u00e4iv\u00e4t 2020 - Vaikuttavuuden talo","og_description":"Vaikuttavuuden tutkimuksen p\u00e4iv\u00e4t 2020: Vaikuttavuustieto k\u00e4ytt\u00f6\u00f6n! Vallitsevasta koronatilanteesta johtuen toteutamme Vaikuttavuuden tutkimuksen p\u00e4iv\u00e4t 2020 maksuttomana ja virtuaalisena tapahtumana 6.-7.10.2020. Seuraa p\u00e4ivittyv\u00e4\u00e4 tietoa tapahtumasta Vaikuttavuuden talon verkkosivuilta sek\u00e4 Twitterist\u00e4. L\u00e4mpim\u00e4sti tervetuloa! Vaikuttavuuden tutkimuksen p\u00e4iv\u00e4t on monitieteinen keskustelufoorumi alan tutkijoille ja asiantuntijoille sek\u00e4 jokaiselle, joka kokee tarvitsevansa ty\u00f6ss\u00e4\u00e4n uusinta tutkimustietoa vaikuttavuudesta. Vuoden 2020 tutkimusp\u00e4ivien p\u00e4\u00e4teema on Vaikuttavuustieto [&hellip;]","og_url":"https:\/\/sites.uef.fi\/vaikuttavuuden-talo\/vaikuttavuuden-tutkimuksen-paivat-2020\/","og_site_name":"Vaikuttavuuden talo","article_modified_time":"2021-03-05T14:07:10+00:00","og_image":[{"url":"https:\/\/sites.uef.fi\/vaikuttavuuden-talo\/wp-content\/uploads\/sites\/28\/2020\/08\/UUSI_UEF_Vaikuttavuuden_Talo_Some_Banneri-1024x576.jpg","type":"","width":"","height":""}],"twitter_card":"summary_large_image","twitter_misc":{"Arvioitu lukuaika":"1 minuutti"},"schema":{"@context":"https:\/\/schema.org","@graph":[{"@type":"WebPage","@id":"https:\/\/sites.uef.fi\/vaikuttavuuden-talo\/vaikuttavuuden-tutkimuksen-paivat-2020\/","url":"https:\/\/sites.uef.fi\/vaikuttavuuden-talo\/vaikuttavuuden-tutkimuksen-paivat-2020\/","name":"Vaikuttavuuden tutkimuksen p\u00e4iv\u00e4t 2020 - Vaikuttavuuden talo","isPartOf":{"@id":"https:\/\/sites.uef.fi\/vaikuttavuuden-talo\/#website"},"primaryImageOfPage":{"@id":"https:\/\/sites.uef.fi\/vaikuttavuuden-talo\/vaikuttavuuden-tutkimuksen-paivat-2020\/#primaryimage"},"image":{"@id":"https:\/\/sites.uef.fi\/vaikuttavuuden-talo\/vaikuttavuuden-tutkimuksen-paivat-2020\/#primaryimage"},"thumbnailUrl":"https:\/\/sites.uef.fi\/vaikuttavuuden-talo\/wp-content\/uploads\/sites\/28\/2020\/08\/UUSI_UEF_Vaikuttavuuden_Talo_Some_Banneri-1024x576.jpg","datePublished":"2020-04-30T07:04:54+00:00","dateModified":"2021-03-05T14:07:10+00:00","breadcrumb":{"@id":"https:\/\/sites.uef.fi\/vaikuttavuuden-talo\/vaikuttavuuden-tutkimuksen-paivat-2020\/#breadcrumb"},"inLanguage":"fi","potentialAction":[{"@type":"ReadAction","target":["https:\/\/sites.uef.fi\/vaikuttavuuden-talo\/vaikuttavuuden-tutkimuksen-paivat-2020\/"]}]},{"@type":"ImageObject","inLanguage":"fi","@id":"https:\/\/sites.uef.fi\/vaikuttavuuden-talo\/vaikuttavuuden-tutkimuksen-paivat-2020\/#primaryimage","url":"https:\/\/sites.uef.fi\/vaikuttavuuden-talo\/wp-content\/uploads\/sites\/28\/2020\/08\/UUSI_UEF_Vaikuttavuuden_Talo_Some_Banneri.jpg","contentUrl":"https:\/\/sites.uef.fi\/vaikuttavuuden-talo\/wp-content\/uploads\/sites\/28\/2020\/08\/UUSI_UEF_Vaikuttavuuden_Talo_Some_Banneri.jpg","width":1920,"height":1080,"caption":"Vaikuttavuuden tutkimuksen p\u00e4iv\u00e4t verkossa 6.-7.20.2020. Vaikuttavuustieto k\u00e4ytt\u00f6\u00f6n!"},{"@type":"BreadcrumbList","@id":"https:\/\/sites.uef.fi\/vaikuttavuuden-talo\/vaikuttavuuden-tutkimuksen-paivat-2020\/#breadcrumb","itemListElement":[{"@type":"ListItem","position":1,"name":"Home","item":"https:\/\/sites.uef.fi\/vaikuttavuuden-talo\/"},{"@type":"ListItem","position":2,"name":"Vaikuttavuuden tutkimuksen p\u00e4iv\u00e4t 2020"}]},{"@type":"WebSite","@id":"https:\/\/sites.uef.fi\/vaikuttavuuden-talo\/#website","url":"https:\/\/sites.uef.fi\/vaikuttavuuden-talo\/","name":"Vaikuttavuuden talo","description":"","potentialAction":[{"@type":"SearchAction","target":{"@type":"EntryPoint","urlTemplate":"https:\/\/sites.uef.fi\/vaikuttavuuden-talo\/?s={search_term_string}"},"query-input":{"@type":"PropertyValueSpecification","valueRequired":true,"valueName":"search_term_string"}}],"inLanguage":"fi"}]}},"_links":{"self":[{"href":"https:\/\/sites.uef.fi\/vaikuttavuuden-talo\/wp-json\/wp\/v2\/pages\/129","targetHints":{"allow":["GET"]}}],"collection":[{"href":"https:\/\/sites.uef.fi\/vaikuttavuuden-talo\/wp-json\/wp\/v2\/pages"}],"about":[{"href":"https:\/\/sites.uef.fi\/vaikuttavuuden-talo\/wp-json\/wp\/v2\/types\/page"}],"author":[{"embeddable":true,"href":"https:\/\/sites.uef.fi\/vaikuttavuuden-talo\/wp-json\/wp\/v2\/users\/44"}],"replies":[{"embeddable":true,"href":"https:\/\/sites.uef.fi\/vaikuttavuuden-talo\/wp-json\/wp\/v2\/comments?post=129"}],"version-history":[{"count":3,"href":"https:\/\/sites.uef.fi\/vaikuttavuuden-talo\/wp-json\/wp\/v2\/pages\/129\/revisions"}],"predecessor-version":[{"id":3387,"href":"https:\/\/sites.uef.fi\/vaikuttavuuden-talo\/wp-json\/wp\/v2\/pages\/129\/revisions\/3387"}],"wp:attachment":[{"href":"https:\/\/sites.uef.fi\/vaikuttavuuden-talo\/wp-json\/wp\/v2\/media?parent=129"}],"curies":[{"name":"wp","href":"https:\/\/api.w.org\/{rel}","templated":true}]}}