{"id":187,"date":"2020-08-20T14:29:16","date_gmt":"2020-08-20T11:29:16","guid":{"rendered":"https:\/\/sites.uef.fi\/yritystaoppimisymparistoihin\/?page_id=187"},"modified":"2024-02-08T08:33:39","modified_gmt":"2024-02-08T06:33:39","slug":"lapset-ammateissa","status":"publish","type":"page","link":"https:\/\/sites.uef.fi\/yritystaoppimisymparistoihin\/hankkeessa-toteutuneet-pilottiprojektit\/lapset-ammateissa\/","title":{"rendered":"Lapset ammateissa"},"content":{"rendered":"\n<h2 class=\"wp-block-heading\">Projektissa mukana:<\/h2>\n\n\n\n<p><strong>Yritys<\/strong>: <a href=\"https:\/\/sites.uef.fi\/yritystaoppimisymparistoihin\/yhteistyossa\/yritykset\/tiedekasvatus-hannu-partanen\/\">Tiedekasvatus Hannu Partanen<\/a> &amp; <a href=\"https:\/\/sites.uef.fi\/yritystaoppimisymparistoihin\/yhteistyossa\/yritykset\/joensuun-tiedekasvatuspalvelut\/\">Joensuun Tiedekasvatuspalvelut<\/a><\/p>\n\n\n\n<p><strong>Koulutusorganisaatio:<\/strong> <a href=\"https:\/\/sites.uef.fi\/yritystaoppimisymparistoihin\/yhteistyossa\/koulutusorganisaatiot\/pilke-tiedepaivakoti-loiste\/\">Pilke tiedep\u00e4iv\u00e4koti Loiste<\/a>.<\/p>\n\n\n<div class=\"embed-container\">\n    <iframe loading=\"lazy\" title=\"Pienet ammattilaiset\" width=\"640\" height=\"360\" src=\"https:\/\/www.youtube.com\/embed\/BIBtBOFfAss?feature=oembed&#038;controls=1&#038;hd=1&#038;autohide=1\" frameborder=\"0\" allow=\"accelerometer; autoplay; clipboard-write; encrypted-media; gyroscope; picture-in-picture; web-share\" referrerpolicy=\"strict-origin-when-cross-origin\" allowfullscreen frameborder=\"0\"><\/iframe><\/div>\n\n\n<p>Projektissa tutustutaan p\u00e4iv\u00e4kodin lasten kanssa ammatteihin tieto- ja viestint\u00e4teknologian v\u00e4lineiden (esim. Green-screenin) avulla. Projektiin osallistuu kaksi tiedekasvatusyrityst\u00e4, p\u00e4iv\u00e4kodin henkil\u00f6it\u00e4 sek\u00e4 hankkeemme henkil\u00f6it\u00e4.<\/p>\n\n\n\n<p>Syksyll\u00e4 2018 (viikko 50) aloitettiin opetuskokonaisuuden &#8220;Ammatit ja niiss\u00e4 tarvittavat tiedot ja taidot&#8221; suunnittelu ja ideointi. Opetuskokonaisuuden suunnitteluun osallistui koko p\u00e4iv\u00e4kodin henkil\u00f6kunta, yritt\u00e4j\u00e4t sek\u00e4 hankehenkil\u00f6st\u00f6. Lasten huoltajien toiveesta opetuskokonaisuudessa huomioitiin ammatit, p\u00e4iv\u00e4kodin ulkopuoliset oppimisymp\u00e4rist\u00f6t sek\u00e4 tieto- ja viestint\u00e4teknologia. Oppimisymp\u00e4rist\u00f6jen osalta tiedeyritt\u00e4j\u00e4t hy\u00f6dynsiv\u00e4t It\u00e4-Suomen yliopiston GreenScreen-tekniikkaa sek\u00e4 tekiv\u00e4t yhteisty\u00f6t\u00e4 usean eri paikallisen yrityksen kanssa (esimerkiksi kampaaja, leipomo, kirjapaino, ratsastustalli).<\/p>\n\n\n\n<p>Yritt\u00e4jille mahdollistui rakentaa ja testata tuotepaketti, jossa yhteiskuntal\u00e4ht\u00f6isyys (SSI) sek\u00e4 ammatit on vahvasti esill\u00e4 tiedeopetuksessa. Yritt\u00e4jilt\u00e4 saadun palautteen mukaan erityisesti yliopiston mahdollistama tuki tieto- ja viestint\u00e4teknologian osalta oli t\u00e4rke\u00e4. Hankehenkil\u00f6st\u00f6n asiantuntemusta hy\u00f6dynnettiin erityisesti tietosuojan osalta sek\u00e4 yhteisideoinnissa yritt\u00e4jien ja p\u00e4iv\u00e4kodin henkil\u00f6st\u00f6n kanssa. Yritt\u00e4j\u00e4t esitteliv\u00e4t projektia It\u00e4-Suomen yliopiston oppimisymp\u00e4rist\u00f6seminaarissa (esittelyvideo katsottavissa t\u00e4m\u00e4n kappaleen j\u00e4lkeen).&nbsp; P\u00e4iv\u00e4kodin henkil\u00f6kunta oli tyytyv\u00e4inen hankkeen henkil\u00f6st\u00f6n kanssa toimimiseen.<\/p>\n\n\n\n<p>Projekti oli eritt\u00e4in onnistunut. Hankehenkil\u00f6st\u00f6 oli mukana p\u00e4iv\u00e4kodilla j\u00e4rjestetyss\u00e4 projektin esittelytilaisuudessa to 14.3.2019. Tilaisuudessa oli l\u00e4sn\u00e4 my\u00f6s lasten vanhemmat. My\u00f6s yhteisty\u00f6yritykset oli kutsuttu tapahtumaan mukaan. Vanhemmilta saatu palaute oli pelk\u00e4st\u00e4\u00e4n my\u00f6nteist\u00e4. Vanhemmat korostivat sit\u00e4, ett\u00e4 lapset olivat tehneet haastatteluja kotona vanhempien ty\u00f6st\u00e4. Lapset olivat my\u00f6s innokkaana kertoneet retkist\u00e4 ja vierailuista yrityksiin. Lasten toiveammatteja olivat projektin alussa tanssija, urheilija, ohjelmoija, merikapteeni, liikunnanohjaaja, astronautti ja m\u00f6rk\u00f6.<\/p>\n\n\n\n<p>P\u00e4iv\u00e4kodin henkil\u00f6kunnasta haastateltiin toukokuussa 2019 erikseen projektiin osallistuneet lastentarhanopettajat sek\u00e4 lastenhoitajat. Henkil\u00f6kunnan kokemukset projektista olivat pelk\u00e4st\u00e4\u00e4n my\u00f6nteiset. Henkil\u00f6kunta kertoi haastattelussa: \u201cHyv\u00e4\u00e4 oli se, ett\u00e4 rohkaistui kysym\u00e4\u00e4n lis\u00e4\u00e4 tieto- ja viestint\u00e4teknologiasta. Eih\u00e4n siin\u00e4 mit\u00e4\u00e4n menet\u00e4, jos kokeilee.\u201d Hoitajat arvostivat my\u00f6s \u201cprojektin moninaisuutta\u201d. Hanke oli hyv\u00e4 esimerkki my\u00f6s siit\u00e4, ett\u00e4 vanhemmat saatiin p\u00e4iv\u00e4kodin toimintaan mukaan. P\u00e4iv\u00e4kodille tuli tutuksi l\u00e4hialueen yritykset ja p\u00e4iv\u00e4koti jatkaa projektia my\u00f6s seuraavana vuonna. Tieto- ja viestint\u00e4teknologian osalta osa henkil\u00f6kunnasta koki saaneensa paljon ja osa on jo ennest\u00e4\u00e4n osannut. T\u00e4rkeimp\u00e4n\u00e4 tuloksena oppimisymp\u00e4rist\u00f6jen n\u00e4k\u00f6kulmasta on se, ett\u00e4:<br>\u201cp\u00e4iv\u00e4kodin l\u00e4hialueet tulivat tutuiksi. Samalla opittiin my\u00f6s hyvi\u00e4 k\u00e4yt\u00f6stapoja, tehtiin kysymyksi\u00e4 ja tervehdittiin&#8221;.<br>&#8220;Oppimisprojektissa hyv\u00e4\u00e4 oli my\u00f6s se, ett\u00e4 positiivisen pedagogiikan kautta edettiin\u201d.<br>&#8220;Oppimisymp\u00e4rist\u00f6 laajeni p\u00e4iv\u00e4kodin ulkopuolelle\u201d<\/p>\n\n\n\n<p>Projektissa mukana:<\/p>\n\n\n\n<p>Yritykset:<br>Joensuun tiedekasvatuspalvelut<br>Tiedekasvatus Hannu Partanen<\/p>\n\n\n\n<p>Koulutusorganisaatio:<br>Pilke tiedep\u00e4iv\u00e4koti Loiste<\/p>\n","protected":false},"excerpt":{"rendered":"<p>Projektissa mukana: Yritys: Tiedekasvatus Hannu Partanen &amp; Joensuun Tiedekasvatuspalvelut Koulutusorganisaatio: Pilke tiedep\u00e4iv\u00e4koti Loiste. Projektissa tutustutaan p\u00e4iv\u00e4kodin lasten kanssa ammatteihin tieto- ja viestint\u00e4teknologian v\u00e4lineiden (esim. Green-screenin) avulla. Projektiin osallistuu kaksi tiedekasvatusyrityst\u00e4, p\u00e4iv\u00e4kodin henkil\u00f6it\u00e4 sek\u00e4 hankkeemme henkil\u00f6it\u00e4. Syksyll\u00e4 2018 (viikko 50) aloitettiin opetuskokonaisuuden &#8220;Ammatit ja niiss\u00e4 tarvittavat tiedot ja taidot&#8221; suunnittelu ja ideointi. Opetuskokonaisuuden suunnitteluun osallistui koko [&hellip;]<\/p>\n","protected":false},"author":98,"featured_media":0,"parent":154,"menu_order":3,"comment_status":"closed","ping_status":"closed","template":"","meta":{"_acf_changed":false,"_monsterinsights_skip_tracking":false,"_monsterinsights_sitenote_active":false,"_monsterinsights_sitenote_note":"","_monsterinsights_sitenote_category":0,"footnotes":""},"class_list":["post-187","page","type-page","status-publish","hentry"],"acf":[],"yoast_head":"<!-- This site is optimized with the Yoast SEO plugin v27.3 - https:\/\/yoast.com\/product\/yoast-seo-wordpress\/ -->\n<title>Lapset ammateissa - Yrityst\u00e4 oppimisymp\u00e4rist\u00f6ihin<\/title>\n<meta name=\"robots\" content=\"index, follow, max-snippet:-1, max-image-preview:large, max-video-preview:-1\" \/>\n<link rel=\"canonical\" href=\"https:\/\/sites.uef.fi\/yritystaoppimisymparistoihin\/hankkeessa-toteutuneet-pilottiprojektit\/lapset-ammateissa\/\" \/>\n<meta property=\"og:locale\" content=\"en_US\" \/>\n<meta property=\"og:type\" content=\"article\" \/>\n<meta property=\"og:title\" content=\"Lapset ammateissa - Yrityst\u00e4 oppimisymp\u00e4rist\u00f6ihin\" \/>\n<meta property=\"og:description\" content=\"Projektissa mukana: Yritys: Tiedekasvatus Hannu Partanen &amp; Joensuun Tiedekasvatuspalvelut Koulutusorganisaatio: Pilke tiedep\u00e4iv\u00e4koti Loiste. Projektissa tutustutaan p\u00e4iv\u00e4kodin lasten kanssa ammatteihin tieto- ja viestint\u00e4teknologian v\u00e4lineiden (esim. Green-screenin) avulla. Projektiin osallistuu kaksi tiedekasvatusyrityst\u00e4, p\u00e4iv\u00e4kodin henkil\u00f6it\u00e4 sek\u00e4 hankkeemme henkil\u00f6it\u00e4. Syksyll\u00e4 2018 (viikko 50) aloitettiin opetuskokonaisuuden &#8220;Ammatit ja niiss\u00e4 tarvittavat tiedot ja taidot&#8221; suunnittelu ja ideointi. Opetuskokonaisuuden suunnitteluun osallistui koko [&hellip;]\" \/>\n<meta property=\"og:url\" content=\"https:\/\/sites.uef.fi\/yritystaoppimisymparistoihin\/hankkeessa-toteutuneet-pilottiprojektit\/lapset-ammateissa\/\" \/>\n<meta property=\"og:site_name\" content=\"Yrityst\u00e4 oppimisymp\u00e4rist\u00f6ihin\" \/>\n<meta property=\"article:modified_time\" content=\"2024-02-08T06:33:39+00:00\" \/>\n<meta name=\"twitter:card\" content=\"summary_large_image\" \/>\n<meta name=\"twitter:label1\" content=\"Est. reading time\" \/>\n\t<meta name=\"twitter:data1\" content=\"2 minutes\" \/>\n<script type=\"application\/ld+json\" class=\"yoast-schema-graph\">{\"@context\":\"https:\\\/\\\/schema.org\",\"@graph\":[{\"@type\":\"WebPage\",\"@id\":\"https:\\\/\\\/sites.uef.fi\\\/yritystaoppimisymparistoihin\\\/hankkeessa-toteutuneet-pilottiprojektit\\\/lapset-ammateissa\\\/\",\"url\":\"https:\\\/\\\/sites.uef.fi\\\/yritystaoppimisymparistoihin\\\/hankkeessa-toteutuneet-pilottiprojektit\\\/lapset-ammateissa\\\/\",\"name\":\"Lapset ammateissa - Yrityst\u00e4 oppimisymp\u00e4rist\u00f6ihin\",\"isPartOf\":{\"@id\":\"https:\\\/\\\/sites.uef.fi\\\/yritystaoppimisymparistoihin\\\/#website\"},\"datePublished\":\"2020-08-20T11:29:16+00:00\",\"dateModified\":\"2024-02-08T06:33:39+00:00\",\"breadcrumb\":{\"@id\":\"https:\\\/\\\/sites.uef.fi\\\/yritystaoppimisymparistoihin\\\/hankkeessa-toteutuneet-pilottiprojektit\\\/lapset-ammateissa\\\/#breadcrumb\"},\"inLanguage\":\"en-US\",\"potentialAction\":[{\"@type\":\"ReadAction\",\"target\":[\"https:\\\/\\\/sites.uef.fi\\\/yritystaoppimisymparistoihin\\\/hankkeessa-toteutuneet-pilottiprojektit\\\/lapset-ammateissa\\\/\"]}]},{\"@type\":\"BreadcrumbList\",\"@id\":\"https:\\\/\\\/sites.uef.fi\\\/yritystaoppimisymparistoihin\\\/hankkeessa-toteutuneet-pilottiprojektit\\\/lapset-ammateissa\\\/#breadcrumb\",\"itemListElement\":[{\"@type\":\"ListItem\",\"position\":1,\"name\":\"Home\",\"item\":\"https:\\\/\\\/sites.uef.fi\\\/yritystaoppimisymparistoihin\\\/\"},{\"@type\":\"ListItem\",\"position\":2,\"name\":\"Hankkeessa toteutuneet pilottiprojektit\",\"item\":\"https:\\\/\\\/sites.uef.fi\\\/yritystaoppimisymparistoihin\\\/hankkeessa-toteutuneet-pilottiprojektit\\\/\"},{\"@type\":\"ListItem\",\"position\":3,\"name\":\"Lapset ammateissa\"}]},{\"@type\":\"WebSite\",\"@id\":\"https:\\\/\\\/sites.uef.fi\\\/yritystaoppimisymparistoihin\\\/#website\",\"url\":\"https:\\\/\\\/sites.uef.fi\\\/yritystaoppimisymparistoihin\\\/\",\"name\":\"Yrityst\u00e4 oppimisymp\u00e4rist\u00f6ihin\",\"description\":\"\",\"potentialAction\":[{\"@type\":\"SearchAction\",\"target\":{\"@type\":\"EntryPoint\",\"urlTemplate\":\"https:\\\/\\\/sites.uef.fi\\\/yritystaoppimisymparistoihin\\\/?s={search_term_string}\"},\"query-input\":{\"@type\":\"PropertyValueSpecification\",\"valueRequired\":true,\"valueName\":\"search_term_string\"}}],\"inLanguage\":\"en-US\"}]}<\/script>\n<!-- \/ Yoast SEO plugin. -->","yoast_head_json":{"title":"Lapset ammateissa - Yrityst\u00e4 oppimisymp\u00e4rist\u00f6ihin","robots":{"index":"index","follow":"follow","max-snippet":"max-snippet:-1","max-image-preview":"max-image-preview:large","max-video-preview":"max-video-preview:-1"},"canonical":"https:\/\/sites.uef.fi\/yritystaoppimisymparistoihin\/hankkeessa-toteutuneet-pilottiprojektit\/lapset-ammateissa\/","og_locale":"en_US","og_type":"article","og_title":"Lapset ammateissa - Yrityst\u00e4 oppimisymp\u00e4rist\u00f6ihin","og_description":"Projektissa mukana: Yritys: Tiedekasvatus Hannu Partanen &amp; Joensuun Tiedekasvatuspalvelut Koulutusorganisaatio: Pilke tiedep\u00e4iv\u00e4koti Loiste. Projektissa tutustutaan p\u00e4iv\u00e4kodin lasten kanssa ammatteihin tieto- ja viestint\u00e4teknologian v\u00e4lineiden (esim. Green-screenin) avulla. Projektiin osallistuu kaksi tiedekasvatusyrityst\u00e4, p\u00e4iv\u00e4kodin henkil\u00f6it\u00e4 sek\u00e4 hankkeemme henkil\u00f6it\u00e4. Syksyll\u00e4 2018 (viikko 50) aloitettiin opetuskokonaisuuden &#8220;Ammatit ja niiss\u00e4 tarvittavat tiedot ja taidot&#8221; suunnittelu ja ideointi. Opetuskokonaisuuden suunnitteluun osallistui koko [&hellip;]","og_url":"https:\/\/sites.uef.fi\/yritystaoppimisymparistoihin\/hankkeessa-toteutuneet-pilottiprojektit\/lapset-ammateissa\/","og_site_name":"Yrityst\u00e4 oppimisymp\u00e4rist\u00f6ihin","article_modified_time":"2024-02-08T06:33:39+00:00","twitter_card":"summary_large_image","twitter_misc":{"Est. reading time":"2 minutes"},"schema":{"@context":"https:\/\/schema.org","@graph":[{"@type":"WebPage","@id":"https:\/\/sites.uef.fi\/yritystaoppimisymparistoihin\/hankkeessa-toteutuneet-pilottiprojektit\/lapset-ammateissa\/","url":"https:\/\/sites.uef.fi\/yritystaoppimisymparistoihin\/hankkeessa-toteutuneet-pilottiprojektit\/lapset-ammateissa\/","name":"Lapset ammateissa - Yrityst\u00e4 oppimisymp\u00e4rist\u00f6ihin","isPartOf":{"@id":"https:\/\/sites.uef.fi\/yritystaoppimisymparistoihin\/#website"},"datePublished":"2020-08-20T11:29:16+00:00","dateModified":"2024-02-08T06:33:39+00:00","breadcrumb":{"@id":"https:\/\/sites.uef.fi\/yritystaoppimisymparistoihin\/hankkeessa-toteutuneet-pilottiprojektit\/lapset-ammateissa\/#breadcrumb"},"inLanguage":"en-US","potentialAction":[{"@type":"ReadAction","target":["https:\/\/sites.uef.fi\/yritystaoppimisymparistoihin\/hankkeessa-toteutuneet-pilottiprojektit\/lapset-ammateissa\/"]}]},{"@type":"BreadcrumbList","@id":"https:\/\/sites.uef.fi\/yritystaoppimisymparistoihin\/hankkeessa-toteutuneet-pilottiprojektit\/lapset-ammateissa\/#breadcrumb","itemListElement":[{"@type":"ListItem","position":1,"name":"Home","item":"https:\/\/sites.uef.fi\/yritystaoppimisymparistoihin\/"},{"@type":"ListItem","position":2,"name":"Hankkeessa toteutuneet pilottiprojektit","item":"https:\/\/sites.uef.fi\/yritystaoppimisymparistoihin\/hankkeessa-toteutuneet-pilottiprojektit\/"},{"@type":"ListItem","position":3,"name":"Lapset ammateissa"}]},{"@type":"WebSite","@id":"https:\/\/sites.uef.fi\/yritystaoppimisymparistoihin\/#website","url":"https:\/\/sites.uef.fi\/yritystaoppimisymparistoihin\/","name":"Yrityst\u00e4 oppimisymp\u00e4rist\u00f6ihin","description":"","potentialAction":[{"@type":"SearchAction","target":{"@type":"EntryPoint","urlTemplate":"https:\/\/sites.uef.fi\/yritystaoppimisymparistoihin\/?s={search_term_string}"},"query-input":{"@type":"PropertyValueSpecification","valueRequired":true,"valueName":"search_term_string"}}],"inLanguage":"en-US"}]}},"_links":{"self":[{"href":"https:\/\/sites.uef.fi\/yritystaoppimisymparistoihin\/wp-json\/wp\/v2\/pages\/187","targetHints":{"allow":["GET"]}}],"collection":[{"href":"https:\/\/sites.uef.fi\/yritystaoppimisymparistoihin\/wp-json\/wp\/v2\/pages"}],"about":[{"href":"https:\/\/sites.uef.fi\/yritystaoppimisymparistoihin\/wp-json\/wp\/v2\/types\/page"}],"author":[{"embeddable":true,"href":"https:\/\/sites.uef.fi\/yritystaoppimisymparistoihin\/wp-json\/wp\/v2\/users\/98"}],"replies":[{"embeddable":true,"href":"https:\/\/sites.uef.fi\/yritystaoppimisymparistoihin\/wp-json\/wp\/v2\/comments?post=187"}],"version-history":[{"count":2,"href":"https:\/\/sites.uef.fi\/yritystaoppimisymparistoihin\/wp-json\/wp\/v2\/pages\/187\/revisions"}],"predecessor-version":[{"id":1117,"href":"https:\/\/sites.uef.fi\/yritystaoppimisymparistoihin\/wp-json\/wp\/v2\/pages\/187\/revisions\/1117"}],"up":[{"embeddable":true,"href":"https:\/\/sites.uef.fi\/yritystaoppimisymparistoihin\/wp-json\/wp\/v2\/pages\/154"}],"wp:attachment":[{"href":"https:\/\/sites.uef.fi\/yritystaoppimisymparistoihin\/wp-json\/wp\/v2\/media?parent=187"}],"curies":[{"name":"wp","href":"https:\/\/api.w.org\/{rel}","templated":true}]}}