{"id":193,"date":"2020-08-20T14:29:45","date_gmt":"2020-08-20T11:29:45","guid":{"rendered":"https:\/\/sites.uef.fi\/yritystaoppimisymparistoihin\/?page_id=193"},"modified":"2024-02-08T09:20:58","modified_gmt":"2024-02-08T07:20:58","slug":"aanimaisema","status":"publish","type":"page","link":"https:\/\/sites.uef.fi\/yritystaoppimisymparistoihin\/hankkeessa-toteutuneet-pilottiprojektit\/aanimaisema\/","title":{"rendered":"\u00c4\u00e4nimaisema"},"content":{"rendered":"\n<h2 class=\"wp-block-heading\">Projektissa mukana:<\/h2>\n\n\n\n<p><strong>Yritys<\/strong>: <a href=\"https:\/\/sites.uef.fi\/yritystaoppimisymparistoihin\/yhteistyossa\/yritykset\/sf-sound-oy\/\">SF-Sound Oy<\/a><\/p>\n\n\n\n<p><strong>Koulutusorganisaatio:<\/strong> <a href=\"https:\/\/sites.uef.fi\/yritystaoppimisymparistoihin\/yhteistyossa\/koulutusorganisaatiot\/nepenmaen-koulu\/\">Nepenm\u00e4en koulu<\/a><\/p>\n\n\n<div class=\"embed-container\">\n    <iframe loading=\"lazy\" title=\"\u00c4\u00e4nimaisema\" width=\"640\" height=\"360\" src=\"https:\/\/www.youtube.com\/embed\/-VGVfXaBtJg?feature=oembed&#038;controls=1&#038;hd=1&#038;autohide=1\" frameborder=\"0\" allow=\"accelerometer; autoplay; clipboard-write; encrypted-media; gyroscope; picture-in-picture; web-share\" referrerpolicy=\"strict-origin-when-cross-origin\" allowfullscreen frameborder=\"0\"><\/iframe><\/div>\n\n\n<p>Projektissa suunnitellaan ja toteutetaan kaksi \u00e4\u00e4nimaisemaa koulun eri paikkoihin 7.-luokkalaisten oppilaiden, heid\u00e4n opettajiensa sek\u00e4 yritt\u00e4j\u00e4n yhteisty\u00f6n\u00e4. Mukana on hankkeemme henkil\u00f6it\u00e4 sek\u00e4 opettajaopiskelija.<\/p>\n\n\n\n<p>K\u00e4yt\u00e4nn\u00f6n toteutus Nepenm\u00e4en koulun kanssa toteutui kev\u00e4\u00e4ll\u00e4 2019.&nbsp; Nepenm\u00e4en koulun sek\u00e4 yritt\u00e4j\u00e4n toiveesta mukaan kehitt\u00e4misty\u00f6n havainnointiin ja oppilaiden kokemusten kartoittamiseen otettiin mukaan luokanopettajaopiskelija Venla Koivisto. Koiviston Pro gradu -tutkielman alustava nimi on \u201cOppilaiden kokemuksia koulun \u00e4\u00e4nimaisemasta ja sen suunnittelusta\u201d.&nbsp; Pro gradu \u2013tutkielma valmistuu syksyn 2019 aikana. Nepenm\u00e4en koulusta hankkeeseen osallistui opettaja.&nbsp; Alustavien tutkimustulosten mukaan \u00e4\u00e4nimaiseman rakentamiseen osallistuneet 7. luokan oppilaat kokivat projektin my\u00f6nteisen\u00e4. Aktiivisesti k\u00e4yt\u00e4nn\u00f6n toteuttamiseen osallistui my\u00f6s koulusta xxxx. Projektin k\u00e4yt\u00e4nn\u00f6n toteutusta vaikeutti hieman se, ett\u00e4 mukana oli vain yksi opettaja. Alkuper\u00e4isen suunnitelman mukaan projektiin oli tarkoitus osallistua my\u00f6s useampi muu opettaja. \u00c4\u00e4nimaiseman suunnitteluun olisi hyv\u00e4 p\u00e4\u00e4st\u00e4 osallistumaan my\u00f6s koko henkil\u00f6kunta. Oman haasteensa \u00e4\u00e4nimaisemaprojektille tuo my\u00f6s se, ett\u00e4 koulu on yhtein\u00e4iskoulu. Alakoulun oppilaiden toiveet ja odotukset \u00e4\u00e4nimaisemista ovat\/voivat erilaiset kuin yl\u00e4koululaisten.<\/p>\n\n\n\n<p>Projektissa mukana:<\/p>\n\n\n\n<p>Yritys:<br>SF-Sound Oy<\/p>\n\n\n\n<p>Koulutusorganisaatio:<br>Nepenm\u00e4en koulu<\/p>\n","protected":false},"excerpt":{"rendered":"<p>Projektissa mukana: Yritys: SF-Sound Oy Koulutusorganisaatio: Nepenm\u00e4en koulu Projektissa suunnitellaan ja toteutetaan kaksi \u00e4\u00e4nimaisemaa koulun eri paikkoihin 7.-luokkalaisten oppilaiden, heid\u00e4n opettajiensa sek\u00e4 yritt\u00e4j\u00e4n yhteisty\u00f6n\u00e4. Mukana on hankkeemme henkil\u00f6it\u00e4 sek\u00e4 opettajaopiskelija. K\u00e4yt\u00e4nn\u00f6n toteutus Nepenm\u00e4en koulun kanssa toteutui kev\u00e4\u00e4ll\u00e4 2019.&nbsp; Nepenm\u00e4en koulun sek\u00e4 yritt\u00e4j\u00e4n toiveesta mukaan kehitt\u00e4misty\u00f6n havainnointiin ja oppilaiden kokemusten kartoittamiseen otettiin mukaan luokanopettajaopiskelija Venla Koivisto. [&hellip;]<\/p>\n","protected":false},"author":98,"featured_media":0,"parent":154,"menu_order":4,"comment_status":"closed","ping_status":"closed","template":"","meta":{"_acf_changed":false,"_monsterinsights_skip_tracking":false,"_monsterinsights_sitenote_active":false,"_monsterinsights_sitenote_note":"","_monsterinsights_sitenote_category":0,"footnotes":""},"class_list":["post-193","page","type-page","status-publish","hentry"],"acf":[],"yoast_head":"<!-- This site is optimized with the Yoast SEO plugin v27.3 - https:\/\/yoast.com\/product\/yoast-seo-wordpress\/ -->\n<title>\u00c4\u00e4nimaisema - Yrityst\u00e4 oppimisymp\u00e4rist\u00f6ihin<\/title>\n<meta name=\"robots\" content=\"index, follow, max-snippet:-1, max-image-preview:large, max-video-preview:-1\" \/>\n<link rel=\"canonical\" href=\"https:\/\/sites.uef.fi\/yritystaoppimisymparistoihin\/hankkeessa-toteutuneet-pilottiprojektit\/aanimaisema\/\" \/>\n<meta property=\"og:locale\" content=\"en_US\" \/>\n<meta property=\"og:type\" content=\"article\" \/>\n<meta property=\"og:title\" content=\"\u00c4\u00e4nimaisema - Yrityst\u00e4 oppimisymp\u00e4rist\u00f6ihin\" \/>\n<meta property=\"og:description\" content=\"Projektissa mukana: Yritys: SF-Sound Oy Koulutusorganisaatio: Nepenm\u00e4en koulu Projektissa suunnitellaan ja toteutetaan kaksi \u00e4\u00e4nimaisemaa koulun eri paikkoihin 7.-luokkalaisten oppilaiden, heid\u00e4n opettajiensa sek\u00e4 yritt\u00e4j\u00e4n yhteisty\u00f6n\u00e4. Mukana on hankkeemme henkil\u00f6it\u00e4 sek\u00e4 opettajaopiskelija. K\u00e4yt\u00e4nn\u00f6n toteutus Nepenm\u00e4en koulun kanssa toteutui kev\u00e4\u00e4ll\u00e4 2019.&nbsp; Nepenm\u00e4en koulun sek\u00e4 yritt\u00e4j\u00e4n toiveesta mukaan kehitt\u00e4misty\u00f6n havainnointiin ja oppilaiden kokemusten kartoittamiseen otettiin mukaan luokanopettajaopiskelija Venla Koivisto. [&hellip;]\" \/>\n<meta property=\"og:url\" content=\"https:\/\/sites.uef.fi\/yritystaoppimisymparistoihin\/hankkeessa-toteutuneet-pilottiprojektit\/aanimaisema\/\" \/>\n<meta property=\"og:site_name\" content=\"Yrityst\u00e4 oppimisymp\u00e4rist\u00f6ihin\" \/>\n<meta property=\"article:modified_time\" content=\"2024-02-08T07:20:58+00:00\" \/>\n<meta name=\"twitter:card\" content=\"summary_large_image\" \/>\n<meta name=\"twitter:label1\" content=\"Est. reading time\" \/>\n\t<meta name=\"twitter:data1\" content=\"1 minute\" \/>\n<script type=\"application\/ld+json\" class=\"yoast-schema-graph\">{\"@context\":\"https:\\\/\\\/schema.org\",\"@graph\":[{\"@type\":\"WebPage\",\"@id\":\"https:\\\/\\\/sites.uef.fi\\\/yritystaoppimisymparistoihin\\\/hankkeessa-toteutuneet-pilottiprojektit\\\/aanimaisema\\\/\",\"url\":\"https:\\\/\\\/sites.uef.fi\\\/yritystaoppimisymparistoihin\\\/hankkeessa-toteutuneet-pilottiprojektit\\\/aanimaisema\\\/\",\"name\":\"\u00c4\u00e4nimaisema - Yrityst\u00e4 oppimisymp\u00e4rist\u00f6ihin\",\"isPartOf\":{\"@id\":\"https:\\\/\\\/sites.uef.fi\\\/yritystaoppimisymparistoihin\\\/#website\"},\"datePublished\":\"2020-08-20T11:29:45+00:00\",\"dateModified\":\"2024-02-08T07:20:58+00:00\",\"breadcrumb\":{\"@id\":\"https:\\\/\\\/sites.uef.fi\\\/yritystaoppimisymparistoihin\\\/hankkeessa-toteutuneet-pilottiprojektit\\\/aanimaisema\\\/#breadcrumb\"},\"inLanguage\":\"en-US\",\"potentialAction\":[{\"@type\":\"ReadAction\",\"target\":[\"https:\\\/\\\/sites.uef.fi\\\/yritystaoppimisymparistoihin\\\/hankkeessa-toteutuneet-pilottiprojektit\\\/aanimaisema\\\/\"]}]},{\"@type\":\"BreadcrumbList\",\"@id\":\"https:\\\/\\\/sites.uef.fi\\\/yritystaoppimisymparistoihin\\\/hankkeessa-toteutuneet-pilottiprojektit\\\/aanimaisema\\\/#breadcrumb\",\"itemListElement\":[{\"@type\":\"ListItem\",\"position\":1,\"name\":\"Home\",\"item\":\"https:\\\/\\\/sites.uef.fi\\\/yritystaoppimisymparistoihin\\\/\"},{\"@type\":\"ListItem\",\"position\":2,\"name\":\"Hankkeessa toteutuneet pilottiprojektit\",\"item\":\"https:\\\/\\\/sites.uef.fi\\\/yritystaoppimisymparistoihin\\\/hankkeessa-toteutuneet-pilottiprojektit\\\/\"},{\"@type\":\"ListItem\",\"position\":3,\"name\":\"\u00c4\u00e4nimaisema\"}]},{\"@type\":\"WebSite\",\"@id\":\"https:\\\/\\\/sites.uef.fi\\\/yritystaoppimisymparistoihin\\\/#website\",\"url\":\"https:\\\/\\\/sites.uef.fi\\\/yritystaoppimisymparistoihin\\\/\",\"name\":\"Yrityst\u00e4 oppimisymp\u00e4rist\u00f6ihin\",\"description\":\"\",\"potentialAction\":[{\"@type\":\"SearchAction\",\"target\":{\"@type\":\"EntryPoint\",\"urlTemplate\":\"https:\\\/\\\/sites.uef.fi\\\/yritystaoppimisymparistoihin\\\/?s={search_term_string}\"},\"query-input\":{\"@type\":\"PropertyValueSpecification\",\"valueRequired\":true,\"valueName\":\"search_term_string\"}}],\"inLanguage\":\"en-US\"}]}<\/script>\n<!-- \/ Yoast SEO plugin. -->","yoast_head_json":{"title":"\u00c4\u00e4nimaisema - Yrityst\u00e4 oppimisymp\u00e4rist\u00f6ihin","robots":{"index":"index","follow":"follow","max-snippet":"max-snippet:-1","max-image-preview":"max-image-preview:large","max-video-preview":"max-video-preview:-1"},"canonical":"https:\/\/sites.uef.fi\/yritystaoppimisymparistoihin\/hankkeessa-toteutuneet-pilottiprojektit\/aanimaisema\/","og_locale":"en_US","og_type":"article","og_title":"\u00c4\u00e4nimaisema - Yrityst\u00e4 oppimisymp\u00e4rist\u00f6ihin","og_description":"Projektissa mukana: Yritys: SF-Sound Oy Koulutusorganisaatio: Nepenm\u00e4en koulu Projektissa suunnitellaan ja toteutetaan kaksi \u00e4\u00e4nimaisemaa koulun eri paikkoihin 7.-luokkalaisten oppilaiden, heid\u00e4n opettajiensa sek\u00e4 yritt\u00e4j\u00e4n yhteisty\u00f6n\u00e4. Mukana on hankkeemme henkil\u00f6it\u00e4 sek\u00e4 opettajaopiskelija. K\u00e4yt\u00e4nn\u00f6n toteutus Nepenm\u00e4en koulun kanssa toteutui kev\u00e4\u00e4ll\u00e4 2019.&nbsp; Nepenm\u00e4en koulun sek\u00e4 yritt\u00e4j\u00e4n toiveesta mukaan kehitt\u00e4misty\u00f6n havainnointiin ja oppilaiden kokemusten kartoittamiseen otettiin mukaan luokanopettajaopiskelija Venla Koivisto. [&hellip;]","og_url":"https:\/\/sites.uef.fi\/yritystaoppimisymparistoihin\/hankkeessa-toteutuneet-pilottiprojektit\/aanimaisema\/","og_site_name":"Yrityst\u00e4 oppimisymp\u00e4rist\u00f6ihin","article_modified_time":"2024-02-08T07:20:58+00:00","twitter_card":"summary_large_image","twitter_misc":{"Est. reading time":"1 minute"},"schema":{"@context":"https:\/\/schema.org","@graph":[{"@type":"WebPage","@id":"https:\/\/sites.uef.fi\/yritystaoppimisymparistoihin\/hankkeessa-toteutuneet-pilottiprojektit\/aanimaisema\/","url":"https:\/\/sites.uef.fi\/yritystaoppimisymparistoihin\/hankkeessa-toteutuneet-pilottiprojektit\/aanimaisema\/","name":"\u00c4\u00e4nimaisema - Yrityst\u00e4 oppimisymp\u00e4rist\u00f6ihin","isPartOf":{"@id":"https:\/\/sites.uef.fi\/yritystaoppimisymparistoihin\/#website"},"datePublished":"2020-08-20T11:29:45+00:00","dateModified":"2024-02-08T07:20:58+00:00","breadcrumb":{"@id":"https:\/\/sites.uef.fi\/yritystaoppimisymparistoihin\/hankkeessa-toteutuneet-pilottiprojektit\/aanimaisema\/#breadcrumb"},"inLanguage":"en-US","potentialAction":[{"@type":"ReadAction","target":["https:\/\/sites.uef.fi\/yritystaoppimisymparistoihin\/hankkeessa-toteutuneet-pilottiprojektit\/aanimaisema\/"]}]},{"@type":"BreadcrumbList","@id":"https:\/\/sites.uef.fi\/yritystaoppimisymparistoihin\/hankkeessa-toteutuneet-pilottiprojektit\/aanimaisema\/#breadcrumb","itemListElement":[{"@type":"ListItem","position":1,"name":"Home","item":"https:\/\/sites.uef.fi\/yritystaoppimisymparistoihin\/"},{"@type":"ListItem","position":2,"name":"Hankkeessa toteutuneet pilottiprojektit","item":"https:\/\/sites.uef.fi\/yritystaoppimisymparistoihin\/hankkeessa-toteutuneet-pilottiprojektit\/"},{"@type":"ListItem","position":3,"name":"\u00c4\u00e4nimaisema"}]},{"@type":"WebSite","@id":"https:\/\/sites.uef.fi\/yritystaoppimisymparistoihin\/#website","url":"https:\/\/sites.uef.fi\/yritystaoppimisymparistoihin\/","name":"Yrityst\u00e4 oppimisymp\u00e4rist\u00f6ihin","description":"","potentialAction":[{"@type":"SearchAction","target":{"@type":"EntryPoint","urlTemplate":"https:\/\/sites.uef.fi\/yritystaoppimisymparistoihin\/?s={search_term_string}"},"query-input":{"@type":"PropertyValueSpecification","valueRequired":true,"valueName":"search_term_string"}}],"inLanguage":"en-US"}]}},"_links":{"self":[{"href":"https:\/\/sites.uef.fi\/yritystaoppimisymparistoihin\/wp-json\/wp\/v2\/pages\/193","targetHints":{"allow":["GET"]}}],"collection":[{"href":"https:\/\/sites.uef.fi\/yritystaoppimisymparistoihin\/wp-json\/wp\/v2\/pages"}],"about":[{"href":"https:\/\/sites.uef.fi\/yritystaoppimisymparistoihin\/wp-json\/wp\/v2\/types\/page"}],"author":[{"embeddable":true,"href":"https:\/\/sites.uef.fi\/yritystaoppimisymparistoihin\/wp-json\/wp\/v2\/users\/98"}],"replies":[{"embeddable":true,"href":"https:\/\/sites.uef.fi\/yritystaoppimisymparistoihin\/wp-json\/wp\/v2\/comments?post=193"}],"version-history":[{"count":2,"href":"https:\/\/sites.uef.fi\/yritystaoppimisymparistoihin\/wp-json\/wp\/v2\/pages\/193\/revisions"}],"predecessor-version":[{"id":1225,"href":"https:\/\/sites.uef.fi\/yritystaoppimisymparistoihin\/wp-json\/wp\/v2\/pages\/193\/revisions\/1225"}],"up":[{"embeddable":true,"href":"https:\/\/sites.uef.fi\/yritystaoppimisymparistoihin\/wp-json\/wp\/v2\/pages\/154"}],"wp:attachment":[{"href":"https:\/\/sites.uef.fi\/yritystaoppimisymparistoihin\/wp-json\/wp\/v2\/media?parent=193"}],"curies":[{"name":"wp","href":"https:\/\/api.w.org\/{rel}","templated":true}]}}