{"id":625,"date":"2020-09-22T10:49:31","date_gmt":"2020-09-22T07:49:31","guid":{"rendered":"https:\/\/sites.uef.fi\/yritystaoppimisymparistoihin\/?page_id=625"},"modified":"2024-02-08T09:08:08","modified_gmt":"2024-02-08T07:08:08","slug":"pilke-tiedepaivakoti-loiste","status":"publish","type":"page","link":"https:\/\/sites.uef.fi\/yritystaoppimisymparistoihin\/yhteistyossa\/koulutusorganisaatiot\/pilke-tiedepaivakoti-loiste\/","title":{"rendered":"Pilke tiedep\u00e4iv\u00e4koti Loiste"},"content":{"rendered":"\n<p>Pilke tiedep\u00e4iv\u00e4koti Loiste on auennut Joensuun Rantakyl\u00e4\u00e4n Aallontielle elokuussa 2017. P\u00e4iv\u00e4kodissa on 72 hoitopaikkaa 0-6-vuotiaille lapsille ja p\u00e4iv\u00e4kodissa j\u00e4rjestet\u00e4\u00e4n my\u00f6s esiopetusta.<\/p>\n\n\n\n<p>&#8220;<em>Pilke Loiste on tiedepainotteinen p\u00e4iv\u00e4koti, jossa tiedepainotteisuus toteutuu kokonaisvaltaisena lapsen l\u00e4hiymp\u00e4rist\u00f6n tutkimisena.<\/em><\/p>\n\n\n\n<p><em>Lapsen leikki, luovuus ja aistien k\u00e4ytt\u00f6 ovat hyvi\u00e4 alustoja harjoitella tieteellist\u00e4 ajattelua, joka kehitt\u00e4\u00e4 lapsen muistin ja oppimisen taitoja.<\/em><\/p>\n\n\n\n<p><em>Lapset oppivat tiedep\u00e4iv\u00e4kodissa leikin kautta oivaltamaan, kokeilemaan ja saavat onnistumisen kokemuksia. Tieteellisen ajattelun oppiminen on t\u00e4rke\u00e4mp\u00e4\u00e4 kuin itse tiedon oppiminen.<\/em><\/p>\n\n\n\n<p><em>Tiedep\u00e4iv\u00e4kodissa ihmetell\u00e4\u00e4n ja tutkitaan lasten kiinnostuksesta her\u00e4nneit\u00e4 luonnontieteellisi\u00e4 ilmi\u00f6it\u00e4 pienryhm\u00e4ss\u00e4 yhdess\u00e4 kavereiden ja varhaiskasvattajan kanssa. Tiedetoiminnassa huomioidaan lapsen ik\u00e4, kiinnostuksen kohteet ja turvalliset toimintatavat.<\/em><\/p>\n\n\n\n<p><em>Tiedep\u00e4iv\u00e4kodin oppimisymp\u00e4rist\u00f6 kannustaa ja houkuttelee lasta tutkimiseen ja kokeiluun. Lapsilla on p\u00e4iv\u00e4kodissa k\u00e4yt\u00f6ss\u00e4\u00e4n tila, jossa on v\u00e4lineist\u00f6\u00e4 muun muassa luuppeja, suurennuslaseja, pipettej\u00e4, mikroskooppi ja valop\u00f6yt\u00e4. P\u00e4iv\u00e4kodin piha ja l\u00e4hiymp\u00e4rist\u00f6 ovat my\u00f6s hyv\u00e4\u00e4 tutkimustilaa.&#8221;<\/em><\/p>\n\n\n\n<p>Lis\u00e4tietoja:<br><a href=\"https:\/\/www.pilkepaivakodit.fi\/paivakodit\/paivakodit-joensuu\/loiste\/\" target=\"_blank\" rel=\"noopener noreferrer\">P\u00e4iv\u00e4kodin kotisivut <\/a>(aukeaa uuteen v\u00e4lilehteen)<\/p>\n","protected":false},"excerpt":{"rendered":"<p>Pilke tiedep\u00e4iv\u00e4koti Loiste on auennut Joensuun Rantakyl\u00e4\u00e4n Aallontielle elokuussa 2017. P\u00e4iv\u00e4kodissa on 72 hoitopaikkaa 0-6-vuotiaille lapsille ja p\u00e4iv\u00e4kodissa j\u00e4rjestet\u00e4\u00e4n my\u00f6s esiopetusta. &#8220;Pilke Loiste on tiedepainotteinen p\u00e4iv\u00e4koti, jossa tiedepainotteisuus toteutuu kokonaisvaltaisena lapsen l\u00e4hiymp\u00e4rist\u00f6n tutkimisena. Lapsen leikki, luovuus ja aistien k\u00e4ytt\u00f6 ovat hyvi\u00e4 alustoja harjoitella tieteellist\u00e4 ajattelua, joka kehitt\u00e4\u00e4 lapsen muistin ja oppimisen taitoja. Lapset oppivat tiedep\u00e4iv\u00e4kodissa [&hellip;]<\/p>\n","protected":false},"author":98,"featured_media":0,"parent":244,"menu_order":5,"comment_status":"closed","ping_status":"closed","template":"","meta":{"_acf_changed":false,"_monsterinsights_skip_tracking":false,"_monsterinsights_sitenote_active":false,"_monsterinsights_sitenote_note":"","_monsterinsights_sitenote_category":0,"footnotes":""},"class_list":["post-625","page","type-page","status-publish","hentry"],"acf":[],"yoast_head":"<!-- This site is optimized with the Yoast SEO plugin v27.3 - https:\/\/yoast.com\/product\/yoast-seo-wordpress\/ -->\n<title>Pilke tiedep\u00e4iv\u00e4koti Loiste - Yrityst\u00e4 oppimisymp\u00e4rist\u00f6ihin<\/title>\n<meta name=\"robots\" content=\"index, follow, max-snippet:-1, max-image-preview:large, max-video-preview:-1\" \/>\n<link rel=\"canonical\" href=\"https:\/\/sites.uef.fi\/yritystaoppimisymparistoihin\/yhteistyossa\/koulutusorganisaatiot\/pilke-tiedepaivakoti-loiste\/\" \/>\n<meta property=\"og:locale\" content=\"en_US\" \/>\n<meta property=\"og:type\" content=\"article\" \/>\n<meta property=\"og:title\" content=\"Pilke tiedep\u00e4iv\u00e4koti Loiste - Yrityst\u00e4 oppimisymp\u00e4rist\u00f6ihin\" \/>\n<meta property=\"og:description\" content=\"Pilke tiedep\u00e4iv\u00e4koti Loiste on auennut Joensuun Rantakyl\u00e4\u00e4n Aallontielle elokuussa 2017. P\u00e4iv\u00e4kodissa on 72 hoitopaikkaa 0-6-vuotiaille lapsille ja p\u00e4iv\u00e4kodissa j\u00e4rjestet\u00e4\u00e4n my\u00f6s esiopetusta. &#8220;Pilke Loiste on tiedepainotteinen p\u00e4iv\u00e4koti, jossa tiedepainotteisuus toteutuu kokonaisvaltaisena lapsen l\u00e4hiymp\u00e4rist\u00f6n tutkimisena. Lapsen leikki, luovuus ja aistien k\u00e4ytt\u00f6 ovat hyvi\u00e4 alustoja harjoitella tieteellist\u00e4 ajattelua, joka kehitt\u00e4\u00e4 lapsen muistin ja oppimisen taitoja. Lapset oppivat tiedep\u00e4iv\u00e4kodissa [&hellip;]\" \/>\n<meta property=\"og:url\" content=\"https:\/\/sites.uef.fi\/yritystaoppimisymparistoihin\/yhteistyossa\/koulutusorganisaatiot\/pilke-tiedepaivakoti-loiste\/\" \/>\n<meta property=\"og:site_name\" content=\"Yrityst\u00e4 oppimisymp\u00e4rist\u00f6ihin\" \/>\n<meta property=\"article:modified_time\" content=\"2024-02-08T07:08:08+00:00\" \/>\n<meta name=\"twitter:card\" content=\"summary_large_image\" \/>\n<meta name=\"twitter:label1\" content=\"Est. reading time\" \/>\n\t<meta name=\"twitter:data1\" content=\"1 minute\" \/>\n<script type=\"application\/ld+json\" class=\"yoast-schema-graph\">{\"@context\":\"https:\\\/\\\/schema.org\",\"@graph\":[{\"@type\":\"WebPage\",\"@id\":\"https:\\\/\\\/sites.uef.fi\\\/yritystaoppimisymparistoihin\\\/yhteistyossa\\\/koulutusorganisaatiot\\\/pilke-tiedepaivakoti-loiste\\\/\",\"url\":\"https:\\\/\\\/sites.uef.fi\\\/yritystaoppimisymparistoihin\\\/yhteistyossa\\\/koulutusorganisaatiot\\\/pilke-tiedepaivakoti-loiste\\\/\",\"name\":\"Pilke tiedep\u00e4iv\u00e4koti Loiste - Yrityst\u00e4 oppimisymp\u00e4rist\u00f6ihin\",\"isPartOf\":{\"@id\":\"https:\\\/\\\/sites.uef.fi\\\/yritystaoppimisymparistoihin\\\/#website\"},\"datePublished\":\"2020-09-22T07:49:31+00:00\",\"dateModified\":\"2024-02-08T07:08:08+00:00\",\"breadcrumb\":{\"@id\":\"https:\\\/\\\/sites.uef.fi\\\/yritystaoppimisymparistoihin\\\/yhteistyossa\\\/koulutusorganisaatiot\\\/pilke-tiedepaivakoti-loiste\\\/#breadcrumb\"},\"inLanguage\":\"en-US\",\"potentialAction\":[{\"@type\":\"ReadAction\",\"target\":[\"https:\\\/\\\/sites.uef.fi\\\/yritystaoppimisymparistoihin\\\/yhteistyossa\\\/koulutusorganisaatiot\\\/pilke-tiedepaivakoti-loiste\\\/\"]}]},{\"@type\":\"BreadcrumbList\",\"@id\":\"https:\\\/\\\/sites.uef.fi\\\/yritystaoppimisymparistoihin\\\/yhteistyossa\\\/koulutusorganisaatiot\\\/pilke-tiedepaivakoti-loiste\\\/#breadcrumb\",\"itemListElement\":[{\"@type\":\"ListItem\",\"position\":1,\"name\":\"Home\",\"item\":\"https:\\\/\\\/sites.uef.fi\\\/yritystaoppimisymparistoihin\\\/\"},{\"@type\":\"ListItem\",\"position\":2,\"name\":\"Yhteisty\u00f6ss\u00e4\",\"item\":\"https:\\\/\\\/sites.uef.fi\\\/yritystaoppimisymparistoihin\\\/yhteistyossa\\\/\"},{\"@type\":\"ListItem\",\"position\":3,\"name\":\"Koulutusorganisaatiot\",\"item\":\"https:\\\/\\\/sites.uef.fi\\\/yritystaoppimisymparistoihin\\\/yhteistyossa\\\/koulutusorganisaatiot\\\/\"},{\"@type\":\"ListItem\",\"position\":4,\"name\":\"Pilke tiedep\u00e4iv\u00e4koti Loiste\"}]},{\"@type\":\"WebSite\",\"@id\":\"https:\\\/\\\/sites.uef.fi\\\/yritystaoppimisymparistoihin\\\/#website\",\"url\":\"https:\\\/\\\/sites.uef.fi\\\/yritystaoppimisymparistoihin\\\/\",\"name\":\"Yrityst\u00e4 oppimisymp\u00e4rist\u00f6ihin\",\"description\":\"\",\"potentialAction\":[{\"@type\":\"SearchAction\",\"target\":{\"@type\":\"EntryPoint\",\"urlTemplate\":\"https:\\\/\\\/sites.uef.fi\\\/yritystaoppimisymparistoihin\\\/?s={search_term_string}\"},\"query-input\":{\"@type\":\"PropertyValueSpecification\",\"valueRequired\":true,\"valueName\":\"search_term_string\"}}],\"inLanguage\":\"en-US\"}]}<\/script>\n<!-- \/ Yoast SEO plugin. -->","yoast_head_json":{"title":"Pilke tiedep\u00e4iv\u00e4koti Loiste - Yrityst\u00e4 oppimisymp\u00e4rist\u00f6ihin","robots":{"index":"index","follow":"follow","max-snippet":"max-snippet:-1","max-image-preview":"max-image-preview:large","max-video-preview":"max-video-preview:-1"},"canonical":"https:\/\/sites.uef.fi\/yritystaoppimisymparistoihin\/yhteistyossa\/koulutusorganisaatiot\/pilke-tiedepaivakoti-loiste\/","og_locale":"en_US","og_type":"article","og_title":"Pilke tiedep\u00e4iv\u00e4koti Loiste - Yrityst\u00e4 oppimisymp\u00e4rist\u00f6ihin","og_description":"Pilke tiedep\u00e4iv\u00e4koti Loiste on auennut Joensuun Rantakyl\u00e4\u00e4n Aallontielle elokuussa 2017. P\u00e4iv\u00e4kodissa on 72 hoitopaikkaa 0-6-vuotiaille lapsille ja p\u00e4iv\u00e4kodissa j\u00e4rjestet\u00e4\u00e4n my\u00f6s esiopetusta. &#8220;Pilke Loiste on tiedepainotteinen p\u00e4iv\u00e4koti, jossa tiedepainotteisuus toteutuu kokonaisvaltaisena lapsen l\u00e4hiymp\u00e4rist\u00f6n tutkimisena. Lapsen leikki, luovuus ja aistien k\u00e4ytt\u00f6 ovat hyvi\u00e4 alustoja harjoitella tieteellist\u00e4 ajattelua, joka kehitt\u00e4\u00e4 lapsen muistin ja oppimisen taitoja. Lapset oppivat tiedep\u00e4iv\u00e4kodissa [&hellip;]","og_url":"https:\/\/sites.uef.fi\/yritystaoppimisymparistoihin\/yhteistyossa\/koulutusorganisaatiot\/pilke-tiedepaivakoti-loiste\/","og_site_name":"Yrityst\u00e4 oppimisymp\u00e4rist\u00f6ihin","article_modified_time":"2024-02-08T07:08:08+00:00","twitter_card":"summary_large_image","twitter_misc":{"Est. reading time":"1 minute"},"schema":{"@context":"https:\/\/schema.org","@graph":[{"@type":"WebPage","@id":"https:\/\/sites.uef.fi\/yritystaoppimisymparistoihin\/yhteistyossa\/koulutusorganisaatiot\/pilke-tiedepaivakoti-loiste\/","url":"https:\/\/sites.uef.fi\/yritystaoppimisymparistoihin\/yhteistyossa\/koulutusorganisaatiot\/pilke-tiedepaivakoti-loiste\/","name":"Pilke tiedep\u00e4iv\u00e4koti Loiste - Yrityst\u00e4 oppimisymp\u00e4rist\u00f6ihin","isPartOf":{"@id":"https:\/\/sites.uef.fi\/yritystaoppimisymparistoihin\/#website"},"datePublished":"2020-09-22T07:49:31+00:00","dateModified":"2024-02-08T07:08:08+00:00","breadcrumb":{"@id":"https:\/\/sites.uef.fi\/yritystaoppimisymparistoihin\/yhteistyossa\/koulutusorganisaatiot\/pilke-tiedepaivakoti-loiste\/#breadcrumb"},"inLanguage":"en-US","potentialAction":[{"@type":"ReadAction","target":["https:\/\/sites.uef.fi\/yritystaoppimisymparistoihin\/yhteistyossa\/koulutusorganisaatiot\/pilke-tiedepaivakoti-loiste\/"]}]},{"@type":"BreadcrumbList","@id":"https:\/\/sites.uef.fi\/yritystaoppimisymparistoihin\/yhteistyossa\/koulutusorganisaatiot\/pilke-tiedepaivakoti-loiste\/#breadcrumb","itemListElement":[{"@type":"ListItem","position":1,"name":"Home","item":"https:\/\/sites.uef.fi\/yritystaoppimisymparistoihin\/"},{"@type":"ListItem","position":2,"name":"Yhteisty\u00f6ss\u00e4","item":"https:\/\/sites.uef.fi\/yritystaoppimisymparistoihin\/yhteistyossa\/"},{"@type":"ListItem","position":3,"name":"Koulutusorganisaatiot","item":"https:\/\/sites.uef.fi\/yritystaoppimisymparistoihin\/yhteistyossa\/koulutusorganisaatiot\/"},{"@type":"ListItem","position":4,"name":"Pilke tiedep\u00e4iv\u00e4koti Loiste"}]},{"@type":"WebSite","@id":"https:\/\/sites.uef.fi\/yritystaoppimisymparistoihin\/#website","url":"https:\/\/sites.uef.fi\/yritystaoppimisymparistoihin\/","name":"Yrityst\u00e4 oppimisymp\u00e4rist\u00f6ihin","description":"","potentialAction":[{"@type":"SearchAction","target":{"@type":"EntryPoint","urlTemplate":"https:\/\/sites.uef.fi\/yritystaoppimisymparistoihin\/?s={search_term_string}"},"query-input":{"@type":"PropertyValueSpecification","valueRequired":true,"valueName":"search_term_string"}}],"inLanguage":"en-US"}]}},"_links":{"self":[{"href":"https:\/\/sites.uef.fi\/yritystaoppimisymparistoihin\/wp-json\/wp\/v2\/pages\/625","targetHints":{"allow":["GET"]}}],"collection":[{"href":"https:\/\/sites.uef.fi\/yritystaoppimisymparistoihin\/wp-json\/wp\/v2\/pages"}],"about":[{"href":"https:\/\/sites.uef.fi\/yritystaoppimisymparistoihin\/wp-json\/wp\/v2\/types\/page"}],"author":[{"embeddable":true,"href":"https:\/\/sites.uef.fi\/yritystaoppimisymparistoihin\/wp-json\/wp\/v2\/users\/98"}],"replies":[{"embeddable":true,"href":"https:\/\/sites.uef.fi\/yritystaoppimisymparistoihin\/wp-json\/wp\/v2\/comments?post=625"}],"version-history":[{"count":2,"href":"https:\/\/sites.uef.fi\/yritystaoppimisymparistoihin\/wp-json\/wp\/v2\/pages\/625\/revisions"}],"predecessor-version":[{"id":1168,"href":"https:\/\/sites.uef.fi\/yritystaoppimisymparistoihin\/wp-json\/wp\/v2\/pages\/625\/revisions\/1168"}],"up":[{"embeddable":true,"href":"https:\/\/sites.uef.fi\/yritystaoppimisymparistoihin\/wp-json\/wp\/v2\/pages\/244"}],"wp:attachment":[{"href":"https:\/\/sites.uef.fi\/yritystaoppimisymparistoihin\/wp-json\/wp\/v2\/media?parent=625"}],"curies":[{"name":"wp","href":"https:\/\/api.w.org\/{rel}","templated":true}]}}